{"id":28793,"date":"2025-04-24T05:49:06","date_gmt":"2025-04-24T05:49:06","guid":{"rendered":"https:\/\/ibrnb.org\/?page_id=28793"},"modified":"2026-01-01T18:54:24","modified_gmt":"2026-01-01T18:54:24","slug":"radio","status":"publish","type":"page","link":"https:\/\/ibrnb.org\/es\/radio\/","title":{"rendered":"Radio"},"content":{"rendered":"\t\t<div data-elementor-type=\"wp-page\" data-elementor-id=\"28793\" class=\"elementor elementor-28793\">\n\t\t\t\t\t\t<section class=\"elementor-section elementor-top-section elementor-element elementor-element-800cc67 elementor-section-boxed elementor-section-height-default elementor-section-height-default wpr-particle-no wpr-jarallax-no wpr-parallax-no wpr-sticky-section-no wpr-equal-height-no\" data-id=\"800cc67\" data-element_type=\"section\" data-e-type=\"section\">\n\t\t\t\t\t\t<div class=\"elementor-container elementor-column-gap-default\">\n\t\t\t\t\t<div class=\"elementor-column elementor-col-100 elementor-top-column elementor-element elementor-element-ebb7d0d\" data-id=\"ebb7d0d\" data-element_type=\"column\" data-e-type=\"column\">\n\t\t\t<div class=\"elementor-widget-wrap elementor-element-populated\">\n\t\t\t\t\t\t<div class=\"elementor-element elementor-element-ee69e50 elementor-widget elementor-widget-heading\" data-id=\"ee69e50\" data-element_type=\"widget\" data-e-type=\"widget\" data-widget_type=\"heading.default\">\n\t\t\t\t<div class=\"elementor-widget-container\">\n\t\t\t\t\t<h1 class=\"elementor-heading-title elementor-size-default\">Radio Heraldo de Gracia<\/h1>\t\t\t\t<\/div>\n\t\t\t\t<\/div>\n\t\t\t\t<div class=\"elementor-element elementor-element-4865c89 elementor-widget elementor-widget-text-editor\" data-id=\"4865c89\" data-element_type=\"widget\" data-e-type=\"widget\" data-widget_type=\"text-editor.default\">\n\t\t\t\t<div class=\"elementor-widget-container\">\n\t\t\t\t\t\t\t\t\t<p><span id=\"es-RVR1960-26039\" class=\"text Luke-24-46\"><sup class=\"versenum\">46\u00a0<\/sup>y les dijo: As\u00ed est\u00e1 escrito, y as\u00ed fue necesario que el Cristo padeciese,\u00a0y resucitase de los muertos al tercer d\u00eda;<\/span>\u00a0<span id=\"es-RVR1960-26040\" class=\"text Luke-24-47\"><sup class=\"versenum\">47\u00a0<\/sup>y que se predicase en su nombre el arrepentimiento y el perd\u00f3n de pecados en todas las naciones, comenzando desde Jerusal\u00e9n.<\/span><\/p><p>Lucas 24:46-47<\/p>\t\t\t\t\t\t\t\t<\/div>\n\t\t\t\t<\/div>\n\t\t\t\t\t<\/div>\n\t\t<\/div>\n\t\t\t\t\t<\/div>\n\t\t<\/section>\n\t\t<div class=\"elementor-element elementor-element-612e3a6 e-flex e-con-boxed wpr-particle-no wpr-jarallax-no wpr-parallax-no wpr-sticky-section-no wpr-equal-height-no e-con e-parent\" data-id=\"612e3a6\" data-element_type=\"container\" data-e-type=\"container\">\n\t\t\t\t\t<div class=\"e-con-inner\">\n\t\t\t\t<div class=\"elementor-element elementor-element-94bfc07 elementor-widget elementor-widget-text-editor\" data-id=\"94bfc07\" data-element_type=\"widget\" data-e-type=\"widget\" data-widget_type=\"text-editor.default\">\n\t\t\t\t<div class=\"elementor-widget-container\">\n\t\t\t\t\t\t\t\t\t<p>Con gratitud al Se\u00f1or, presentamos el lanzamiento de Radio Heraldo de Gracia, un ministerio de la Iglesia Bautista Reformada de North Bergen, para la Gloria de Dios. Radio Heraldo de Gracia es un espacio dedicado a la proclamaci\u00f3n fiel y expositiva de la Palabra de Dios. Nuestro anhelo es proclamar a Cristo con claridad, con fidelidad al texto b\u00edblico y con reverencia, poniendo la Escritura en el centro y llamando a la iglesia a o\u00edr, creer y obedecer la verdad de Dios.<\/p>\t\t\t\t\t\t\t\t<\/div>\n\t\t\t\t<\/div>\n\t\t\t\t\t<\/div>\n\t\t\t\t<\/div>\n\t\t<div class=\"elementor-element elementor-element-5448ed4 e-flex e-con-boxed wpr-particle-no wpr-jarallax-no wpr-parallax-no wpr-sticky-section-no wpr-equal-height-no e-con e-parent\" data-id=\"5448ed4\" data-element_type=\"container\" data-e-type=\"container\">\n\t\t\t\t\t<div class=\"e-con-inner\">\n\t\t\t\t<div class=\"elementor-element elementor-element-60b8768 elementor-widget elementor-widget-image\" data-id=\"60b8768\" data-element_type=\"widget\" data-e-type=\"widget\" data-widget_type=\"image.default\">\n\t\t\t\t<div class=\"elementor-widget-container\">\n\t\t\t\t\t\t\t\t\t\t\t\t\t\t\t<img decoding=\"async\" src=\"https:\/\/ibrnb.org\/wp-content\/uploads\/elementor\/thumbs\/bienvenidosarhdg_white-rh0zy5t8t7gn73279dqb9ts5kusspwwwgsjbcz91nk.png\" title=\"bienvenidosarhdg_white\" alt=\"bienvenidosarhdg_white\" loading=\"lazy\" \/>\t\t\t\t\t\t\t\t\t\t\t\t\t\t\t<\/div>\n\t\t\t\t<\/div>\n\t\t\t\t<div class=\"elementor-element elementor-element-7fb9a2f elementor-widget elementor-widget-html\" data-id=\"7fb9a2f\" data-element_type=\"widget\" data-e-type=\"widget\" data-widget_type=\"html.default\">\n\t\t\t\t<div class=\"elementor-widget-container\">\n\t\t\t\t\t<div style=\"text-align:center; margin:30px 0;\">\r\n\r\n  <div style=\"font-weight:600; font-size:16px; margin-bottom:6px;\">\r\n  <\/div>\r\n\r\n  <div id=\"now-playing\" style=\"font-size:14px; color:#555; margin-bottom:12px;\">\r\n    Cargando programa en emisi\u00f3n\u2026\r\n  <\/div>\r\n\r\n  <audio controls preload=\"none\" style=\"width:100%; max-width:500px;\">\r\n    <source src=\"https:\/\/cast1.asurahosting.com\/proxy\/radiohe1\/stream\" type=\"audio\/mpeg\">\r\n    Tu navegador no soporta audio en vivo.\r\n  <\/audio>\r\n\r\n<\/div>\r\n\r\n<script>\r\nfetch(\"https:\/\/cast1.asurahosting.com\/status-json.xsl\")\r\n  .then(response => response.json())\r\n  .then(data => {\r\n    if (data.icestats && data.icestats.source) {\r\n      let source = data.icestats.source;\r\n      let title = Array.isArray(source)\r\n        ? source[0].title\r\n        : source.title;\r\n\r\n      document.getElementById(\"now-playing\").innerText =\r\n        title ? \"\ud83c\udf99\ufe0f Ahora al aire: \" + title : \"\ud83c\udf99\ufe0f Transmisi\u00f3n en vivo\";\r\n    }\r\n  })\r\n  .catch(() => {\r\n    document.getElementById(\"now-playing\").innerText =\r\n      \"\ud83c\udf99\ufe0f Transmisi\u00f3n en vivo\";\r\n  });\r\n<\/script>\r\n\t\t\t\t<\/div>\n\t\t\t\t<\/div>\n\t\t\t\t\t<\/div>\n\t\t\t\t<\/div>\n\t\t\t\t<\/div>\n\t\t","protected":false},"excerpt":{"rendered":"<p>Radio Heraldo de Gracia 46\u00a0y les dijo: As\u00ed est\u00e1 escrito, y as\u00ed fue necesario que el Cristo padeciese,\u00a0y resucitase de los muertos al tercer d\u00eda;\u00a047\u00a0y que se predicase en su nombre el arrepentimiento y el perd\u00f3n de pecados en todas las naciones, comenzando desde Jerusal\u00e9n. Lucas 24:46-47 Con gratitud al Se\u00f1or, presentamos el lanzamiento de Radio Heraldo de Gracia, un ministerio de la Iglesia Bautista Reformada de North Bergen, para la Gloria de Dios. Radio Heraldo de Gracia es un espacio dedicado a la proclamaci\u00f3n fiel y expositiva de la Palabra de Dios. Nuestro anhelo es proclamar a Cristo con claridad, con fidelidad al texto b\u00edblico y con reverencia, poniendo la Escritura en el centro y llamando a la iglesia a o\u00edr, creer y obedecer la verdad de Dios. Cargando programa en emisi\u00f3n\u2026 Tu navegador no soporta audio en vivo.<\/p>\n","protected":false},"author":1,"featured_media":0,"parent":0,"menu_order":0,"comment_status":"closed","ping_status":"closed","template":"elementor_canvas","meta":{"footnotes":""},"class_list":["post-28793","page","type-page","status-publish","hentry"],"yoast_head":"<!-- This site is optimized with the Yoast SEO plugin v27.4 - https:\/\/yoast.com\/product\/yoast-seo-wordpress\/ -->\n<title>Radio - Iglesia Bautista Reformada de North Bergen<\/title>\n<meta name=\"robots\" content=\"index, follow, max-snippet:-1, max-image-preview:large, max-video-preview:-1\" \/>\n<link rel=\"canonical\" href=\"https:\/\/ibrnb.org\/es\/radio\/\" \/>\n<meta property=\"og:locale\" content=\"es_ES\" \/>\n<meta property=\"og:type\" content=\"article\" \/>\n<meta property=\"og:title\" content=\"Radio - Iglesia Bautista Reformada de North Bergen\" \/>\n<meta property=\"og:description\" content=\"Radio Heraldo de Gracia 46\u00a0y les dijo: As\u00ed est\u00e1 escrito, y as\u00ed fue necesario que el Cristo padeciese,\u00a0y resucitase de los muertos al tercer d\u00eda;\u00a047\u00a0y que se predicase en su nombre el arrepentimiento y el perd\u00f3n de pecados en todas las naciones, comenzando desde Jerusal\u00e9n. Lucas 24:46-47 Con gratitud al Se\u00f1or, presentamos el lanzamiento de Radio Heraldo de Gracia, un ministerio de la Iglesia Bautista Reformada de North Bergen, para la Gloria de Dios. Radio Heraldo de Gracia es un espacio dedicado a la proclamaci\u00f3n fiel y expositiva de la Palabra de Dios. Nuestro anhelo es proclamar a Cristo con claridad, con fidelidad al texto b\u00edblico y con reverencia, poniendo la Escritura en el centro y llamando a la iglesia a o\u00edr, creer y obedecer la verdad de Dios. Cargando programa en emisi\u00f3n\u2026 Tu navegador no soporta audio en vivo.\" \/>\n<meta property=\"og:url\" content=\"https:\/\/ibrnb.org\/es\/radio\/\" \/>\n<meta property=\"og:site_name\" content=\"Iglesia Bautista Reformada de North Bergen\" \/>\n<meta property=\"article:publisher\" content=\"https:\/\/www.facebook.com\/profile.php?id=100064443055881\" \/>\n<meta property=\"article:modified_time\" content=\"2026-01-01T18:54:24+00:00\" \/>\n<meta property=\"og:image\" content=\"https:\/\/ibrnb.org\/wp-content\/uploads\/elementor\/thumbs\/bienvenidosarhdg_white-rh0zy5t8t7gn73279dqb9ts5kusspwwwgsjbcz91nk.png\" \/>\n<meta name=\"twitter:card\" content=\"summary_large_image\" \/>\n<meta name=\"twitter:label1\" content=\"Tiempo de lectura\" \/>\n\t<meta name=\"twitter:data1\" content=\"2 minutos\" \/>\n<script type=\"application\/ld+json\" class=\"yoast-schema-graph\">{\"@context\":\"https:\\\/\\\/schema.org\",\"@graph\":[{\"@type\":\"WebPage\",\"@id\":\"https:\\\/\\\/ibrnb.org\\\/radio\\\/\",\"url\":\"https:\\\/\\\/ibrnb.org\\\/radio\\\/\",\"name\":\"Radio - Iglesia Bautista Reformada de North Bergen\",\"isPartOf\":{\"@id\":\"https:\\\/\\\/ibrnb.org\\\/es\\\/#website\"},\"primaryImageOfPage\":{\"@id\":\"https:\\\/\\\/ibrnb.org\\\/radio\\\/#primaryimage\"},\"image\":{\"@id\":\"https:\\\/\\\/ibrnb.org\\\/radio\\\/#primaryimage\"},\"thumbnailUrl\":\"https:\\\/\\\/ibrnb.org\\\/wp-content\\\/uploads\\\/elementor\\\/thumbs\\\/bienvenidosarhdg_white-rh0zy5t8t7gn73279dqb9ts5kusspwwwgsjbcz91nk.png\",\"datePublished\":\"2025-04-24T05:49:06+00:00\",\"dateModified\":\"2026-01-01T18:54:24+00:00\",\"breadcrumb\":{\"@id\":\"https:\\\/\\\/ibrnb.org\\\/radio\\\/#breadcrumb\"},\"inLanguage\":\"es\",\"potentialAction\":[{\"@type\":\"ReadAction\",\"target\":[\"https:\\\/\\\/ibrnb.org\\\/radio\\\/\"]}]},{\"@type\":\"ImageObject\",\"inLanguage\":\"es\",\"@id\":\"https:\\\/\\\/ibrnb.org\\\/radio\\\/#primaryimage\",\"url\":\"https:\\\/\\\/ibrnb.org\\\/wp-content\\\/uploads\\\/elementor\\\/thumbs\\\/bienvenidosarhdg_white-rh0zy5t8t7gn73279dqb9ts5kusspwwwgsjbcz91nk.png\",\"contentUrl\":\"https:\\\/\\\/ibrnb.org\\\/wp-content\\\/uploads\\\/elementor\\\/thumbs\\\/bienvenidosarhdg_white-rh0zy5t8t7gn73279dqb9ts5kusspwwwgsjbcz91nk.png\"},{\"@type\":\"BreadcrumbList\",\"@id\":\"https:\\\/\\\/ibrnb.org\\\/radio\\\/#breadcrumb\",\"itemListElement\":[{\"@type\":\"ListItem\",\"position\":1,\"name\":\"Portada\",\"item\":\"https:\\\/\\\/ibrnb.org\\\/\"},{\"@type\":\"ListItem\",\"position\":2,\"name\":\"Radio\"}]},{\"@type\":\"WebSite\",\"@id\":\"https:\\\/\\\/ibrnb.org\\\/es\\\/#website\",\"url\":\"https:\\\/\\\/ibrnb.org\\\/es\\\/\",\"name\":\"Iglesia Bautista Reformada de North Bergen\",\"description\":\"Iglesia del Se\u00f1or Jesucristo.\",\"publisher\":{\"@id\":\"https:\\\/\\\/ibrnb.org\\\/es\\\/#organization\"},\"potentialAction\":[{\"@type\":\"SearchAction\",\"target\":{\"@type\":\"EntryPoint\",\"urlTemplate\":\"https:\\\/\\\/ibrnb.org\\\/es\\\/?s={search_term_string}\"},\"query-input\":{\"@type\":\"PropertyValueSpecification\",\"valueRequired\":true,\"valueName\":\"search_term_string\"}}],\"inLanguage\":\"es\"},{\"@type\":\"Organization\",\"@id\":\"https:\\\/\\\/ibrnb.org\\\/es\\\/#organization\",\"name\":\"Iglesia Bautista Reformada de North Bergen\",\"url\":\"https:\\\/\\\/ibrnb.org\\\/es\\\/\",\"logo\":{\"@type\":\"ImageObject\",\"inLanguage\":\"es\",\"@id\":\"https:\\\/\\\/ibrnb.org\\\/es\\\/#\\\/schema\\\/logo\\\/image\\\/\",\"url\":\"https:\\\/\\\/i0.wp.com\\\/ibrnb.org\\\/wp-content\\\/uploads\\\/2025\\\/03\\\/Iglesia_Logo_Calado-e1744687663107.png?fit=925%2C510&ssl=1\",\"contentUrl\":\"https:\\\/\\\/i0.wp.com\\\/ibrnb.org\\\/wp-content\\\/uploads\\\/2025\\\/03\\\/Iglesia_Logo_Calado-e1744687663107.png?fit=925%2C510&ssl=1\",\"width\":925,\"height\":510,\"caption\":\"Iglesia Bautista Reformada de North Bergen\"},\"image\":{\"@id\":\"https:\\\/\\\/ibrnb.org\\\/es\\\/#\\\/schema\\\/logo\\\/image\\\/\"},\"sameAs\":[\"https:\\\/\\\/www.facebook.com\\\/profile.php?id=100064443055881\"]}]}<\/script>\n<!-- \/ Yoast SEO plugin. -->","yoast_head_json":{"title":"Radio - Iglesia Bautista Reformada de North Bergen","robots":{"index":"index","follow":"follow","max-snippet":"max-snippet:-1","max-image-preview":"max-image-preview:large","max-video-preview":"max-video-preview:-1"},"canonical":"https:\/\/ibrnb.org\/es\/radio\/","og_locale":"es_ES","og_type":"article","og_title":"Radio - Iglesia Bautista Reformada de North Bergen","og_description":"Radio Heraldo de Gracia 46\u00a0y les dijo: As\u00ed est\u00e1 escrito, y as\u00ed fue necesario que el Cristo padeciese,\u00a0y resucitase de los muertos al tercer d\u00eda;\u00a047\u00a0y que se predicase en su nombre el arrepentimiento y el perd\u00f3n de pecados en todas las naciones, comenzando desde Jerusal\u00e9n. Lucas 24:46-47 Con gratitud al Se\u00f1or, presentamos el lanzamiento de Radio Heraldo de Gracia, un ministerio de la Iglesia Bautista Reformada de North Bergen, para la Gloria de Dios. Radio Heraldo de Gracia es un espacio dedicado a la proclamaci\u00f3n fiel y expositiva de la Palabra de Dios. Nuestro anhelo es proclamar a Cristo con claridad, con fidelidad al texto b\u00edblico y con reverencia, poniendo la Escritura en el centro y llamando a la iglesia a o\u00edr, creer y obedecer la verdad de Dios. Cargando programa en emisi\u00f3n\u2026 Tu navegador no soporta audio en vivo.","og_url":"https:\/\/ibrnb.org\/es\/radio\/","og_site_name":"Iglesia Bautista Reformada de North Bergen","article_publisher":"https:\/\/www.facebook.com\/profile.php?id=100064443055881","article_modified_time":"2026-01-01T18:54:24+00:00","og_image":[{"url":"https:\/\/ibrnb.org\/wp-content\/uploads\/elementor\/thumbs\/bienvenidosarhdg_white-rh0zy5t8t7gn73279dqb9ts5kusspwwwgsjbcz91nk.png","type":"","width":"","height":""}],"twitter_card":"summary_large_image","twitter_misc":{"Tiempo de lectura":"2 minutos"},"schema":{"@context":"https:\/\/schema.org","@graph":[{"@type":"WebPage","@id":"https:\/\/ibrnb.org\/radio\/","url":"https:\/\/ibrnb.org\/radio\/","name":"Radio - Iglesia Bautista Reformada de North Bergen","isPartOf":{"@id":"https:\/\/ibrnb.org\/es\/#website"},"primaryImageOfPage":{"@id":"https:\/\/ibrnb.org\/radio\/#primaryimage"},"image":{"@id":"https:\/\/ibrnb.org\/radio\/#primaryimage"},"thumbnailUrl":"https:\/\/ibrnb.org\/wp-content\/uploads\/elementor\/thumbs\/bienvenidosarhdg_white-rh0zy5t8t7gn73279dqb9ts5kusspwwwgsjbcz91nk.png","datePublished":"2025-04-24T05:49:06+00:00","dateModified":"2026-01-01T18:54:24+00:00","breadcrumb":{"@id":"https:\/\/ibrnb.org\/radio\/#breadcrumb"},"inLanguage":"es","potentialAction":[{"@type":"ReadAction","target":["https:\/\/ibrnb.org\/radio\/"]}]},{"@type":"ImageObject","inLanguage":"es","@id":"https:\/\/ibrnb.org\/radio\/#primaryimage","url":"https:\/\/ibrnb.org\/wp-content\/uploads\/elementor\/thumbs\/bienvenidosarhdg_white-rh0zy5t8t7gn73279dqb9ts5kusspwwwgsjbcz91nk.png","contentUrl":"https:\/\/ibrnb.org\/wp-content\/uploads\/elementor\/thumbs\/bienvenidosarhdg_white-rh0zy5t8t7gn73279dqb9ts5kusspwwwgsjbcz91nk.png"},{"@type":"BreadcrumbList","@id":"https:\/\/ibrnb.org\/radio\/#breadcrumb","itemListElement":[{"@type":"ListItem","position":1,"name":"Portada","item":"https:\/\/ibrnb.org\/"},{"@type":"ListItem","position":2,"name":"Radio"}]},{"@type":"WebSite","@id":"https:\/\/ibrnb.org\/es\/#website","url":"https:\/\/ibrnb.org\/es\/","name":"Iglesia Bautista Reformada de North Bergen","description":"Iglesia del Se\u00f1or Jesucristo.","publisher":{"@id":"https:\/\/ibrnb.org\/es\/#organization"},"potentialAction":[{"@type":"SearchAction","target":{"@type":"EntryPoint","urlTemplate":"https:\/\/ibrnb.org\/es\/?s={search_term_string}"},"query-input":{"@type":"PropertyValueSpecification","valueRequired":true,"valueName":"search_term_string"}}],"inLanguage":"es"},{"@type":"Organization","@id":"https:\/\/ibrnb.org\/es\/#organization","name":"Iglesia Bautista Reformada de North Bergen","url":"https:\/\/ibrnb.org\/es\/","logo":{"@type":"ImageObject","inLanguage":"es","@id":"https:\/\/ibrnb.org\/es\/#\/schema\/logo\/image\/","url":"https:\/\/i0.wp.com\/ibrnb.org\/wp-content\/uploads\/2025\/03\/Iglesia_Logo_Calado-e1744687663107.png?fit=925%2C510&ssl=1","contentUrl":"https:\/\/i0.wp.com\/ibrnb.org\/wp-content\/uploads\/2025\/03\/Iglesia_Logo_Calado-e1744687663107.png?fit=925%2C510&ssl=1","width":925,"height":510,"caption":"Iglesia Bautista Reformada de North Bergen"},"image":{"@id":"https:\/\/ibrnb.org\/es\/#\/schema\/logo\/image\/"},"sameAs":["https:\/\/www.facebook.com\/profile.php?id=100064443055881"]}]}},"_links":{"self":[{"href":"https:\/\/ibrnb.org\/es\/wp-json\/wp\/v2\/pages\/28793","targetHints":{"allow":["GET"]}}],"collection":[{"href":"https:\/\/ibrnb.org\/es\/wp-json\/wp\/v2\/pages"}],"about":[{"href":"https:\/\/ibrnb.org\/es\/wp-json\/wp\/v2\/types\/page"}],"author":[{"embeddable":true,"href":"https:\/\/ibrnb.org\/es\/wp-json\/wp\/v2\/users\/1"}],"replies":[{"embeddable":true,"href":"https:\/\/ibrnb.org\/es\/wp-json\/wp\/v2\/comments?post=28793"}],"version-history":[{"count":53,"href":"https:\/\/ibrnb.org\/es\/wp-json\/wp\/v2\/pages\/28793\/revisions"}],"predecessor-version":[{"id":33155,"href":"https:\/\/ibrnb.org\/es\/wp-json\/wp\/v2\/pages\/28793\/revisions\/33155"}],"wp:attachment":[{"href":"https:\/\/ibrnb.org\/es\/wp-json\/wp\/v2\/media?parent=28793"}],"curies":[{"name":"wp","href":"https:\/\/api.w.org\/{rel}","templated":true}]}}