{"id":22720,"date":"2025-03-04T20:31:11","date_gmt":"2025-03-04T20:31:11","guid":{"rendered":"https:\/\/ibrnb.org\/?page_id=22720"},"modified":"2025-07-16T19:37:45","modified_gmt":"2025-07-16T19:37:45","slug":"conferencias-especiales","status":"publish","type":"page","link":"https:\/\/ibrnb.org\/es\/conferencias-especiales\/","title":{"rendered":"Conferencias Especiales"},"content":{"rendered":"\t\t<div data-elementor-type=\"wp-page\" data-elementor-id=\"22720\" class=\"elementor elementor-22720\">\n\t\t\t\t\t\t<section class=\"elementor-section elementor-top-section elementor-element elementor-element-fe9ea62 elementor-section-boxed elementor-section-height-default elementor-section-height-default wpr-particle-no wpr-jarallax-no wpr-parallax-no wpr-sticky-section-no wpr-equal-height-no\" data-id=\"fe9ea62\" data-element_type=\"section\" data-e-type=\"section\">\n\t\t\t\t\t\t<div class=\"elementor-container elementor-column-gap-default\">\n\t\t\t\t\t<div class=\"elementor-column elementor-col-100 elementor-top-column elementor-element elementor-element-6e28755\" data-id=\"6e28755\" data-element_type=\"column\" data-e-type=\"column\">\n\t\t\t<div class=\"elementor-widget-wrap elementor-element-populated\">\n\t\t\t\t\t\t<div class=\"elementor-element elementor-element-d485028 elementor-widget elementor-widget-heading\" data-id=\"d485028\" data-element_type=\"widget\" data-e-type=\"widget\" data-widget_type=\"heading.default\">\n\t\t\t\t<div class=\"elementor-widget-container\">\n\t\t\t\t\t<h1 class=\"elementor-heading-title elementor-size-default\">Conferencias Especiales<\/h1>\t\t\t\t<\/div>\n\t\t\t\t<\/div>\n\t\t\t\t<div class=\"elementor-element elementor-element-c42174f elementor-widget elementor-widget-text-editor\" data-id=\"c42174f\" data-element_type=\"widget\" data-e-type=\"widget\" data-widget_type=\"text-editor.default\">\n\t\t\t\t<div class=\"elementor-widget-container\">\n\t\t\t\t\t\t\t\t\t<p><span class=\"text 1Cor-15-1\"><span class=\"chapternum\">15&nbsp;<\/span>Adem\u00e1s os declaro, hermanos, el evangelio que os he predicado, el cual tambi\u00e9n recibisteis, en el cual tambi\u00e9n persever\u00e1is;<\/span>&nbsp;<span id=\"es-RVR1960-28722\" class=\"text 1Cor-15-2\"><sup class=\"versenum\">2&nbsp;<\/sup>por el cual asimismo, si reten\u00e9is la palabra que os he predicado, sois salvos, si no cre\u00edsteis en vano.&nbsp;<\/span><\/p><p><span class=\"text 1Cor-15-2\">1 Corintios 15:1-2<\/span><\/p>\t\t\t\t\t\t\t\t<\/div>\n\t\t\t\t<\/div>\n\t\t\t\t\t<\/div>\n\t\t<\/div>\n\t\t\t\t\t<\/div>\n\t\t<\/section>\n\t\t<div class=\"elementor-element elementor-element-924cf5a e-flex e-con-boxed wpr-particle-no wpr-jarallax-no wpr-parallax-no wpr-sticky-section-no wpr-equal-height-no e-con e-child\" data-id=\"924cf5a\" data-element_type=\"container\" data-e-type=\"container\">\n\t\t\t\t\t<div class=\"e-con-inner\">\n\t\t<div class=\"elementor-element elementor-element-5c7d957 e-flex e-con-boxed wpr-particle-no wpr-jarallax-no wpr-parallax-no wpr-sticky-section-no wpr-equal-height-no e-con e-child\" data-id=\"5c7d957\" data-element_type=\"container\" data-e-type=\"container\" data-settings=\"{&quot;background_background&quot;:&quot;classic&quot;}\">\n\t\t\t\t\t<div class=\"e-con-inner\">\n\t\t\t\t<div class=\"elementor-element elementor-element-949cc8b elementor-widget elementor-widget-image\" data-id=\"949cc8b\" data-element_type=\"widget\" data-e-type=\"widget\" data-widget_type=\"image.default\">\n\t\t\t\t<div class=\"elementor-widget-container\">\n\t\t\t\t\t\t\t\t\t\t\t\t\t\t\t\t<a href=\"https:\/\/www.conferenciapastoral.org\/conferencia-familiar-2023\/\" target=\"_blank\">\n\t\t\t\t\t\t\t<img fetchpriority=\"high\" decoding=\"async\" width=\"310\" height=\"220\" src=\"https:\/\/ibrnb.org\/wp-content\/uploads\/2025\/05\/2023-conf-fam-button.jpg\" class=\"attachment-large size-large wp-image-30005\" alt=\"\" srcset=\"https:\/\/ibrnb.org\/wp-content\/uploads\/2025\/05\/2023-conf-fam-button.jpg 310w, https:\/\/ibrnb.org\/wp-content\/uploads\/2025\/05\/2023-conf-fam-button-18x12.jpg 18w\" sizes=\"(max-width: 310px) 100vw, 310px\" \/>\t\t\t\t\t\t\t\t<\/a>\n\t\t\t\t\t\t\t\t\t\t\t\t\t\t\t<\/div>\n\t\t\t\t<\/div>\n\t\t\t\t<div class=\"elementor-element elementor-element-c630221 elementor-widget elementor-widget-heading\" data-id=\"c630221\" data-element_type=\"widget\" data-e-type=\"widget\" data-widget_type=\"heading.default\">\n\t\t\t\t<div class=\"elementor-widget-container\">\n\t\t\t\t\t<h2 class=\"elementor-heading-title elementor-size-default\"><a href=\"https:\/\/www.conferenciapastoral.org\/conferencia-familiar-2023\/\" target=\"_blank\">Conferencia Familiar 2023<\/a><\/h2>\t\t\t\t<\/div>\n\t\t\t\t<\/div>\n\t\t\t\t<div class=\"elementor-element elementor-element-032560a elementor-icon-list--layout-inline elementor-list-item-link-full_width elementor-widget elementor-widget-icon-list\" data-id=\"032560a\" data-element_type=\"widget\" data-e-type=\"widget\" data-widget_type=\"icon-list.default\">\n\t\t\t\t<div class=\"elementor-widget-container\">\n\t\t\t\t\t\t\t<ul class=\"elementor-icon-list-items elementor-inline-items\">\n\t\t\t\t\t\t\t<li class=\"elementor-icon-list-item elementor-inline-item\">\n\t\t\t\t\t\t\t\t\t\t<span class=\"elementor-icon-list-text\">El hombre de Dios y su familia<\/span>\n\t\t\t\t\t\t\t\t\t<\/li>\n\t\t\t\t\t\t<\/ul>\n\t\t\t\t\t\t<\/div>\n\t\t\t\t<\/div>\n\t\t\t\t\t<\/div>\n\t\t\t\t<\/div>\n\t\t<div class=\"elementor-element elementor-element-39e539f e-flex e-con-boxed wpr-particle-no wpr-jarallax-no wpr-parallax-no wpr-sticky-section-no wpr-equal-height-no e-con e-child\" data-id=\"39e539f\" data-element_type=\"container\" data-e-type=\"container\" data-settings=\"{&quot;background_background&quot;:&quot;classic&quot;}\">\n\t\t\t\t\t<div class=\"e-con-inner\">\n\t\t\t\t<div class=\"elementor-element elementor-element-7a89d48 elementor-widget elementor-widget-image\" data-id=\"7a89d48\" data-element_type=\"widget\" data-e-type=\"widget\" data-widget_type=\"image.default\">\n\t\t\t\t<div class=\"elementor-widget-container\">\n\t\t\t\t\t\t\t\t\t\t\t\t\t\t\t\t<a href=\"https:\/\/www.conferenciapastoral.org\/conferencia-familiar-2022\/\" target=\"_blank\">\n\t\t\t\t\t\t\t<img decoding=\"async\" width=\"310\" height=\"220\" src=\"https:\/\/ibrnb.org\/wp-content\/uploads\/2025\/05\/Conferencia-familiar-thumb.jpg\" class=\"attachment-large size-large wp-image-30004\" alt=\"\" srcset=\"https:\/\/ibrnb.org\/wp-content\/uploads\/2025\/05\/Conferencia-familiar-thumb.jpg 310w, https:\/\/ibrnb.org\/wp-content\/uploads\/2025\/05\/Conferencia-familiar-thumb-18x12.jpg 18w\" sizes=\"(max-width: 310px) 100vw, 310px\" \/>\t\t\t\t\t\t\t\t<\/a>\n\t\t\t\t\t\t\t\t\t\t\t\t\t\t\t<\/div>\n\t\t\t\t<\/div>\n\t\t\t\t<div class=\"elementor-element elementor-element-e9c60b5 elementor-widget elementor-widget-heading\" data-id=\"e9c60b5\" data-element_type=\"widget\" data-e-type=\"widget\" data-widget_type=\"heading.default\">\n\t\t\t\t<div class=\"elementor-widget-container\">\n\t\t\t\t\t<h2 class=\"elementor-heading-title elementor-size-default\"><a href=\"https:\/\/www.conferenciapastoral.org\/conferencia-familiar-2022\/\" target=\"_blank\">Conferencia Familiar 2022\n<\/a><\/h2>\t\t\t\t<\/div>\n\t\t\t\t<\/div>\n\t\t\t\t<div class=\"elementor-element elementor-element-95c9120 elementor-icon-list--layout-inline elementor-list-item-link-full_width elementor-widget elementor-widget-icon-list\" data-id=\"95c9120\" data-element_type=\"widget\" data-e-type=\"widget\" data-widget_type=\"icon-list.default\">\n\t\t\t\t<div class=\"elementor-widget-container\">\n\t\t\t\t\t\t\t<ul class=\"elementor-icon-list-items elementor-inline-items\">\n\t\t\t\t\t\t\t<li class=\"elementor-icon-list-item elementor-inline-item\">\n\t\t\t\t\t\t\t\t\t\t<span class=\"elementor-icon-list-text\">La predicaci\u00f3n b\u00edblica<\/span>\n\t\t\t\t\t\t\t\t\t<\/li>\n\t\t\t\t\t\t<\/ul>\n\t\t\t\t\t\t<\/div>\n\t\t\t\t<\/div>\n\t\t\t\t\t<\/div>\n\t\t\t\t<\/div>\n\t\t<div class=\"elementor-element elementor-element-5665585 e-flex e-con-boxed wpr-particle-no wpr-jarallax-no wpr-parallax-no wpr-sticky-section-no wpr-equal-height-no e-con e-child\" data-id=\"5665585\" data-element_type=\"container\" data-e-type=\"container\" data-settings=\"{&quot;background_background&quot;:&quot;classic&quot;}\">\n\t\t\t\t\t<div class=\"e-con-inner\">\n\t\t\t\t<div class=\"elementor-element elementor-element-74e81d6 elementor-widget elementor-widget-image\" data-id=\"74e81d6\" data-element_type=\"widget\" data-e-type=\"widget\" data-widget_type=\"image.default\">\n\t\t\t\t<div class=\"elementor-widget-container\">\n\t\t\t\t\t\t\t\t\t\t\t\t\t\t\t\t<a href=\"https:\/\/www.conferenciapastoral.org\/conferencia-de-damas-2021\/\" target=\"_blank\">\n\t\t\t\t\t\t\t<img decoding=\"async\" width=\"310\" height=\"220\" src=\"https:\/\/ibrnb.org\/wp-content\/uploads\/2025\/05\/conf-damas-2021.jpg\" class=\"attachment-large size-large wp-image-30003\" alt=\"\" srcset=\"https:\/\/ibrnb.org\/wp-content\/uploads\/2025\/05\/conf-damas-2021.jpg 310w, https:\/\/ibrnb.org\/wp-content\/uploads\/2025\/05\/conf-damas-2021-18x12.jpg 18w\" sizes=\"(max-width: 310px) 100vw, 310px\" \/>\t\t\t\t\t\t\t\t<\/a>\n\t\t\t\t\t\t\t\t\t\t\t\t\t\t\t<\/div>\n\t\t\t\t<\/div>\n\t\t\t\t<div class=\"elementor-element elementor-element-104f466 elementor-widget elementor-widget-heading\" data-id=\"104f466\" data-element_type=\"widget\" data-e-type=\"widget\" data-widget_type=\"heading.default\">\n\t\t\t\t<div class=\"elementor-widget-container\">\n\t\t\t\t\t<h2 class=\"elementor-heading-title elementor-size-default\"><a href=\"https:\/\/www.conferenciapastoral.org\/conferencia-de-damas-2021\/\" target=\"_blank\">Conferencia de damas 2021<\/a><\/h2>\t\t\t\t<\/div>\n\t\t\t\t<\/div>\n\t\t\t\t<div class=\"elementor-element elementor-element-4186b24 elementor-icon-list--layout-inline elementor-list-item-link-full_width elementor-widget elementor-widget-icon-list\" data-id=\"4186b24\" data-element_type=\"widget\" data-e-type=\"widget\" data-widget_type=\"icon-list.default\">\n\t\t\t\t<div class=\"elementor-widget-container\">\n\t\t\t\t\t\t\t<ul class=\"elementor-icon-list-items elementor-inline-items\">\n\t\t\t\t\t\t\t<li class=\"elementor-icon-list-item elementor-inline-item\">\n\t\t\t\t\t\t\t\t\t\t\t<a href=\"#\">\n\n\t\t\t\t\t\t\t\t\t\t\t<span class=\"elementor-icon-list-text\">Pr. Jos\u00e9 Antonio Arias<\/span>\n\t\t\t\t\t\t\t\t\t\t\t<\/a>\n\t\t\t\t\t\t\t\t\t<\/li>\n\t\t\t\t\t\t<\/ul>\n\t\t\t\t\t\t<\/div>\n\t\t\t\t<\/div>\n\t\t\t\t\t<\/div>\n\t\t\t\t<\/div>\n\t\t\t\t\t<\/div>\n\t\t\t\t<\/div>\n\t\t<div class=\"elementor-element elementor-element-6fb8fc7 e-flex e-con-boxed wpr-particle-no wpr-jarallax-no wpr-parallax-no wpr-sticky-section-no wpr-equal-height-no e-con e-child\" data-id=\"6fb8fc7\" data-element_type=\"container\" data-e-type=\"container\">\n\t\t\t\t\t<div class=\"e-con-inner\">\n\t\t<div class=\"elementor-element elementor-element-4831a20 e-flex e-con-boxed wpr-particle-no wpr-jarallax-no wpr-parallax-no wpr-sticky-section-no wpr-equal-height-no e-con e-child\" data-id=\"4831a20\" data-element_type=\"container\" data-e-type=\"container\" data-settings=\"{&quot;background_background&quot;:&quot;classic&quot;}\">\n\t\t\t\t\t<div class=\"e-con-inner\">\n\t\t\t\t<div class=\"elementor-element elementor-element-2044d7a elementor-widget elementor-widget-image\" data-id=\"2044d7a\" data-element_type=\"widget\" data-e-type=\"widget\" data-widget_type=\"image.default\">\n\t\t\t\t<div class=\"elementor-widget-container\">\n\t\t\t\t\t\t\t\t\t\t\t\t\t\t\t\t<a href=\"https:\/\/www.conferenciapastoral.org\/conferencia-especial-journey-into-marital-intimacy\/\" target=\"_blank\">\n\t\t\t\t\t\t\t<img loading=\"lazy\" decoding=\"async\" width=\"310\" height=\"220\" src=\"https:\/\/ibrnb.org\/wp-content\/uploads\/2025\/05\/hacia-la-intimidad.jpg\" class=\"attachment-large size-large wp-image-30011\" alt=\"\" srcset=\"https:\/\/ibrnb.org\/wp-content\/uploads\/2025\/05\/hacia-la-intimidad.jpg 310w, https:\/\/ibrnb.org\/wp-content\/uploads\/2025\/05\/hacia-la-intimidad-18x12.jpg 18w\" sizes=\"(max-width: 310px) 100vw, 310px\" \/>\t\t\t\t\t\t\t\t<\/a>\n\t\t\t\t\t\t\t\t\t\t\t\t\t\t\t<\/div>\n\t\t\t\t<\/div>\n\t\t\t\t<div class=\"elementor-element elementor-element-818b3fb elementor-widget elementor-widget-heading\" data-id=\"818b3fb\" data-element_type=\"widget\" data-e-type=\"widget\" data-widget_type=\"heading.default\">\n\t\t\t\t<div class=\"elementor-widget-container\">\n\t\t\t\t\t<h2 class=\"elementor-heading-title elementor-size-default\"><a href=\"https:\/\/www.conferenciapastoral.org\/conferencia-especial-journey-into-marital-intimacy\/\" target=\"_blank\">Conferencia Especial 2017\n<\/a><\/h2>\t\t\t\t<\/div>\n\t\t\t\t<\/div>\n\t\t\t\t<div class=\"elementor-element elementor-element-f177d0e elementor-icon-list--layout-inline elementor-list-item-link-full_width elementor-widget elementor-widget-icon-list\" data-id=\"f177d0e\" data-element_type=\"widget\" data-e-type=\"widget\" data-widget_type=\"icon-list.default\">\n\t\t\t\t<div class=\"elementor-widget-container\">\n\t\t\t\t\t\t\t<ul class=\"elementor-icon-list-items elementor-inline-items\">\n\t\t\t\t\t\t\t<li class=\"elementor-icon-list-item elementor-inline-item\">\n\t\t\t\t\t\t\t\t\t\t\t<a href=\"#\">\n\n\t\t\t\t\t\t\t\t\t\t\t<span class=\"elementor-icon-list-text\">Hacia la intimidad en el matrimonio<\/span>\n\t\t\t\t\t\t\t\t\t\t\t<\/a>\n\t\t\t\t\t\t\t\t\t<\/li>\n\t\t\t\t\t\t<\/ul>\n\t\t\t\t\t\t<\/div>\n\t\t\t\t<\/div>\n\t\t\t\t\t<\/div>\n\t\t\t\t<\/div>\n\t\t<div class=\"elementor-element elementor-element-23472e3 e-flex e-con-boxed wpr-particle-no wpr-jarallax-no wpr-parallax-no wpr-sticky-section-no wpr-equal-height-no e-con e-child\" data-id=\"23472e3\" data-element_type=\"container\" data-e-type=\"container\" data-settings=\"{&quot;background_background&quot;:&quot;classic&quot;}\">\n\t\t\t\t\t<div class=\"e-con-inner\">\n\t\t\t\t<div class=\"elementor-element elementor-element-ac0b467 elementor-widget elementor-widget-image\" data-id=\"ac0b467\" data-element_type=\"widget\" data-e-type=\"widget\" data-widget_type=\"image.default\">\n\t\t\t\t<div class=\"elementor-widget-container\">\n\t\t\t\t\t\t\t\t\t\t\t\t\t\t\t\t<a href=\"https:\/\/www.conferenciapastoral.org\/conferencia-especial-2016-dios-importa-teologia-propia\/\" target=\"_blank\">\n\t\t\t\t\t\t\t<img loading=\"lazy\" decoding=\"async\" width=\"310\" height=\"220\" src=\"https:\/\/ibrnb.org\/wp-content\/uploads\/2025\/05\/Dios-importa-button-1.jpg\" class=\"attachment-large size-large wp-image-30006\" alt=\"\" srcset=\"https:\/\/ibrnb.org\/wp-content\/uploads\/2025\/05\/Dios-importa-button-1.jpg 310w, https:\/\/ibrnb.org\/wp-content\/uploads\/2025\/05\/Dios-importa-button-1-18x12.jpg 18w\" sizes=\"(max-width: 310px) 100vw, 310px\" \/>\t\t\t\t\t\t\t\t<\/a>\n\t\t\t\t\t\t\t\t\t\t\t\t\t\t\t<\/div>\n\t\t\t\t<\/div>\n\t\t\t\t<div class=\"elementor-element elementor-element-5db31e1 elementor-widget elementor-widget-heading\" data-id=\"5db31e1\" data-element_type=\"widget\" data-e-type=\"widget\" data-widget_type=\"heading.default\">\n\t\t\t\t<div class=\"elementor-widget-container\">\n\t\t\t\t\t<h2 class=\"elementor-heading-title elementor-size-default\"><a href=\"https:\/\/www.conferenciapastoral.org\/conferencia-especial-2016-dios-importa-teologia-propia\/\" target=\"_blank\">Conferencia Especial 2016<\/a><\/h2>\t\t\t\t<\/div>\n\t\t\t\t<\/div>\n\t\t\t\t<div class=\"elementor-element elementor-element-4ab3eff elementor-icon-list--layout-inline elementor-list-item-link-full_width elementor-widget elementor-widget-icon-list\" data-id=\"4ab3eff\" data-element_type=\"widget\" data-e-type=\"widget\" data-widget_type=\"icon-list.default\">\n\t\t\t\t<div class=\"elementor-widget-container\">\n\t\t\t\t\t\t\t<ul class=\"elementor-icon-list-items elementor-inline-items\">\n\t\t\t\t\t\t\t<li class=\"elementor-icon-list-item elementor-inline-item\">\n\t\t\t\t\t\t\t\t\t\t<span class=\"elementor-icon-list-text\">Dios importa: Teolog\u00eda propia aplicada en tres partes<\/span>\n\t\t\t\t\t\t\t\t\t<\/li>\n\t\t\t\t\t\t<\/ul>\n\t\t\t\t\t\t<\/div>\n\t\t\t\t<\/div>\n\t\t\t\t\t<\/div>\n\t\t\t\t<\/div>\n\t\t<div class=\"elementor-element elementor-element-9f41da8 e-flex e-con-boxed wpr-particle-no wpr-jarallax-no wpr-parallax-no wpr-sticky-section-no wpr-equal-height-no e-con e-child\" data-id=\"9f41da8\" data-element_type=\"container\" data-e-type=\"container\" data-settings=\"{&quot;background_background&quot;:&quot;classic&quot;}\">\n\t\t\t\t\t<div class=\"e-con-inner\">\n\t\t\t\t<div class=\"elementor-element elementor-element-1a69845 elementor-widget elementor-widget-image\" data-id=\"1a69845\" data-element_type=\"widget\" data-e-type=\"widget\" data-widget_type=\"image.default\">\n\t\t\t\t<div class=\"elementor-widget-container\">\n\t\t\t\t\t\t\t\t\t\t\t\t\t\t\t\t<a href=\"https:\/\/www.conferenciapastoral.org\/conferencia-familiar-2015\/\" target=\"_blank\">\n\t\t\t\t\t\t\t<img loading=\"lazy\" decoding=\"async\" width=\"310\" height=\"220\" src=\"https:\/\/ibrnb.org\/wp-content\/uploads\/2025\/05\/conferencia-familiar-2015-button.jpg\" class=\"attachment-large size-large wp-image-30015\" alt=\"\" srcset=\"https:\/\/ibrnb.org\/wp-content\/uploads\/2025\/05\/conferencia-familiar-2015-button.jpg 310w, https:\/\/ibrnb.org\/wp-content\/uploads\/2025\/05\/conferencia-familiar-2015-button-18x12.jpg 18w\" sizes=\"(max-width: 310px) 100vw, 310px\" \/>\t\t\t\t\t\t\t\t<\/a>\n\t\t\t\t\t\t\t\t\t\t\t\t\t\t\t<\/div>\n\t\t\t\t<\/div>\n\t\t\t\t<div class=\"elementor-element elementor-element-df7325e elementor-widget elementor-widget-heading\" data-id=\"df7325e\" data-element_type=\"widget\" data-e-type=\"widget\" data-widget_type=\"heading.default\">\n\t\t\t\t<div class=\"elementor-widget-container\">\n\t\t\t\t\t<h2 class=\"elementor-heading-title elementor-size-default\"><a href=\"https:\/\/www.conferenciapastoral.org\/conferencia-familiar-2015\/\" target=\"_blank\">Conferencia Familiar 2015\n<\/a><\/h2>\t\t\t\t<\/div>\n\t\t\t\t<\/div>\n\t\t\t\t<div class=\"elementor-element elementor-element-f5867b4 elementor-icon-list--layout-inline elementor-list-item-link-full_width elementor-widget elementor-widget-icon-list\" data-id=\"f5867b4\" data-element_type=\"widget\" data-e-type=\"widget\" data-widget_type=\"icon-list.default\">\n\t\t\t\t<div class=\"elementor-widget-container\">\n\t\t\t\t\t\t\t<ul class=\"elementor-icon-list-items elementor-inline-items\">\n\t\t\t\t\t\t\t<li class=\"elementor-icon-list-item elementor-inline-item\">\n\t\t\t\t\t\t\t\t\t\t<span class=\"elementor-icon-list-text\">Marital Love in the Midst of Suffering<\/span>\n\t\t\t\t\t\t\t\t\t<\/li>\n\t\t\t\t\t\t<\/ul>\n\t\t\t\t\t\t<\/div>\n\t\t\t\t<\/div>\n\t\t\t\t\t<\/div>\n\t\t\t\t<\/div>\n\t\t\t\t\t<\/div>\n\t\t\t\t<\/div>\n\t\t<div class=\"elementor-element elementor-element-cc67355 e-flex e-con-boxed wpr-particle-no wpr-jarallax-no wpr-parallax-no wpr-sticky-section-no wpr-equal-height-no e-con e-parent\" data-id=\"cc67355\" data-element_type=\"container\" data-e-type=\"container\">\n\t\t\t\t\t<div class=\"e-con-inner\">\n\t\t\t\t<div class=\"elementor-element elementor-element-5f29b9d elementor-align-center elementor-widget elementor-widget-button\" data-id=\"5f29b9d\" data-element_type=\"widget\" data-e-type=\"widget\" data-widget_type=\"button.default\">\n\t\t\t\t<div class=\"elementor-widget-container\">\n\t\t\t\t\t\t\t\t\t<div class=\"elementor-button-wrapper\">\n\t\t\t\t\t<a class=\"elementor-button elementor-button-link elementor-size-sm\" href=\"https:\/\/www.conferenciapastoral.org\/mas\/\" target=\"_blank\">\n\t\t\t\t\t\t<span class=\"elementor-button-content-wrapper\">\n\t\t\t\t\t\t\t\t\t<span class=\"elementor-button-text\">Ver todas las Conferencias Especiales<\/span>\n\t\t\t\t\t<\/span>\n\t\t\t\t\t<\/a>\n\t\t\t\t<\/div>\n\t\t\t\t\t\t\t\t<\/div>\n\t\t\t\t<\/div>\n\t\t\t\t\t<\/div>\n\t\t\t\t<\/div>\n\t\t\t\t<\/div>\n\t\t","protected":false},"excerpt":{"rendered":"<p>Conferencias Especiales 15&nbsp;Adem\u00e1s os declaro, hermanos, el evangelio que os he predicado, el cual tambi\u00e9n recibisteis, en el cual tambi\u00e9n persever\u00e1is;&nbsp;2&nbsp;por el cual asimismo, si reten\u00e9is la palabra que os he predicado, sois salvos, si no cre\u00edsteis en vano.&nbsp; 1 Corintios 15:1-2 Conferencia Familiar 2023 El hombre de Dios y su familia Conferencia Familiar 2022 La predicaci\u00f3n b\u00edblica Conferencia de damas 2021 Pr. Jos\u00e9 Antonio Arias Conferencia Especial 2017 Hacia la intimidad en el matrimonio Conferencia Especial 2016 Dios importa: Teolog\u00eda propia aplicada en tres partes Conferencia Familiar 2015 Marital Love in the Midst of Suffering Ver todas las Conferencias Especiales<\/p>\n","protected":false},"author":1,"featured_media":0,"parent":0,"menu_order":0,"comment_status":"closed","ping_status":"closed","template":"elementor_canvas","meta":{"footnotes":""},"class_list":["post-22720","page","type-page","status-publish","hentry"],"yoast_head":"<!-- This site is optimized with the Yoast SEO plugin v27.4 - https:\/\/yoast.com\/product\/yoast-seo-wordpress\/ -->\n<title>Conferencias Especiales - Iglesia Bautista Reformada de North Bergen<\/title>\n<meta name=\"robots\" content=\"index, follow, max-snippet:-1, max-image-preview:large, max-video-preview:-1\" \/>\n<link rel=\"canonical\" href=\"https:\/\/ibrnb.org\/es\/conferencias-especiales\/\" \/>\n<meta property=\"og:locale\" content=\"es_ES\" \/>\n<meta property=\"og:type\" content=\"article\" \/>\n<meta property=\"og:title\" content=\"Conferencias Especiales - Iglesia Bautista Reformada de North Bergen\" \/>\n<meta property=\"og:description\" content=\"Conferencias Especiales 15&nbsp;Adem\u00e1s os declaro, hermanos, el evangelio que os he predicado, el cual tambi\u00e9n recibisteis, en el cual tambi\u00e9n persever\u00e1is;&nbsp;2&nbsp;por el cual asimismo, si reten\u00e9is la palabra que os he predicado, sois salvos, si no cre\u00edsteis en vano.&nbsp; 1 Corintios 15:1-2 Conferencia Familiar 2023 El hombre de Dios y su familia Conferencia Familiar 2022 La predicaci\u00f3n b\u00edblica Conferencia de damas 2021 Pr. Jos\u00e9 Antonio Arias Conferencia Especial 2017 Hacia la intimidad en el matrimonio Conferencia Especial 2016 Dios importa: Teolog\u00eda propia aplicada en tres partes Conferencia Familiar 2015 Marital Love in the Midst of Suffering Ver todas las Conferencias Especiales\" \/>\n<meta property=\"og:url\" content=\"https:\/\/ibrnb.org\/es\/conferencias-especiales\/\" \/>\n<meta property=\"og:site_name\" content=\"Iglesia Bautista Reformada de North Bergen\" \/>\n<meta property=\"article:publisher\" content=\"https:\/\/www.facebook.com\/profile.php?id=100064443055881\" \/>\n<meta property=\"article:modified_time\" content=\"2025-07-16T19:37:45+00:00\" \/>\n<meta property=\"og:image\" content=\"https:\/\/ibrnb.org\/wp-content\/uploads\/2025\/05\/2023-conf-fam-button.jpg\" \/>\n<meta name=\"twitter:card\" content=\"summary_large_image\" \/>\n<meta name=\"twitter:label1\" content=\"Tiempo de lectura\" \/>\n\t<meta name=\"twitter:data1\" content=\"2 minutos\" \/>\n<script type=\"application\/ld+json\" class=\"yoast-schema-graph\">{\"@context\":\"https:\\\/\\\/schema.org\",\"@graph\":[{\"@type\":\"WebPage\",\"@id\":\"https:\\\/\\\/ibrnb.org\\\/conferencias-especiales\\\/\",\"url\":\"https:\\\/\\\/ibrnb.org\\\/conferencias-especiales\\\/\",\"name\":\"Conferencias Especiales - Iglesia Bautista Reformada de North Bergen\",\"isPartOf\":{\"@id\":\"https:\\\/\\\/ibrnb.org\\\/es\\\/#website\"},\"primaryImageOfPage\":{\"@id\":\"https:\\\/\\\/ibrnb.org\\\/conferencias-especiales\\\/#primaryimage\"},\"image\":{\"@id\":\"https:\\\/\\\/ibrnb.org\\\/conferencias-especiales\\\/#primaryimage\"},\"thumbnailUrl\":\"https:\\\/\\\/ibrnb.org\\\/wp-content\\\/uploads\\\/2025\\\/05\\\/2023-conf-fam-button.jpg\",\"datePublished\":\"2025-03-04T20:31:11+00:00\",\"dateModified\":\"2025-07-16T19:37:45+00:00\",\"breadcrumb\":{\"@id\":\"https:\\\/\\\/ibrnb.org\\\/conferencias-especiales\\\/#breadcrumb\"},\"inLanguage\":\"es\",\"potentialAction\":[{\"@type\":\"ReadAction\",\"target\":[\"https:\\\/\\\/ibrnb.org\\\/conferencias-especiales\\\/\"]}]},{\"@type\":\"ImageObject\",\"inLanguage\":\"es\",\"@id\":\"https:\\\/\\\/ibrnb.org\\\/conferencias-especiales\\\/#primaryimage\",\"url\":\"https:\\\/\\\/ibrnb.org\\\/wp-content\\\/uploads\\\/2025\\\/05\\\/2023-conf-fam-button.jpg\",\"contentUrl\":\"https:\\\/\\\/ibrnb.org\\\/wp-content\\\/uploads\\\/2025\\\/05\\\/2023-conf-fam-button.jpg\"},{\"@type\":\"BreadcrumbList\",\"@id\":\"https:\\\/\\\/ibrnb.org\\\/conferencias-especiales\\\/#breadcrumb\",\"itemListElement\":[{\"@type\":\"ListItem\",\"position\":1,\"name\":\"Portada\",\"item\":\"https:\\\/\\\/ibrnb.org\\\/\"},{\"@type\":\"ListItem\",\"position\":2,\"name\":\"Conferencias Especiales\"}]},{\"@type\":\"WebSite\",\"@id\":\"https:\\\/\\\/ibrnb.org\\\/es\\\/#website\",\"url\":\"https:\\\/\\\/ibrnb.org\\\/es\\\/\",\"name\":\"Iglesia Bautista Reformada de North Bergen\",\"description\":\"Iglesia del Se\u00f1or Jesucristo.\",\"publisher\":{\"@id\":\"https:\\\/\\\/ibrnb.org\\\/es\\\/#organization\"},\"potentialAction\":[{\"@type\":\"SearchAction\",\"target\":{\"@type\":\"EntryPoint\",\"urlTemplate\":\"https:\\\/\\\/ibrnb.org\\\/es\\\/?s={search_term_string}\"},\"query-input\":{\"@type\":\"PropertyValueSpecification\",\"valueRequired\":true,\"valueName\":\"search_term_string\"}}],\"inLanguage\":\"es\"},{\"@type\":\"Organization\",\"@id\":\"https:\\\/\\\/ibrnb.org\\\/es\\\/#organization\",\"name\":\"Iglesia Bautista Reformada de North Bergen\",\"url\":\"https:\\\/\\\/ibrnb.org\\\/es\\\/\",\"logo\":{\"@type\":\"ImageObject\",\"inLanguage\":\"es\",\"@id\":\"https:\\\/\\\/ibrnb.org\\\/es\\\/#\\\/schema\\\/logo\\\/image\\\/\",\"url\":\"https:\\\/\\\/i0.wp.com\\\/ibrnb.org\\\/wp-content\\\/uploads\\\/2025\\\/03\\\/Iglesia_Logo_Calado-e1744687663107.png?fit=925%2C510&ssl=1\",\"contentUrl\":\"https:\\\/\\\/i0.wp.com\\\/ibrnb.org\\\/wp-content\\\/uploads\\\/2025\\\/03\\\/Iglesia_Logo_Calado-e1744687663107.png?fit=925%2C510&ssl=1\",\"width\":925,\"height\":510,\"caption\":\"Iglesia Bautista Reformada de North Bergen\"},\"image\":{\"@id\":\"https:\\\/\\\/ibrnb.org\\\/es\\\/#\\\/schema\\\/logo\\\/image\\\/\"},\"sameAs\":[\"https:\\\/\\\/www.facebook.com\\\/profile.php?id=100064443055881\"]}]}<\/script>\n<!-- \/ Yoast SEO plugin. -->","yoast_head_json":{"title":"Conferencias Especiales - Iglesia Bautista Reformada de North Bergen","robots":{"index":"index","follow":"follow","max-snippet":"max-snippet:-1","max-image-preview":"max-image-preview:large","max-video-preview":"max-video-preview:-1"},"canonical":"https:\/\/ibrnb.org\/es\/conferencias-especiales\/","og_locale":"es_ES","og_type":"article","og_title":"Conferencias Especiales - Iglesia Bautista Reformada de North Bergen","og_description":"Conferencias Especiales 15&nbsp;Adem\u00e1s os declaro, hermanos, el evangelio que os he predicado, el cual tambi\u00e9n recibisteis, en el cual tambi\u00e9n persever\u00e1is;&nbsp;2&nbsp;por el cual asimismo, si reten\u00e9is la palabra que os he predicado, sois salvos, si no cre\u00edsteis en vano.&nbsp; 1 Corintios 15:1-2 Conferencia Familiar 2023 El hombre de Dios y su familia Conferencia Familiar 2022 La predicaci\u00f3n b\u00edblica Conferencia de damas 2021 Pr. Jos\u00e9 Antonio Arias Conferencia Especial 2017 Hacia la intimidad en el matrimonio Conferencia Especial 2016 Dios importa: Teolog\u00eda propia aplicada en tres partes Conferencia Familiar 2015 Marital Love in the Midst of Suffering Ver todas las Conferencias Especiales","og_url":"https:\/\/ibrnb.org\/es\/conferencias-especiales\/","og_site_name":"Iglesia Bautista Reformada de North Bergen","article_publisher":"https:\/\/www.facebook.com\/profile.php?id=100064443055881","article_modified_time":"2025-07-16T19:37:45+00:00","og_image":[{"url":"https:\/\/ibrnb.org\/wp-content\/uploads\/2025\/05\/2023-conf-fam-button.jpg","type":"","width":"","height":""}],"twitter_card":"summary_large_image","twitter_misc":{"Tiempo de lectura":"2 minutos"},"schema":{"@context":"https:\/\/schema.org","@graph":[{"@type":"WebPage","@id":"https:\/\/ibrnb.org\/conferencias-especiales\/","url":"https:\/\/ibrnb.org\/conferencias-especiales\/","name":"Conferencias Especiales - Iglesia Bautista Reformada de North Bergen","isPartOf":{"@id":"https:\/\/ibrnb.org\/es\/#website"},"primaryImageOfPage":{"@id":"https:\/\/ibrnb.org\/conferencias-especiales\/#primaryimage"},"image":{"@id":"https:\/\/ibrnb.org\/conferencias-especiales\/#primaryimage"},"thumbnailUrl":"https:\/\/ibrnb.org\/wp-content\/uploads\/2025\/05\/2023-conf-fam-button.jpg","datePublished":"2025-03-04T20:31:11+00:00","dateModified":"2025-07-16T19:37:45+00:00","breadcrumb":{"@id":"https:\/\/ibrnb.org\/conferencias-especiales\/#breadcrumb"},"inLanguage":"es","potentialAction":[{"@type":"ReadAction","target":["https:\/\/ibrnb.org\/conferencias-especiales\/"]}]},{"@type":"ImageObject","inLanguage":"es","@id":"https:\/\/ibrnb.org\/conferencias-especiales\/#primaryimage","url":"https:\/\/ibrnb.org\/wp-content\/uploads\/2025\/05\/2023-conf-fam-button.jpg","contentUrl":"https:\/\/ibrnb.org\/wp-content\/uploads\/2025\/05\/2023-conf-fam-button.jpg"},{"@type":"BreadcrumbList","@id":"https:\/\/ibrnb.org\/conferencias-especiales\/#breadcrumb","itemListElement":[{"@type":"ListItem","position":1,"name":"Portada","item":"https:\/\/ibrnb.org\/"},{"@type":"ListItem","position":2,"name":"Conferencias Especiales"}]},{"@type":"WebSite","@id":"https:\/\/ibrnb.org\/es\/#website","url":"https:\/\/ibrnb.org\/es\/","name":"Iglesia Bautista Reformada de North Bergen","description":"Iglesia del Se\u00f1or Jesucristo.","publisher":{"@id":"https:\/\/ibrnb.org\/es\/#organization"},"potentialAction":[{"@type":"SearchAction","target":{"@type":"EntryPoint","urlTemplate":"https:\/\/ibrnb.org\/es\/?s={search_term_string}"},"query-input":{"@type":"PropertyValueSpecification","valueRequired":true,"valueName":"search_term_string"}}],"inLanguage":"es"},{"@type":"Organization","@id":"https:\/\/ibrnb.org\/es\/#organization","name":"Iglesia Bautista Reformada de North Bergen","url":"https:\/\/ibrnb.org\/es\/","logo":{"@type":"ImageObject","inLanguage":"es","@id":"https:\/\/ibrnb.org\/es\/#\/schema\/logo\/image\/","url":"https:\/\/i0.wp.com\/ibrnb.org\/wp-content\/uploads\/2025\/03\/Iglesia_Logo_Calado-e1744687663107.png?fit=925%2C510&ssl=1","contentUrl":"https:\/\/i0.wp.com\/ibrnb.org\/wp-content\/uploads\/2025\/03\/Iglesia_Logo_Calado-e1744687663107.png?fit=925%2C510&ssl=1","width":925,"height":510,"caption":"Iglesia Bautista Reformada de North Bergen"},"image":{"@id":"https:\/\/ibrnb.org\/es\/#\/schema\/logo\/image\/"},"sameAs":["https:\/\/www.facebook.com\/profile.php?id=100064443055881"]}]}},"_links":{"self":[{"href":"https:\/\/ibrnb.org\/es\/wp-json\/wp\/v2\/pages\/22720","targetHints":{"allow":["GET"]}}],"collection":[{"href":"https:\/\/ibrnb.org\/es\/wp-json\/wp\/v2\/pages"}],"about":[{"href":"https:\/\/ibrnb.org\/es\/wp-json\/wp\/v2\/types\/page"}],"author":[{"embeddable":true,"href":"https:\/\/ibrnb.org\/es\/wp-json\/wp\/v2\/users\/1"}],"replies":[{"embeddable":true,"href":"https:\/\/ibrnb.org\/es\/wp-json\/wp\/v2\/comments?post=22720"}],"version-history":[{"count":17,"href":"https:\/\/ibrnb.org\/es\/wp-json\/wp\/v2\/pages\/22720\/revisions"}],"predecessor-version":[{"id":31788,"href":"https:\/\/ibrnb.org\/es\/wp-json\/wp\/v2\/pages\/22720\/revisions\/31788"}],"wp:attachment":[{"href":"https:\/\/ibrnb.org\/es\/wp-json\/wp\/v2\/media?parent=22720"}],"curies":[{"name":"wp","href":"https:\/\/api.w.org\/{rel}","templated":true}]}}