{"id":21882,"date":"2025-02-21T14:12:29","date_gmt":"2025-02-21T14:12:29","guid":{"rendered":"https:\/\/ibrnb.org\/?page_id=21882"},"modified":"2026-01-09T02:57:12","modified_gmt":"2026-01-09T02:57:12","slug":"liderazgo","status":"publish","type":"page","link":"https:\/\/ibrnb.org\/es\/liderazgo\/","title":{"rendered":"Liderazgo"},"content":{"rendered":"\t\t<div data-elementor-type=\"wp-page\" data-elementor-id=\"21882\" class=\"elementor elementor-21882\">\n\t\t\t\t\t\t<section class=\"elementor-section elementor-top-section elementor-element elementor-element-f40d094 elementor-section-boxed elementor-section-height-default elementor-section-height-default wpr-particle-no wpr-jarallax-no wpr-parallax-no wpr-sticky-section-no wpr-equal-height-no\" data-id=\"f40d094\" data-element_type=\"section\" data-e-type=\"section\">\n\t\t\t\t\t\t<div class=\"elementor-container elementor-column-gap-default\">\n\t\t\t\t\t<div class=\"elementor-column elementor-col-100 elementor-top-column elementor-element elementor-element-de3fe93\" data-id=\"de3fe93\" data-element_type=\"column\" data-e-type=\"column\">\n\t\t\t<div class=\"elementor-widget-wrap elementor-element-populated\">\n\t\t\t\t\t\t<div class=\"elementor-element elementor-element-33cc0c3 elementor-widget elementor-widget-heading\" data-id=\"33cc0c3\" data-element_type=\"widget\" data-e-type=\"widget\" data-widget_type=\"heading.default\">\n\t\t\t\t<div class=\"elementor-widget-container\">\n\t\t\t\t\t<h1 class=\"elementor-heading-title elementor-size-default\">Liderazgo<\/h1>\t\t\t\t<\/div>\n\t\t\t\t<\/div>\n\t\t\t\t<div class=\"elementor-element elementor-element-ad48fe8 elementor-widget elementor-widget-text-editor\" data-id=\"ad48fe8\" data-element_type=\"widget\" data-e-type=\"widget\" data-widget_type=\"text-editor.default\">\n\t\t\t\t<div class=\"elementor-widget-container\">\n\t\t\t\t\t\t\t\t\t<p><sup class=\"versenum\">15\u00a0<\/sup>y os dar\u00e9 pastores seg\u00fan mi coraz\u00f3n, que os apacienten con ciencia y con inteligencia.<\/p><p>\u00a0Jerem\u00edas 3:15<\/p>\t\t\t\t\t\t\t\t<\/div>\n\t\t\t\t<\/div>\n\t\t\t\t\t<\/div>\n\t\t<\/div>\n\t\t\t\t\t<\/div>\n\t\t<\/section>\n\t\t<div class=\"elementor-element elementor-element-3824442 e-flex e-con-boxed wpr-particle-no wpr-jarallax-no wpr-parallax-no wpr-sticky-section-no wpr-equal-height-no e-con e-parent\" data-id=\"3824442\" data-element_type=\"container\" data-e-type=\"container\">\n\t\t\t\t\t<div class=\"e-con-inner\">\n\t\t\t\t<div class=\"elementor-element elementor-element-577155e elementor-widget elementor-widget-text-editor\" data-id=\"577155e\" data-element_type=\"widget\" data-e-type=\"widget\" data-widget_type=\"text-editor.default\">\n\t\t\t\t<div class=\"elementor-widget-container\">\n\t\t\t\t\t\t\t\t\t<p>Jesucristo es la cabeza de su iglesia, se entreg\u00f3 a s\u00ed mismo por ella para purificar un pueblo que fuera de su posesi\u00f3n, celoso de buenas obras (Ef. 5:25-26; Tito 2:14). Ejerce su pastoreo y gobierno sobre ella a trav\u00e9s de pastores humanos (1 Ped. 5:1-4) que han de rendirle cuenta por el ejercicio de su oficio (1 Ped. 5:4; Heb. 13:17).<\/p><p>La autoridad de los pastores es real, aunque tambi\u00e9n es espiritual. Procede de la Biblia, la Palabra de Dios, que tambi\u00e9n la limita. La iglesia tiene el deber de procurar descubrir entre sus miembros aquellos a quienes el Se\u00f1or Jesucristo ha concedido los dones y las gracias necesarias para desempe\u00f1ar el oficio de pastor, seg\u00fan los requisitos b\u00edblicos (Hech. 6:1-6; 1 Tim. 3; Tito 1).<\/p><p>El cuerpo de ancianos ha sido autorizado y es responsable de supervisar la iglesia (Hech. 20:28; 1 Ped. 5:1-4). Esto incluye la predicaci\u00f3n y la ense\u00f1anza de todo el consejo de Dios (Hech. 20:20-21, 27; Tito 1:9), velar por el bienestar del alma de todos los miembros de la iglesia (Ef. 11:13; Col. 1:28; 1 Tes. 2:11; Heb. 13:17) y la direcci\u00f3n de esta en todas sus tareas (1 Tim. 3:4-5).<\/p><p>Los pastores deben ejercer su autoridad sobre la congregaci\u00f3n con sensibilidad (Ezeq. 34:4; Hech. 6:5), y como siervos y ejemplos de la iglesia (Mat. 20:25-28; Hech. 19:30; Hech. 21:11-14; 1Tim. 3:5; 1Ped. 5:3.<\/p>\t\t\t\t\t\t\t\t<\/div>\n\t\t\t\t<\/div>\n\t\t\t\t\t<\/div>\n\t\t\t\t<\/div>\n\t\t<div class=\"elementor-element elementor-element-9b00afa e-flex e-con-boxed wpr-particle-no wpr-jarallax-no wpr-parallax-no wpr-sticky-section-no wpr-equal-height-no e-con e-parent\" data-id=\"9b00afa\" data-element_type=\"container\" data-e-type=\"container\">\n\t\t\t\t\t<div class=\"e-con-inner\">\n\t\t\t\t<div class=\"elementor-element elementor-element-e0da101 elementor-widget elementor-widget-heading\" data-id=\"e0da101\" data-element_type=\"widget\" data-e-type=\"widget\" data-widget_type=\"heading.default\">\n\t\t\t\t<div class=\"elementor-widget-container\">\n\t\t\t\t\t<h2 class=\"elementor-heading-title elementor-size-default\">Pastores y Di\u00e1conos<\/h2>\t\t\t\t<\/div>\n\t\t\t\t<\/div>\n\t\t\t\t\t<\/div>\n\t\t\t\t<\/div>\n\t\t<div class=\"elementor-element elementor-element-9467ce6 e-flex e-con-boxed wpr-particle-no wpr-jarallax-no wpr-parallax-no wpr-sticky-section-no wpr-equal-height-no e-con e-parent\" data-id=\"9467ce6\" data-element_type=\"container\" data-e-type=\"container\">\n\t\t\t\t\t<div class=\"e-con-inner\">\n\t\t<div class=\"elementor-element elementor-element-c0417da e-con-full e-flex wpr-particle-no wpr-jarallax-no wpr-parallax-no wpr-sticky-section-no wpr-equal-height-no e-con e-child\" data-id=\"c0417da\" data-element_type=\"container\" data-e-type=\"container\">\n\t\t<div class=\"elementor-element elementor-element-9ffe0fc e-con-full e-flex wpr-particle-no wpr-jarallax-no wpr-parallax-no wpr-sticky-section-no wpr-equal-height-no e-con e-child\" data-id=\"9ffe0fc\" data-element_type=\"container\" data-e-type=\"container\">\n\t\t\t\t<div class=\"elementor-element elementor-element-25abeaa elementor-widget elementor-widget-wpr-team-member\" data-id=\"25abeaa\" data-element_type=\"widget\" data-e-type=\"widget\" data-widget_type=\"wpr-team-member.default\">\n\t\t\t\t<div class=\"elementor-widget-container\">\n\t\t\t\t\t\n\t<div class=\"wpr-team-member\">\n\t\t\t\t\t\n\t\t\t<div class=\"wpr-member-media\">\n\t\t\t\t<div class=\"wpr-member-image\">\n\t\t\t\t\t<img decoding=\"async\" src=\"https:\/\/ibrnb.org\/wp-content\/uploads\/2025\/02\/1-1.png\" alt=\"Eugenio Pi\u00f1ero\">\n\t\t\t\t<\/div>\n\t\t\t\t\t\t\t<\/div>\n\t\t\t\t\n\t\t\n\t\t<div class=\"wpr-member-content\">\n\t\t\t<h3 class=\"wpr-member-name\">Eugenio Pi\u00f1ero<\/h3>\n\t\t\t\n\t\t\t\t\t\t\t<div class=\"wpr-member-job\">Pastor<\/div>\n\t\t\t\n\t\t\t\n\t\t\t\t\t\t\t<div class=\"wpr-member-description\">El Pastor Eugenio Pi\u00f1ero se gradu\u00f3 de Northeastern Bible College en Essex Fells, NJ (EUA) en el a\u00f1o 1976. Durante sus estudios conoci\u00f3 a la iglesia Trinity Baptist Church de Essex Fells (luego Montville), NJ (EUA). <\/div>\n\t\t\t\t\t\t\n\t\t\t<div class=\"wpr-member-btn-wrap\"><a class=\"wpr-member-btn wpr-button-effect wpr-button-none\" href=\"https:\/\/ibrnb.org\/eugenio-pinero\/\"><span>Leer m\u00e1s <\/span><\/a><\/div>\t\t<\/div>\n\n\t\t\t<\/div>\n\n\t\t\t\t\t<\/div>\n\t\t\t\t<\/div>\n\t\t\t\t<\/div>\n\t\t\t\t<\/div>\n\t\t<div class=\"elementor-element elementor-element-dbe8ad6 e-con-full e-flex wpr-particle-no wpr-jarallax-no wpr-parallax-no wpr-sticky-section-no wpr-equal-height-no e-con e-child\" data-id=\"dbe8ad6\" data-element_type=\"container\" data-e-type=\"container\">\n\t\t\t\t<div class=\"elementor-element elementor-element-02074e1 elementor-widget elementor-widget-wpr-team-member\" data-id=\"02074e1\" data-element_type=\"widget\" data-e-type=\"widget\" data-widget_type=\"wpr-team-member.default\">\n\t\t\t\t<div class=\"elementor-widget-container\">\n\t\t\t\t\t\n\t<div class=\"wpr-team-member\">\n\t\t\t\t\t\n\t\t\t<div class=\"wpr-member-media\">\n\t\t\t\t<div class=\"wpr-member-image\">\n\t\t\t\t\t<img decoding=\"async\" src=\"https:\/\/ibrnb.org\/wp-content\/uploads\/2025\/02\/2.png\" alt=\"Ariel Rodr\u00edguez\">\n\t\t\t\t<\/div>\n\t\t\t\t\t\t\t<\/div>\n\t\t\t\t\n\t\t\n\t\t<div class=\"wpr-member-content\">\n\t\t\t<h3 class=\"wpr-member-name\">Ariel Rodr\u00edguez<\/h3>\n\t\t\t\n\t\t\t\t\t\t\t<div class=\"wpr-member-job\">Pastor<\/div>\n\t\t\t\n\t\t\t\n\t\t\t\t\t\t\t<div class=\"wpr-member-description\">El Pastor Ariel Rodr\u00edguez D\u00edaz naci\u00f3 en Santo Domingo, Rep\u00fablica Dominicana, en el seno de un hogar cristiano. Lleg\u00f3 al conocimiento salv\u00edfico del Se\u00f1or Jesucristo a una edad temprana, algo que lo protegi\u00f3 de los peligros del mundo.<\/div>\n\t\t\t\t\t\t\n\t\t\t<div class=\"wpr-member-btn-wrap\"><a class=\"wpr-member-btn wpr-button-effect wpr-button-none\" href=\"https:\/\/ibrnb.org\/ariel-rodriguez\/\"><span>Leer m\u00e1s <\/span><\/a><\/div>\t\t<\/div>\n\n\t\t\t<\/div>\n\n\t\t\t\t\t<\/div>\n\t\t\t\t<\/div>\n\t\t\t\t<\/div>\n\t\t\t\t\t<\/div>\n\t\t\t\t<\/div>\n\t\t\t\t<section class=\"elementor-section elementor-top-section elementor-element elementor-element-350d6b6 elementor-section-boxed elementor-section-height-default elementor-section-height-default wpr-particle-no wpr-jarallax-no wpr-parallax-no wpr-sticky-section-no wpr-equal-height-no\" data-id=\"350d6b6\" data-element_type=\"section\" data-e-type=\"section\">\n\t\t\t\t\t\t<div class=\"elementor-container elementor-column-gap-default\">\n\t\t\t\t\t<div class=\"elementor-column elementor-col-100 elementor-top-column elementor-element elementor-element-305c512\" data-id=\"305c512\" data-element_type=\"column\" data-e-type=\"column\">\n\t\t\t<div class=\"elementor-widget-wrap elementor-element-populated\">\n\t\t\t\t\t\t<section class=\"elementor-section elementor-inner-section elementor-element elementor-element-ca8b325 elementor-section-boxed elementor-section-height-default elementor-section-height-default wpr-particle-no wpr-jarallax-no wpr-parallax-no wpr-sticky-section-no wpr-equal-height-no\" data-id=\"ca8b325\" data-element_type=\"section\" data-e-type=\"section\">\n\t\t\t\t\t\t<div class=\"elementor-container elementor-column-gap-extended\">\n\t\t\t\t\t<div class=\"elementor-column elementor-col-33 elementor-inner-column elementor-element elementor-element-d9451a2\" data-id=\"d9451a2\" data-element_type=\"column\" data-e-type=\"column\">\n\t\t\t<div class=\"elementor-widget-wrap elementor-element-populated\">\n\t\t\t\t\t\t<div class=\"elementor-element elementor-element-1373aa0 elementor-widget elementor-widget-wpr-team-member\" data-id=\"1373aa0\" data-element_type=\"widget\" data-e-type=\"widget\" data-widget_type=\"wpr-team-member.default\">\n\t\t\t\t<div class=\"elementor-widget-container\">\n\t\t\t\t\t\n\t<div class=\"wpr-team-member\">\n\t\t\t\t\t\n\t\t\t<div class=\"wpr-member-media\">\n\t\t\t\t<div class=\"wpr-member-image\">\n\t\t\t\t\t<img decoding=\"async\" src=\"https:\/\/ibrnb.org\/wp-content\/uploads\/2025\/04\/martin-ramirez-2023-e1744046774746.jpg\" alt=\"Hno. Mart\u00edn Ram\u00edrez\">\n\t\t\t\t<\/div>\n\t\t\t\t\t\t\t<\/div>\n\t\t\t\t\n\t\t\n\t\t<div class=\"wpr-member-content\">\n\t\t\t<h3 class=\"wpr-member-name\">Hno. Mart\u00edn Ram\u00edrez<\/h3>\n\t\t\t\n\t\t\t\t\t\t\t<div class=\"wpr-member-job\">Di\u00e1cono<\/div>\n\t\t\t\n\t\t\t\n\t\t\t\t\t\t\n\t\t\t\t\t<\/div>\n\n\t\t\t<\/div>\n\n\t\t\t\t\t<\/div>\n\t\t\t\t<\/div>\n\t\t\t\t\t<\/div>\n\t\t<\/div>\n\t\t\t\t<div class=\"elementor-column elementor-col-33 elementor-inner-column elementor-element elementor-element-58dccb2\" data-id=\"58dccb2\" data-element_type=\"column\" data-e-type=\"column\">\n\t\t\t<div class=\"elementor-widget-wrap elementor-element-populated\">\n\t\t\t\t\t\t<div class=\"elementor-element elementor-element-f00eb17 elementor-widget elementor-widget-wpr-team-member\" data-id=\"f00eb17\" data-element_type=\"widget\" data-e-type=\"widget\" data-widget_type=\"wpr-team-member.default\">\n\t\t\t\t<div class=\"elementor-widget-container\">\n\t\t\t\t\t\n\t<div class=\"wpr-team-member\">\n\t\t\t\t\t\n\t\t\t<div class=\"wpr-member-media\">\n\t\t\t\t<div class=\"wpr-member-image\">\n\t\t\t\t\t<img decoding=\"async\" src=\"https:\/\/ibrnb.org\/wp-content\/uploads\/2025\/04\/daniel-santos-2023-e1744047122557.jpg\" alt=\"Hno. Daniel Santos\">\n\t\t\t\t<\/div>\n\t\t\t\t\t\t\t<\/div>\n\t\t\t\t\n\t\t\n\t\t<div class=\"wpr-member-content\">\n\t\t\t<h3 class=\"wpr-member-name\">Hno. Daniel Santos<\/h3>\n\t\t\t\n\t\t\t\t\t\t\t<div class=\"wpr-member-job\">Di\u00e1cono<\/div>\n\t\t\t\n\t\t\t\n\t\t\t\t\t\t\n\t\t\t\t\t<\/div>\n\n\t\t\t<\/div>\n\n\t\t\t\t\t<\/div>\n\t\t\t\t<\/div>\n\t\t\t\t\t<\/div>\n\t\t<\/div>\n\t\t\t\t<div class=\"elementor-column elementor-col-33 elementor-inner-column elementor-element elementor-element-8fef924\" data-id=\"8fef924\" data-element_type=\"column\" data-e-type=\"column\">\n\t\t\t<div class=\"elementor-widget-wrap elementor-element-populated\">\n\t\t\t\t\t\t<div class=\"elementor-element elementor-element-8a409de elementor-widget elementor-widget-wpr-team-member\" data-id=\"8a409de\" data-element_type=\"widget\" data-e-type=\"widget\" data-widget_type=\"wpr-team-member.default\">\n\t\t\t\t<div class=\"elementor-widget-container\">\n\t\t\t\t\t\n\t<div class=\"wpr-team-member\">\n\t\t\t\t\t\n\t\t\t<div class=\"wpr-member-media\">\n\t\t\t\t<div class=\"wpr-member-image\">\n\t\t\t\t\t<img decoding=\"async\" src=\"https:\/\/ibrnb.org\/wp-content\/uploads\/2025\/04\/victor-nieves-2023-e1744047242788.jpg\" alt=\"Hno. V\u00edctor Nieves\">\n\t\t\t\t<\/div>\n\t\t\t\t\t\t\t<\/div>\n\t\t\t\t\n\t\t\n\t\t<div class=\"wpr-member-content\">\n\t\t\t<h3 class=\"wpr-member-name\">Hno. V\u00edctor Nieves<\/h3>\n\t\t\t\n\t\t\t\t\t\t\t<div class=\"wpr-member-job\">Di\u00e1cono Em\u00e9rito<\/div>\n\t\t\t\n\t\t\t\n\t\t\t\t\t\t\n\t\t\t\t\t<\/div>\n\n\t\t\t<\/div>\n\n\t\t\t\t\t<\/div>\n\t\t\t\t<\/div>\n\t\t\t\t\t<\/div>\n\t\t<\/div>\n\t\t\t\t\t<\/div>\n\t\t<\/section>\n\t\t\t\t\t<\/div>\n\t\t<\/div>\n\t\t\t\t\t<\/div>\n\t\t<\/section>\n\t\t\t\t<\/div>\n\t\t","protected":false},"excerpt":{"rendered":"<p>Liderazgo 15\u00a0y os dar\u00e9 pastores seg\u00fan mi coraz\u00f3n, que os apacienten con ciencia y con inteligencia. \u00a0Jerem\u00edas 3:15 Jesucristo es la cabeza de su iglesia, se entreg\u00f3 a s\u00ed mismo por ella para purificar un pueblo que fuera de su posesi\u00f3n, celoso de buenas obras (Ef. 5:25-26; Tito 2:14). Ejerce su pastoreo y gobierno sobre ella a trav\u00e9s de pastores humanos (1 Ped. 5:1-4) que han de rendirle cuenta por el ejercicio de su oficio (1 Ped. 5:4; Heb. 13:17). La autoridad de los pastores es real, aunque tambi\u00e9n es espiritual. Procede de la Biblia, la Palabra de Dios, que tambi\u00e9n la limita. La iglesia tiene el deber de procurar descubrir entre sus miembros aquellos a quienes el Se\u00f1or Jesucristo ha concedido los dones y las gracias necesarias para desempe\u00f1ar el oficio de pastor, seg\u00fan los requisitos b\u00edblicos (Hech. 6:1-6; 1 Tim. 3; Tito 1). El cuerpo de ancianos ha sido autorizado y es responsable de supervisar la iglesia (Hech. 20:28; 1 Ped. 5:1-4). Esto incluye la predicaci\u00f3n y la ense\u00f1anza de todo el consejo de Dios (Hech. 20:20-21, 27; Tito 1:9), velar por el bienestar del alma de todos los miembros de la iglesia (Ef. 11:13; Col. 1:28; 1 Tes. 2:11; Heb. 13:17) y la direcci\u00f3n de esta en todas sus tareas (1 Tim. 3:4-5). Los pastores deben ejercer su autoridad sobre la congregaci\u00f3n con sensibilidad (Ezeq. 34:4; Hech. 6:5), y como siervos y ejemplos de la iglesia (Mat. 20:25-28; Hech. 19:30; Hech. 21:11-14; 1Tim. 3:5; 1Ped. 5:3. Pastores y Di\u00e1conos Eugenio Pi\u00f1ero Pastor El Pastor Eugenio Pi\u00f1ero se gradu\u00f3 de Northeastern Bible College en Essex Fells, NJ (EUA) en el a\u00f1o 1976. Durante sus estudios conoci\u00f3 a la iglesia Trinity Baptist Church de Essex Fells (luego Montville), NJ (EUA). Leer m\u00e1s Ariel Rodr\u00edguez Pastor El Pastor Ariel Rodr\u00edguez D\u00edaz naci\u00f3 en Santo Domingo, Rep\u00fablica Dominicana, en el seno de un hogar cristiano. Lleg\u00f3 al conocimiento salv\u00edfico del Se\u00f1or Jesucristo a una edad temprana, algo que lo protegi\u00f3 de los peligros del mundo. Leer m\u00e1s Hno. Mart\u00edn Ram\u00edrez Di\u00e1cono Hno. Daniel Santos Di\u00e1cono Hno. V\u00edctor Nieves Di\u00e1cono Em\u00e9rito<\/p>\n","protected":false},"author":1,"featured_media":0,"parent":0,"menu_order":0,"comment_status":"closed","ping_status":"closed","template":"elementor_canvas","meta":{"footnotes":""},"class_list":["post-21882","page","type-page","status-publish","hentry"],"yoast_head":"<!-- This site is optimized with the Yoast SEO plugin v27.4 - https:\/\/yoast.com\/product\/yoast-seo-wordpress\/ -->\n<title>Liderazgo - Iglesia Bautista Reformada de North Bergen<\/title>\n<meta name=\"robots\" content=\"index, follow, max-snippet:-1, max-image-preview:large, max-video-preview:-1\" \/>\n<link rel=\"canonical\" href=\"https:\/\/ibrnb.org\/es\/liderazgo\/\" \/>\n<meta property=\"og:locale\" content=\"es_ES\" \/>\n<meta property=\"og:type\" content=\"article\" \/>\n<meta property=\"og:title\" content=\"Liderazgo - Iglesia Bautista Reformada de North Bergen\" \/>\n<meta property=\"og:description\" content=\"Liderazgo 15\u00a0y os dar\u00e9 pastores seg\u00fan mi coraz\u00f3n, que os apacienten con ciencia y con inteligencia. \u00a0Jerem\u00edas 3:15 Jesucristo es la cabeza de su iglesia, se entreg\u00f3 a s\u00ed mismo por ella para purificar un pueblo que fuera de su posesi\u00f3n, celoso de buenas obras (Ef. 5:25-26; Tito 2:14). Ejerce su pastoreo y gobierno sobre ella a trav\u00e9s de pastores humanos (1 Ped. 5:1-4) que han de rendirle cuenta por el ejercicio de su oficio (1 Ped. 5:4; Heb. 13:17). La autoridad de los pastores es real, aunque tambi\u00e9n es espiritual. Procede de la Biblia, la Palabra de Dios, que tambi\u00e9n la limita. La iglesia tiene el deber de procurar descubrir entre sus miembros aquellos a quienes el Se\u00f1or Jesucristo ha concedido los dones y las gracias necesarias para desempe\u00f1ar el oficio de pastor, seg\u00fan los requisitos b\u00edblicos (Hech. 6:1-6; 1 Tim. 3; Tito 1). El cuerpo de ancianos ha sido autorizado y es responsable de supervisar la iglesia (Hech. 20:28; 1 Ped. 5:1-4). Esto incluye la predicaci\u00f3n y la ense\u00f1anza de todo el consejo de Dios (Hech. 20:20-21, 27; Tito 1:9), velar por el bienestar del alma de todos los miembros de la iglesia (Ef. 11:13; Col. 1:28; 1 Tes. 2:11; Heb. 13:17) y la direcci\u00f3n de esta en todas sus tareas (1 Tim. 3:4-5). Los pastores deben ejercer su autoridad sobre la congregaci\u00f3n con sensibilidad (Ezeq. 34:4; Hech. 6:5), y como siervos y ejemplos de la iglesia (Mat. 20:25-28; Hech. 19:30; Hech. 21:11-14; 1Tim. 3:5; 1Ped. 5:3. Pastores y Di\u00e1conos Eugenio Pi\u00f1ero Pastor El Pastor Eugenio Pi\u00f1ero se gradu\u00f3 de Northeastern Bible College en Essex Fells, NJ (EUA) en el a\u00f1o 1976. Durante sus estudios conoci\u00f3 a la iglesia Trinity Baptist Church de Essex Fells (luego Montville), NJ (EUA). Leer m\u00e1s Ariel Rodr\u00edguez Pastor El Pastor Ariel Rodr\u00edguez D\u00edaz naci\u00f3 en Santo Domingo, Rep\u00fablica Dominicana, en el seno de un hogar cristiano. Lleg\u00f3 al conocimiento salv\u00edfico del Se\u00f1or Jesucristo a una edad temprana, algo que lo protegi\u00f3 de los peligros del mundo. Leer m\u00e1s Hno. Mart\u00edn Ram\u00edrez Di\u00e1cono Hno. Daniel Santos Di\u00e1cono Hno. V\u00edctor Nieves Di\u00e1cono Em\u00e9rito\" \/>\n<meta property=\"og:url\" content=\"https:\/\/ibrnb.org\/es\/liderazgo\/\" \/>\n<meta property=\"og:site_name\" content=\"Iglesia Bautista Reformada de North Bergen\" \/>\n<meta property=\"article:publisher\" content=\"https:\/\/www.facebook.com\/profile.php?id=100064443055881\" \/>\n<meta property=\"article:modified_time\" content=\"2026-01-09T02:57:12+00:00\" \/>\n<meta property=\"og:image\" content=\"https:\/\/ibrnb.org\/wp-content\/uploads\/2025\/02\/1-1.png\" \/>\n<meta name=\"twitter:card\" content=\"summary_large_image\" \/>\n<meta name=\"twitter:label1\" content=\"Tiempo de lectura\" \/>\n\t<meta name=\"twitter:data1\" content=\"3 minutos\" \/>\n<script type=\"application\/ld+json\" class=\"yoast-schema-graph\">{\"@context\":\"https:\\\/\\\/schema.org\",\"@graph\":[{\"@type\":\"WebPage\",\"@id\":\"https:\\\/\\\/ibrnb.org\\\/liderazgo\\\/\",\"url\":\"https:\\\/\\\/ibrnb.org\\\/liderazgo\\\/\",\"name\":\"Liderazgo - Iglesia Bautista Reformada de North Bergen\",\"isPartOf\":{\"@id\":\"https:\\\/\\\/ibrnb.org\\\/es\\\/#website\"},\"primaryImageOfPage\":{\"@id\":\"https:\\\/\\\/ibrnb.org\\\/liderazgo\\\/#primaryimage\"},\"image\":{\"@id\":\"https:\\\/\\\/ibrnb.org\\\/liderazgo\\\/#primaryimage\"},\"thumbnailUrl\":\"https:\\\/\\\/ibrnb.org\\\/wp-content\\\/uploads\\\/2025\\\/02\\\/1-1.png\",\"datePublished\":\"2025-02-21T14:12:29+00:00\",\"dateModified\":\"2026-01-09T02:57:12+00:00\",\"breadcrumb\":{\"@id\":\"https:\\\/\\\/ibrnb.org\\\/liderazgo\\\/#breadcrumb\"},\"inLanguage\":\"es\",\"potentialAction\":[{\"@type\":\"ReadAction\",\"target\":[\"https:\\\/\\\/ibrnb.org\\\/liderazgo\\\/\"]}]},{\"@type\":\"ImageObject\",\"inLanguage\":\"es\",\"@id\":\"https:\\\/\\\/ibrnb.org\\\/liderazgo\\\/#primaryimage\",\"url\":\"https:\\\/\\\/ibrnb.org\\\/wp-content\\\/uploads\\\/2025\\\/02\\\/1-1.png\",\"contentUrl\":\"https:\\\/\\\/ibrnb.org\\\/wp-content\\\/uploads\\\/2025\\\/02\\\/1-1.png\"},{\"@type\":\"BreadcrumbList\",\"@id\":\"https:\\\/\\\/ibrnb.org\\\/liderazgo\\\/#breadcrumb\",\"itemListElement\":[{\"@type\":\"ListItem\",\"position\":1,\"name\":\"Portada\",\"item\":\"https:\\\/\\\/ibrnb.org\\\/\"},{\"@type\":\"ListItem\",\"position\":2,\"name\":\"Liderazgo\"}]},{\"@type\":\"WebSite\",\"@id\":\"https:\\\/\\\/ibrnb.org\\\/es\\\/#website\",\"url\":\"https:\\\/\\\/ibrnb.org\\\/es\\\/\",\"name\":\"Iglesia Bautista Reformada de North Bergen\",\"description\":\"Iglesia del Se\u00f1or Jesucristo.\",\"publisher\":{\"@id\":\"https:\\\/\\\/ibrnb.org\\\/es\\\/#organization\"},\"potentialAction\":[{\"@type\":\"SearchAction\",\"target\":{\"@type\":\"EntryPoint\",\"urlTemplate\":\"https:\\\/\\\/ibrnb.org\\\/es\\\/?s={search_term_string}\"},\"query-input\":{\"@type\":\"PropertyValueSpecification\",\"valueRequired\":true,\"valueName\":\"search_term_string\"}}],\"inLanguage\":\"es\"},{\"@type\":\"Organization\",\"@id\":\"https:\\\/\\\/ibrnb.org\\\/es\\\/#organization\",\"name\":\"Iglesia Bautista Reformada de North Bergen\",\"url\":\"https:\\\/\\\/ibrnb.org\\\/es\\\/\",\"logo\":{\"@type\":\"ImageObject\",\"inLanguage\":\"es\",\"@id\":\"https:\\\/\\\/ibrnb.org\\\/es\\\/#\\\/schema\\\/logo\\\/image\\\/\",\"url\":\"https:\\\/\\\/i0.wp.com\\\/ibrnb.org\\\/wp-content\\\/uploads\\\/2025\\\/03\\\/Iglesia_Logo_Calado-e1744687663107.png?fit=925%2C510&ssl=1\",\"contentUrl\":\"https:\\\/\\\/i0.wp.com\\\/ibrnb.org\\\/wp-content\\\/uploads\\\/2025\\\/03\\\/Iglesia_Logo_Calado-e1744687663107.png?fit=925%2C510&ssl=1\",\"width\":925,\"height\":510,\"caption\":\"Iglesia Bautista Reformada de North Bergen\"},\"image\":{\"@id\":\"https:\\\/\\\/ibrnb.org\\\/es\\\/#\\\/schema\\\/logo\\\/image\\\/\"},\"sameAs\":[\"https:\\\/\\\/www.facebook.com\\\/profile.php?id=100064443055881\"]}]}<\/script>\n<!-- \/ Yoast SEO plugin. -->","yoast_head_json":{"title":"Liderazgo - Iglesia Bautista Reformada de North Bergen","robots":{"index":"index","follow":"follow","max-snippet":"max-snippet:-1","max-image-preview":"max-image-preview:large","max-video-preview":"max-video-preview:-1"},"canonical":"https:\/\/ibrnb.org\/es\/liderazgo\/","og_locale":"es_ES","og_type":"article","og_title":"Liderazgo - Iglesia Bautista Reformada de North Bergen","og_description":"Liderazgo 15\u00a0y os dar\u00e9 pastores seg\u00fan mi coraz\u00f3n, que os apacienten con ciencia y con inteligencia. \u00a0Jerem\u00edas 3:15 Jesucristo es la cabeza de su iglesia, se entreg\u00f3 a s\u00ed mismo por ella para purificar un pueblo que fuera de su posesi\u00f3n, celoso de buenas obras (Ef. 5:25-26; Tito 2:14). Ejerce su pastoreo y gobierno sobre ella a trav\u00e9s de pastores humanos (1 Ped. 5:1-4) que han de rendirle cuenta por el ejercicio de su oficio (1 Ped. 5:4; Heb. 13:17). La autoridad de los pastores es real, aunque tambi\u00e9n es espiritual. Procede de la Biblia, la Palabra de Dios, que tambi\u00e9n la limita. La iglesia tiene el deber de procurar descubrir entre sus miembros aquellos a quienes el Se\u00f1or Jesucristo ha concedido los dones y las gracias necesarias para desempe\u00f1ar el oficio de pastor, seg\u00fan los requisitos b\u00edblicos (Hech. 6:1-6; 1 Tim. 3; Tito 1). El cuerpo de ancianos ha sido autorizado y es responsable de supervisar la iglesia (Hech. 20:28; 1 Ped. 5:1-4). Esto incluye la predicaci\u00f3n y la ense\u00f1anza de todo el consejo de Dios (Hech. 20:20-21, 27; Tito 1:9), velar por el bienestar del alma de todos los miembros de la iglesia (Ef. 11:13; Col. 1:28; 1 Tes. 2:11; Heb. 13:17) y la direcci\u00f3n de esta en todas sus tareas (1 Tim. 3:4-5). Los pastores deben ejercer su autoridad sobre la congregaci\u00f3n con sensibilidad (Ezeq. 34:4; Hech. 6:5), y como siervos y ejemplos de la iglesia (Mat. 20:25-28; Hech. 19:30; Hech. 21:11-14; 1Tim. 3:5; 1Ped. 5:3. Pastores y Di\u00e1conos Eugenio Pi\u00f1ero Pastor El Pastor Eugenio Pi\u00f1ero se gradu\u00f3 de Northeastern Bible College en Essex Fells, NJ (EUA) en el a\u00f1o 1976. Durante sus estudios conoci\u00f3 a la iglesia Trinity Baptist Church de Essex Fells (luego Montville), NJ (EUA). Leer m\u00e1s Ariel Rodr\u00edguez Pastor El Pastor Ariel Rodr\u00edguez D\u00edaz naci\u00f3 en Santo Domingo, Rep\u00fablica Dominicana, en el seno de un hogar cristiano. Lleg\u00f3 al conocimiento salv\u00edfico del Se\u00f1or Jesucristo a una edad temprana, algo que lo protegi\u00f3 de los peligros del mundo. Leer m\u00e1s Hno. Mart\u00edn Ram\u00edrez Di\u00e1cono Hno. Daniel Santos Di\u00e1cono Hno. V\u00edctor Nieves Di\u00e1cono Em\u00e9rito","og_url":"https:\/\/ibrnb.org\/es\/liderazgo\/","og_site_name":"Iglesia Bautista Reformada de North Bergen","article_publisher":"https:\/\/www.facebook.com\/profile.php?id=100064443055881","article_modified_time":"2026-01-09T02:57:12+00:00","og_image":[{"url":"https:\/\/ibrnb.org\/wp-content\/uploads\/2025\/02\/1-1.png","type":"","width":"","height":""}],"twitter_card":"summary_large_image","twitter_misc":{"Tiempo de lectura":"3 minutos"},"schema":{"@context":"https:\/\/schema.org","@graph":[{"@type":"WebPage","@id":"https:\/\/ibrnb.org\/liderazgo\/","url":"https:\/\/ibrnb.org\/liderazgo\/","name":"Liderazgo - Iglesia Bautista Reformada de North Bergen","isPartOf":{"@id":"https:\/\/ibrnb.org\/es\/#website"},"primaryImageOfPage":{"@id":"https:\/\/ibrnb.org\/liderazgo\/#primaryimage"},"image":{"@id":"https:\/\/ibrnb.org\/liderazgo\/#primaryimage"},"thumbnailUrl":"https:\/\/ibrnb.org\/wp-content\/uploads\/2025\/02\/1-1.png","datePublished":"2025-02-21T14:12:29+00:00","dateModified":"2026-01-09T02:57:12+00:00","breadcrumb":{"@id":"https:\/\/ibrnb.org\/liderazgo\/#breadcrumb"},"inLanguage":"es","potentialAction":[{"@type":"ReadAction","target":["https:\/\/ibrnb.org\/liderazgo\/"]}]},{"@type":"ImageObject","inLanguage":"es","@id":"https:\/\/ibrnb.org\/liderazgo\/#primaryimage","url":"https:\/\/ibrnb.org\/wp-content\/uploads\/2025\/02\/1-1.png","contentUrl":"https:\/\/ibrnb.org\/wp-content\/uploads\/2025\/02\/1-1.png"},{"@type":"BreadcrumbList","@id":"https:\/\/ibrnb.org\/liderazgo\/#breadcrumb","itemListElement":[{"@type":"ListItem","position":1,"name":"Portada","item":"https:\/\/ibrnb.org\/"},{"@type":"ListItem","position":2,"name":"Liderazgo"}]},{"@type":"WebSite","@id":"https:\/\/ibrnb.org\/es\/#website","url":"https:\/\/ibrnb.org\/es\/","name":"Iglesia Bautista Reformada de North Bergen","description":"Iglesia del Se\u00f1or Jesucristo.","publisher":{"@id":"https:\/\/ibrnb.org\/es\/#organization"},"potentialAction":[{"@type":"SearchAction","target":{"@type":"EntryPoint","urlTemplate":"https:\/\/ibrnb.org\/es\/?s={search_term_string}"},"query-input":{"@type":"PropertyValueSpecification","valueRequired":true,"valueName":"search_term_string"}}],"inLanguage":"es"},{"@type":"Organization","@id":"https:\/\/ibrnb.org\/es\/#organization","name":"Iglesia Bautista Reformada de North Bergen","url":"https:\/\/ibrnb.org\/es\/","logo":{"@type":"ImageObject","inLanguage":"es","@id":"https:\/\/ibrnb.org\/es\/#\/schema\/logo\/image\/","url":"https:\/\/i0.wp.com\/ibrnb.org\/wp-content\/uploads\/2025\/03\/Iglesia_Logo_Calado-e1744687663107.png?fit=925%2C510&ssl=1","contentUrl":"https:\/\/i0.wp.com\/ibrnb.org\/wp-content\/uploads\/2025\/03\/Iglesia_Logo_Calado-e1744687663107.png?fit=925%2C510&ssl=1","width":925,"height":510,"caption":"Iglesia Bautista Reformada de North Bergen"},"image":{"@id":"https:\/\/ibrnb.org\/es\/#\/schema\/logo\/image\/"},"sameAs":["https:\/\/www.facebook.com\/profile.php?id=100064443055881"]}]}},"_links":{"self":[{"href":"https:\/\/ibrnb.org\/es\/wp-json\/wp\/v2\/pages\/21882","targetHints":{"allow":["GET"]}}],"collection":[{"href":"https:\/\/ibrnb.org\/es\/wp-json\/wp\/v2\/pages"}],"about":[{"href":"https:\/\/ibrnb.org\/es\/wp-json\/wp\/v2\/types\/page"}],"author":[{"embeddable":true,"href":"https:\/\/ibrnb.org\/es\/wp-json\/wp\/v2\/users\/1"}],"replies":[{"embeddable":true,"href":"https:\/\/ibrnb.org\/es\/wp-json\/wp\/v2\/comments?post=21882"}],"version-history":[{"count":74,"href":"https:\/\/ibrnb.org\/es\/wp-json\/wp\/v2\/pages\/21882\/revisions"}],"predecessor-version":[{"id":33196,"href":"https:\/\/ibrnb.org\/es\/wp-json\/wp\/v2\/pages\/21882\/revisions\/33196"}],"wp:attachment":[{"href":"https:\/\/ibrnb.org\/es\/wp-json\/wp\/v2\/media?parent=21882"}],"curies":[{"name":"wp","href":"https:\/\/api.w.org\/{rel}","templated":true}]}}