{"id":6522,"date":"2019-11-20T06:24:41","date_gmt":"2019-11-20T06:24:41","guid":{"rendered":"https:\/\/elementor.zozothemes.com\/zegen\/home-copy-2\/"},"modified":"2026-03-09T17:51:32","modified_gmt":"2026-03-09T17:51:32","slug":"iglesia-bautista-reformada-de-north-bergen","status":"publish","type":"page","link":"https:\/\/ibrnb.org\/en\/","title":{"rendered":"Iglesia Bautista\u00a0Reformada de North Bergen"},"content":{"rendered":"\t\t<div data-elementor-type=\"wp-page\" data-elementor-id=\"6522\" class=\"elementor elementor-6522\">\n\t\t\t\t<div class=\"elementor-element elementor-element-b5e8e3d e-flex e-con-boxed wpr-particle-no wpr-jarallax-no wpr-parallax-no wpr-sticky-section-no wpr-equal-height-no e-con e-parent\" data-id=\"b5e8e3d\" data-element_type=\"container\" data-e-type=\"container\">\n\t\t\t\t\t<div class=\"e-con-inner\">\n\t\t\t\t<div class=\"elementor-element elementor-element-7864043 elementor-widget elementor-widget-video\" data-id=\"7864043\" data-element_type=\"widget\" data-e-type=\"widget\" data-settings=\"{&quot;autoplay&quot;:&quot;yes&quot;,&quot;play_on_mobile&quot;:&quot;yes&quot;,&quot;loop&quot;:&quot;yes&quot;,&quot;mute&quot;:&quot;yes&quot;,&quot;video_type&quot;:&quot;hosted&quot;}\" data-widget_type=\"video.default\">\n\t\t\t\t<div class=\"elementor-widget-container\">\n\t\t\t\t\t\t\t<div class=\"e-hosted-video elementor-wrapper elementor-open-inline\">\n\t\t\t\t\t<video class=\"elementor-video\" src=\"https:\/\/ibrnb.org\/wp-content\/uploads\/2025\/11\/Intro-web-5.mov\" autoplay=\"\" loop=\"\" muted=\"muted\" playsinline=\"\" controlsList=\"nodownload\"><\/video>\n\t\t\t\t<\/div>\n\t\t\t\t\t\t<\/div>\n\t\t\t\t<\/div>\n\t\t\t\t\t<\/div>\n\t\t\t\t<\/div>\n\t\t\t\t<section class=\"elementor-section elementor-top-section elementor-element elementor-element-1f723ed5 elementor-section-boxed elementor-section-height-default elementor-section-height-default wpr-particle-no wpr-jarallax-no wpr-parallax-no wpr-sticky-section-no wpr-equal-height-no\" data-id=\"1f723ed5\" data-element_type=\"section\" data-e-type=\"section\">\n\t\t\t\t\t\t<div class=\"elementor-container elementor-column-gap-default\">\n\t\t\t\t\t<div class=\"elementor-column elementor-col-100 elementor-top-column elementor-element elementor-element-d88383e\" data-id=\"d88383e\" data-element_type=\"column\" data-e-type=\"column\">\n\t\t\t<div class=\"elementor-widget-wrap elementor-element-populated\">\n\t\t\t\t\t\t<div class=\"elementor-element elementor-element-eda32ab elementor-widget elementor-widget-heading\" data-id=\"eda32ab\" data-element_type=\"widget\" data-e-type=\"widget\" data-widget_type=\"heading.default\">\n\t\t\t\t<div class=\"elementor-widget-container\">\n\t\t\t\t\t<h1 class=\"elementor-heading-title elementor-size-default\">Bienvenidos a la Iglesia Bautista <i>Reformada de North Bergen<\/i><\/h1>\t\t\t\t<\/div>\n\t\t\t\t<\/div>\n\t\t\t\t<div class=\"elementor-element elementor-element-750cb392 elementor-widget elementor-widget-text-editor\" data-id=\"750cb392\" data-element_type=\"widget\" data-e-type=\"widget\" data-widget_type=\"text-editor.default\">\n\t\t\t\t<div class=\"elementor-widget-container\">\n\t\t\t\t\t\t\t\t\t<p style=\"text-align: center;\"><sup class=\"versenum\">21\u00a0<\/sup>a \u00e9l sea gloria en la iglesia en Cristo Jes\u00fas por todas las edades, por los siglos de los siglos. Am\u00e9n.<\/p><p style=\"text-align: center;\">Efesios 3:21<\/p>\t\t\t\t\t\t\t\t<\/div>\n\t\t\t\t<\/div>\n\t\t\t\t\t<\/div>\n\t\t<\/div>\n\t\t\t\t\t<\/div>\n\t\t<\/section>\n\t\t\t\t<section class=\"elementor-section elementor-top-section elementor-element elementor-element-221a2f82 elementor-section-boxed elementor-section-height-default elementor-section-height-default wpr-particle-no wpr-jarallax-no wpr-parallax-no wpr-sticky-section-no wpr-equal-height-no\" data-id=\"221a2f82\" data-element_type=\"section\" data-e-type=\"section\">\n\t\t\t\t\t\t<div class=\"elementor-container elementor-column-gap-default\">\n\t\t\t\t\t<div class=\"elementor-column elementor-col-50 elementor-top-column elementor-element elementor-element-592ea3a0\" data-id=\"592ea3a0\" data-element_type=\"column\" data-e-type=\"column\">\n\t\t\t<div class=\"elementor-widget-wrap elementor-element-populated\">\n\t\t\t\t\t\t<div class=\"elementor-element elementor-element-32cceb9a elementor-widget elementor-widget-image\" data-id=\"32cceb9a\" data-element_type=\"widget\" data-e-type=\"widget\" data-widget_type=\"image.default\">\n\t\t\t\t<div class=\"elementor-widget-container\">\n\t\t\t\t\t\t\t\t\t\t\t\t\t\t\t<img fetchpriority=\"high\" decoding=\"async\" width=\"1170\" height=\"694\" src=\"https:\/\/ibrnb.org\/wp-content\/uploads\/2025\/05\/IMG_4363.jpeg\" class=\"attachment-large size-large wp-image-30304\" alt=\"\" srcset=\"https:\/\/ibrnb.org\/wp-content\/uploads\/2025\/05\/IMG_4363.jpeg 1170w, https:\/\/ibrnb.org\/wp-content\/uploads\/2025\/05\/IMG_4363-768x456.jpeg 768w, https:\/\/ibrnb.org\/wp-content\/uploads\/2025\/05\/IMG_4363-18x12.jpeg 18w\" sizes=\"(max-width: 1170px) 100vw, 1170px\" \/>\t\t\t\t\t\t\t\t\t\t\t\t\t\t\t<\/div>\n\t\t\t\t<\/div>\n\t\t\t\t\t<\/div>\n\t\t<\/div>\n\t\t\t\t<div class=\"elementor-column elementor-col-50 elementor-top-column elementor-element elementor-element-618cc18c\" data-id=\"618cc18c\" data-element_type=\"column\" data-e-type=\"column\">\n\t\t\t<div class=\"elementor-widget-wrap elementor-element-populated\">\n\t\t\t\t\t\t<div class=\"elementor-element elementor-element-3731961c elementor-widget elementor-widget-text-editor\" data-id=\"3731961c\" data-element_type=\"widget\" data-e-type=\"widget\" data-widget_type=\"text-editor.default\">\n\t\t\t\t<div class=\"elementor-widget-container\">\n\t\t\t\t\t\t\t\t\t<p>A trav\u00e9s de esta p\u00e1gina le invitamos a conocer los recursos de nuestra iglesia disponibles mediante el ministerio de Internet. Somos una iglesia local del Se\u00f1or Jesucristo.<\/p><p>La Biblia es nuestra autoridad infalible. Ella nos ense\u00f1a c\u00f3mo hemos de glorificar a Dios, que es el fin principal de nuestra existencia. Jesucristo, el Hijo de Dios, nos ha redimido de nuestro pecado para servir al Dios vivo y verdadero (Isa. 53:5-6; 1Tes. 1:9). Procuramos promover el reino de Jesucristo por medio de la proclamaci\u00f3n de todo el consejo de Dios y de una vida que manifieste la doctrina de Dios nuestro Salvador (Tito 2:1-14).<\/p>\t\t\t\t\t\t\t\t<\/div>\n\t\t\t\t<\/div>\n\t\t\t\t\t<\/div>\n\t\t<\/div>\n\t\t\t\t\t<\/div>\n\t\t<\/section>\n\t\t\t\t<section class=\"elementor-section elementor-top-section elementor-element elementor-element-1fbf395 elementor-section-boxed elementor-section-height-default elementor-section-height-default wpr-particle-no wpr-jarallax-no wpr-parallax-no wpr-sticky-section-no wpr-equal-height-no\" data-id=\"1fbf395\" data-element_type=\"section\" data-e-type=\"section\">\n\t\t\t\t\t\t<div class=\"elementor-container elementor-column-gap-default\">\n\t\t\t\t\t<div class=\"elementor-column elementor-col-100 elementor-top-column elementor-element elementor-element-154c6ce\" data-id=\"154c6ce\" data-element_type=\"column\" data-e-type=\"column\">\n\t\t\t<div class=\"elementor-widget-wrap elementor-element-populated\">\n\t\t\t\t\t\t<div class=\"elementor-element elementor-element-b00bb57 elementor-widget elementor-widget-heading\" data-id=\"b00bb57\" data-element_type=\"widget\" data-e-type=\"widget\" data-widget_type=\"heading.default\">\n\t\t\t\t<div class=\"elementor-widget-container\">\n\t\t\t\t\t<h1 class=\"elementor-heading-title elementor-size-default\">Sermones Recomendados<\/h1>\t\t\t\t<\/div>\n\t\t\t\t<\/div>\n\t\t\t\t<div class=\"elementor-element elementor-element-b8c2cb3 elementor-widget elementor-widget-text-editor\" data-id=\"b8c2cb3\" data-element_type=\"widget\" data-e-type=\"widget\" data-widget_type=\"text-editor.default\">\n\t\t\t\t<div class=\"elementor-widget-container\">\n\t\t\t\t\t\t\t\t\t<p style=\"text-align: center;\"><sup class=\"versenum\">5\u00a0<\/sup>Porque no nos predicamos a nosotros mismos, sino a Jesucristo como Se\u00f1or, y a nosotros como vuestros siervos por amor de Jes\u00fas.<\/p><p style=\"text-align: center;\">2 Corintios 4:5<\/p>\t\t\t\t\t\t\t\t<\/div>\n\t\t\t\t<\/div>\n\t\t\t\t\t<\/div>\n\t\t<\/div>\n\t\t\t\t\t<\/div>\n\t\t<\/section>\n\t\t<div class=\"elementor-element elementor-element-7712df9 e-flex e-con-boxed wpr-particle-no wpr-jarallax-no wpr-parallax-no wpr-sticky-section-no wpr-equal-height-no e-con e-parent\" data-id=\"7712df9\" data-element_type=\"container\" data-e-type=\"container\">\n\t\t\t\t\t<div class=\"e-con-inner\">\n\t\t\t\t<div class=\"elementor-element elementor-element-35840c7 elementor-widget__width-inherit wpr-adv-slider-columns-1 wpr-adv-slider-columns--tablet1 wpr-adv-slider-columns--mobile1 wpr-adv-slides-to-scroll-1 wpr-slider-dots-horizontal elementor-widget elementor-widget-wpr-advanced-slider\" data-id=\"35840c7\" data-element_type=\"widget\" data-e-type=\"widget\" data-settings=\"{&quot;slider_amount&quot;:1,&quot;slider_amount_tablet&quot;:1,&quot;slider_amount_mobile&quot;:1,&quot;slides_to_scroll&quot;:1,&quot;slider_loop&quot;:&quot;yes&quot;,&quot;slider_hide_video_content&quot;:&quot;yes&quot;,&quot;slider_video_btn_size&quot;:&quot;medium&quot;}\" data-widget_type=\"wpr-advanced-slider.default\">\n\t\t\t\t<div class=\"elementor-widget-container\">\n\t\t\t\t\t\n\t\t<!-- Advanced Slider -->\n\t\t<div class=\"wpr-advanced-slider-wrap\">\n\t\t\t\n\t\t\t<div class=\"wpr-advanced-slider\" dir=\"ltr\" data-slick=\"{&quot;rtl&quot;:false,&quot;infinite&quot;:true,&quot;speed&quot;:700,&quot;arrows&quot;:true,&quot;dots&quot;:true,&quot;autoplay&quot;:false,&quot;autoplaySpeed&quot;:1000,&quot;pauseOnHover&quot;:&quot;&quot;,&quot;prevArrow&quot;:&quot;#wpr-slider-prev-35840c7&quot;,&quot;nextArrow&quot;:&quot;#wpr-slider-next-35840c7&quot;,&quot;vertical&quot;:false,&quot;adaptiveHeight&quot;:true}\" data-hide-video-content=\"yes\" data-video-btn-size=\"{&quot;widescreen&quot;:&quot;medium&quot;,&quot;desktop&quot;:&quot;medium&quot;,&quot;laptop&quot;:&quot;medium&quot;,&quot;tablet_extra&quot;:&quot;medium&quot;,&quot;tablet&quot;:&quot;medium&quot;,&quot;mobile_extra&quot;:&quot;medium&quot;,&quot;mobile&quot;:&quot;medium&quot;}\" data-slide-effect=\"slide\">\n\t\t\t\t<div class=\"wpr-slider-item elementor-repeater-item-64584b4\"><div class=\"wpr-slider-item-bg \" style=\"background-image: url(https:\/\/ibrnb.org\/wp-content\/uploads\/2025\/04\/desdeelpulpito.png)\"><\/div><div class=\"wpr-cv-container\"><div class=\"wpr-cv-outer\"><div class=\"wpr-cv-inner\"><div class=\"wpr-slider-content\"><div class=\"wpr-slider-title\"><h2><p style=\"color: white\">   La Soberan\u00eda de Dios<br>   <span style=\"font-size: 0.4em\">y la<\/span>   <span style=\"font-size: 0.75em\">Evangelizaci\u00f3n<\/span> <\/p><\/h2><\/div><div class=\"wpr-slider-sub-title\"><h3>Eugenio Pi\u00f1ero<\/h3><\/div><div class=\"wpr-slider-btns\"><a class=\"wpr-slider-primary-btn\" href=\"https:\/\/www.youtube.com\/watch?v=l_B9it00o1U\" target=\"_blank\">Ver Serm\u00f3n <\/a><\/div><\/div><\/div><\/div><\/div><\/div><div class=\"wpr-slider-item elementor-repeater-item-cf11ac2\"><div class=\"wpr-slider-item-bg \" style=\"background-image: url(https:\/\/ibrnb.org\/wp-content\/uploads\/2025\/07\/sermones_recomendados_picture.jpg)\"><\/div><div class=\"wpr-cv-container\"><div class=\"wpr-cv-outer\"><div class=\"wpr-cv-inner\"><div class=\"wpr-slider-content\"><div class=\"wpr-slider-title\"><h2><div style=\"color: white;flex-direction: column;align-items: flex-start\">   <div style=\"text-align: left\">La Pobreza<\/div>   <div style=\"text-align: right;width: 100%\">     <span style=\"font-size: 0.4em\">del<\/span>     <span style=\"font-size: 0.75em\">Joven Rico<\/span>   <\/div> <\/div><\/h2><\/div><div class=\"wpr-slider-sub-title\"><h3>Andr\u00e9s Guti\u00e9rrez<\/h3><\/div><div class=\"wpr-slider-btns\"><a class=\"wpr-slider-primary-btn\" href=\"https:\/\/www.youtube.com\/watch?v=O6bWJ5JIwQQ\" target=\"_blank\">Ver Serm\u00f3n <\/a><\/div><\/div><\/div><\/div><\/div><\/div><div class=\"wpr-slider-item elementor-repeater-item-372ee13\"><div class=\"wpr-slider-item-bg \" style=\"background-image: url(https:\/\/ibrnb.org\/wp-content\/uploads\/2025\/07\/sermones_recomendados_picture.jpg)\"><\/div><div class=\"wpr-cv-container\"><div class=\"wpr-cv-outer\"><div class=\"wpr-cv-inner\"><div class=\"wpr-slider-content\"><div class=\"wpr-slider-title\"><h2><div style=\"color: white;align-items: center;flex-wrap: wrap\">   <div style=\"font-size: 1em\">Los Tesoros<\/div>   <div style=\"font-size: 1em\">del<\/div>   <div style=\"font-size: 1em\">Reino<\/div> <\/div><\/h2><\/div><div class=\"wpr-slider-sub-title\"><h3>Jaime Daniel Caballero<\/h3><\/div><div class=\"wpr-slider-btns\"><a class=\"wpr-slider-primary-btn\" href=\"https:\/\/www.youtube.com\/watch?v=cv_7RV0uGiA\" target=\"_blank\">Ver Serm\u00f3n <\/a><\/div><\/div><\/div><\/div><\/div><\/div><div class=\"wpr-slider-item elementor-repeater-item-6b14fc4\"><div class=\"wpr-slider-item-bg \" style=\"background-image: url(https:\/\/ibrnb.org\/wp-content\/uploads\/2025\/07\/sermones_recomendados_picture.jpg)\"><\/div><div class=\"wpr-cv-container\"><div class=\"wpr-cv-outer\"><div class=\"wpr-cv-inner\"><div class=\"wpr-slider-content\"><div class=\"wpr-slider-title\"><h2><div style=\"color: white;align-items: center;flex-wrap: wrap\">   <div style=\"font-size: 1em\">El<\/div>   <div style=\"font-size: 1em\">llamamiento<\/div>   <div style=\"font-size: 1em\">eficaz<\/div> <\/div><\/h2><\/div><div class=\"wpr-slider-sub-title\"><h3> Ariel Rodr\u00edguez D\u00edaz<\/h3><\/div><div class=\"wpr-slider-btns\"><a class=\"wpr-slider-primary-btn\" href=\"https:\/\/www.youtube.com\/watch?v=NQYHUCnhzGo\" target=\"_blank\">Ver Serm\u00f3n <\/a><\/div><\/div><\/div><\/div><\/div><\/div>\t\t\t<\/div>\n\t\t\t<div class=\"wpr-slider-controls\">\n\t\t\t\t<div class=\"wpr-slider-dots\"><\/div>\n\t\t\t<\/div>\n\n\t\t\t<div class=\"wpr-slider-arrow-container\">\n\t\t\t\t<div class=\"wpr-slider-prev-arrow wpr-slider-arrow\" id=\"wpr-slider-prev-35840c7\">\n\t\t\t\t\t<svg version=\"1.1\" xmlns=\"http:\/\/www.w3.org\/2000\/svg\" xmlns:xlink=\"http:\/\/www.w3.org\/1999\/xlink\" x=\"0px\" y=\"0px\" viewBox=\"0 0 283.4 512\" style=\"enable-background:new 0 0 283.4 512;\" xml:space=\"preserve\"><g><polygon class=\"st0\" points=\"54.5,256.3 283.4,485.1 256.1,512.5 0,256.3 0,256.3 27.2,229 256.1,0 283.4,27.4 \"\/><\/g><\/svg>\t\t\t\t<\/div>\n\t\t\t\t<div class=\"wpr-slider-next-arrow wpr-slider-arrow\" id=\"wpr-slider-next-35840c7\">\n\t\t\t\t\t<svg version=\"1.1\" xmlns=\"http:\/\/www.w3.org\/2000\/svg\" xmlns:xlink=\"http:\/\/www.w3.org\/1999\/xlink\" x=\"0px\" y=\"0px\" viewBox=\"0 0 283.4 512\" style=\"enable-background:new 0 0 283.4 512;\" xml:space=\"preserve\"><g><polygon class=\"st0\" points=\"54.5,256.3 283.4,485.1 256.1,512.5 0,256.3 0,256.3 27.2,229 256.1,0 283.4,27.4 \"\/><\/g><\/svg>\t\t\t\t<\/div>\n\t\t\t<\/div>\n\t\t\t\n\t\t\t\n\t\t<\/div>\n\t\t\t\t\t\t<\/div>\n\t\t\t\t<\/div>\n\t\t\t\t\t<\/div>\n\t\t\t\t<\/div>\n\t\t\t\t<section class=\"elementor-section elementor-top-section elementor-element elementor-element-bc364a1 elementor-section-boxed elementor-section-height-default elementor-section-height-default wpr-particle-no wpr-jarallax-no wpr-parallax-no wpr-sticky-section-no wpr-equal-height-no\" data-id=\"bc364a1\" data-element_type=\"section\" data-e-type=\"section\">\n\t\t\t\t\t\t<div class=\"elementor-container elementor-column-gap-default\">\n\t\t\t\t\t<div class=\"elementor-column elementor-col-100 elementor-top-column elementor-element elementor-element-326052b\" data-id=\"326052b\" data-element_type=\"column\" data-e-type=\"column\">\n\t\t\t<div class=\"elementor-widget-wrap elementor-element-populated\">\n\t\t\t\t\t\t<div class=\"elementor-element elementor-element-12c7af3 elementor-widget elementor-widget-heading\" data-id=\"12c7af3\" data-element_type=\"widget\" data-e-type=\"widget\" data-widget_type=\"heading.default\">\n\t\t\t\t<div class=\"elementor-widget-container\">\n\t\t\t\t\t<h1 class=\"elementor-heading-title elementor-size-default\">Sermones Recientes<\/h1>\t\t\t\t<\/div>\n\t\t\t\t<\/div>\n\t\t\t\t\t<\/div>\n\t\t<\/div>\n\t\t\t\t\t<\/div>\n\t\t<\/section>\n\t\t<div class=\"elementor-element elementor-element-b861a54 e-flex e-con-boxed wpr-particle-no wpr-jarallax-no wpr-parallax-no wpr-sticky-section-no wpr-equal-height-no e-con e-parent\" data-id=\"b861a54\" data-element_type=\"container\" data-e-type=\"container\">\n\t\t\t\t\t<div class=\"e-con-inner\">\n\t\t\t\t<div class=\"elementor-element elementor-element-9bb38d8 elementor-widget elementor-widget-shortcode\" data-id=\"9bb38d8\" data-element_type=\"widget\" data-e-type=\"widget\" data-widget_type=\"shortcode.default\">\n\t\t\t\t<div class=\"elementor-widget-container\">\n\t\t\t\t\t\t\t<div class=\"elementor-shortcode\"><div class=\"sermones-grid-auto\"><article class=\"sermon-card-auto\"><a href=\"https:\/\/ibrnb.org\/en\/sermons\/33-restricciones-a-la-venganza-y-el-odio\/\" class=\"sermon-thumb-auto\"><img decoding=\"async\" width=\"1170\" height=\"694\" src=\"https:\/\/ibrnb.org\/wp-content\/uploads\/2026\/04\/Restricciones-a-la-venganza-y-el-odio-1170x694.webp\" class=\"attachment-large size-large wp-post-image\" alt=\"\" srcset=\"https:\/\/ibrnb.org\/wp-content\/uploads\/2026\/04\/Restricciones-a-la-venganza-y-el-odio-1170x694.webp 1170w, https:\/\/ibrnb.org\/wp-content\/uploads\/2026\/04\/Restricciones-a-la-venganza-y-el-odio-768x456.webp 768w, https:\/\/ibrnb.org\/wp-content\/uploads\/2026\/04\/Restricciones-a-la-venganza-y-el-odio-18x10.webp 18w\" sizes=\"(max-width: 1170px) 100vw, 1170px\" \/><\/a><div class=\"sermon-body-auto\"><div class=\"sermon-date-auto\">19 April, 2026<\/div><h3 class=\"sermon-title-auto\"><a href=\"https:\/\/ibrnb.org\/en\/sermons\/33-restricciones-a-la-venganza-y-el-odio\/\">33 &#8211; Restricciones a la venganza y el odio<\/a><\/h3><div class=\"sermon-preacher-auto\"><span>Predicador:<\/span> Hno. Andr\u00e9s Guti\u00e9rrez<\/div><div class=\"sermon-meta-auto\"><span>Serie:<\/span> El Serm\u00f3n del Monte<\/div><\/div><\/article><article class=\"sermon-card-auto\"><a href=\"https:\/\/ibrnb.org\/en\/sermons\/05-jose-su-disposicion-a-sufrir-por-dios\/\" class=\"sermon-thumb-auto\"><img decoding=\"async\" width=\"1170\" height=\"694\" src=\"https:\/\/ibrnb.org\/wp-content\/uploads\/2026\/04\/Jose-Su-disposicion-a-sufrir-por-Dios-1170x694.webp\" class=\"attachment-large size-large wp-post-image\" alt=\"\" srcset=\"https:\/\/ibrnb.org\/wp-content\/uploads\/2026\/04\/Jose-Su-disposicion-a-sufrir-por-Dios-1170x694.webp 1170w, https:\/\/ibrnb.org\/wp-content\/uploads\/2026\/04\/Jose-Su-disposicion-a-sufrir-por-Dios-768x456.webp 768w, https:\/\/ibrnb.org\/wp-content\/uploads\/2026\/04\/Jose-Su-disposicion-a-sufrir-por-Dios-18x10.webp 18w\" sizes=\"(max-width: 1170px) 100vw, 1170px\" \/><\/a><div class=\"sermon-body-auto\"><div class=\"sermon-date-auto\">19 April, 2026<\/div><h3 class=\"sermon-title-auto\"><a href=\"https:\/\/ibrnb.org\/en\/sermons\/05-jose-su-disposicion-a-sufrir-por-dios\/\">05 &#8211; Jos\u00e9 Su disposici\u00f3n a sufrir por Dios<\/a><\/h3><div class=\"sermon-preacher-auto\"><span>Predicador:<\/span> Pr. Ariel Rodr\u00edguez<\/div><div class=\"sermon-meta-auto\"><span>Serie:<\/span> Lecciones de la vida de Jos\u00e9<\/div><\/div><\/article><article class=\"sermon-card-auto\"><a href=\"https:\/\/ibrnb.org\/en\/sermons\/amor-fraternal-ii\/\" class=\"sermon-thumb-auto\"><img loading=\"lazy\" decoding=\"async\" width=\"1170\" height=\"694\" src=\"https:\/\/ibrnb.org\/wp-content\/uploads\/2026\/04\/amorfraternal2-1170x694.jpg\" class=\"attachment-large size-large wp-post-image\" alt=\"\" srcset=\"https:\/\/ibrnb.org\/wp-content\/uploads\/2026\/04\/amorfraternal2-1170x694.jpg 1170w, https:\/\/ibrnb.org\/wp-content\/uploads\/2026\/04\/amorfraternal2-768x456.jpg 768w, https:\/\/ibrnb.org\/wp-content\/uploads\/2026\/04\/amorfraternal2-18x10.jpg 18w\" sizes=\"(max-width: 1170px) 100vw, 1170px\" \/><\/a><div class=\"sermon-body-auto\"><div class=\"sermon-date-auto\">12 April, 2026<\/div><h3 class=\"sermon-title-auto\"><a href=\"https:\/\/ibrnb.org\/en\/sermons\/amor-fraternal-ii\/\">Amor Fraternal \u2013 II<\/a><\/h3><div class=\"sermon-preacher-auto\"><span>Predicador:<\/span> Pr. D. Scott Meadows<\/div><div class=\"sermon-meta-auto\"><span>Serie:<\/span> Sermones Variados<\/div><\/div><\/article><article class=\"sermon-card-auto\"><a href=\"https:\/\/ibrnb.org\/en\/sermons\/amor-fraternal-i\/\" class=\"sermon-thumb-auto\"><img loading=\"lazy\" decoding=\"async\" width=\"1170\" height=\"694\" src=\"https:\/\/ibrnb.org\/wp-content\/uploads\/2026\/04\/amorfraternal1-1170x694.jpg\" class=\"attachment-large size-large wp-post-image\" alt=\"\" srcset=\"https:\/\/ibrnb.org\/wp-content\/uploads\/2026\/04\/amorfraternal1-1170x694.jpg 1170w, https:\/\/ibrnb.org\/wp-content\/uploads\/2026\/04\/amorfraternal1-768x456.jpg 768w, https:\/\/ibrnb.org\/wp-content\/uploads\/2026\/04\/amorfraternal1-18x10.jpg 18w\" sizes=\"(max-width: 1170px) 100vw, 1170px\" \/><\/a><div class=\"sermon-body-auto\"><div class=\"sermon-date-auto\">12 April, 2026<\/div><h3 class=\"sermon-title-auto\"><a href=\"https:\/\/ibrnb.org\/en\/sermons\/amor-fraternal-i\/\">Amor Fraternal &#8211; I<\/a><\/h3><div class=\"sermon-preacher-auto\"><span>Predicador:<\/span> Pr. D. Scott Meadows<\/div><div class=\"sermon-meta-auto\"><span>Serie:<\/span> Sermones Variados<\/div><\/div><\/article><article class=\"sermon-card-auto\"><a href=\"https:\/\/ibrnb.org\/en\/sermons\/promesas-para-el-vencedor\/\" class=\"sermon-thumb-auto\"><img loading=\"lazy\" decoding=\"async\" width=\"1170\" height=\"694\" src=\"https:\/\/ibrnb.org\/wp-content\/uploads\/2026\/04\/04052026_3-1170x694.webp\" class=\"attachment-large size-large wp-post-image\" alt=\"\" srcset=\"https:\/\/ibrnb.org\/wp-content\/uploads\/2026\/04\/04052026_3-1170x694.webp 1170w, https:\/\/ibrnb.org\/wp-content\/uploads\/2026\/04\/04052026_3-768x456.webp 768w, https:\/\/ibrnb.org\/wp-content\/uploads\/2026\/04\/04052026_3-18x10.webp 18w\" sizes=\"(max-width: 1170px) 100vw, 1170px\" \/><\/a><div class=\"sermon-body-auto\"><div class=\"sermon-date-auto\">6 April, 2026<\/div><h3 class=\"sermon-title-auto\"><a href=\"https:\/\/ibrnb.org\/en\/sermons\/promesas-para-el-vencedor\/\">Promesas para el vencedor<\/a><\/h3><div class=\"sermon-preacher-auto\"><span>Predicador:<\/span> Hno. Augusto Ram\u00edrez<\/div><div class=\"sermon-meta-auto\"><span>Serie:<\/span> Retiro de J\u00f3venes 2026<\/div><\/div><\/article><article class=\"sermon-card-auto\"><a href=\"https:\/\/ibrnb.org\/en\/sermons\/nunca-esteis-amedrentados\/\" class=\"sermon-thumb-auto\"><img loading=\"lazy\" decoding=\"async\" width=\"1170\" height=\"694\" src=\"https:\/\/ibrnb.org\/wp-content\/uploads\/2026\/04\/04052026_2-1170x694.webp\" class=\"attachment-large size-large wp-post-image\" alt=\"\" srcset=\"https:\/\/ibrnb.org\/wp-content\/uploads\/2026\/04\/04052026_2-1170x694.webp 1170w, https:\/\/ibrnb.org\/wp-content\/uploads\/2026\/04\/04052026_2-768x456.webp 768w, https:\/\/ibrnb.org\/wp-content\/uploads\/2026\/04\/04052026_2-18x10.webp 18w\" sizes=\"(max-width: 1170px) 100vw, 1170px\" \/><\/a><div class=\"sermon-body-auto\"><div class=\"sermon-date-auto\">6 April, 2026<\/div><h3 class=\"sermon-title-auto\"><a href=\"https:\/\/ibrnb.org\/en\/sermons\/nunca-esteis-amedrentados\/\">Nunca este\u0301is amedrentados<\/a><\/h3><div class=\"sermon-preacher-auto\"><span>Predicador:<\/span> Pr. Ariel Rodr\u00edguez<\/div><div class=\"sermon-meta-auto\"><span>Serie:<\/span> Carta a los Filipenses<\/div><\/div><\/article><\/div><\/div>\n\t\t\t\t\t\t<\/div>\n\t\t\t\t<\/div>\n\t\t\t\t\t<\/div>\n\t\t\t\t<\/div>\n\t\t<div class=\"elementor-element elementor-element-197ad6d e-flex e-con-boxed wpr-particle-no wpr-jarallax-no wpr-parallax-no wpr-sticky-section-no wpr-equal-height-no e-con e-parent\" data-id=\"197ad6d\" data-element_type=\"container\" data-e-type=\"container\">\n\t\t\t\t\t<div class=\"e-con-inner\">\n\t\t\t\t<div class=\"elementor-element elementor-element-fd8c459 wpr-button-icon-style-inline wpr-button-icon-position-right elementor-widget elementor-widget-wpr-button\" data-id=\"fd8c459\" data-element_type=\"widget\" data-e-type=\"widget\" data-widget_type=\"wpr-button.default\">\n\t\t\t\t<div class=\"elementor-widget-container\">\n\t\t\t\t\t\t\n\t\t\t\n\t\t\n\t\t<div class=\"wpr-button-wrap elementor-clearfix\">\n\t\t<a class=\"wpr-button wpr-button-effect wpr-button-none\" data-text=\"\" href=\"https:\/\/ibrnb.org\/es\/sermons\/\">\n\t\t\t\n\t\t\t<span class=\"wpr-button-content\">\n\t\t\t\t\t\t\t\t\t<span class=\"wpr-button-text\">Ver todos los Sermones<\/span>\n\t\t\t\t\t\t\t\t\n\t\t\t\t\t\t\t<\/span>\n\t\t<\/a>\n\n\t\t\t\t<\/div>\n\t\n\t\n\t\t\t\t\t<\/div>\n\t\t\t\t<\/div>\n\t\t\t\t\t<\/div>\n\t\t\t\t<\/div>\n\t\t\t\t<section class=\"elementor-section elementor-top-section elementor-element elementor-element-0c40b94 elementor-section-boxed elementor-section-height-default elementor-section-height-default wpr-particle-no wpr-jarallax-no wpr-parallax-no wpr-sticky-section-no wpr-equal-height-no\" data-id=\"0c40b94\" data-element_type=\"section\" data-e-type=\"section\">\n\t\t\t\t\t\t<div class=\"elementor-container elementor-column-gap-default\">\n\t\t\t\t\t<div class=\"elementor-column elementor-col-100 elementor-top-column elementor-element elementor-element-59428bd\" data-id=\"59428bd\" data-element_type=\"column\" data-e-type=\"column\">\n\t\t\t<div class=\"elementor-widget-wrap elementor-element-populated\">\n\t\t\t\t\t\t<div class=\"elementor-element elementor-element-c9d8e53 elementor-widget elementor-widget-heading\" data-id=\"c9d8e53\" data-element_type=\"widget\" data-e-type=\"widget\" data-widget_type=\"heading.default\">\n\t\t\t\t<div class=\"elementor-widget-container\">\n\t\t\t\t\t<h1 class=\"elementor-heading-title elementor-size-default\">Revista Heraldo de Gracia<\/h1>\t\t\t\t<\/div>\n\t\t\t\t<\/div>\n\t\t\t\t<div class=\"elementor-element elementor-element-680f3df elementor-widget elementor-widget-text-editor\" data-id=\"680f3df\" data-element_type=\"widget\" data-e-type=\"widget\" data-widget_type=\"text-editor.default\">\n\t\t\t\t<div class=\"elementor-widget-container\">\n\t\t\t\t\t\t\t\t\t<p style=\"text-align: center;\"><sup class=\"versenum\">10&nbsp;<\/sup>Y es necesario que el evangelio sea predicado antes a todas las naciones.<\/p><p style=\"text-align: center;\">Marcos 13:10<\/p>\t\t\t\t\t\t\t\t<\/div>\n\t\t\t\t<\/div>\n\t\t\t\t\t<\/div>\n\t\t<\/div>\n\t\t\t\t\t<\/div>\n\t\t<\/section>\n\t\t<div class=\"elementor-element elementor-element-8ee1153 e-flex e-con-boxed wpr-particle-no wpr-jarallax-no wpr-parallax-no wpr-sticky-section-no wpr-equal-height-no e-con e-parent\" data-id=\"8ee1153\" data-element_type=\"container\" data-e-type=\"container\">\n\t\t\t\t\t<div class=\"e-con-inner\">\n\t\t\t\t<div class=\"elementor-element elementor-element-646fc5c elementor-widget__width-inherit wpr-adv-slider-columns-1 wpr-adv-slider-columns--tablet1 wpr-adv-slider-columns--mobile1 wpr-adv-slides-to-scroll-1 wpr-slider-dots-horizontal elementor-widget elementor-widget-wpr-advanced-slider\" data-id=\"646fc5c\" data-element_type=\"widget\" data-e-type=\"widget\" data-settings=\"{&quot;slider_amount&quot;:&quot;1&quot;,&quot;slider_amount_tablet&quot;:1,&quot;slider_amount_mobile&quot;:1,&quot;slides_to_scroll&quot;:1,&quot;slider_loop&quot;:&quot;yes&quot;,&quot;slider_hide_video_content&quot;:&quot;yes&quot;,&quot;slider_video_btn_size&quot;:&quot;medium&quot;}\" data-widget_type=\"wpr-advanced-slider.default\">\n\t\t\t\t<div class=\"elementor-widget-container\">\n\t\t\t\t\t\n\t\t<!-- Advanced Slider -->\n\t\t<div class=\"wpr-advanced-slider-wrap\">\n\t\t\t\n\t\t\t<div class=\"wpr-advanced-slider\" dir=\"ltr\" data-slick=\"{&quot;rtl&quot;:false,&quot;infinite&quot;:true,&quot;speed&quot;:700,&quot;arrows&quot;:true,&quot;dots&quot;:true,&quot;autoplay&quot;:false,&quot;autoplaySpeed&quot;:1000,&quot;pauseOnHover&quot;:&quot;&quot;,&quot;prevArrow&quot;:&quot;#wpr-slider-prev-646fc5c&quot;,&quot;nextArrow&quot;:&quot;#wpr-slider-next-646fc5c&quot;,&quot;vertical&quot;:false,&quot;adaptiveHeight&quot;:true}\" data-hide-video-content=\"yes\" data-video-btn-size=\"{&quot;widescreen&quot;:&quot;medium&quot;,&quot;desktop&quot;:&quot;medium&quot;,&quot;laptop&quot;:&quot;medium&quot;,&quot;tablet_extra&quot;:&quot;medium&quot;,&quot;tablet&quot;:&quot;medium&quot;,&quot;mobile_extra&quot;:&quot;medium&quot;,&quot;mobile&quot;:&quot;medium&quot;}\" data-slide-effect=\"slide\">\n\t\t\t\t<div class=\"wpr-slider-item elementor-repeater-item-30d6deb\"><div class=\"wpr-slider-item-bg \" style=\"background-image: url(https:\/\/ibrnb.org\/wp-content\/uploads\/2025\/10\/martinluteroadult.png)\"><\/div><div class=\"wpr-slider-item-overlay\"><\/div><div class=\"wpr-cv-container\"><div class=\"wpr-cv-outer\"><div class=\"wpr-cv-inner\"><div class=\"wpr-slider-content\"><div class=\"wpr-slider-title\"><h2> Alegre, sereno y convencido en la verdad<\/h2><\/div><div class=\"wpr-slider-sub-title\"><h3>Nick Needham<\/h3><\/div><div class=\"wpr-slider-description\"><p>Peter Mosellanus, quien presid\u00eda la disputa de Leipzig, nos ha dejado un retrato gr\u00e1fico de Lutero, que capta la esencia de Lutero como hombre con extraordinaria exactitud. <\/p><\/div><div class=\"wpr-slider-btns\"><a class=\"wpr-slider-primary-btn\" href=\"https:\/\/heraldodegracia.com\/2025\/10\/31\/alegre-sereno-y-convencido-en-la-verdad\/\" target=\"_blank\">Leer m\u00e1s<\/a><\/div><\/div><\/div><\/div><\/div><\/div><div class=\"wpr-slider-item elementor-repeater-item-abf88bf\"><div class=\"wpr-slider-item-bg \" style=\"background-image: url(https:\/\/ibrnb.org\/wp-content\/uploads\/2025\/10\/martinluteroworms.png)\"><\/div><div class=\"wpr-slider-item-overlay\"><\/div><div class=\"wpr-cv-container\"><div class=\"wpr-cv-outer\"><div class=\"wpr-cv-inner\"><div class=\"wpr-slider-content\"><div class=\"wpr-slider-title\"><h2>Aqu\u00ed nos mantendremos de pie<\/h2><\/div><div class=\"wpr-slider-sub-title\"><h3>Publicaciones Aquila<\/h3><\/div><div class=\"wpr-slider-description\"><p>Es el mes de abril del a\u00f1o 1521. Un joven monje agustino ha sido llamado a comparecer ante un cuerpo muy augusto de hombres, entre los que se encuentran, del \u00e1mbito pol\u00edtico, un emperador, se\u00f1ores y duques, as\u00ed como prelados de la iglesia de Roma.<\/p><\/div><div class=\"wpr-slider-btns\"><a class=\"wpr-slider-primary-btn\" href=\"https:\/\/heraldodegracia.com\/2025\/10\/31\/aqui-nos-mantendremos-de-pie\/\" target=\"_blank\">Leer Mas<\/a><\/div><\/div><\/div><\/div><\/div><\/div><div class=\"wpr-slider-item elementor-repeater-item-669c0f4\"><div class=\"wpr-slider-item-bg \" style=\"background-image: url(https:\/\/ibrnb.org\/wp-content\/uploads\/2025\/10\/pecadoprejuicio1.png)\"><\/div><div class=\"wpr-slider-item-overlay\"><\/div><div class=\"wpr-cv-container\"><div class=\"wpr-cv-outer\"><div class=\"wpr-cv-inner\"><div class=\"wpr-slider-content\"><div class=\"wpr-slider-title\"><h2>El da\u00f1ino pecado del prejuicio<\/h2><\/div><div class=\"wpr-slider-sub-title\"><h3>J. Wolfgang Christson<\/h3><\/div><div class=\"wpr-slider-description\"><p>Este es un pecado que, aunque no se pueden ver sus consecuencias a simple vista, como otros pecados tales como la borrachera, la lujuria, la ira y otros m\u00e1s, es igual de da\u00f1ino (e incluso puede hacer m\u00e1s da\u00f1o) que otros pecados visibles.<\/p><\/div><div class=\"wpr-slider-btns\"><a class=\"wpr-slider-primary-btn\" href=\"https:\/\/heraldodegracia.com\/2025\/10\/29\/el-danino-pecado-del-prejuicio\/\" target=\"_blank\">Leer m\u00e1s<\/a><\/div><\/div><\/div><\/div><\/div><\/div><div class=\"wpr-slider-item elementor-repeater-item-847953a\"><div class=\"wpr-slider-item-bg \" style=\"background-image: url(https:\/\/ibrnb.org\/wp-content\/uploads\/2025\/10\/cenadiningcalvinluther.png)\"><\/div><div class=\"wpr-slider-item-overlay\"><\/div><div class=\"wpr-cv-container\"><div class=\"wpr-cv-outer\"><div class=\"wpr-cv-inner\"><div class=\"wpr-slider-content\"><div class=\"wpr-slider-title\"><h2> Tornado, brisa, y apacible silbido<\/h2><\/div><div class=\"wpr-slider-sub-title\"><h3>J. Wolfgang Christson<\/h3><\/div><div class=\"wpr-slider-description\"><p>\u00bfSomos todos iguales? \u00bfDebemos ser todos iguales? Aunque todos amemos y sirvamos a un mismo Se\u00f1or, \u00bfdebemos ser todos id\u00e9nticos como robots? Los hombres de Dios del pasado, a quienes Dios tan poderosamente ha utilizado, aunque en mucho...<\/p><\/div><div class=\"wpr-slider-btns\"><a class=\"wpr-slider-primary-btn\" href=\"https:\/\/heraldodegracia.com\/2025\/10\/17\/tornado-brisa-y-apacible-silbido\/\" target=\"_blank\">Leer m\u00e1s<\/a><\/div><\/div><\/div><\/div><\/div><\/div>\t\t\t<\/div>\n\t\t\t<div class=\"wpr-slider-controls\">\n\t\t\t\t<div class=\"wpr-slider-dots\"><\/div>\n\t\t\t<\/div>\n\n\t\t\t<div class=\"wpr-slider-arrow-container\">\n\t\t\t\t<div class=\"wpr-slider-prev-arrow wpr-slider-arrow\" id=\"wpr-slider-prev-646fc5c\">\n\t\t\t\t\t<svg version=\"1.1\" xmlns=\"http:\/\/www.w3.org\/2000\/svg\" xmlns:xlink=\"http:\/\/www.w3.org\/1999\/xlink\" x=\"0px\" y=\"0px\" viewBox=\"0 0 283.4 512\" style=\"enable-background:new 0 0 283.4 512;\" xml:space=\"preserve\"><g><polygon class=\"st0\" points=\"54.5,256.3 283.4,485.1 256.1,512.5 0,256.3 0,256.3 27.2,229 256.1,0 283.4,27.4 \"\/><\/g><\/svg>\t\t\t\t<\/div>\n\t\t\t\t<div class=\"wpr-slider-next-arrow wpr-slider-arrow\" id=\"wpr-slider-next-646fc5c\">\n\t\t\t\t\t<svg version=\"1.1\" xmlns=\"http:\/\/www.w3.org\/2000\/svg\" xmlns:xlink=\"http:\/\/www.w3.org\/1999\/xlink\" x=\"0px\" y=\"0px\" viewBox=\"0 0 283.4 512\" style=\"enable-background:new 0 0 283.4 512;\" xml:space=\"preserve\"><g><polygon class=\"st0\" points=\"54.5,256.3 283.4,485.1 256.1,512.5 0,256.3 0,256.3 27.2,229 256.1,0 283.4,27.4 \"\/><\/g><\/svg>\t\t\t\t<\/div>\n\t\t\t<\/div>\n\t\t\t\n\t\t\t\n\t\t<\/div>\n\t\t\t\t\t\t<\/div>\n\t\t\t\t<\/div>\n\t\t\t\t\t<\/div>\n\t\t\t\t<\/div>\n\t\t<div class=\"elementor-element elementor-element-524da3e e-flex e-con-boxed wpr-particle-no wpr-jarallax-no wpr-parallax-no wpr-sticky-section-no wpr-equal-height-no e-con e-child\" data-id=\"524da3e\" data-element_type=\"container\" data-e-type=\"container\">\n\t\t\t\t\t<div class=\"e-con-inner\">\n\t\t<div class=\"elementor-element elementor-element-8ef67ce e-flex e-con-boxed wpr-particle-no wpr-jarallax-no wpr-parallax-no wpr-sticky-section-no wpr-equal-height-no e-con e-child\" data-id=\"8ef67ce\" data-element_type=\"container\" data-e-type=\"container\" data-settings=\"{&quot;background_background&quot;:&quot;classic&quot;}\">\n\t\t\t\t\t<div class=\"e-con-inner\">\n\t\t\t\t<div class=\"elementor-element elementor-element-8039a0b elementor-widget elementor-widget-image\" data-id=\"8039a0b\" data-element_type=\"widget\" data-e-type=\"widget\" data-widget_type=\"image.default\">\n\t\t\t\t<div class=\"elementor-widget-container\">\n\t\t\t\t\t\t\t\t\t\t\t\t\t\t\t\t<a href=\"https:\/\/heraldodegracia.com\/2025\/10\/17\/instituciones-de-la-religion-cristiana\/\" target=\"_blank\">\n\t\t\t\t\t\t\t<img loading=\"lazy\" decoding=\"async\" width=\"1024\" height=\"585\" src=\"https:\/\/ibrnb.org\/wp-content\/uploads\/2025\/10\/JohnCalvinYoung.png\" class=\"attachment-full size-full wp-image-32543\" alt=\"\" srcset=\"https:\/\/ibrnb.org\/wp-content\/uploads\/2025\/10\/JohnCalvinYoung.png 1024w, https:\/\/ibrnb.org\/wp-content\/uploads\/2025\/10\/JohnCalvinYoung-768x439.png 768w, https:\/\/ibrnb.org\/wp-content\/uploads\/2025\/10\/JohnCalvinYoung-18x10.png 18w\" sizes=\"(max-width: 1024px) 100vw, 1024px\" \/>\t\t\t\t\t\t\t\t<\/a>\n\t\t\t\t\t\t\t\t\t\t\t\t\t\t\t<\/div>\n\t\t\t\t<\/div>\n\t\t\t\t<div class=\"elementor-element elementor-element-eebecfc elementor-widget elementor-widget-heading\" data-id=\"eebecfc\" data-element_type=\"widget\" data-e-type=\"widget\" data-widget_type=\"heading.default\">\n\t\t\t\t<div class=\"elementor-widget-container\">\n\t\t\t\t\t<h2 class=\"elementor-heading-title elementor-size-default\"><a href=\"https:\/\/heraldodegracia.com\/2025\/10\/17\/instituciones-de-la-religion-cristiana\/\" target=\"_blank\">Instituciones de la Religi\u00f3n Cristiana<\/a><\/h2>\t\t\t\t<\/div>\n\t\t\t\t<\/div>\n\t\t\t\t<div class=\"elementor-element elementor-element-c404d9f elementor-widget elementor-widget-text-editor\" data-id=\"c404d9f\" data-element_type=\"widget\" data-e-type=\"widget\" data-widget_type=\"text-editor.default\">\n\t\t\t\t<div class=\"elementor-widget-container\">\n\t\t\t\t\t\t\t\t\tPara justificar la quema de protestantes, Francisco I de Francia emiti\u00f3 una carta p\u00fablica en 1535 en la que acusaba a los protestantes franceses de ser rebeldes pol\u00edticos que intentaban derrocar al gobierno.\t\t\t\t\t\t\t\t<\/div>\n\t\t\t\t<\/div>\n\t\t\t\t\t<\/div>\n\t\t\t\t<\/div>\n\t\t<div class=\"elementor-element elementor-element-358097f e-flex e-con-boxed wpr-particle-no wpr-jarallax-no wpr-parallax-no wpr-sticky-section-no wpr-equal-height-no e-con e-child\" data-id=\"358097f\" data-element_type=\"container\" data-e-type=\"container\" data-settings=\"{&quot;background_background&quot;:&quot;classic&quot;}\">\n\t\t\t\t\t<div class=\"e-con-inner\">\n\t\t\t\t<div class=\"elementor-element elementor-element-540f5a0 elementor-widget elementor-widget-image\" data-id=\"540f5a0\" data-element_type=\"widget\" data-e-type=\"widget\" data-widget_type=\"image.default\">\n\t\t\t\t<div class=\"elementor-widget-container\">\n\t\t\t\t\t\t\t\t\t\t\t\t\t\t\t\t<a href=\"https:\/\/heraldodegracia.com\/2025\/10\/17\/la-escritura-a-toda-criatura\/\" target=\"_blank\">\n\t\t\t\t\t\t\t<img loading=\"lazy\" decoding=\"async\" width=\"1024\" height=\"585\" src=\"https:\/\/ibrnb.org\/wp-content\/uploads\/2025\/10\/laescrituraatodacriatura.png\" class=\"attachment-full size-full wp-image-32538\" alt=\"\" srcset=\"https:\/\/ibrnb.org\/wp-content\/uploads\/2025\/10\/laescrituraatodacriatura.png 1024w, https:\/\/ibrnb.org\/wp-content\/uploads\/2025\/10\/laescrituraatodacriatura-768x439.png 768w, https:\/\/ibrnb.org\/wp-content\/uploads\/2025\/10\/laescrituraatodacriatura-18x10.png 18w\" sizes=\"(max-width: 1024px) 100vw, 1024px\" \/>\t\t\t\t\t\t\t\t<\/a>\n\t\t\t\t\t\t\t\t\t\t\t\t\t\t\t<\/div>\n\t\t\t\t<\/div>\n\t\t\t\t<div class=\"elementor-element elementor-element-3f24da3 elementor-widget elementor-widget-heading\" data-id=\"3f24da3\" data-element_type=\"widget\" data-e-type=\"widget\" data-widget_type=\"heading.default\">\n\t\t\t\t<div class=\"elementor-widget-container\">\n\t\t\t\t\t<h2 class=\"elementor-heading-title elementor-size-default\"><a href=\"https:\/\/heraldodegracia.com\/2025\/10\/17\/la-escritura-a-toda-criatura\/\" target=\"_blank\">La escritura a toda criatura<\/a><\/h2>\t\t\t\t<\/div>\n\t\t\t\t<\/div>\n\t\t\t\t<div class=\"elementor-element elementor-element-3eb1deb elementor-widget elementor-widget-text-editor\" data-id=\"3eb1deb\" data-element_type=\"widget\" data-e-type=\"widget\" data-widget_type=\"text-editor.default\">\n\t\t\t\t<div class=\"elementor-widget-container\">\n\t\t\t\t\t\t\t\t\t<p>William Tyndale se encontraba sentado a la mesa, cenando en compa\u00f1\u00eda de otras personas, mientras compart\u00eda las verdades del Evangelio que \u00e9l estaba viendo en el Nuevo Testamento en griego que estaba leyendo, y que hab\u00edan sido ocultadas por tanto tiempo.<\/p>\t\t\t\t\t\t\t\t<\/div>\n\t\t\t\t<\/div>\n\t\t\t\t\t<\/div>\n\t\t\t\t<\/div>\n\t\t<div class=\"elementor-element elementor-element-1d39ff1 e-flex e-con-boxed wpr-particle-no wpr-jarallax-no wpr-parallax-no wpr-sticky-section-no wpr-equal-height-no e-con e-child\" data-id=\"1d39ff1\" data-element_type=\"container\" data-e-type=\"container\" data-settings=\"{&quot;background_background&quot;:&quot;classic&quot;}\">\n\t\t\t\t\t<div class=\"e-con-inner\">\n\t\t\t\t<div class=\"elementor-element elementor-element-8fc7976 elementor-widget elementor-widget-image\" data-id=\"8fc7976\" data-element_type=\"widget\" data-e-type=\"widget\" data-widget_type=\"image.default\">\n\t\t\t\t<div class=\"elementor-widget-container\">\n\t\t\t\t\t\t\t\t\t\t\t\t\t\t\t\t<a href=\"https:\/\/heraldodegracia.com\/2025\/02\/08\/el-menor-de-los-santos-ii\/\" target=\"_blank\">\n\t\t\t\t\t\t\t<img loading=\"lazy\" decoding=\"async\" width=\"1280\" height=\"720\" src=\"https:\/\/ibrnb.org\/wp-content\/uploads\/2025\/07\/el_menor_de_los_santos_ii.jpg\" class=\"attachment-full size-full wp-image-31469\" alt=\"\" srcset=\"https:\/\/ibrnb.org\/wp-content\/uploads\/2025\/07\/el_menor_de_los_santos_ii.jpg 1280w, https:\/\/ibrnb.org\/wp-content\/uploads\/2025\/07\/el_menor_de_los_santos_ii-768x432.jpg 768w, https:\/\/ibrnb.org\/wp-content\/uploads\/2025\/07\/el_menor_de_los_santos_ii-18x10.jpg 18w\" sizes=\"(max-width: 1280px) 100vw, 1280px\" \/>\t\t\t\t\t\t\t\t<\/a>\n\t\t\t\t\t\t\t\t\t\t\t\t\t\t\t<\/div>\n\t\t\t\t<\/div>\n\t\t\t\t<div class=\"elementor-element elementor-element-28f390b elementor-widget elementor-widget-heading\" data-id=\"28f390b\" data-element_type=\"widget\" data-e-type=\"widget\" data-widget_type=\"heading.default\">\n\t\t\t\t<div class=\"elementor-widget-container\">\n\t\t\t\t\t<h2 class=\"elementor-heading-title elementor-size-default\"><a href=\"https:\/\/heraldodegracia.com\/2025\/02\/08\/el-menor-de-los-santos-ii\/\" target=\"_blank\">El menor de los santos II<\/a><\/h2>\t\t\t\t<\/div>\n\t\t\t\t<\/div>\n\t\t\t\t<div class=\"elementor-element elementor-element-bb4af58 elementor-widget elementor-widget-text-editor\" data-id=\"bb4af58\" data-element_type=\"widget\" data-e-type=\"widget\" data-widget_type=\"text-editor.default\">\n\t\t\t\t<div class=\"elementor-widget-container\">\n\t\t\t\t\t\t\t\t\tEn el art\u00edculo anterior hemos visto el latente y siempre presente peligro del orgullo que sabe ocultarse en cada uno de nosotros, y que sabe disfrazarse incluso de cosas buenas y leg\u00edtimas; y es que el diablo se disfraza como \u00e1ngel de luz.\t\t\t\t\t\t\t\t<\/div>\n\t\t\t\t<\/div>\n\t\t\t\t\t<\/div>\n\t\t\t\t<\/div>\n\t\t\t\t\t<\/div>\n\t\t\t\t<\/div>\n\t\t<div class=\"elementor-element elementor-element-080c521 e-flex e-con-boxed wpr-particle-no wpr-jarallax-no wpr-parallax-no wpr-sticky-section-no wpr-equal-height-no e-con e-parent\" data-id=\"080c521\" data-element_type=\"container\" data-e-type=\"container\">\n\t\t\t\t\t<div class=\"e-con-inner\">\n\t\t\t\t<div class=\"elementor-element elementor-element-81b3db0 wpr-button-icon-style-inline wpr-button-icon-position-right elementor-widget elementor-widget-wpr-button\" data-id=\"81b3db0\" data-element_type=\"widget\" data-e-type=\"widget\" data-widget_type=\"wpr-button.default\">\n\t\t\t\t<div class=\"elementor-widget-container\">\n\t\t\t\t\t\t\n\t\t\t\n\t\t\n\t\t<div class=\"wpr-button-wrap elementor-clearfix\">\n\t\t<a class=\"wpr-button wpr-button-effect wpr-button-none\" data-text=\"\" href=\"https:\/\/heraldodegracia.com\/articulos\/\" target=\"_blank\">\n\t\t\t\n\t\t\t<span class=\"wpr-button-content\">\n\t\t\t\t\t\t\t\t\t<span class=\"wpr-button-text\">M\u00e1s art\u00edculos en: Heraldo de Gracia<\/span>\n\t\t\t\t\t\t\t\t\n\t\t\t\t\t\t\t<\/span>\n\t\t<\/a>\n\n\t\t\t\t<\/div>\n\t\n\t\n\t\t\t\t\t<\/div>\n\t\t\t\t<\/div>\n\t\t\t\t\t<\/div>\n\t\t\t\t<\/div>\n\t\t\t\t<section class=\"elementor-section elementor-top-section elementor-element elementor-element-11edbc2e elementor-section-height-min-height elementor-section-stretched elementor-section-boxed elementor-section-height-default elementor-section-items-middle wpr-particle-no wpr-jarallax-no wpr-parallax-no wpr-sticky-section-no wpr-equal-height-no\" data-id=\"11edbc2e\" data-element_type=\"section\" data-e-type=\"section\" data-settings=\"{&quot;background_background&quot;:&quot;classic&quot;,&quot;stretch_section&quot;:&quot;section-stretched&quot;}\">\n\t\t\t\t\t\t\t<div class=\"elementor-background-overlay\"><\/div>\n\t\t\t\t\t\t\t<div class=\"elementor-container elementor-column-gap-default\">\n\t\t\t\t\t<div class=\"elementor-column elementor-col-50 elementor-top-column elementor-element elementor-element-32cb7aeb elementor-hidden-tablet elementor-hidden-mobile\" data-id=\"32cb7aeb\" data-element_type=\"column\" data-e-type=\"column\">\n\t\t\t<div class=\"elementor-widget-wrap elementor-element-populated\">\n\t\t\t\t\t\t<div class=\"elementor-element elementor-element-bf3aa9f elementor-widget elementor-widget-image\" data-id=\"bf3aa9f\" data-element_type=\"widget\" data-e-type=\"widget\" data-widget_type=\"image.default\">\n\t\t\t\t<div class=\"elementor-widget-container\">\n\t\t\t\t\t\t\t\t\t\t\t\t\t\t\t<img loading=\"lazy\" decoding=\"async\" width=\"1170\" height=\"694\" src=\"https:\/\/ibrnb.org\/wp-content\/uploads\/2026\/01\/bienvenidosarhdg_white-1170x694.png\" class=\"attachment-large size-large wp-image-33137\" alt=\"\" srcset=\"https:\/\/ibrnb.org\/wp-content\/uploads\/2026\/01\/bienvenidosarhdg_white-1170x694.png 1170w, https:\/\/ibrnb.org\/wp-content\/uploads\/2026\/01\/bienvenidosarhdg_white-768x456.png 768w, https:\/\/ibrnb.org\/wp-content\/uploads\/2026\/01\/bienvenidosarhdg_white-18x12.png 18w\" sizes=\"(max-width: 1170px) 100vw, 1170px\" \/>\t\t\t\t\t\t\t\t\t\t\t\t\t\t\t<\/div>\n\t\t\t\t<\/div>\n\t\t\t\t\t<\/div>\n\t\t<\/div>\n\t\t\t\t<div class=\"elementor-column elementor-col-50 elementor-top-column elementor-element elementor-element-5ba91dff\" data-id=\"5ba91dff\" data-element_type=\"column\" data-e-type=\"column\">\n\t\t\t<div class=\"elementor-widget-wrap elementor-element-populated\">\n\t\t\t\t\t\t<div class=\"elementor-element elementor-element-387b8236 elementor-widget elementor-widget-heading\" data-id=\"387b8236\" data-element_type=\"widget\" data-e-type=\"widget\" data-widget_type=\"heading.default\">\n\t\t\t\t<div class=\"elementor-widget-container\">\n\t\t\t\t\t<h2 class=\"elementor-heading-title elementor-size-default\">Radio Heraldo de Gracia<\/h2>\t\t\t\t<\/div>\n\t\t\t\t<\/div>\n\t\t\t\t<div class=\"elementor-element elementor-element-cc5ed0c elementor-widget elementor-widget-html\" data-id=\"cc5ed0c\" data-element_type=\"widget\" data-e-type=\"widget\" data-widget_type=\"html.default\">\n\t\t\t\t<div class=\"elementor-widget-container\">\n\t\t\t\t\t<div style=\"text-align:center; margin:30px 0;\">\r\n\r\n  <div style=\"font-weight:600; font-size:16px; margin-bottom:6px; color:#ffffff;\">\r\n  <\/div>\r\n\r\n  <div id=\"now-playing\" style=\"font-size:14px; color:#000000; margin-bottom:12px;\">\r\n    Cargando programa en emisi\u00f3n\u2026\r\n  <\/div>\r\n\r\n  <audio controls preload=\"none\" style=\"width:100%; max-width:500px;\">\r\n    <source src=\"https:\/\/cast1.asurahosting.com\/proxy\/radiohe1\/stream\" type=\"audio\/mpeg\">\r\n    Tu navegador no soporta audio en vivo.\r\n  <\/audio>\r\n\r\n<\/div>\r\n\r\n<script>\r\nfetch(\"https:\/\/cast1.asurahosting.com\/status-json.xsl\")\r\n  .then(response => response.json())\r\n  .then(data => {\r\n    if (data.icestats && data.icestats.source) {\r\n      let source = data.icestats.source;\r\n      let title = Array.isArray(source)\r\n        ? source[0].title\r\n        : source.title;\r\n\r\n      document.getElementById(\"now-playing\").innerText =\r\n        title ? \"\ud83c\udf99\ufe0f Ahora al aire: \" + title : \"\ud83c\udf99\ufe0f Transmisi\u00f3n en vivo\";\r\n    }\r\n  })\r\n  .catch(() => {\r\n    document.getElementById(\"now-playing\").innerText =\r\n      \"\ud83c\udf99\ufe0f\ufe0f Transmisi\u00f3n en vivo\";\r\n  });\r\n<\/script>\r\n\t\t\t\t<\/div>\n\t\t\t\t<\/div>\n\t\t\t\t\t<\/div>\n\t\t<\/div>\n\t\t\t\t\t<\/div>\n\t\t<\/section>\n\t\t\t\t<\/div>\n\t\t","protected":false},"excerpt":{"rendered":"<p>https:\/\/ibrnb.org\/wp-content\/uploads\/2025\/11\/Intro-web-5.mov Bienvenidos a la Iglesia Bautista Reformada de North Bergen 21\u00a0a \u00e9l sea gloria en la iglesia en Cristo Jes\u00fas por todas las edades, por los siglos de los siglos. Am\u00e9n. Efesios 3:21 A trav\u00e9s de esta p\u00e1gina le invitamos a conocer los recursos de nuestra iglesia disponibles mediante el ministerio de Internet. Somos una iglesia local del Se\u00f1or Jesucristo. La Biblia es nuestra autoridad infalible. Ella nos ense\u00f1a c\u00f3mo hemos de glorificar a Dios, que es el fin principal de nuestra existencia. Jesucristo, el Hijo de Dios, nos ha redimido de nuestro pecado para servir al Dios vivo y verdadero (Isa. 53:5-6; 1Tes. 1:9). Procuramos promover el reino de Jesucristo por medio de la proclamaci\u00f3n de todo el consejo de Dios y de una vida que manifieste la doctrina de Dios nuestro Salvador (Tito 2:1-14). Sermones Recomendados 5\u00a0Porque no nos predicamos a nosotros mismos, sino a Jesucristo como Se\u00f1or, y a nosotros como vuestros siervos por amor de Jes\u00fas. 2 Corintios 4:5 La Soberan\u00eda de Dios y la Evangelizaci\u00f3n Eugenio Pi\u00f1ero Ver Serm\u00f3n La Pobreza del Joven Rico Andr\u00e9s Guti\u00e9rrez Ver Serm\u00f3n Los Tesoros del Reino Jaime Daniel Caballero Ver Serm\u00f3n El llamamiento eficaz Ariel Rodr\u00edguez D\u00edaz Ver Serm\u00f3n Sermones Recientes Ver todos los Sermones Revista Heraldo de Gracia 10&nbsp;Y es necesario que el evangelio sea predicado antes a todas las naciones. Marcos 13:10 Alegre, sereno y convencido en la verdad Nick Needham Peter Mosellanus, quien presid\u00eda la disputa de Leipzig, nos ha dejado un retrato gr\u00e1fico de Lutero, que capta la esencia de Lutero como hombre con extraordinaria exactitud. Leer m\u00e1s Aqu\u00ed nos mantendremos de pie Publicaciones Aquila Es el mes de abril del a\u00f1o 1521. Un joven monje agustino ha sido llamado a comparecer ante un cuerpo muy augusto de hombres, entre los que se encuentran, del \u00e1mbito pol\u00edtico, un emperador, se\u00f1ores y duques, as\u00ed como prelados de la iglesia de Roma. Leer Mas El da\u00f1ino pecado del prejuicio J. Wolfgang Christson Este es un pecado que, aunque no se pueden ver sus consecuencias a simple vista, como otros pecados tales como la borrachera, la lujuria, la ira y otros m\u00e1s, es igual de da\u00f1ino (e incluso puede hacer m\u00e1s da\u00f1o) que otros pecados visibles. Leer m\u00e1s Tornado, brisa, y apacible silbido J. Wolfgang Christson \u00bfSomos todos iguales? \u00bfDebemos ser todos iguales? Aunque todos amemos y sirvamos a un mismo Se\u00f1or, \u00bfdebemos ser todos id\u00e9nticos como robots? Los hombres de Dios del pasado, a quienes Dios tan poderosamente ha utilizado, aunque en mucho&#8230; Leer m\u00e1s Instituciones de la Religi\u00f3n Cristiana Para justificar la quema de protestantes, Francisco I de Francia emiti\u00f3 una carta p\u00fablica en 1535 en la que acusaba a los protestantes franceses de ser rebeldes pol\u00edticos que intentaban derrocar al gobierno. La escritura a toda criatura William Tyndale se encontraba sentado a la mesa, cenando en compa\u00f1\u00eda de otras personas, mientras compart\u00eda las verdades del Evangelio que \u00e9l estaba viendo en el Nuevo Testamento en griego que estaba leyendo, y que hab\u00edan sido ocultadas por tanto tiempo. El menor de los santos II En el art\u00edculo anterior hemos visto el latente y siempre presente peligro del orgullo que sabe ocultarse en cada uno de nosotros, y que sabe disfrazarse incluso de cosas buenas y leg\u00edtimas; y es que el diablo se disfraza como \u00e1ngel de luz. M\u00e1s art\u00edculos en: Heraldo de Gracia Radio Heraldo de Gracia Cargando programa en emisi\u00f3n\u2026 Tu navegador no soporta audio en vivo.<\/p>","protected":false},"author":1,"featured_media":0,"parent":0,"menu_order":0,"comment_status":"closed","ping_status":"closed","template":"","meta":{"footnotes":""},"class_list":["post-6522","page","type-page","status-publish","hentry"],"yoast_head":"<!-- This site is optimized with the Yoast SEO plugin v27.4 - https:\/\/yoast.com\/product\/yoast-seo-wordpress\/ -->\n<title>Iglesia Bautista Reformada de North Bergen - Somos una iglesia local del Se\u00f1or Jesucristo.<\/title>\n<meta name=\"description\" content=\"La Iglesia Bautista Reformada de North Bergen, es una iglesia local del Se\u00f1or Jesucristo. Somos una congregaci\u00f3n de creyentes consagrados y dispuestos a sostener las verdades b\u00edblicas y las doctrinas de la gracia, como lo expresa la Confesi\u00f3n de fe bautista de Londres de 1689.\" \/>\n<meta name=\"robots\" content=\"index, follow, max-snippet:-1, max-image-preview:large, max-video-preview:-1\" \/>\n<link rel=\"canonical\" href=\"https:\/\/ibrnb.org\/en\/\" \/>\n<meta property=\"og:locale\" content=\"en_US\" \/>\n<meta property=\"og:type\" content=\"article\" \/>\n<meta property=\"og:title\" content=\"Iglesia Bautista Reformada de North Bergen\" \/>\n<meta property=\"og:description\" content=\"La Iglesia Bautista Reformada de North Bergen, es una iglesia local del Se\u00f1or Jesucristo. Somos una congregaci\u00f3n de creyentes consagrados y dispuestos a sostener las verdades b\u00edblicas y las doctrinas de la gracia, como lo expresa la Confesi\u00f3n de fe bautista de Londres de 1689.\" \/>\n<meta property=\"og:url\" content=\"https:\/\/ibrnb.org\/en\/\" \/>\n<meta property=\"og:site_name\" content=\"Iglesia Bautista Reformada de North Bergen\" \/>\n<meta property=\"article:publisher\" content=\"https:\/\/www.facebook.com\/profile.php?id=100064443055881\" \/>\n<meta property=\"article:modified_time\" content=\"2026-03-09T17:51:32+00:00\" \/>\n<meta property=\"og:image\" content=\"https:\/\/ibrnb.org\/wp-content\/uploads\/2025\/04\/e04eaeba-9fbc-4c5f-9565-f9e729e4844d.jpg\" \/>\n\t<meta property=\"og:image:width\" content=\"1600\" \/>\n\t<meta property=\"og:image:height\" content=\"1066\" \/>\n\t<meta property=\"og:image:type\" content=\"image\/jpeg\" \/>\n<meta name=\"twitter:card\" content=\"summary_large_image\" \/>\n<meta name=\"twitter:label1\" content=\"Est. reading time\" \/>\n\t<meta name=\"twitter:data1\" content=\"6 minutes\" \/>\n<script type=\"application\/ld+json\" class=\"yoast-schema-graph\">{\"@context\":\"https:\\\/\\\/schema.org\",\"@graph\":[{\"@type\":\"WebPage\",\"@id\":\"https:\\\/\\\/ibrnb.org\\\/\",\"url\":\"https:\\\/\\\/ibrnb.org\\\/\",\"name\":\"Iglesia Bautista Reformada de North Bergen - Somos una iglesia local del Se\u00f1or Jesucristo.\",\"isPartOf\":{\"@id\":\"https:\\\/\\\/ibrnb.org\\\/es\\\/#website\"},\"primaryImageOfPage\":{\"@id\":\"https:\\\/\\\/ibrnb.org\\\/#primaryimage\"},\"image\":{\"@id\":\"https:\\\/\\\/ibrnb.org\\\/#primaryimage\"},\"thumbnailUrl\":\"https:\\\/\\\/ibrnb.org\\\/wp-content\\\/uploads\\\/2025\\\/05\\\/IMG_4363.jpeg\",\"datePublished\":\"2019-11-20T06:24:41+00:00\",\"dateModified\":\"2026-03-09T17:51:32+00:00\",\"description\":\"La Iglesia Bautista Reformada de North Bergen, es una iglesia local del Se\u00f1or Jesucristo. Somos una congregaci\u00f3n de creyentes consagrados y dispuestos a sostener las verdades b\u00edblicas y las doctrinas de la gracia, como lo expresa la Confesi\u00f3n de fe bautista de Londres de 1689.\",\"breadcrumb\":{\"@id\":\"https:\\\/\\\/ibrnb.org\\\/#breadcrumb\"},\"inLanguage\":\"en-US\",\"potentialAction\":[{\"@type\":\"ReadAction\",\"target\":[\"https:\\\/\\\/ibrnb.org\\\/\"]}]},{\"@type\":\"ImageObject\",\"inLanguage\":\"en-US\",\"@id\":\"https:\\\/\\\/ibrnb.org\\\/#primaryimage\",\"url\":\"https:\\\/\\\/ibrnb.org\\\/wp-content\\\/uploads\\\/2025\\\/05\\\/IMG_4363.jpeg\",\"contentUrl\":\"https:\\\/\\\/ibrnb.org\\\/wp-content\\\/uploads\\\/2025\\\/05\\\/IMG_4363.jpeg\"},{\"@type\":\"BreadcrumbList\",\"@id\":\"https:\\\/\\\/ibrnb.org\\\/#breadcrumb\",\"itemListElement\":[{\"@type\":\"ListItem\",\"position\":1,\"name\":\"Portada\",\"item\":\"https:\\\/\\\/ibrnb.org\\\/\"},{\"@type\":\"ListItem\",\"position\":2,\"name\":\"Iglesia Bautista\u00a0Reformada de North Bergen\"}]},{\"@type\":\"WebSite\",\"@id\":\"https:\\\/\\\/ibrnb.org\\\/es\\\/#website\",\"url\":\"https:\\\/\\\/ibrnb.org\\\/es\\\/\",\"name\":\"Iglesia Bautista Reformada de North Bergen\",\"description\":\"Iglesia del Se\u00f1or Jesucristo.\",\"publisher\":{\"@id\":\"https:\\\/\\\/ibrnb.org\\\/es\\\/#organization\"},\"potentialAction\":[{\"@type\":\"SearchAction\",\"target\":{\"@type\":\"EntryPoint\",\"urlTemplate\":\"https:\\\/\\\/ibrnb.org\\\/es\\\/?s={search_term_string}\"},\"query-input\":{\"@type\":\"PropertyValueSpecification\",\"valueRequired\":true,\"valueName\":\"search_term_string\"}}],\"inLanguage\":\"en-US\"},{\"@type\":\"Organization\",\"@id\":\"https:\\\/\\\/ibrnb.org\\\/es\\\/#organization\",\"name\":\"Iglesia Bautista Reformada de North Bergen\",\"url\":\"https:\\\/\\\/ibrnb.org\\\/es\\\/\",\"logo\":{\"@type\":\"ImageObject\",\"inLanguage\":\"en-US\",\"@id\":\"https:\\\/\\\/ibrnb.org\\\/es\\\/#\\\/schema\\\/logo\\\/image\\\/\",\"url\":\"https:\\\/\\\/i0.wp.com\\\/ibrnb.org\\\/wp-content\\\/uploads\\\/2025\\\/03\\\/Iglesia_Logo_Calado-e1744687663107.png?fit=925%2C510&ssl=1\",\"contentUrl\":\"https:\\\/\\\/i0.wp.com\\\/ibrnb.org\\\/wp-content\\\/uploads\\\/2025\\\/03\\\/Iglesia_Logo_Calado-e1744687663107.png?fit=925%2C510&ssl=1\",\"width\":925,\"height\":510,\"caption\":\"Iglesia Bautista Reformada de North Bergen\"},\"image\":{\"@id\":\"https:\\\/\\\/ibrnb.org\\\/es\\\/#\\\/schema\\\/logo\\\/image\\\/\"},\"sameAs\":[\"https:\\\/\\\/www.facebook.com\\\/profile.php?id=100064443055881\"]}]}<\/script>\n<!-- \/ Yoast SEO plugin. -->","yoast_head_json":{"title":"Iglesia Bautista Reformada de North Bergen - Somos una iglesia local del Se\u00f1or Jesucristo.","description":"La Iglesia Bautista Reformada de North Bergen, es una iglesia local del Se\u00f1or Jesucristo. Somos una congregaci\u00f3n de creyentes consagrados y dispuestos a sostener las verdades b\u00edblicas y las doctrinas de la gracia, como lo expresa la Confesi\u00f3n de fe bautista de Londres de 1689.","robots":{"index":"index","follow":"follow","max-snippet":"max-snippet:-1","max-image-preview":"max-image-preview:large","max-video-preview":"max-video-preview:-1"},"canonical":"https:\/\/ibrnb.org\/en\/","og_locale":"en_US","og_type":"article","og_title":"Iglesia Bautista Reformada de North Bergen","og_description":"La Iglesia Bautista Reformada de North Bergen, es una iglesia local del Se\u00f1or Jesucristo. Somos una congregaci\u00f3n de creyentes consagrados y dispuestos a sostener las verdades b\u00edblicas y las doctrinas de la gracia, como lo expresa la Confesi\u00f3n de fe bautista de Londres de 1689.","og_url":"https:\/\/ibrnb.org\/en\/","og_site_name":"Iglesia Bautista Reformada de North Bergen","article_publisher":"https:\/\/www.facebook.com\/profile.php?id=100064443055881","article_modified_time":"2026-03-09T17:51:32+00:00","og_image":[{"width":1600,"height":1066,"url":"https:\/\/ibrnb.org\/wp-content\/uploads\/2025\/04\/e04eaeba-9fbc-4c5f-9565-f9e729e4844d.jpg","type":"image\/jpeg"}],"twitter_card":"summary_large_image","twitter_misc":{"Est. reading time":"6 minutes"},"schema":{"@context":"https:\/\/schema.org","@graph":[{"@type":"WebPage","@id":"https:\/\/ibrnb.org\/","url":"https:\/\/ibrnb.org\/","name":"Iglesia Bautista Reformada de North Bergen - Somos una iglesia local del Se\u00f1or Jesucristo.","isPartOf":{"@id":"https:\/\/ibrnb.org\/es\/#website"},"primaryImageOfPage":{"@id":"https:\/\/ibrnb.org\/#primaryimage"},"image":{"@id":"https:\/\/ibrnb.org\/#primaryimage"},"thumbnailUrl":"https:\/\/ibrnb.org\/wp-content\/uploads\/2025\/05\/IMG_4363.jpeg","datePublished":"2019-11-20T06:24:41+00:00","dateModified":"2026-03-09T17:51:32+00:00","description":"La Iglesia Bautista Reformada de North Bergen, es una iglesia local del Se\u00f1or Jesucristo. Somos una congregaci\u00f3n de creyentes consagrados y dispuestos a sostener las verdades b\u00edblicas y las doctrinas de la gracia, como lo expresa la Confesi\u00f3n de fe bautista de Londres de 1689.","breadcrumb":{"@id":"https:\/\/ibrnb.org\/#breadcrumb"},"inLanguage":"en-US","potentialAction":[{"@type":"ReadAction","target":["https:\/\/ibrnb.org\/"]}]},{"@type":"ImageObject","inLanguage":"en-US","@id":"https:\/\/ibrnb.org\/#primaryimage","url":"https:\/\/ibrnb.org\/wp-content\/uploads\/2025\/05\/IMG_4363.jpeg","contentUrl":"https:\/\/ibrnb.org\/wp-content\/uploads\/2025\/05\/IMG_4363.jpeg"},{"@type":"BreadcrumbList","@id":"https:\/\/ibrnb.org\/#breadcrumb","itemListElement":[{"@type":"ListItem","position":1,"name":"Portada","item":"https:\/\/ibrnb.org\/"},{"@type":"ListItem","position":2,"name":"Iglesia Bautista\u00a0Reformada de North Bergen"}]},{"@type":"WebSite","@id":"https:\/\/ibrnb.org\/es\/#website","url":"https:\/\/ibrnb.org\/es\/","name":"North Bergen Reformed Baptist Church","description":"Iglesia del Se\u00f1or Jesucristo.","publisher":{"@id":"https:\/\/ibrnb.org\/es\/#organization"},"potentialAction":[{"@type":"SearchAction","target":{"@type":"EntryPoint","urlTemplate":"https:\/\/ibrnb.org\/es\/?s={search_term_string}"},"query-input":{"@type":"PropertyValueSpecification","valueRequired":true,"valueName":"search_term_string"}}],"inLanguage":"en-US"},{"@type":"Organization","@id":"https:\/\/ibrnb.org\/es\/#organization","name":"North Bergen Reformed Baptist Church","url":"https:\/\/ibrnb.org\/es\/","logo":{"@type":"ImageObject","inLanguage":"en-US","@id":"https:\/\/ibrnb.org\/es\/#\/schema\/logo\/image\/","url":"https:\/\/i0.wp.com\/ibrnb.org\/wp-content\/uploads\/2025\/03\/Iglesia_Logo_Calado-e1744687663107.png?fit=925%2C510&ssl=1","contentUrl":"https:\/\/i0.wp.com\/ibrnb.org\/wp-content\/uploads\/2025\/03\/Iglesia_Logo_Calado-e1744687663107.png?fit=925%2C510&ssl=1","width":925,"height":510,"caption":"Iglesia Bautista Reformada de North Bergen"},"image":{"@id":"https:\/\/ibrnb.org\/es\/#\/schema\/logo\/image\/"},"sameAs":["https:\/\/www.facebook.com\/profile.php?id=100064443055881"]}]}},"_links":{"self":[{"href":"https:\/\/ibrnb.org\/en\/wp-json\/wp\/v2\/pages\/6522","targetHints":{"allow":["GET"]}}],"collection":[{"href":"https:\/\/ibrnb.org\/en\/wp-json\/wp\/v2\/pages"}],"about":[{"href":"https:\/\/ibrnb.org\/en\/wp-json\/wp\/v2\/types\/page"}],"author":[{"embeddable":true,"href":"https:\/\/ibrnb.org\/en\/wp-json\/wp\/v2\/users\/1"}],"replies":[{"embeddable":true,"href":"https:\/\/ibrnb.org\/en\/wp-json\/wp\/v2\/comments?post=6522"}],"version-history":[{"count":593,"href":"https:\/\/ibrnb.org\/en\/wp-json\/wp\/v2\/pages\/6522\/revisions"}],"predecessor-version":[{"id":33516,"href":"https:\/\/ibrnb.org\/en\/wp-json\/wp\/v2\/pages\/6522\/revisions\/33516"}],"wp:attachment":[{"href":"https:\/\/ibrnb.org\/en\/wp-json\/wp\/v2\/media?parent=6522"}],"curies":[{"name":"wp","href":"https:\/\/api.w.org\/{rel}","templated":true}]}}