{"id":22718,"date":"2025-03-04T20:30:37","date_gmt":"2025-03-04T20:30:37","guid":{"rendered":"https:\/\/ibrnb.org\/?page_id=22718"},"modified":"2025-11-05T19:17:59","modified_gmt":"2025-11-05T19:17:59","slug":"conferencia-pastoral","status":"publish","type":"page","link":"https:\/\/ibrnb.org\/en\/conferencia-pastoral\/","title":{"rendered":"Pastoral Conference"},"content":{"rendered":"<div data-elementor-type=\"wp-page\" data-elementor-id=\"22718\" class=\"elementor elementor-22718\">\n\t\t\t\t\t\t<section class=\"elementor-section elementor-top-section elementor-element elementor-element-1769f9c elementor-section-boxed elementor-section-height-default elementor-section-height-default wpr-particle-no wpr-jarallax-no wpr-parallax-no wpr-sticky-section-no wpr-equal-height-no\" data-id=\"1769f9c\" data-element_type=\"section\" data-e-type=\"section\">\n\t\t\t\t\t\t<div class=\"elementor-container elementor-column-gap-default\">\n\t\t\t\t\t<div class=\"elementor-column elementor-col-100 elementor-top-column elementor-element elementor-element-d0802ec\" data-id=\"d0802ec\" data-element_type=\"column\" data-e-type=\"column\">\n\t\t\t<div class=\"elementor-widget-wrap elementor-element-populated\">\n\t\t\t\t\t\t<div class=\"elementor-element elementor-element-6ebefb5 elementor-widget elementor-widget-heading\" data-id=\"6ebefb5\" data-element_type=\"widget\" data-e-type=\"widget\" data-widget_type=\"heading.default\">\n\t\t\t\t<div class=\"elementor-widget-container\">\n\t\t\t\t\t<h1 class=\"elementor-heading-title elementor-size-default\">Pastoral Conference<\/h1>\t\t\t\t<\/div>\n\t\t\t\t<\/div>\n\t\t\t\t<div class=\"elementor-element elementor-element-b866260 elementor-widget elementor-widget-text-editor\" data-id=\"b866260\" data-element_type=\"widget\" data-e-type=\"widget\" data-widget_type=\"text-editor.default\">\n\t\t\t\t<div class=\"elementor-widget-container\">\n\t\t\t\t\t\t\t\t\t<p><sup class=\"versenum\">17&nbsp;<\/sup>And from Miletus he sent to Ephesus, and called for the elders of the church.<\/p><p>Acts 20:17<\/p>\t\t\t\t\t\t\t\t<\/div>\n\t\t\t\t<\/div>\n\t\t\t\t\t<\/div>\n\t\t<\/div>\n\t\t\t\t\t<\/div>\n\t\t<\/section>\n\t\t\t\t<section class=\"elementor-section elementor-top-section elementor-element elementor-element-d9701a7 elementor-section-boxed elementor-section-height-default elementor-section-height-default wpr-particle-no wpr-jarallax-no wpr-parallax-no wpr-sticky-section-no wpr-equal-height-no\" data-id=\"d9701a7\" data-element_type=\"section\" data-e-type=\"section\">\n\t\t\t\t\t\t<div class=\"elementor-container elementor-column-gap-default\">\n\t\t\t\t\t<div class=\"elementor-column elementor-col-50 elementor-top-column elementor-element elementor-element-e98e37a\" data-id=\"e98e37a\" data-element_type=\"column\" data-e-type=\"column\">\n\t\t\t<div class=\"elementor-widget-wrap elementor-element-populated\">\n\t\t\t\t\t\t<div class=\"elementor-element elementor-element-51d5559 elementor-widget elementor-widget-text-editor\" data-id=\"51d5559\" data-element_type=\"widget\" data-e-type=\"widget\" data-widget_type=\"text-editor.default\">\n\t\t\t\t<div class=\"elementor-widget-container\">\n\t\t\t\t\t\t\t\t\t<p>The pastoral conference is a ministry that seeks to respond to the needs of our leaders and those pastors with whom we have fellowship or a special pastoral counseling relationship.<\/p><p>We hope that the pastors at this conference can be strengthened in their spirit and their understanding enriched through the teachings on topics appropriate to their pastoral work. Also important in this conference is the fellowship of the guests with other brother pastors with whom they have common pastoral perspectives and participation in the services of this church, with which they share a special mutual love.<\/p>\t\t\t\t\t\t\t\t<\/div>\n\t\t\t\t<\/div>\n\t\t\t\t\t<\/div>\n\t\t<\/div>\n\t\t\t\t<div class=\"elementor-column elementor-col-50 elementor-top-column elementor-element elementor-element-222a5a9\" data-id=\"222a5a9\" data-element_type=\"column\" data-e-type=\"column\">\n\t\t\t<div class=\"elementor-widget-wrap elementor-element-populated\">\n\t\t\t\t\t\t<div class=\"elementor-element elementor-element-a2aac37 elementor-widget elementor-widget-image\" data-id=\"a2aac37\" data-element_type=\"widget\" data-e-type=\"widget\" data-widget_type=\"image.default\">\n\t\t\t\t<div class=\"elementor-widget-container\">\n\t\t\t\t\t\t\t\t\t\t\t\t\t\t\t<img fetchpriority=\"high\" decoding=\"async\" width=\"1024\" height=\"576\" src=\"https:\/\/ibrnb.org\/wp-content\/uploads\/2025\/09\/fotogrupal001-1024x576-1.jpg\" class=\"attachment-large size-large wp-image-32380\" alt=\"\" srcset=\"https:\/\/ibrnb.org\/wp-content\/uploads\/2025\/09\/fotogrupal001-1024x576-1.jpg 1024w, https:\/\/ibrnb.org\/wp-content\/uploads\/2025\/09\/fotogrupal001-1024x576-1-768x432.jpg 768w, https:\/\/ibrnb.org\/wp-content\/uploads\/2025\/09\/fotogrupal001-1024x576-1-18x10.jpg 18w\" sizes=\"(max-width: 1024px) 100vw, 1024px\" \/>\t\t\t\t\t\t\t\t\t\t\t\t\t\t\t<\/div>\n\t\t\t\t<\/div>\n\t\t\t\t\t<\/div>\n\t\t<\/div>\n\t\t\t\t\t<\/div>\n\t\t<\/section>\n\t\t\t\t<section class=\"elementor-section elementor-top-section elementor-element elementor-element-77899de elementor-section-boxed elementor-section-height-default elementor-section-height-default wpr-particle-no wpr-jarallax-no wpr-parallax-no wpr-sticky-section-no wpr-equal-height-no\" data-id=\"77899de\" data-element_type=\"section\" data-e-type=\"section\">\n\t\t\t\t\t\t<div class=\"elementor-container elementor-column-gap-default\">\n\t\t\t\t\t<div class=\"elementor-column elementor-col-50 elementor-top-column elementor-element elementor-element-e3713e4\" data-id=\"e3713e4\" data-element_type=\"column\" data-e-type=\"column\">\n\t\t\t<div class=\"elementor-widget-wrap elementor-element-populated\">\n\t\t\t\t\t\t<div class=\"elementor-element elementor-element-b620558 elementor-widget elementor-widget-image\" data-id=\"b620558\" data-element_type=\"widget\" data-e-type=\"widget\" data-widget_type=\"image.default\">\n\t\t\t\t<div class=\"elementor-widget-container\">\n\t\t\t\t\t\t\t\t\t\t\t\t\t\t\t<img decoding=\"async\" width=\"1170\" height=\"694\" src=\"https:\/\/ibrnb.org\/wp-content\/uploads\/2025\/09\/fotogrupal002-1170x694.jpg\" class=\"attachment-large size-large wp-image-32379\" alt=\"\" srcset=\"https:\/\/ibrnb.org\/wp-content\/uploads\/2025\/09\/fotogrupal002-1170x694.jpg 1170w, https:\/\/ibrnb.org\/wp-content\/uploads\/2025\/09\/fotogrupal002-768x456.jpg 768w, https:\/\/ibrnb.org\/wp-content\/uploads\/2025\/09\/fotogrupal002-18x10.jpg 18w\" sizes=\"(max-width: 1170px) 100vw, 1170px\" \/>\t\t\t\t\t\t\t\t\t\t\t\t\t\t\t<\/div>\n\t\t\t\t<\/div>\n\t\t\t\t\t<\/div>\n\t\t<\/div>\n\t\t\t\t<div class=\"elementor-column elementor-col-50 elementor-top-column elementor-element elementor-element-8724c03\" data-id=\"8724c03\" data-element_type=\"column\" data-e-type=\"column\">\n\t\t\t<div class=\"elementor-widget-wrap elementor-element-populated\">\n\t\t\t\t\t\t<div class=\"elementor-element elementor-element-5321bc3 elementor-widget elementor-widget-text-editor\" data-id=\"5321bc3\" data-element_type=\"widget\" data-e-type=\"widget\" data-widget_type=\"text-editor.default\">\n\t\t\t\t<div class=\"elementor-widget-container\">\n\t\t\t\t\t\t\t\t\t<p>Each of the speakers is a pastor working in the ministry of the Word in his local church. These men are distinguished by their gifts of teaching, knowledge, wisdom, faithfulness, experience and pastoral heart.<\/p><p>It is our prayer that God will give us wisdom to carry out this ministry, and that He will give special help to those pastors who are to preach His Word to us. It is also our prayer that God will pour out His Spirit upon us and work in all our hearts in such a way that we will be better men, faithful servants and better equipped for the good of the church of the Lord Jesus Christ in which God is to receive glory throughout all generations, forever and ever.<\/p>\t\t\t\t\t\t\t\t<\/div>\n\t\t\t\t<\/div>\n\t\t\t\t\t<\/div>\n\t\t<\/div>\n\t\t\t\t\t<\/div>\n\t\t<\/section>\n\t\t\t\t<section class=\"elementor-section elementor-top-section elementor-element elementor-element-786a4ad elementor-section-boxed elementor-section-height-default elementor-section-height-default wpr-particle-no wpr-jarallax-no wpr-parallax-no wpr-sticky-section-no wpr-equal-height-no\" data-id=\"786a4ad\" data-element_type=\"section\" data-e-type=\"section\">\n\t\t\t\t\t\t<div class=\"elementor-container elementor-column-gap-default\">\n\t\t\t\t\t<div class=\"elementor-column elementor-col-50 elementor-top-column elementor-element elementor-element-487ae51\" data-id=\"487ae51\" data-element_type=\"column\" data-e-type=\"column\">\n\t\t\t<div class=\"elementor-widget-wrap elementor-element-populated\">\n\t\t\t\t\t\t<div class=\"elementor-element elementor-element-e896b05 elementor-widget elementor-widget-heading\" data-id=\"e896b05\" data-element_type=\"widget\" data-e-type=\"widget\" data-widget_type=\"heading.default\">\n\t\t\t\t<div class=\"elementor-widget-container\">\n\t\t\t\t\t<h2 class=\"elementor-heading-title elementor-size-default\">Comuni\u00f3n y unidad pastoral\n<\/h2>\t\t\t\t<\/div>\n\t\t\t\t<\/div>\n\t\t\t\t<div class=\"elementor-element elementor-element-12cfa0f elementor-widget elementor-widget-text-editor\" data-id=\"12cfa0f\" data-element_type=\"widget\" data-e-type=\"widget\" data-widget_type=\"text-editor.default\">\n\t\t\t\t<div class=\"elementor-widget-container\">\n\t\t\t\t\t\t\t\t\t<p>Un aspecto esencial de la conferencia es la comuni\u00f3n entre los pastores asistentes. Es una oportunidad privilegiada para establecer relaciones fraternales con otros hermanos en el ministerio que comparten una visi\u00f3n com\u00fan del llamado pastoral. Esta interacci\u00f3n permite el intercambio de experiencias, desaf\u00edos y victorias, fomentando un ambiente de apoyo mutuo, compa\u00f1erismo y crecimiento colectivo.<\/p><p>Asimismo, se espera que los participantes puedan integrarse moment\u00e1neamente a la vida de nuestra iglesia local, participando activamente en nuestros cultos y actividades. Este tiempo compartido refuerza los lazos de amor, unidad y respeto mutuo que nos unen como cuerpo de Cristo, y permite a los invitados experimentar de primera mano el testimonio y la vida congregacional de nuestra comunidad de fe.<\/p>\t\t\t\t\t\t\t\t<\/div>\n\t\t\t\t<\/div>\n\t\t\t\t\t<\/div>\n\t\t<\/div>\n\t\t\t\t<div class=\"elementor-column elementor-col-50 elementor-top-column elementor-element elementor-element-f0c7706\" data-id=\"f0c7706\" data-element_type=\"column\" data-e-type=\"column\">\n\t\t\t<div class=\"elementor-widget-wrap elementor-element-populated\">\n\t\t\t\t\t\t<div class=\"elementor-element elementor-element-5eb5d0b elementor-widget elementor-widget-heading\" data-id=\"5eb5d0b\" data-element_type=\"widget\" data-e-type=\"widget\" data-widget_type=\"heading.default\">\n\t\t\t\t<div class=\"elementor-widget-container\">\n\t\t\t\t\t<h2 class=\"elementor-heading-title elementor-size-default\">L\u00edderes formados por el Se\u00f1or\n<\/h2>\t\t\t\t<\/div>\n\t\t\t\t<\/div>\n\t\t\t\t<div class=\"elementor-element elementor-element-fd7597b elementor-widget elementor-widget-text-editor\" data-id=\"fd7597b\" data-element_type=\"widget\" data-e-type=\"widget\" data-widget_type=\"text-editor.default\">\n\t\t\t\t<div class=\"elementor-widget-container\">\n\t\t\t\t\t\t\t\t\t<p>Todos los conferenciantes han sido cuidadosamente seleccionados entre pastores que actualmente est\u00e1n sirviendo activamente en el ministerio de la Palabra en sus respectivas iglesias locales. Son hombres reconocidos por sus dones espirituales, habilidades de ense\u00f1anza, profundo conocimiento b\u00edblico, madurez espiritual, fidelidad en el ministerio, a\u00f1os de experiencia pastoral y, sobre todo, por su coraz\u00f3n entregado al cuidado de las ovejas de Dios.<\/p><p>En conjunto, esta conferencia se presenta como un tiempo sagrado de aprendizaje, reflexi\u00f3n, oraci\u00f3n y comuni\u00f3n, orientado a bendecir y empoderar a quienes han sido llamados a guiar y alimentar el reba\u00f1o del Se\u00f1or.<\/p>\t\t\t\t\t\t\t\t<\/div>\n\t\t\t\t<\/div>\n\t\t\t\t\t<\/div>\n\t\t<\/div>\n\t\t\t\t\t<\/div>\n\t\t<\/section>\n\t\t<div class=\"elementor-element elementor-element-4a8f2701 e-flex e-con-boxed wpr-particle-no wpr-jarallax-no wpr-parallax-no wpr-sticky-section-no wpr-equal-height-no e-con e-parent\" data-id=\"4a8f2701\" data-element_type=\"container\" data-e-type=\"container\">\n\t\t\t\t\t<div class=\"e-con-inner\">\n\t\t\t\t<div class=\"elementor-element elementor-element-765428c elementor-widget elementor-widget-heading\" data-id=\"765428c\" data-element_type=\"widget\" data-e-type=\"widget\" data-widget_type=\"heading.default\">\n\t\t\t\t<div class=\"elementor-widget-container\">\n\t\t\t\t\t<h2 class=\"elementor-heading-title elementor-size-default\">Conferencias Pastorales<\/h2>\t\t\t\t<\/div>\n\t\t\t\t<\/div>\n\t\t\t\t<div class=\"elementor-element elementor-element-6db49016 elementor-widget elementor-widget-text-editor\" data-id=\"6db49016\" data-element_type=\"widget\" data-e-type=\"widget\" data-widget_type=\"text-editor.default\">\n\t\t\t\t<div class=\"elementor-widget-container\">\n\t\t\t\t\t\t\t\t\t<p>El prop\u00f3sito fundamental de estas conferencias es que cada pastor participante pueda renovar su esp\u00edritu, crecer en sabidur\u00eda y conocimiento, y recibir ense\u00f1anzas pr\u00e1cticas y b\u00edblicas que le sean \u00fatiles y relevantes para el desarrollo efectivo de su ministerio pastoral.<\/p>\t\t\t\t\t\t\t\t<\/div>\n\t\t\t\t<\/div>\n\t\t\t\t\t<\/div>\n\t\t\t\t<\/div>\n\t\t<div class=\"elementor-element elementor-element-2d240eb7 e-flex e-con-boxed wpr-particle-no wpr-jarallax-no wpr-parallax-no wpr-sticky-section-no wpr-equal-height-no e-con e-child\" data-id=\"2d240eb7\" data-element_type=\"container\" data-e-type=\"container\">\n\t\t\t\t\t<div class=\"e-con-inner\">\n\t\t<div class=\"elementor-element elementor-element-4a8b3f6d e-flex e-con-boxed wpr-particle-no wpr-jarallax-no wpr-parallax-no wpr-sticky-section-no wpr-equal-height-no e-con e-child\" data-id=\"4a8b3f6d\" data-element_type=\"container\" data-e-type=\"container\">\n\t\t\t\t\t<div class=\"e-con-inner\">\n\t\t<div class=\"elementor-element elementor-element-549d7094 e-flex e-con-boxed wpr-particle-no wpr-jarallax-no wpr-parallax-no wpr-sticky-section-no wpr-equal-height-no e-con e-child\" data-id=\"549d7094\" data-element_type=\"container\" data-e-type=\"container\">\n\t\t\t\t\t<div class=\"e-con-inner\">\n\t\t\t\t<div class=\"elementor-element elementor-element-56dca65f elementor-widget elementor-widget-image\" data-id=\"56dca65f\" data-element_type=\"widget\" data-e-type=\"widget\" data-widget_type=\"image.default\">\n\t\t\t\t<div class=\"elementor-widget-container\">\n\t\t\t\t\t\t\t\t\t\t\t\t\t\t\t\t<a href=\"https:\/\/ibrnb.org\/en\/sermons\/?sermon_series=conferencia-pastoral-2025\">\n\t\t\t\t\t\t\t<img decoding=\"async\" width=\"1170\" height=\"694\" src=\"https:\/\/ibrnb.org\/wp-content\/uploads\/2025\/11\/laobrapastoral-1170x694.jpg\" class=\"attachment-large size-large wp-image-32804\" alt=\"\" srcset=\"https:\/\/ibrnb.org\/wp-content\/uploads\/2025\/11\/laobrapastoral-1170x694.jpg 1170w, https:\/\/ibrnb.org\/wp-content\/uploads\/2025\/11\/laobrapastoral-768x456.jpg 768w, https:\/\/ibrnb.org\/wp-content\/uploads\/2025\/11\/laobrapastoral-18x10.jpg 18w\" sizes=\"(max-width: 1170px) 100vw, 1170px\" \/>\t\t\t\t\t\t\t\t<\/a>\n\t\t\t\t\t\t\t\t\t\t\t\t\t\t\t<\/div>\n\t\t\t\t<\/div>\n\t\t\t\t<div class=\"elementor-element elementor-element-5099dea wpr-button-icon-style-inline wpr-button-icon-position-right elementor-widget elementor-widget-wpr-button\" data-id=\"5099dea\" data-element_type=\"widget\" data-e-type=\"widget\" data-widget_type=\"wpr-button.default\">\n\t\t\t\t<div class=\"elementor-widget-container\">\n\t\t\t\t\t\t\n\t\t\t\n\t\t\n\t\t<div class=\"wpr-button-wrap elementor-clearfix\">\n\t\t<a class=\"wpr-button wpr-button-effect wpr-button-none\" data-text=\"\" href=\"https:\/\/ibrnb.org\/en\/sermons\/?sermon_series=conferencia-pastoral-2025\">\n\t\t\t\n\t\t\t<span class=\"wpr-button-content\">\n\t\t\t\t\t\t\t\t\t<span class=\"wpr-button-text\">2025<\/span>\n\t\t\t\t\t\t\t\t\n\t\t\t\t\t\t\t<\/span>\n\t\t<\/a>\n\n\t\t\t\t<\/div>\n\t\n\t\n\t\t\t\t\t<\/div>\n\t\t\t\t<\/div>\n\t\t\t\t<div class=\"elementor-element elementor-element-657c4a68 elementor-widget elementor-widget-heading\" data-id=\"657c4a68\" data-element_type=\"widget\" data-e-type=\"widget\" data-widget_type=\"heading.default\">\n\t\t\t\t<div class=\"elementor-widget-container\">\n\t\t\t\t\t<h2 class=\"elementor-heading-title elementor-size-default\"><a href=\"https:\/\/ibrnb.org\/en\/sermons\/?sermon_series=conferencia-pastoral-2025\">La Obra Pastoral<\/a><\/h2>\t\t\t\t<\/div>\n\t\t\t\t<\/div>\n\t\t\t\t<div class=\"elementor-element elementor-element-d8c1d94 elementor-widget elementor-widget-heading\" data-id=\"d8c1d94\" data-element_type=\"widget\" data-e-type=\"widget\" data-widget_type=\"heading.default\">\n\t\t\t\t<div class=\"elementor-widget-container\">\n\t\t\t\t\t<h2 class=\"elementor-heading-title elementor-size-default\">Conferencistas:<\/h2>\t\t\t\t<\/div>\n\t\t\t\t<\/div>\n\t\t\t\t<div class=\"elementor-element elementor-element-54939269 elementor-icon-list--layout-inline elementor-align-start elementor-list-item-link-full_width elementor-widget elementor-widget-icon-list\" data-id=\"54939269\" data-element_type=\"widget\" data-e-type=\"widget\" data-widget_type=\"icon-list.default\">\n\t\t\t\t<div class=\"elementor-widget-container\">\n\t\t\t\t\t\t\t<ul class=\"elementor-icon-list-items elementor-inline-items\">\n\t\t\t\t\t\t\t<li class=\"elementor-icon-list-item elementor-inline-item\">\n\t\t\t\t\t\t\t\t\t\t\t<a href=\"https:\/\/conferenciapastoral.com\/sermons\/?sermon_speaker=pr-victor-garcia\">\n\n\t\t\t\t\t\t\t\t\t\t\t<span class=\"elementor-icon-list-text\">Pr. V\u00edctor Garc\u00eda<\/span>\n\t\t\t\t\t\t\t\t\t\t\t<\/a>\n\t\t\t\t\t\t\t\t\t<\/li>\n\t\t\t\t\t\t\t\t<li class=\"elementor-icon-list-item elementor-inline-item\">\n\t\t\t\t\t\t\t\t\t\t\t<a href=\"https:\/\/conferenciapastoral.com\/sermons\/?sermon_speaker=pr-jaime-daniel-caballero\">\n\n\t\t\t\t\t\t\t\t\t\t\t<span class=\"elementor-icon-list-text\">Pr. Jaime Caballero<\/span>\n\t\t\t\t\t\t\t\t\t\t\t<\/a>\n\t\t\t\t\t\t\t\t\t<\/li>\n\t\t\t\t\t\t\t\t<li class=\"elementor-icon-list-item elementor-inline-item\">\n\t\t\t\t\t\t\t\t\t\t\t<a href=\"https:\/\/conferenciapastoral.com\/sermons\/?sermon_speaker=pr-dave-chanski\">\n\n\t\t\t\t\t\t\t\t\t\t\t<span class=\"elementor-icon-list-text\">Pr. David Chanski<\/span>\n\t\t\t\t\t\t\t\t\t\t\t<\/a>\n\t\t\t\t\t\t\t\t\t<\/li>\n\t\t\t\t\t\t\t\t<li class=\"elementor-icon-list-item elementor-inline-item\">\n\t\t\t\t\t\t\t\t\t\t\t<a href=\"https:\/\/conferenciapastoral.com\/sermons\/?sermon_speaker=pr-jorge-castaneda\">\n\n\t\t\t\t\t\t\t\t\t\t\t<span class=\"elementor-icon-list-text\">Pr. Jorge Casta\u00f1eda<\/span>\n\t\t\t\t\t\t\t\t\t\t\t<\/a>\n\t\t\t\t\t\t\t\t\t<\/li>\n\t\t\t\t\t\t\t\t<li class=\"elementor-icon-list-item elementor-inline-item\">\n\t\t\t\t\t\t\t\t\t\t\t<a href=\"https:\/\/conferenciapastoral.com\/sermons\/?sermon_speaker=pr-alan-dunn\">\n\n\t\t\t\t\t\t\t\t\t\t\t<span class=\"elementor-icon-list-text\">Pr. Alan Dunn<\/span>\n\t\t\t\t\t\t\t\t\t\t\t<\/a>\n\t\t\t\t\t\t\t\t\t<\/li>\n\t\t\t\t\t\t\t\t<li class=\"elementor-icon-list-item elementor-inline-item\">\n\t\t\t\t\t\t\t\t\t\t\t<a href=\"https:\/\/conferenciapastoral.com\/sermons\/?sermon_speaker=pr-eugenio-pinero\">\n\n\t\t\t\t\t\t\t\t\t\t\t<span class=\"elementor-icon-list-text\">Pr. Eugenio Pi\u00f1ero<\/span>\n\t\t\t\t\t\t\t\t\t\t\t<\/a>\n\t\t\t\t\t\t\t\t\t<\/li>\n\t\t\t\t\t\t\t\t<li class=\"elementor-icon-list-item elementor-inline-item\">\n\t\t\t\t\t\t\t\t\t\t\t<a href=\"https:\/\/conferenciapastoral.com\/sermons\/?sermon_speaker=pr-noble-vater\">\n\n\t\t\t\t\t\t\t\t\t\t\t<span class=\"elementor-icon-list-text\">Pr. Noble Vater<\/span>\n\t\t\t\t\t\t\t\t\t\t\t<\/a>\n\t\t\t\t\t\t\t\t\t<\/li>\n\t\t\t\t\t\t<\/ul>\n\t\t\t\t\t\t<\/div>\n\t\t\t\t<\/div>\n\t\t\t\t\t<\/div>\n\t\t\t\t<\/div>\n\t\t<div class=\"elementor-element elementor-element-5072ccf0 e-flex e-con-boxed wpr-particle-no wpr-jarallax-no wpr-parallax-no wpr-sticky-section-no wpr-equal-height-no e-con e-child\" data-id=\"5072ccf0\" data-element_type=\"container\" data-e-type=\"container\">\n\t\t\t\t\t<div class=\"e-con-inner\">\n\t\t\t\t<div class=\"elementor-element elementor-element-475269d0 elementor-widget elementor-widget-image\" data-id=\"475269d0\" data-element_type=\"widget\" data-e-type=\"widget\" data-widget_type=\"image.default\">\n\t\t\t\t<div class=\"elementor-widget-container\">\n\t\t\t\t\t\t\t\t\t\t\t\t\t\t\t\t<a href=\"https:\/\/ibrnb.org\/en\/sermons\/?sermon_series=conferencia-pastoral-2024\">\n\t\t\t\t\t\t\t<img loading=\"lazy\" decoding=\"async\" width=\"1170\" height=\"694\" src=\"https:\/\/ibrnb.org\/wp-content\/uploads\/2024\/05\/Laobrapastoralenlaiglesia-1170x694.jpg\" class=\"attachment-large size-large wp-image-32797\" alt=\"\" srcset=\"https:\/\/ibrnb.org\/wp-content\/uploads\/2024\/05\/Laobrapastoralenlaiglesia-1170x694.jpg 1170w, https:\/\/ibrnb.org\/wp-content\/uploads\/2024\/05\/Laobrapastoralenlaiglesia-768x456.jpg 768w, https:\/\/ibrnb.org\/wp-content\/uploads\/2024\/05\/Laobrapastoralenlaiglesia-18x10.jpg 18w\" sizes=\"(max-width: 1170px) 100vw, 1170px\" \/>\t\t\t\t\t\t\t\t<\/a>\n\t\t\t\t\t\t\t\t\t\t\t\t\t\t\t<\/div>\n\t\t\t\t<\/div>\n\t\t\t\t<div class=\"elementor-element elementor-element-35541a43 wpr-button-icon-style-inline wpr-button-icon-position-right elementor-widget elementor-widget-wpr-button\" data-id=\"35541a43\" data-element_type=\"widget\" data-e-type=\"widget\" data-widget_type=\"wpr-button.default\">\n\t\t\t\t<div class=\"elementor-widget-container\">\n\t\t\t\t\t\t\n\t\t\t\n\t\t\n\t\t<div class=\"wpr-button-wrap elementor-clearfix\">\n\t\t<a class=\"wpr-button wpr-button-effect wpr-button-none\" data-text=\"\" href=\"https:\/\/ibrnb.org\/en\/sermons\/?sermon_series=conferencia-pastoral-2024\">\n\t\t\t\n\t\t\t<span class=\"wpr-button-content\">\n\t\t\t\t\t\t\t\t\t<span class=\"wpr-button-text\">2024<\/span>\n\t\t\t\t\t\t\t\t\n\t\t\t\t\t\t\t<\/span>\n\t\t<\/a>\n\n\t\t\t\t<\/div>\n\t\n\t\n\t\t\t\t\t<\/div>\n\t\t\t\t<\/div>\n\t\t\t\t<div class=\"elementor-element elementor-element-6afefc2e elementor-widget elementor-widget-heading\" data-id=\"6afefc2e\" data-element_type=\"widget\" data-e-type=\"widget\" data-widget_type=\"heading.default\">\n\t\t\t\t<div class=\"elementor-widget-container\">\n\t\t\t\t\t<h2 class=\"elementor-heading-title elementor-size-default\"><a href=\"https:\/\/ibrnb.org\/en\/sermons\/?sermon_series=conferencia-pastoral-2024\">La Obra Pastoral en la iglesia<\/a><\/h2>\t\t\t\t<\/div>\n\t\t\t\t<\/div>\n\t\t\t\t<div class=\"elementor-element elementor-element-bec0518 elementor-widget elementor-widget-heading\" data-id=\"bec0518\" data-element_type=\"widget\" data-e-type=\"widget\" data-widget_type=\"heading.default\">\n\t\t\t\t<div class=\"elementor-widget-container\">\n\t\t\t\t\t<h2 class=\"elementor-heading-title elementor-size-default\">Conferencistas:<\/h2>\t\t\t\t<\/div>\n\t\t\t\t<\/div>\n\t\t\t\t<div class=\"elementor-element elementor-element-20266bcf elementor-icon-list--layout-inline elementor-align-start elementor-list-item-link-full_width elementor-widget elementor-widget-icon-list\" data-id=\"20266bcf\" data-element_type=\"widget\" data-e-type=\"widget\" data-widget_type=\"icon-list.default\">\n\t\t\t\t<div class=\"elementor-widget-container\">\n\t\t\t\t\t\t\t<ul class=\"elementor-icon-list-items elementor-inline-items\">\n\t\t\t\t\t\t\t<li class=\"elementor-icon-list-item elementor-inline-item\">\n\t\t\t\t\t\t\t\t\t\t\t<a href=\"https:\/\/conferenciapastoral.com\/sermons\/?sermon_speaker=pr-dave-chanski\">\n\n\t\t\t\t\t\t\t\t\t\t\t<span class=\"elementor-icon-list-text\">Pr. David Chanski<\/span>\n\t\t\t\t\t\t\t\t\t\t\t<\/a>\n\t\t\t\t\t\t\t\t\t<\/li>\n\t\t\t\t\t\t\t\t<li class=\"elementor-icon-list-item elementor-inline-item\">\n\t\t\t\t\t\t\t\t\t\t\t<a href=\"https:\/\/conferenciapastoral.com\/sermons\/?sermon_speaker=pr-gordon-cook\">\n\n\t\t\t\t\t\t\t\t\t\t\t<span class=\"elementor-icon-list-text\">Pr. Gordon Cook<\/span>\n\t\t\t\t\t\t\t\t\t\t\t<\/a>\n\t\t\t\t\t\t\t\t\t<\/li>\n\t\t\t\t\t\t\t\t<li class=\"elementor-icon-list-item elementor-inline-item\">\n\t\t\t\t\t\t\t\t\t\t\t<a href=\"https:\/\/conferenciapastoral.com\/sermons\/?sermon_speaker=pr-alan-dunn\">\n\n\t\t\t\t\t\t\t\t\t\t\t<span class=\"elementor-icon-list-text\">Pr. Alan Dunn<\/span>\n\t\t\t\t\t\t\t\t\t\t\t<\/a>\n\t\t\t\t\t\t\t\t\t<\/li>\n\t\t\t\t\t\t\t\t<li class=\"elementor-icon-list-item elementor-inline-item\">\n\t\t\t\t\t\t\t\t\t\t\t<a href=\"https:\/\/conferenciapastoral.com\/sermons\/?sermon_speaker=pr-victor-garcia\">\n\n\t\t\t\t\t\t\t\t\t\t\t<span class=\"elementor-icon-list-text\">Pr. V\u00edctor Garc\u00eda<\/span>\n\t\t\t\t\t\t\t\t\t\t\t<\/a>\n\t\t\t\t\t\t\t\t\t<\/li>\n\t\t\t\t\t\t\t\t<li class=\"elementor-icon-list-item elementor-inline-item\">\n\t\t\t\t\t\t\t\t\t\t\t<a href=\"https:\/\/conferenciapastoral.com\/sermons\/?sermon_speaker=pr-eugenio-pinero\">\n\n\t\t\t\t\t\t\t\t\t\t\t<span class=\"elementor-icon-list-text\">Pr. Eugenio Pi\u00f1ero<\/span>\n\t\t\t\t\t\t\t\t\t\t\t<\/a>\n\t\t\t\t\t\t\t\t\t<\/li>\n\t\t\t\t\t\t\t\t<li class=\"elementor-icon-list-item elementor-inline-item\">\n\t\t\t\t\t\t\t\t\t\t\t<a href=\"https:\/\/conferenciapastoral.com\/sermons\/?sermon_speaker=pr-noble-vater\">\n\n\t\t\t\t\t\t\t\t\t\t\t<span class=\"elementor-icon-list-text\">Pr. Noble Vater<\/span>\n\t\t\t\t\t\t\t\t\t\t\t<\/a>\n\t\t\t\t\t\t\t\t\t<\/li>\n\t\t\t\t\t\t<\/ul>\n\t\t\t\t\t\t<\/div>\n\t\t\t\t<\/div>\n\t\t\t\t\t<\/div>\n\t\t\t\t<\/div>\n\t\t<div class=\"elementor-element elementor-element-1c56ef2d e-flex e-con-boxed wpr-particle-no wpr-jarallax-no wpr-parallax-no wpr-sticky-section-no wpr-equal-height-no e-con e-child\" data-id=\"1c56ef2d\" data-element_type=\"container\" data-e-type=\"container\">\n\t\t\t\t\t<div class=\"e-con-inner\">\n\t\t\t\t<div class=\"elementor-element elementor-element-4d3fe0e0 elementor-widget elementor-widget-image\" data-id=\"4d3fe0e0\" data-element_type=\"widget\" data-e-type=\"widget\" data-widget_type=\"image.default\">\n\t\t\t\t<div class=\"elementor-widget-container\">\n\t\t\t\t\t\t\t\t\t\t\t\t\t\t\t\t<a href=\"https:\/\/ibrnb.org\/en\/sermons\/?sermon_series=conferencia-pastoral-2023\">\n\t\t\t\t\t\t\t<img loading=\"lazy\" decoding=\"async\" width=\"1170\" height=\"694\" src=\"https:\/\/ibrnb.org\/wp-content\/uploads\/2025\/05\/alalaeyyaltestimonio-1170x694.jpg\" class=\"attachment-large size-large wp-image-32796\" alt=\"\" srcset=\"https:\/\/ibrnb.org\/wp-content\/uploads\/2025\/05\/alalaeyyaltestimonio-1170x694.jpg 1170w, https:\/\/ibrnb.org\/wp-content\/uploads\/2025\/05\/alalaeyyaltestimonio-768x456.jpg 768w, https:\/\/ibrnb.org\/wp-content\/uploads\/2025\/05\/alalaeyyaltestimonio-18x10.jpg 18w\" sizes=\"(max-width: 1170px) 100vw, 1170px\" \/>\t\t\t\t\t\t\t\t<\/a>\n\t\t\t\t\t\t\t\t\t\t\t\t\t\t\t<\/div>\n\t\t\t\t<\/div>\n\t\t\t\t<div class=\"elementor-element elementor-element-3ac37f1a wpr-button-icon-style-inline wpr-button-icon-position-right elementor-widget elementor-widget-wpr-button\" data-id=\"3ac37f1a\" data-element_type=\"widget\" data-e-type=\"widget\" data-widget_type=\"wpr-button.default\">\n\t\t\t\t<div class=\"elementor-widget-container\">\n\t\t\t\t\t\t\n\t\t\t\n\t\t\n\t\t<div class=\"wpr-button-wrap elementor-clearfix\">\n\t\t<a class=\"wpr-button wpr-button-effect wpr-button-none\" data-text=\"\" href=\"https:\/\/ibrnb.org\/en\/sermons\/?sermon_series=conferencia-pastoral-2024\">\n\t\t\t\n\t\t\t<span class=\"wpr-button-content\">\n\t\t\t\t\t\t\t\t\t<span class=\"wpr-button-text\">2023<\/span>\n\t\t\t\t\t\t\t\t\n\t\t\t\t\t\t\t<\/span>\n\t\t<\/a>\n\n\t\t\t\t<\/div>\n\t\n\t\n\t\t\t\t\t<\/div>\n\t\t\t\t<\/div>\n\t\t\t\t<div class=\"elementor-element elementor-element-699ed0e0 elementor-widget elementor-widget-heading\" data-id=\"699ed0e0\" data-element_type=\"widget\" data-e-type=\"widget\" data-widget_type=\"heading.default\">\n\t\t\t\t<div class=\"elementor-widget-container\">\n\t\t\t\t\t<h2 class=\"elementor-heading-title elementor-size-default\"><a href=\"https:\/\/ibrnb.org\/en\/sermons\/?sermon_series=conferencia-pastoral-2024\">\u00a1A la Ley y al Testimonio!<\/a><\/h2>\t\t\t\t<\/div>\n\t\t\t\t<\/div>\n\t\t\t\t<div class=\"elementor-element elementor-element-6d7b09d2 elementor-widget elementor-widget-heading\" data-id=\"6d7b09d2\" data-element_type=\"widget\" data-e-type=\"widget\" data-widget_type=\"heading.default\">\n\t\t\t\t<div class=\"elementor-widget-container\">\n\t\t\t\t\t<h2 class=\"elementor-heading-title elementor-size-default\">Conferencistas:<\/h2>\t\t\t\t<\/div>\n\t\t\t\t<\/div>\n\t\t\t\t<div class=\"elementor-element elementor-element-70605a79 elementor-icon-list--layout-inline elementor-align-start elementor-list-item-link-full_width elementor-widget elementor-widget-icon-list\" data-id=\"70605a79\" data-element_type=\"widget\" data-e-type=\"widget\" data-widget_type=\"icon-list.default\">\n\t\t\t\t<div class=\"elementor-widget-container\">\n\t\t\t\t\t\t\t<ul class=\"elementor-icon-list-items elementor-inline-items\">\n\t\t\t\t\t\t\t<li class=\"elementor-icon-list-item elementor-inline-item\">\n\t\t\t\t\t\t\t\t\t\t\t<a href=\"#\">\n\n\t\t\t\t\t\t\t\t\t\t\t<span class=\"elementor-icon-list-text\">Pr. Michael Beasley<\/span>\n\t\t\t\t\t\t\t\t\t\t\t<\/a>\n\t\t\t\t\t\t\t\t\t<\/li>\n\t\t\t\t\t\t\t\t<li class=\"elementor-icon-list-item elementor-inline-item\">\n\t\t\t\t\t\t\t\t\t\t\t<a href=\"https:\/\/conferenciapastoral.com\/sermons\/?sermon_speaker=pr-alan-dunn\">\n\n\t\t\t\t\t\t\t\t\t\t\t<span class=\"elementor-icon-list-text\">Pr. Alan Dunn<\/span>\n\t\t\t\t\t\t\t\t\t\t\t<\/a>\n\t\t\t\t\t\t\t\t\t<\/li>\n\t\t\t\t\t\t\t\t<li class=\"elementor-icon-list-item elementor-inline-item\">\n\t\t\t\t\t\t\t\t\t\t\t<a href=\"https:\/\/conferenciapastoral.com\/sermons\/?sermon_speaker=pr-victor-garcia\">\n\n\t\t\t\t\t\t\t\t\t\t\t<span class=\"elementor-icon-list-text\">Pr. V\u00edctor Garc\u00eda<\/span>\n\t\t\t\t\t\t\t\t\t\t\t<\/a>\n\t\t\t\t\t\t\t\t\t<\/li>\n\t\t\t\t\t\t\t\t<li class=\"elementor-icon-list-item elementor-inline-item\">\n\t\t\t\t\t\t\t\t\t\t\t<a href=\"https:\/\/conferenciapastoral.com\/sermons\/?sermon_speaker=pr-eugenio-pinero\">\n\n\t\t\t\t\t\t\t\t\t\t\t<span class=\"elementor-icon-list-text\">Pr. Eugenio Pi\u00f1ero<\/span>\n\t\t\t\t\t\t\t\t\t\t\t<\/a>\n\t\t\t\t\t\t\t\t\t<\/li>\n\t\t\t\t\t\t\t\t<li class=\"elementor-icon-list-item elementor-inline-item\">\n\t\t\t\t\t\t\t\t\t\t\t<a href=\"https:\/\/conferenciapastoral.com\/sermons\/?sermon_speaker=pr-jeff-smith\">\n\n\t\t\t\t\t\t\t\t\t\t\t<span class=\"elementor-icon-list-text\">Pr. Jeff Smith<\/span>\n\t\t\t\t\t\t\t\t\t\t\t<\/a>\n\t\t\t\t\t\t\t\t\t<\/li>\n\t\t\t\t\t\t\t\t<li class=\"elementor-icon-list-item elementor-inline-item\">\n\t\t\t\t\t\t\t\t\t\t\t<a href=\"https:\/\/conferenciapastoral.com\/sermons\/?sermon_speaker=pr-noble-vater\">\n\n\t\t\t\t\t\t\t\t\t\t\t<span class=\"elementor-icon-list-text\">Pr. Noble Vater<\/span>\n\t\t\t\t\t\t\t\t\t\t\t<\/a>\n\t\t\t\t\t\t\t\t\t<\/li>\n\t\t\t\t\t\t<\/ul>\n\t\t\t\t\t\t<\/div>\n\t\t\t\t<\/div>\n\t\t\t\t\t<\/div>\n\t\t\t\t<\/div>\n\t\t\t\t\t<\/div>\n\t\t\t\t<\/div>\n\t\t\t\t\t<\/div>\n\t\t\t\t<\/div>\n\t\t<div class=\"elementor-element elementor-element-2c409cea e-flex e-con-boxed wpr-particle-no wpr-jarallax-no wpr-parallax-no wpr-sticky-section-no wpr-equal-height-no e-con e-child\" data-id=\"2c409cea\" data-element_type=\"container\" data-e-type=\"container\">\n\t\t\t\t\t<div class=\"e-con-inner\">\n\t\t<div class=\"elementor-element elementor-element-46840d2a e-flex e-con-boxed wpr-particle-no wpr-jarallax-no wpr-parallax-no wpr-sticky-section-no wpr-equal-height-no e-con e-child\" data-id=\"46840d2a\" data-element_type=\"container\" data-e-type=\"container\">\n\t\t\t\t\t<div class=\"e-con-inner\">\n\t\t<div class=\"elementor-element elementor-element-7a85b20d e-con-full e-flex wpr-particle-no wpr-jarallax-no wpr-parallax-no wpr-sticky-section-no wpr-equal-height-no e-con e-child\" data-id=\"7a85b20d\" data-element_type=\"container\" data-e-type=\"container\">\n\t\t\t\t<div class=\"elementor-element elementor-element-64b08303 elementor-widget elementor-widget-image\" data-id=\"64b08303\" data-element_type=\"widget\" data-e-type=\"widget\" data-widget_type=\"image.default\">\n\t\t\t\t<div class=\"elementor-widget-container\">\n\t\t\t\t\t\t\t\t\t\t\t\t\t\t\t\t<a href=\"https:\/\/ibrnb.org\/en\/sermons\/?sermon_series=conferencia-pastoral-2022\">\n\t\t\t\t\t\t\t<img loading=\"lazy\" decoding=\"async\" width=\"1170\" height=\"694\" src=\"https:\/\/ibrnb.org\/wp-content\/uploads\/2022\/06\/cuantoamotuley-1170x694.jpg\" class=\"attachment-large size-large wp-image-32795\" alt=\"\" srcset=\"https:\/\/ibrnb.org\/wp-content\/uploads\/2022\/06\/cuantoamotuley-1170x694.jpg 1170w, https:\/\/ibrnb.org\/wp-content\/uploads\/2022\/06\/cuantoamotuley-768x456.jpg 768w, https:\/\/ibrnb.org\/wp-content\/uploads\/2022\/06\/cuantoamotuley-18x10.jpg 18w\" sizes=\"(max-width: 1170px) 100vw, 1170px\" \/>\t\t\t\t\t\t\t\t<\/a>\n\t\t\t\t\t\t\t\t\t\t\t\t\t\t\t<\/div>\n\t\t\t\t<\/div>\n\t\t\t\t<div class=\"elementor-element elementor-element-1d851842 wpr-button-icon-style-inline wpr-button-icon-position-right elementor-widget elementor-widget-wpr-button\" data-id=\"1d851842\" data-element_type=\"widget\" data-e-type=\"widget\" data-widget_type=\"wpr-button.default\">\n\t\t\t\t<div class=\"elementor-widget-container\">\n\t\t\t\t\t\t\n\t\t\t\n\t\t\n\t\t<div class=\"wpr-button-wrap elementor-clearfix\">\n\t\t<a class=\"wpr-button wpr-button-effect wpr-button-none\" data-text=\"\" href=\"https:\/\/ibrnb.org\/en\/sermons\/?sermon_series=conferencia-pastoral-2022\">\n\t\t\t\n\t\t\t<span class=\"wpr-button-content\">\n\t\t\t\t\t\t\t\t\t<span class=\"wpr-button-text\">2022<\/span>\n\t\t\t\t\t\t\t\t\n\t\t\t\t\t\t\t<\/span>\n\t\t<\/a>\n\n\t\t\t\t<\/div>\n\t\n\t\n\t\t\t\t\t<\/div>\n\t\t\t\t<\/div>\n\t\t\t\t<div class=\"elementor-element elementor-element-11926f47 elementor-widget elementor-widget-heading\" data-id=\"11926f47\" data-element_type=\"widget\" data-e-type=\"widget\" data-widget_type=\"heading.default\">\n\t\t\t\t<div class=\"elementor-widget-container\">\n\t\t\t\t\t<h2 class=\"elementor-heading-title elementor-size-default\"><a href=\"https:\/\/ibrnb.org\/en\/sermons\/?sermon_series=conferencia-pastoral-2022\">How I love Your Law!<\/a><\/h2>\t\t\t\t<\/div>\n\t\t\t\t<\/div>\n\t\t\t\t<div class=\"elementor-element elementor-element-f2109cf elementor-widget elementor-widget-heading\" data-id=\"f2109cf\" data-element_type=\"widget\" data-e-type=\"widget\" data-widget_type=\"heading.default\">\n\t\t\t\t<div class=\"elementor-widget-container\">\n\t\t\t\t\t<h2 class=\"elementor-heading-title elementor-size-default\">Conferencistas:<\/h2>\t\t\t\t<\/div>\n\t\t\t\t<\/div>\n\t\t\t\t<div class=\"elementor-element elementor-element-20514351 elementor-icon-list--layout-inline elementor-align-start elementor-list-item-link-full_width elementor-widget elementor-widget-icon-list\" data-id=\"20514351\" data-element_type=\"widget\" data-e-type=\"widget\" data-widget_type=\"icon-list.default\">\n\t\t\t\t<div class=\"elementor-widget-container\">\n\t\t\t\t\t\t\t<ul class=\"elementor-icon-list-items elementor-inline-items\">\n\t\t\t\t\t\t\t<li class=\"elementor-icon-list-item elementor-inline-item\">\n\t\t\t\t\t\t\t\t\t\t\t<a href=\"https:\/\/conferenciapastoral.com\/sermons\/?sermon_speaker=pr-dave-chanski\">\n\n\t\t\t\t\t\t\t\t\t\t\t<span class=\"elementor-icon-list-text\">Pr. David Chanski<\/span>\n\t\t\t\t\t\t\t\t\t\t\t<\/a>\n\t\t\t\t\t\t\t\t\t<\/li>\n\t\t\t\t\t\t\t\t<li class=\"elementor-icon-list-item elementor-inline-item\">\n\t\t\t\t\t\t\t\t\t\t\t<a href=\"https:\/\/conferenciapastoral.com\/sermons\/?sermon_speaker=pr-gordon-cook\">\n\n\t\t\t\t\t\t\t\t\t\t\t<span class=\"elementor-icon-list-text\">Pr. Gordon Cook<\/span>\n\t\t\t\t\t\t\t\t\t\t\t<\/a>\n\t\t\t\t\t\t\t\t\t<\/li>\n\t\t\t\t\t\t\t\t<li class=\"elementor-icon-list-item elementor-inline-item\">\n\t\t\t\t\t\t\t\t\t\t\t<a href=\"https:\/\/conferenciapastoral.com\/sermons\/?sermon_speaker=pr-jorge-castaneda\">\n\n\t\t\t\t\t\t\t\t\t\t\t<span class=\"elementor-icon-list-text\">Pr. Jorge Casta\u00f1eda<\/span>\n\t\t\t\t\t\t\t\t\t\t\t<\/a>\n\t\t\t\t\t\t\t\t\t<\/li>\n\t\t\t\t\t\t\t\t<li class=\"elementor-icon-list-item elementor-inline-item\">\n\t\t\t\t\t\t\t\t\t\t\t<a href=\"https:\/\/conferenciapastoral.com\/sermons\/?sermon_speaker=pr-alan-dunn\">\n\n\t\t\t\t\t\t\t\t\t\t\t<span class=\"elementor-icon-list-text\">Pr. Alan Dunn<\/span>\n\t\t\t\t\t\t\t\t\t\t\t<\/a>\n\t\t\t\t\t\t\t\t\t<\/li>\n\t\t\t\t\t\t\t\t<li class=\"elementor-icon-list-item elementor-inline-item\">\n\t\t\t\t\t\t\t\t\t\t\t<a href=\"https:\/\/conferenciapastoral.com\/sermons\/?sermon_speaker=pr-victor-garcia\">\n\n\t\t\t\t\t\t\t\t\t\t\t<span class=\"elementor-icon-list-text\">Pr. V\u00edctor Garc\u00eda<\/span>\n\t\t\t\t\t\t\t\t\t\t\t<\/a>\n\t\t\t\t\t\t\t\t\t<\/li>\n\t\t\t\t\t\t\t\t<li class=\"elementor-icon-list-item elementor-inline-item\">\n\t\t\t\t\t\t\t\t\t\t\t<a href=\"https:\/\/conferenciapastoral.com\/sermons\/?sermon_speaker=pr-jeff-smith\">\n\n\t\t\t\t\t\t\t\t\t\t\t<span class=\"elementor-icon-list-text\">Pr. Jeff Smith<\/span>\n\t\t\t\t\t\t\t\t\t\t\t<\/a>\n\t\t\t\t\t\t\t\t\t<\/li>\n\t\t\t\t\t\t\t\t<li class=\"elementor-icon-list-item elementor-inline-item\">\n\t\t\t\t\t\t\t\t\t\t\t<a href=\"https:\/\/conferenciapastoral.com\/sermons\/?sermon_speaker=pr-eugenio-pinero\">\n\n\t\t\t\t\t\t\t\t\t\t\t<span class=\"elementor-icon-list-text\">Pr. Eugenio Pi\u00f1ero<\/span>\n\t\t\t\t\t\t\t\t\t\t\t<\/a>\n\t\t\t\t\t\t\t\t\t<\/li>\n\t\t\t\t\t\t\t\t<li class=\"elementor-icon-list-item elementor-inline-item\">\n\t\t\t\t\t\t\t\t\t\t\t<a href=\"https:\/\/conferenciapastoral.com\/sermons\/?sermon_speaker=pr-noble-vater\">\n\n\t\t\t\t\t\t\t\t\t\t\t<span class=\"elementor-icon-list-text\">Pr. Noble Vater<\/span>\n\t\t\t\t\t\t\t\t\t\t\t<\/a>\n\t\t\t\t\t\t\t\t\t<\/li>\n\t\t\t\t\t\t<\/ul>\n\t\t\t\t\t\t<\/div>\n\t\t\t\t<\/div>\n\t\t\t\t<\/div>\n\t\t<div class=\"elementor-element elementor-element-66defc69 e-flex e-con-boxed wpr-particle-no wpr-jarallax-no wpr-parallax-no wpr-sticky-section-no wpr-equal-height-no e-con e-child\" data-id=\"66defc69\" data-element_type=\"container\" data-e-type=\"container\">\n\t\t\t\t\t<div class=\"e-con-inner\">\n\t\t\t\t<div class=\"elementor-element elementor-element-a1609a1 elementor-widget elementor-widget-image\" data-id=\"a1609a1\" data-element_type=\"widget\" data-e-type=\"widget\" data-widget_type=\"image.default\">\n\t\t\t\t<div class=\"elementor-widget-container\">\n\t\t\t\t\t\t\t\t\t\t\t\t\t\t\t\t<a href=\"https:\/\/ibrnb.org\/en\/sermons\/?sermon_series=conferencia-pastoral-2019\">\n\t\t\t\t\t\t\t<img loading=\"lazy\" decoding=\"async\" width=\"1170\" height=\"694\" src=\"https:\/\/ibrnb.org\/wp-content\/uploads\/2025\/11\/lapredicacionbiblica-1170x694.jpg\" class=\"attachment-large size-large wp-image-32808\" alt=\"\" srcset=\"https:\/\/ibrnb.org\/wp-content\/uploads\/2025\/11\/lapredicacionbiblica-1170x694.jpg 1170w, https:\/\/ibrnb.org\/wp-content\/uploads\/2025\/11\/lapredicacionbiblica-768x456.jpg 768w, https:\/\/ibrnb.org\/wp-content\/uploads\/2025\/11\/lapredicacionbiblica-18x10.jpg 18w\" sizes=\"(max-width: 1170px) 100vw, 1170px\" \/>\t\t\t\t\t\t\t\t<\/a>\n\t\t\t\t\t\t\t\t\t\t\t\t\t\t\t<\/div>\n\t\t\t\t<\/div>\n\t\t\t\t<div class=\"elementor-element elementor-element-48f5947c wpr-button-icon-style-inline wpr-button-icon-position-right elementor-widget elementor-widget-wpr-button\" data-id=\"48f5947c\" data-element_type=\"widget\" data-e-type=\"widget\" data-widget_type=\"wpr-button.default\">\n\t\t\t\t<div class=\"elementor-widget-container\">\n\t\t\t\t\t\t\n\t\t\t\n\t\t\n\t\t<div class=\"wpr-button-wrap elementor-clearfix\">\n\t\t<a class=\"wpr-button wpr-button-effect wpr-button-none\" data-text=\"\" href=\"https:\/\/ibrnb.org\/en\/sermons\/?sermon_series=conferencia-pastoral-2019\">\n\t\t\t\n\t\t\t<span class=\"wpr-button-content\">\n\t\t\t\t\t\t\t\t\t<span class=\"wpr-button-text\">2019<\/span>\n\t\t\t\t\t\t\t\t\n\t\t\t\t\t\t\t<\/span>\n\t\t<\/a>\n\n\t\t\t\t<\/div>\n\t\n\t\n\t\t\t\t\t<\/div>\n\t\t\t\t<\/div>\n\t\t\t\t<div class=\"elementor-element elementor-element-41915791 elementor-widget elementor-widget-heading\" data-id=\"41915791\" data-element_type=\"widget\" data-e-type=\"widget\" data-widget_type=\"heading.default\">\n\t\t\t\t<div class=\"elementor-widget-container\">\n\t\t\t\t\t<h2 class=\"elementor-heading-title elementor-size-default\"><a href=\"https:\/\/ibrnb.org\/en\/sermons\/?sermon_series=conferencia-pastoral-2019\">Biblical preaching\n\n<\/a><\/h2>\t\t\t\t<\/div>\n\t\t\t\t<\/div>\n\t\t\t\t<div class=\"elementor-element elementor-element-74e634a3 elementor-widget elementor-widget-heading\" data-id=\"74e634a3\" data-element_type=\"widget\" data-e-type=\"widget\" data-widget_type=\"heading.default\">\n\t\t\t\t<div class=\"elementor-widget-container\">\n\t\t\t\t\t<h2 class=\"elementor-heading-title elementor-size-default\">Conferencistas:<\/h2>\t\t\t\t<\/div>\n\t\t\t\t<\/div>\n\t\t\t\t<div class=\"elementor-element elementor-element-67c590cd elementor-icon-list--layout-inline elementor-align-start elementor-list-item-link-full_width elementor-widget elementor-widget-icon-list\" data-id=\"67c590cd\" data-element_type=\"widget\" data-e-type=\"widget\" data-widget_type=\"icon-list.default\">\n\t\t\t\t<div class=\"elementor-widget-container\">\n\t\t\t\t\t\t\t<ul class=\"elementor-icon-list-items elementor-inline-items\">\n\t\t\t\t\t\t\t<li class=\"elementor-icon-list-item elementor-inline-item\">\n\t\t\t\t\t\t\t\t\t\t\t<a href=\"https:\/\/conferenciapastoral.com\/sermons\/?sermon_speaker=pr-jose-antonio-arias\">\n\n\t\t\t\t\t\t\t\t\t\t\t<span class=\"elementor-icon-list-text\">Pr. Jos\u00e9 Antonio Arias<\/span>\n\t\t\t\t\t\t\t\t\t\t\t<\/a>\n\t\t\t\t\t\t\t\t\t<\/li>\n\t\t\t\t\t\t\t\t<li class=\"elementor-icon-list-item elementor-inline-item\">\n\t\t\t\t\t\t\t\t\t\t\t<a href=\"https:\/\/conferenciapastoral.com\/sermons\/?sermon_speaker=pr-jorge-castaneda\">\n\n\t\t\t\t\t\t\t\t\t\t\t<span class=\"elementor-icon-list-text\">Pr. Jorge Casta\u00f1eda<\/span>\n\t\t\t\t\t\t\t\t\t\t\t<\/a>\n\t\t\t\t\t\t\t\t\t<\/li>\n\t\t\t\t\t\t\t\t<li class=\"elementor-icon-list-item elementor-inline-item\">\n\t\t\t\t\t\t\t\t\t\t\t<a href=\"https:\/\/conferenciapastoral.com\/sermons\/?sermon_speaker=pr-dave-chanski\">\n\n\t\t\t\t\t\t\t\t\t\t\t<span class=\"elementor-icon-list-text\">Pr. David Chanski<\/span>\n\t\t\t\t\t\t\t\t\t\t\t<\/a>\n\t\t\t\t\t\t\t\t\t<\/li>\n\t\t\t\t\t\t\t\t<li class=\"elementor-icon-list-item elementor-inline-item\">\n\t\t\t\t\t\t\t\t\t\t\t<a href=\"https:\/\/conferenciapastoral.com\/sermons\/?sermon_speaker=pr-alan-dunn\">\n\n\t\t\t\t\t\t\t\t\t\t\t<span class=\"elementor-icon-list-text\">Pr. Alan Dunn<\/span>\n\t\t\t\t\t\t\t\t\t\t\t<\/a>\n\t\t\t\t\t\t\t\t\t<\/li>\n\t\t\t\t\t\t\t\t<li class=\"elementor-icon-list-item elementor-inline-item\">\n\t\t\t\t\t\t\t\t\t\t\t<a href=\"https:\/\/conferenciapastoral.com\/sermons\/?sermon_speaker=pr-victor-garcia\">\n\n\t\t\t\t\t\t\t\t\t\t\t<span class=\"elementor-icon-list-text\">Pr. V\u00edctor Garc\u00eda<\/span>\n\t\t\t\t\t\t\t\t\t\t\t<\/a>\n\t\t\t\t\t\t\t\t\t<\/li>\n\t\t\t\t\t\t\t\t<li class=\"elementor-icon-list-item elementor-inline-item\">\n\t\t\t\t\t\t\t\t\t\t\t<a href=\"https:\/\/conferenciapastoral.com\/sermons\/?sermon_speaker=pr-eugenio-pinero\">\n\n\t\t\t\t\t\t\t\t\t\t\t<span class=\"elementor-icon-list-text\">Pr. Eugenio Pi\u00f1ero<\/span>\n\t\t\t\t\t\t\t\t\t\t\t<\/a>\n\t\t\t\t\t\t\t\t\t<\/li>\n\t\t\t\t\t\t\t\t<li class=\"elementor-icon-list-item elementor-inline-item\">\n\t\t\t\t\t\t\t\t\t\t\t<a href=\"https:\/\/conferenciapastoral.com\/sermons\/?sermon_speaker=pr-noble-vater\">\n\n\t\t\t\t\t\t\t\t\t\t\t<span class=\"elementor-icon-list-text\">Pr. Noble Vater<\/span>\n\t\t\t\t\t\t\t\t\t\t\t<\/a>\n\t\t\t\t\t\t\t\t\t<\/li>\n\t\t\t\t\t\t<\/ul>\n\t\t\t\t\t\t<\/div>\n\t\t\t\t<\/div>\n\t\t\t\t\t<\/div>\n\t\t\t\t<\/div>\n\t\t<div class=\"elementor-element elementor-element-66d9f81a e-flex e-con-boxed wpr-particle-no wpr-jarallax-no wpr-parallax-no wpr-sticky-section-no wpr-equal-height-no e-con e-child\" data-id=\"66d9f81a\" data-element_type=\"container\" data-e-type=\"container\">\n\t\t\t\t\t<div class=\"e-con-inner\">\n\t\t\t\t<div class=\"elementor-element elementor-element-5f2d521f elementor-widget elementor-widget-image\" data-id=\"5f2d521f\" data-element_type=\"widget\" data-e-type=\"widget\" data-widget_type=\"image.default\">\n\t\t\t\t<div class=\"elementor-widget-container\">\n\t\t\t\t\t\t\t\t\t\t\t\t\t\t\t\t<a href=\"https:\/\/ibrnb.org\/en\/sermons\/?sermon_series=conferencia-pastoral-2018\">\n\t\t\t\t\t\t\t<img loading=\"lazy\" decoding=\"async\" width=\"1170\" height=\"694\" src=\"https:\/\/ibrnb.org\/wp-content\/uploads\/2025\/11\/lareformabiblica-1170x694.jpg\" class=\"attachment-large size-large wp-image-32830\" alt=\"\" srcset=\"https:\/\/ibrnb.org\/wp-content\/uploads\/2025\/11\/lareformabiblica-1170x694.jpg 1170w, https:\/\/ibrnb.org\/wp-content\/uploads\/2025\/11\/lareformabiblica-768x456.jpg 768w, https:\/\/ibrnb.org\/wp-content\/uploads\/2025\/11\/lareformabiblica-18x10.jpg 18w\" sizes=\"(max-width: 1170px) 100vw, 1170px\" \/>\t\t\t\t\t\t\t\t<\/a>\n\t\t\t\t\t\t\t\t\t\t\t\t\t\t\t<\/div>\n\t\t\t\t<\/div>\n\t\t\t\t<div class=\"elementor-element elementor-element-58a8ddd3 wpr-button-icon-style-inline wpr-button-icon-position-right elementor-widget elementor-widget-wpr-button\" data-id=\"58a8ddd3\" data-element_type=\"widget\" data-e-type=\"widget\" data-widget_type=\"wpr-button.default\">\n\t\t\t\t<div class=\"elementor-widget-container\">\n\t\t\t\t\t\t\n\t\t\t\n\t\t\n\t\t<div class=\"wpr-button-wrap elementor-clearfix\">\n\t\t<a class=\"wpr-button wpr-button-effect wpr-button-none\" data-text=\"\" href=\"https:\/\/ibrnb.org\/en\/sermons\/?sermon_series=conferencia-pastoral-2018\">\n\t\t\t\n\t\t\t<span class=\"wpr-button-content\">\n\t\t\t\t\t\t\t\t\t<span class=\"wpr-button-text\">2018<\/span>\n\t\t\t\t\t\t\t\t\n\t\t\t\t\t\t\t<\/span>\n\t\t<\/a>\n\n\t\t\t\t<\/div>\n\t\n\t\n\t\t\t\t\t<\/div>\n\t\t\t\t<\/div>\n\t\t\t\t<div class=\"elementor-element elementor-element-7bff2c34 elementor-widget elementor-widget-heading\" data-id=\"7bff2c34\" data-element_type=\"widget\" data-e-type=\"widget\" data-widget_type=\"heading.default\">\n\t\t\t\t<div class=\"elementor-widget-container\">\n\t\t\t\t\t<h2 class=\"elementor-heading-title elementor-size-default\"><a href=\"https:\/\/ibrnb.org\/en\/sermons\/?sermon_series=conferencia-pastoral-2018\">La reforma b\u00edblica en la vida de la iglesia\n<\/a><\/h2>\t\t\t\t<\/div>\n\t\t\t\t<\/div>\n\t\t\t\t<div class=\"elementor-element elementor-element-4f7d717 elementor-widget elementor-widget-heading\" data-id=\"4f7d717\" data-element_type=\"widget\" data-e-type=\"widget\" data-widget_type=\"heading.default\">\n\t\t\t\t<div class=\"elementor-widget-container\">\n\t\t\t\t\t<h2 class=\"elementor-heading-title elementor-size-default\">Conferencistas:<\/h2>\t\t\t\t<\/div>\n\t\t\t\t<\/div>\n\t\t\t\t<div class=\"elementor-element elementor-element-55742b87 elementor-icon-list--layout-inline elementor-align-start elementor-list-item-link-full_width elementor-widget elementor-widget-icon-list\" data-id=\"55742b87\" data-element_type=\"widget\" data-e-type=\"widget\" data-widget_type=\"icon-list.default\">\n\t\t\t\t<div class=\"elementor-widget-container\">\n\t\t\t\t\t\t\t<ul class=\"elementor-icon-list-items elementor-inline-items\">\n\t\t\t\t\t\t\t<li class=\"elementor-icon-list-item elementor-inline-item\">\n\t\t\t\t\t\t\t\t\t\t\t<a href=\"https:\/\/conferenciapastoral.com\/sermons\/?sermon_speaker=pr-jose-antonio-arias\">\n\n\t\t\t\t\t\t\t\t\t\t\t<span class=\"elementor-icon-list-text\">Pr. Jos\u00e9 Antonio Arias<\/span>\n\t\t\t\t\t\t\t\t\t\t\t<\/a>\n\t\t\t\t\t\t\t\t\t<\/li>\n\t\t\t\t\t\t\t\t<li class=\"elementor-icon-list-item elementor-inline-item\">\n\t\t\t\t\t\t\t\t\t\t\t<a href=\"https:\/\/conferenciapastoral.com\/sermons\/?sermon_speaker=pr-jorge-castaneda\">\n\n\t\t\t\t\t\t\t\t\t\t\t<span class=\"elementor-icon-list-text\">Pr. Jorge Casta\u00f1eda<\/span>\n\t\t\t\t\t\t\t\t\t\t\t<\/a>\n\t\t\t\t\t\t\t\t\t<\/li>\n\t\t\t\t\t\t\t\t<li class=\"elementor-icon-list-item elementor-inline-item\">\n\t\t\t\t\t\t\t\t\t\t\t<a href=\"https:\/\/conferenciapastoral.com\/sermons\/?sermon_speaker=pr-gordon-cook\">\n\n\t\t\t\t\t\t\t\t\t\t\t<span class=\"elementor-icon-list-text\">Pr. Gordon Cook<\/span>\n\t\t\t\t\t\t\t\t\t\t\t<\/a>\n\t\t\t\t\t\t\t\t\t<\/li>\n\t\t\t\t\t\t\t\t<li class=\"elementor-icon-list-item elementor-inline-item\">\n\t\t\t\t\t\t\t\t\t\t\t<a href=\"https:\/\/conferenciapastoral.com\/sermons\/?sermon_speaker=pr-alan-dunn\">\n\n\t\t\t\t\t\t\t\t\t\t\t<span class=\"elementor-icon-list-text\">Pr. Alan Dunn<\/span>\n\t\t\t\t\t\t\t\t\t\t\t<\/a>\n\t\t\t\t\t\t\t\t\t<\/li>\n\t\t\t\t\t\t\t\t<li class=\"elementor-icon-list-item elementor-inline-item\">\n\t\t\t\t\t\t\t\t\t\t\t<a href=\"https:\/\/conferenciapastoral.com\/sermons\/?sermon_speaker=pr-victor-garcia\">\n\n\t\t\t\t\t\t\t\t\t\t\t<span class=\"elementor-icon-list-text\">Pr. V\u00edctor Garc\u00eda<\/span>\n\t\t\t\t\t\t\t\t\t\t\t<\/a>\n\t\t\t\t\t\t\t\t\t<\/li>\n\t\t\t\t\t\t\t\t<li class=\"elementor-icon-list-item elementor-inline-item\">\n\t\t\t\t\t\t\t\t\t\t\t<a href=\"https:\/\/conferenciapastoral.com\/sermons\/?sermon_speaker=pr-warren-peel\">\n\n\t\t\t\t\t\t\t\t\t\t\t<span class=\"elementor-icon-list-text\">Pr. Warren Peel<\/span>\n\t\t\t\t\t\t\t\t\t\t\t<\/a>\n\t\t\t\t\t\t\t\t\t<\/li>\n\t\t\t\t\t\t\t\t<li class=\"elementor-icon-list-item elementor-inline-item\">\n\t\t\t\t\t\t\t\t\t\t\t<a href=\"https:\/\/conferenciapastoral.com\/sermons\/?sermon_speaker=pr-eugenio-pinero\">\n\n\t\t\t\t\t\t\t\t\t\t\t<span class=\"elementor-icon-list-text\">Pr. Eugenio Pi\u00f1ero<\/span>\n\t\t\t\t\t\t\t\t\t\t\t<\/a>\n\t\t\t\t\t\t\t\t\t<\/li>\n\t\t\t\t\t\t\t\t<li class=\"elementor-icon-list-item elementor-inline-item\">\n\t\t\t\t\t\t\t\t\t\t\t<a href=\"https:\/\/conferenciapastoral.com\/sermons\/?sermon_speaker=pr-noble-vater\">\n\n\t\t\t\t\t\t\t\t\t\t\t<span class=\"elementor-icon-list-text\">Pr. Noble Vater<\/span>\n\t\t\t\t\t\t\t\t\t\t\t<\/a>\n\t\t\t\t\t\t\t\t\t<\/li>\n\t\t\t\t\t\t<\/ul>\n\t\t\t\t\t\t<\/div>\n\t\t\t\t<\/div>\n\t\t\t\t\t<\/div>\n\t\t\t\t<\/div>\n\t\t\t\t\t<\/div>\n\t\t\t\t<\/div>\n\t\t\t\t\t<\/div>\n\t\t\t\t<\/div>\n\t\t<div class=\"elementor-element elementor-element-5f11226a e-flex e-con-boxed wpr-particle-no wpr-jarallax-no wpr-parallax-no wpr-sticky-section-no wpr-equal-height-no e-con e-child\" data-id=\"5f11226a\" data-element_type=\"container\" data-e-type=\"container\">\n\t\t\t\t\t<div class=\"e-con-inner\">\n\t\t<div class=\"elementor-element elementor-element-701f3183 e-flex e-con-boxed wpr-particle-no wpr-jarallax-no wpr-parallax-no wpr-sticky-section-no wpr-equal-height-no e-con e-child\" data-id=\"701f3183\" data-element_type=\"container\" data-e-type=\"container\">\n\t\t\t\t\t<div class=\"e-con-inner\">\n\t\t<div class=\"elementor-element elementor-element-625f74bc e-flex e-con-boxed wpr-particle-no wpr-jarallax-no wpr-parallax-no wpr-sticky-section-no wpr-equal-height-no e-con e-child\" data-id=\"625f74bc\" data-element_type=\"container\" data-e-type=\"container\">\n\t\t\t\t\t<div class=\"e-con-inner\">\n\t\t\t\t<div class=\"elementor-element elementor-element-4494b297 elementor-widget elementor-widget-image\" data-id=\"4494b297\" data-element_type=\"widget\" data-e-type=\"widget\" data-widget_type=\"image.default\">\n\t\t\t\t<div class=\"elementor-widget-container\">\n\t\t\t\t\t\t\t\t\t\t\t\t\t\t\t\t<a href=\"https:\/\/ibrnb.org\/en\/sermons\/?sermon_series=conferencia-pastoral-2017\">\n\t\t\t\t\t\t\t<img loading=\"lazy\" decoding=\"async\" width=\"1170\" height=\"694\" src=\"https:\/\/ibrnb.org\/wp-content\/uploads\/2025\/11\/lareformaprotestante-1170x694.jpg\" class=\"attachment-large size-large wp-image-32857\" alt=\"\" srcset=\"https:\/\/ibrnb.org\/wp-content\/uploads\/2025\/11\/lareformaprotestante-1170x694.jpg 1170w, https:\/\/ibrnb.org\/wp-content\/uploads\/2025\/11\/lareformaprotestante-768x456.jpg 768w, https:\/\/ibrnb.org\/wp-content\/uploads\/2025\/11\/lareformaprotestante-18x10.jpg 18w\" sizes=\"(max-width: 1170px) 100vw, 1170px\" \/>\t\t\t\t\t\t\t\t<\/a>\n\t\t\t\t\t\t\t\t\t\t\t\t\t\t\t<\/div>\n\t\t\t\t<\/div>\n\t\t\t\t<div class=\"elementor-element elementor-element-451351ec wpr-button-icon-style-inline wpr-button-icon-position-right elementor-widget elementor-widget-wpr-button\" data-id=\"451351ec\" data-element_type=\"widget\" data-e-type=\"widget\" data-widget_type=\"wpr-button.default\">\n\t\t\t\t<div class=\"elementor-widget-container\">\n\t\t\t\t\t\t\n\t\t\t\n\t\t\n\t\t<div class=\"wpr-button-wrap elementor-clearfix\">\n\t\t<a class=\"wpr-button wpr-button-effect wpr-button-none\" data-text=\"\" href=\"https:\/\/ibrnb.org\/en\/sermons\/?sermon_series=conferencia-pastoral-2017\">\n\t\t\t\n\t\t\t<span class=\"wpr-button-content\">\n\t\t\t\t\t\t\t\t\t<span class=\"wpr-button-text\">2017<\/span>\n\t\t\t\t\t\t\t\t\n\t\t\t\t\t\t\t<\/span>\n\t\t<\/a>\n\n\t\t\t\t<\/div>\n\t\n\t\n\t\t\t\t\t<\/div>\n\t\t\t\t<\/div>\n\t\t\t\t<div class=\"elementor-element elementor-element-391c68e4 elementor-widget elementor-widget-heading\" data-id=\"391c68e4\" data-element_type=\"widget\" data-e-type=\"widget\" data-widget_type=\"heading.default\">\n\t\t\t\t<div class=\"elementor-widget-container\">\n\t\t\t\t\t<h2 class=\"elementor-heading-title elementor-size-default\"><a href=\"https:\/\/ibrnb.org\/en\/sermons\/?sermon_series=conferencia-pastoral-2017\">The Protestant Reformation<\/a><\/h2>\t\t\t\t<\/div>\n\t\t\t\t<\/div>\n\t\t\t\t<div class=\"elementor-element elementor-element-2fb50262 elementor-widget elementor-widget-heading\" data-id=\"2fb50262\" data-element_type=\"widget\" data-e-type=\"widget\" data-widget_type=\"heading.default\">\n\t\t\t\t<div class=\"elementor-widget-container\">\n\t\t\t\t\t<h2 class=\"elementor-heading-title elementor-size-default\">Conferencistas:<\/h2>\t\t\t\t<\/div>\n\t\t\t\t<\/div>\n\t\t\t\t<div class=\"elementor-element elementor-element-2a740c6d elementor-icon-list--layout-inline elementor-align-start elementor-list-item-link-full_width elementor-widget elementor-widget-icon-list\" data-id=\"2a740c6d\" data-element_type=\"widget\" data-e-type=\"widget\" data-widget_type=\"icon-list.default\">\n\t\t\t\t<div class=\"elementor-widget-container\">\n\t\t\t\t\t\t\t<ul class=\"elementor-icon-list-items elementor-inline-items\">\n\t\t\t\t\t\t\t<li class=\"elementor-icon-list-item elementor-inline-item\">\n\t\t\t\t\t\t\t\t\t\t\t<a href=\"https:\/\/conferenciapastoral.com\/sermons\/?sermon_speaker=pr-dave-chanski\">\n\n\t\t\t\t\t\t\t\t\t\t\t<span class=\"elementor-icon-list-text\">Pr. David Chanski<\/span>\n\t\t\t\t\t\t\t\t\t\t\t<\/a>\n\t\t\t\t\t\t\t\t\t<\/li>\n\t\t\t\t\t\t\t\t<li class=\"elementor-icon-list-item elementor-inline-item\">\n\t\t\t\t\t\t\t\t\t\t\t<a href=\"https:\/\/conferenciapastoral.com\/sermons\/?sermon_speaker=pr-gordon-cook\">\n\n\t\t\t\t\t\t\t\t\t\t\t<span class=\"elementor-icon-list-text\">Pr. Gordon Cook<\/span>\n\t\t\t\t\t\t\t\t\t\t\t<\/a>\n\t\t\t\t\t\t\t\t\t<\/li>\n\t\t\t\t\t\t\t\t<li class=\"elementor-icon-list-item elementor-inline-item\">\n\t\t\t\t\t\t\t\t\t\t\t<a href=\"https:\/\/conferenciapastoral.com\/sermons\/?sermon_speaker=pr-victor-garcia\">\n\n\t\t\t\t\t\t\t\t\t\t\t<span class=\"elementor-icon-list-text\">Pr. V\u00edctor Garc\u00eda<\/span>\n\t\t\t\t\t\t\t\t\t\t\t<\/a>\n\t\t\t\t\t\t\t\t\t<\/li>\n\t\t\t\t\t\t\t\t<li class=\"elementor-icon-list-item elementor-inline-item\">\n\t\t\t\t\t\t\t\t\t\t\t<a href=\"https:\/\/conferenciapastoral.com\/sermons\/?sermon_speaker=pr-albert-n-martin\">\n\n\t\t\t\t\t\t\t\t\t\t\t<span class=\"elementor-icon-list-text\">Pr. Albert N. Martin<\/span>\n\t\t\t\t\t\t\t\t\t\t\t<\/a>\n\t\t\t\t\t\t\t\t\t<\/li>\n\t\t\t\t\t\t\t\t<li class=\"elementor-icon-list-item elementor-inline-item\">\n\t\t\t\t\t\t\t\t\t\t\t<a href=\"https:\/\/conferenciapastoral.com\/sermons\/?sermon_speaker=pr-eugenio-pinero\">\n\n\t\t\t\t\t\t\t\t\t\t\t<span class=\"elementor-icon-list-text\">Pr. Eugenio Pi\u00f1ero<\/span>\n\t\t\t\t\t\t\t\t\t\t\t<\/a>\n\t\t\t\t\t\t\t\t\t<\/li>\n\t\t\t\t\t\t\t\t<li class=\"elementor-icon-list-item elementor-inline-item\">\n\t\t\t\t\t\t\t\t\t\t\t<a href=\"https:\/\/conferenciapastoral.com\/sermons\/?sermon_speaker=pr-jeff-smith\">\n\n\t\t\t\t\t\t\t\t\t\t\t<span class=\"elementor-icon-list-text\">Pr. Jeff Smith<\/span>\n\t\t\t\t\t\t\t\t\t\t\t<\/a>\n\t\t\t\t\t\t\t\t\t<\/li>\n\t\t\t\t\t\t\t\t<li class=\"elementor-icon-list-item elementor-inline-item\">\n\t\t\t\t\t\t\t\t\t\t\t<a href=\"https:\/\/conferenciapastoral.com\/sermons\/?sermon_speaker=pr-noble-vater\">\n\n\t\t\t\t\t\t\t\t\t\t\t<span class=\"elementor-icon-list-text\">Pr. Noble Vater<\/span>\n\t\t\t\t\t\t\t\t\t\t\t<\/a>\n\t\t\t\t\t\t\t\t\t<\/li>\n\t\t\t\t\t\t\t\t<li class=\"elementor-icon-list-item elementor-inline-item\">\n\t\t\t\t\t\t\t\t\t\t\t<a href=\"https:\/\/conferenciapastoral.com\/sermons\/?sermon_speaker=pr-jeremy-walker\">\n\n\t\t\t\t\t\t\t\t\t\t\t<span class=\"elementor-icon-list-text\">Pr. Jeremy Walker<\/span>\n\t\t\t\t\t\t\t\t\t\t\t<\/a>\n\t\t\t\t\t\t\t\t\t<\/li>\n\t\t\t\t\t\t<\/ul>\n\t\t\t\t\t\t<\/div>\n\t\t\t\t<\/div>\n\t\t\t\t\t<\/div>\n\t\t\t\t<\/div>\n\t\t<div class=\"elementor-element elementor-element-418aedb3 e-flex e-con-boxed wpr-particle-no wpr-jarallax-no wpr-parallax-no wpr-sticky-section-no wpr-equal-height-no e-con e-child\" data-id=\"418aedb3\" data-element_type=\"container\" data-e-type=\"container\">\n\t\t\t\t\t<div class=\"e-con-inner\">\n\t\t\t\t<div class=\"elementor-element elementor-element-3caaecb0 elementor-widget elementor-widget-image\" data-id=\"3caaecb0\" data-element_type=\"widget\" data-e-type=\"widget\" data-widget_type=\"image.default\">\n\t\t\t\t<div class=\"elementor-widget-container\">\n\t\t\t\t\t\t\t\t\t\t\t\t\t\t\t\t<a href=\"#\">\n\t\t\t\t\t\t\t<img loading=\"lazy\" decoding=\"async\" width=\"1170\" height=\"694\" src=\"https:\/\/ibrnb.org\/wp-content\/uploads\/2025\/09\/El-hombre-y-su-ministerio-1170x694.jpg\" class=\"attachment-large size-large wp-image-32275\" alt=\"\" srcset=\"https:\/\/ibrnb.org\/wp-content\/uploads\/2025\/09\/El-hombre-y-su-ministerio-1170x694.jpg 1170w, https:\/\/ibrnb.org\/wp-content\/uploads\/2025\/09\/El-hombre-y-su-ministerio-768x456.jpg 768w, https:\/\/ibrnb.org\/wp-content\/uploads\/2025\/09\/El-hombre-y-su-ministerio-18x10.jpg 18w\" sizes=\"(max-width: 1170px) 100vw, 1170px\" \/>\t\t\t\t\t\t\t\t<\/a>\n\t\t\t\t\t\t\t\t\t\t\t\t\t\t\t<\/div>\n\t\t\t\t<\/div>\n\t\t\t\t<div class=\"elementor-element elementor-element-a82f11d wpr-button-icon-style-inline wpr-button-icon-position-right elementor-widget elementor-widget-wpr-button\" data-id=\"a82f11d\" data-element_type=\"widget\" data-e-type=\"widget\" data-widget_type=\"wpr-button.default\">\n\t\t\t\t<div class=\"elementor-widget-container\">\n\t\t\t\t\t\t\n\t\t\t\n\t\t\n\t\t<div class=\"wpr-button-wrap elementor-clearfix\">\n\t\t<a class=\"wpr-button wpr-button-effect wpr-button-none\" data-text=\"\" href=\"#\">\n\t\t\t\n\t\t\t<span class=\"wpr-button-content\">\n\t\t\t\t\t\t\t\t\t<span class=\"wpr-button-text\">2016<\/span>\n\t\t\t\t\t\t\t\t\n\t\t\t\t\t\t\t<\/span>\n\t\t<\/a>\n\n\t\t\t\t<\/div>\n\t\n\t\n\t\t\t\t\t<\/div>\n\t\t\t\t<\/div>\n\t\t\t\t<div class=\"elementor-element elementor-element-657e459b elementor-widget elementor-widget-heading\" data-id=\"657e459b\" data-element_type=\"widget\" data-e-type=\"widget\" data-widget_type=\"heading.default\">\n\t\t\t\t<div class=\"elementor-widget-container\">\n\t\t\t\t\t<h2 class=\"elementor-heading-title elementor-size-default\"><a href=\"#\">The man and his ministry<\/a><\/h2>\t\t\t\t<\/div>\n\t\t\t\t<\/div>\n\t\t\t\t<div class=\"elementor-element elementor-element-693875ef elementor-widget elementor-widget-heading\" data-id=\"693875ef\" data-element_type=\"widget\" data-e-type=\"widget\" data-widget_type=\"heading.default\">\n\t\t\t\t<div class=\"elementor-widget-container\">\n\t\t\t\t\t<h2 class=\"elementor-heading-title elementor-size-default\">Conferencistas:<\/h2>\t\t\t\t<\/div>\n\t\t\t\t<\/div>\n\t\t\t\t<div class=\"elementor-element elementor-element-7ad1951c elementor-icon-list--layout-inline elementor-align-start elementor-list-item-link-full_width elementor-widget elementor-widget-icon-list\" data-id=\"7ad1951c\" data-element_type=\"widget\" data-e-type=\"widget\" data-widget_type=\"icon-list.default\">\n\t\t\t\t<div class=\"elementor-widget-container\">\n\t\t\t\t\t\t\t<ul class=\"elementor-icon-list-items elementor-inline-items\">\n\t\t\t\t\t\t\t<li class=\"elementor-icon-list-item elementor-inline-item\">\n\t\t\t\t\t\t\t\t\t\t\t<a href=\"https:\/\/conferenciapastoral.com\/sermons\/?sermon_speaker=pr-jeff-smith\">\n\n\t\t\t\t\t\t\t\t\t\t\t<span class=\"elementor-icon-list-text\">Pr. Jeff Smith<\/span>\n\t\t\t\t\t\t\t\t\t\t\t<\/a>\n\t\t\t\t\t\t\t\t\t<\/li>\n\t\t\t\t\t\t\t\t<li class=\"elementor-icon-list-item elementor-inline-item\">\n\t\t\t\t\t\t\t\t\t\t\t<a href=\"https:\/\/conferenciapastoral.com\/sermons\/?sermon_speaker=pr-alan-dunn\">\n\n\t\t\t\t\t\t\t\t\t\t\t<span class=\"elementor-icon-list-text\">Pr. Alan J. Dunn<\/span>\n\t\t\t\t\t\t\t\t\t\t\t<\/a>\n\t\t\t\t\t\t\t\t\t<\/li>\n\t\t\t\t\t\t\t\t<li class=\"elementor-icon-list-item elementor-inline-item\">\n\t\t\t\t\t\t\t\t\t\t\t<a href=\"https:\/\/conferenciapastoral.com\/sermons\/?sermon_speaker=pr-victor-garcia\">\n\n\t\t\t\t\t\t\t\t\t\t\t<span class=\"elementor-icon-list-text\">Pr. V\u00edctor Garc\u00eda<\/span>\n\t\t\t\t\t\t\t\t\t\t\t<\/a>\n\t\t\t\t\t\t\t\t\t<\/li>\n\t\t\t\t\t\t\t\t<li class=\"elementor-icon-list-item elementor-inline-item\">\n\t\t\t\t\t\t\t\t\t\t\t<a href=\"https:\/\/conferenciapastoral.com\/sermons\/?sermon_speaker=pr-albert-n-martin\">\n\n\t\t\t\t\t\t\t\t\t\t\t<span class=\"elementor-icon-list-text\">Pr. Albert N Martin<\/span>\n\t\t\t\t\t\t\t\t\t\t\t<\/a>\n\t\t\t\t\t\t\t\t\t<\/li>\n\t\t\t\t\t\t\t\t<li class=\"elementor-icon-list-item elementor-inline-item\">\n\t\t\t\t\t\t\t\t\t\t\t<a href=\"https:\/\/conferenciapastoral.com\/sermons\/?sermon_speaker=pr-eugenio-pinero\">\n\n\t\t\t\t\t\t\t\t\t\t\t<span class=\"elementor-icon-list-text\">Pr. Eugenio Pi\u00f1ero<\/span>\n\t\t\t\t\t\t\t\t\t\t\t<\/a>\n\t\t\t\t\t\t\t\t\t<\/li>\n\t\t\t\t\t\t\t\t<li class=\"elementor-icon-list-item elementor-inline-item\">\n\t\t\t\t\t\t\t\t\t\t\t<a href=\"https:\/\/conferenciapastoral.com\/sermons\/?sermon_speaker=pr-gordon-cook\">\n\n\t\t\t\t\t\t\t\t\t\t\t<span class=\"elementor-icon-list-text\">Pr. Gordon Cook<\/span>\n\t\t\t\t\t\t\t\t\t\t\t<\/a>\n\t\t\t\t\t\t\t\t\t<\/li>\n\t\t\t\t\t\t\t\t<li class=\"elementor-icon-list-item elementor-inline-item\">\n\t\t\t\t\t\t\t\t\t\t\t<a href=\"https:\/\/conferenciapastoral.com\/sermons\/?sermon_speaker=pr-noble-vater\">\n\n\t\t\t\t\t\t\t\t\t\t\t<span class=\"elementor-icon-list-text\">Pr. Noble Vater<\/span>\n\t\t\t\t\t\t\t\t\t\t\t<\/a>\n\t\t\t\t\t\t\t\t\t<\/li>\n\t\t\t\t\t\t<\/ul>\n\t\t\t\t\t\t<\/div>\n\t\t\t\t<\/div>\n\t\t\t\t\t<\/div>\n\t\t\t\t<\/div>\n\t\t<div class=\"elementor-element elementor-element-6555f1cf e-flex e-con-boxed wpr-particle-no wpr-jarallax-no wpr-parallax-no wpr-sticky-section-no wpr-equal-height-no e-con e-child\" data-id=\"6555f1cf\" data-element_type=\"container\" data-e-type=\"container\">\n\t\t\t\t\t<div class=\"e-con-inner\">\n\t\t\t\t<div class=\"elementor-element elementor-element-41885e01 elementor-widget elementor-widget-image\" data-id=\"41885e01\" data-element_type=\"widget\" data-e-type=\"widget\" data-widget_type=\"image.default\">\n\t\t\t\t<div class=\"elementor-widget-container\">\n\t\t\t\t\t\t\t\t\t\t\t\t\t\t\t\t<a href=\"#\">\n\t\t\t\t\t\t\t<img loading=\"lazy\" decoding=\"async\" width=\"1170\" height=\"694\" src=\"https:\/\/ibrnb.org\/wp-content\/uploads\/2025\/09\/La-piedad-y-fidelidad-del-pastor-1170x694.jpg\" class=\"attachment-large size-large wp-image-32279\" alt=\"\" srcset=\"https:\/\/ibrnb.org\/wp-content\/uploads\/2025\/09\/La-piedad-y-fidelidad-del-pastor-1170x694.jpg 1170w, https:\/\/ibrnb.org\/wp-content\/uploads\/2025\/09\/La-piedad-y-fidelidad-del-pastor-768x456.jpg 768w, https:\/\/ibrnb.org\/wp-content\/uploads\/2025\/09\/La-piedad-y-fidelidad-del-pastor-18x10.jpg 18w\" sizes=\"(max-width: 1170px) 100vw, 1170px\" \/>\t\t\t\t\t\t\t\t<\/a>\n\t\t\t\t\t\t\t\t\t\t\t\t\t\t\t<\/div>\n\t\t\t\t<\/div>\n\t\t\t\t<div class=\"elementor-element elementor-element-ee08812 wpr-button-icon-style-inline wpr-button-icon-position-right elementor-widget elementor-widget-wpr-button\" data-id=\"ee08812\" data-element_type=\"widget\" data-e-type=\"widget\" data-widget_type=\"wpr-button.default\">\n\t\t\t\t<div class=\"elementor-widget-container\">\n\t\t\t\t\t\t\n\t\t\t\n\t\t\n\t\t<div class=\"wpr-button-wrap elementor-clearfix\">\n\t\t<a class=\"wpr-button wpr-button-effect wpr-button-none\" data-text=\"\" href=\"#\">\n\t\t\t\n\t\t\t<span class=\"wpr-button-content\">\n\t\t\t\t\t\t\t\t\t<span class=\"wpr-button-text\">2015<\/span>\n\t\t\t\t\t\t\t\t\n\t\t\t\t\t\t\t<\/span>\n\t\t<\/a>\n\n\t\t\t\t<\/div>\n\t\n\t\n\t\t\t\t\t<\/div>\n\t\t\t\t<\/div>\n\t\t\t\t<div class=\"elementor-element elementor-element-162b7472 elementor-widget elementor-widget-heading\" data-id=\"162b7472\" data-element_type=\"widget\" data-e-type=\"widget\" data-widget_type=\"heading.default\">\n\t\t\t\t<div class=\"elementor-widget-container\">\n\t\t\t\t\t<h2 class=\"elementor-heading-title elementor-size-default\"><a href=\"#\">The shepherd's piety and faithfulness<\/a><\/h2>\t\t\t\t<\/div>\n\t\t\t\t<\/div>\n\t\t\t\t<div class=\"elementor-element elementor-element-1b3ad54a elementor-widget elementor-widget-heading\" data-id=\"1b3ad54a\" data-element_type=\"widget\" data-e-type=\"widget\" data-widget_type=\"heading.default\">\n\t\t\t\t<div class=\"elementor-widget-container\">\n\t\t\t\t\t<h2 class=\"elementor-heading-title elementor-size-default\">Conferencistas:<\/h2>\t\t\t\t<\/div>\n\t\t\t\t<\/div>\n\t\t\t\t<div class=\"elementor-element elementor-element-1cb9cc8d elementor-icon-list--layout-inline elementor-align-start elementor-list-item-link-full_width elementor-widget elementor-widget-icon-list\" data-id=\"1cb9cc8d\" data-element_type=\"widget\" data-e-type=\"widget\" data-widget_type=\"icon-list.default\">\n\t\t\t\t<div class=\"elementor-widget-container\">\n\t\t\t\t\t\t\t<ul class=\"elementor-icon-list-items elementor-inline-items\">\n\t\t\t\t\t\t\t<li class=\"elementor-icon-list-item elementor-inline-item\">\n\t\t\t\t\t\t\t\t\t\t\t<a href=\"https:\/\/conferenciapastoral.com\/sermons\/?sermon_speaker=pr-dave-chanski\">\n\n\t\t\t\t\t\t\t\t\t\t\t<span class=\"elementor-icon-list-text\">Pr. Dave Chanski<\/span>\n\t\t\t\t\t\t\t\t\t\t\t<\/a>\n\t\t\t\t\t\t\t\t\t<\/li>\n\t\t\t\t\t\t\t\t<li class=\"elementor-icon-list-item elementor-inline-item\">\n\t\t\t\t\t\t\t\t\t\t\t<a href=\"https:\/\/conferenciapastoral.com\/sermons\/?sermon_speaker=pr-alan-dunn\">\n\n\t\t\t\t\t\t\t\t\t\t\t<span class=\"elementor-icon-list-text\">Pr. Alan J. Dunn<\/span>\n\t\t\t\t\t\t\t\t\t\t\t<\/a>\n\t\t\t\t\t\t\t\t\t<\/li>\n\t\t\t\t\t\t\t\t<li class=\"elementor-icon-list-item elementor-inline-item\">\n\t\t\t\t\t\t\t\t\t\t\t<a href=\"https:\/\/conferenciapastoral.com\/sermons\/?sermon_speaker=pr-victor-garcia\">\n\n\t\t\t\t\t\t\t\t\t\t\t<span class=\"elementor-icon-list-text\">Pr. V\u00edctor Garc\u00eda<\/span>\n\t\t\t\t\t\t\t\t\t\t\t<\/a>\n\t\t\t\t\t\t\t\t\t<\/li>\n\t\t\t\t\t\t\t\t<li class=\"elementor-icon-list-item elementor-inline-item\">\n\t\t\t\t\t\t\t\t\t\t\t<a href=\"https:\/\/conferenciapastoral.com\/sermons\/?sermon_speaker=pr-albert-n-martin\">\n\n\t\t\t\t\t\t\t\t\t\t\t<span class=\"elementor-icon-list-text\">Pr. Albert N Martin<\/span>\n\t\t\t\t\t\t\t\t\t\t\t<\/a>\n\t\t\t\t\t\t\t\t\t<\/li>\n\t\t\t\t\t\t\t\t<li class=\"elementor-icon-list-item elementor-inline-item\">\n\t\t\t\t\t\t\t\t\t\t\t<a href=\"https:\/\/conferenciapastoral.com\/sermons\/?sermon_speaker=pr-robert-martin\">\n\n\t\t\t\t\t\t\t\t\t\t\t<span class=\"elementor-icon-list-text\">Pr. Robert Martin<\/span>\n\t\t\t\t\t\t\t\t\t\t\t<\/a>\n\t\t\t\t\t\t\t\t\t<\/li>\n\t\t\t\t\t\t\t\t<li class=\"elementor-icon-list-item elementor-inline-item\">\n\t\t\t\t\t\t\t\t\t\t\t<a href=\"https:\/\/conferenciapastoral.com\/sermons\/?sermon_speaker=pr-d-scott-meadows\">\n\n\t\t\t\t\t\t\t\t\t\t\t<span class=\"elementor-icon-list-text\">Pr. D. Scott Meadows<\/span>\n\t\t\t\t\t\t\t\t\t\t\t<\/a>\n\t\t\t\t\t\t\t\t\t<\/li>\n\t\t\t\t\t\t\t\t<li class=\"elementor-icon-list-item elementor-inline-item\">\n\t\t\t\t\t\t\t\t\t\t\t<a href=\"https:\/\/conferenciapastoral.com\/sermons\/?sermon_speaker=pr-eugenio-pinero\">\n\n\t\t\t\t\t\t\t\t\t\t\t<span class=\"elementor-icon-list-text\">Pr. Eugenio Pi\u00f1ero<\/span>\n\t\t\t\t\t\t\t\t\t\t\t<\/a>\n\t\t\t\t\t\t\t\t\t<\/li>\n\t\t\t\t\t\t\t\t<li class=\"elementor-icon-list-item elementor-inline-item\">\n\t\t\t\t\t\t\t\t\t\t\t<a href=\"https:\/\/conferenciapastoral.com\/sermons\/?sermon_speaker=pr-noble-vater\">\n\n\t\t\t\t\t\t\t\t\t\t\t<span class=\"elementor-icon-list-text\">Pr. Noble Vater<\/span>\n\t\t\t\t\t\t\t\t\t\t\t<\/a>\n\t\t\t\t\t\t\t\t\t<\/li>\n\t\t\t\t\t\t<\/ul>\n\t\t\t\t\t\t<\/div>\n\t\t\t\t<\/div>\n\t\t\t\t\t<\/div>\n\t\t\t\t<\/div>\n\t\t\t\t\t<\/div>\n\t\t\t\t<\/div>\n\t\t\t\t\t<\/div>\n\t\t\t\t<\/div>\n\t\t<div class=\"elementor-element elementor-element-43e985a8 e-flex e-con-boxed wpr-particle-no wpr-jarallax-no wpr-parallax-no wpr-sticky-section-no wpr-equal-height-no e-con e-child\" data-id=\"43e985a8\" data-element_type=\"container\" data-e-type=\"container\">\n\t\t\t\t\t<div class=\"e-con-inner\">\n\t\t<div class=\"elementor-element elementor-element-47879383 e-flex e-con-boxed wpr-particle-no wpr-jarallax-no wpr-parallax-no wpr-sticky-section-no wpr-equal-height-no e-con e-child\" data-id=\"47879383\" data-element_type=\"container\" data-e-type=\"container\">\n\t\t\t\t\t<div class=\"e-con-inner\">\n\t\t<div class=\"elementor-element elementor-element-e748efa e-flex e-con-boxed wpr-particle-no wpr-jarallax-no wpr-parallax-no wpr-sticky-section-no wpr-equal-height-no e-con e-child\" data-id=\"e748efa\" data-element_type=\"container\" data-e-type=\"container\">\n\t\t\t\t\t<div class=\"e-con-inner\">\n\t\t\t\t<div class=\"elementor-element elementor-element-10ab4d40 elementor-widget elementor-widget-image\" data-id=\"10ab4d40\" data-element_type=\"widget\" data-e-type=\"widget\" data-widget_type=\"image.default\">\n\t\t\t\t<div class=\"elementor-widget-container\">\n\t\t\t\t\t\t\t\t\t\t\t\t\t\t\t\t<a href=\"#\">\n\t\t\t\t\t\t\t<img loading=\"lazy\" decoding=\"async\" width=\"1170\" height=\"694\" src=\"https:\/\/ibrnb.org\/wp-content\/uploads\/2025\/09\/Consejeria-pastoral-y-otros-temas-2-1170x694.jpg\" class=\"attachment-large size-large wp-image-32289\" alt=\"\" srcset=\"https:\/\/ibrnb.org\/wp-content\/uploads\/2025\/09\/Consejeria-pastoral-y-otros-temas-2-1170x694.jpg 1170w, https:\/\/ibrnb.org\/wp-content\/uploads\/2025\/09\/Consejeria-pastoral-y-otros-temas-2-768x456.jpg 768w, https:\/\/ibrnb.org\/wp-content\/uploads\/2025\/09\/Consejeria-pastoral-y-otros-temas-2-18x10.jpg 18w\" sizes=\"(max-width: 1170px) 100vw, 1170px\" \/>\t\t\t\t\t\t\t\t<\/a>\n\t\t\t\t\t\t\t\t\t\t\t\t\t\t\t<\/div>\n\t\t\t\t<\/div>\n\t\t\t\t<div class=\"elementor-element elementor-element-66f5fe84 wpr-button-icon-style-inline wpr-button-icon-position-right elementor-widget elementor-widget-wpr-button\" data-id=\"66f5fe84\" data-element_type=\"widget\" data-e-type=\"widget\" data-widget_type=\"wpr-button.default\">\n\t\t\t\t<div class=\"elementor-widget-container\">\n\t\t\t\t\t\t\n\t\t\t\n\t\t\n\t\t<div class=\"wpr-button-wrap elementor-clearfix\">\n\t\t<a class=\"wpr-button wpr-button-effect wpr-button-none\" data-text=\"\" href=\"#\">\n\t\t\t\n\t\t\t<span class=\"wpr-button-content\">\n\t\t\t\t\t\t\t\t\t<span class=\"wpr-button-text\">2014<\/span>\n\t\t\t\t\t\t\t\t\n\t\t\t\t\t\t\t<\/span>\n\t\t<\/a>\n\n\t\t\t\t<\/div>\n\t\n\t\n\t\t\t\t\t<\/div>\n\t\t\t\t<\/div>\n\t\t\t\t<div class=\"elementor-element elementor-element-59572469 elementor-widget elementor-widget-heading\" data-id=\"59572469\" data-element_type=\"widget\" data-e-type=\"widget\" data-widget_type=\"heading.default\">\n\t\t\t\t<div class=\"elementor-widget-container\">\n\t\t\t\t\t<h2 class=\"elementor-heading-title elementor-size-default\"><a href=\"#\">Consejer\u00eda pastoral y otros temas (2)<\/a><\/h2>\t\t\t\t<\/div>\n\t\t\t\t<\/div>\n\t\t\t\t<div class=\"elementor-element elementor-element-725dbabd elementor-widget elementor-widget-heading\" data-id=\"725dbabd\" data-element_type=\"widget\" data-e-type=\"widget\" data-widget_type=\"heading.default\">\n\t\t\t\t<div class=\"elementor-widget-container\">\n\t\t\t\t\t<h2 class=\"elementor-heading-title elementor-size-default\">Conferencistas:<\/h2>\t\t\t\t<\/div>\n\t\t\t\t<\/div>\n\t\t\t\t<div class=\"elementor-element elementor-element-4514d8b2 elementor-icon-list--layout-inline elementor-align-start elementor-list-item-link-full_width elementor-widget elementor-widget-icon-list\" data-id=\"4514d8b2\" data-element_type=\"widget\" data-e-type=\"widget\" data-widget_type=\"icon-list.default\">\n\t\t\t\t<div class=\"elementor-widget-container\">\n\t\t\t\t\t\t\t<ul class=\"elementor-icon-list-items elementor-inline-items\">\n\t\t\t\t\t\t\t<li class=\"elementor-icon-list-item elementor-inline-item\">\n\t\t\t\t\t\t\t\t\t\t\t<a href=\"https:\/\/conferenciapastoral.com\/sermons\/?sermon_speaker=pr-alan-dunn\">\n\n\t\t\t\t\t\t\t\t\t\t\t<span class=\"elementor-icon-list-text\">Pr. Alan J. Dunn<\/span>\n\t\t\t\t\t\t\t\t\t\t\t<\/a>\n\t\t\t\t\t\t\t\t\t<\/li>\n\t\t\t\t\t\t\t\t<li class=\"elementor-icon-list-item elementor-inline-item\">\n\t\t\t\t\t\t\t\t\t\t\t<a href=\"https:\/\/conferenciapastoral.com\/sermons\/?sermon_speaker=pr-victor-garcia\">\n\n\t\t\t\t\t\t\t\t\t\t\t<span class=\"elementor-icon-list-text\">Pr. V\u00edctor Garc\u00eda<\/span>\n\t\t\t\t\t\t\t\t\t\t\t<\/a>\n\t\t\t\t\t\t\t\t\t<\/li>\n\t\t\t\t\t\t\t\t<li class=\"elementor-icon-list-item elementor-inline-item\">\n\t\t\t\t\t\t\t\t\t\t\t<a href=\"https:\/\/conferenciapastoral.com\/sermons\/?sermon_speaker=pr-robert-martin\">\n\n\t\t\t\t\t\t\t\t\t\t\t<span class=\"elementor-icon-list-text\">Pr. Robert Martin<\/span>\n\t\t\t\t\t\t\t\t\t\t\t<\/a>\n\t\t\t\t\t\t\t\t\t<\/li>\n\t\t\t\t\t\t\t\t<li class=\"elementor-icon-list-item elementor-inline-item\">\n\t\t\t\t\t\t\t\t\t\t\t<a href=\"https:\/\/conferenciapastoral.com\/sermons\/?sermon_speaker=pr-d-scott-meadows\">\n\n\t\t\t\t\t\t\t\t\t\t\t<span class=\"elementor-icon-list-text\">Pr. D. Scott Meadows<\/span>\n\t\t\t\t\t\t\t\t\t\t\t<\/a>\n\t\t\t\t\t\t\t\t\t<\/li>\n\t\t\t\t\t\t\t\t<li class=\"elementor-icon-list-item elementor-inline-item\">\n\t\t\t\t\t\t\t\t\t\t\t<a href=\"https:\/\/conferenciapastoral.com\/sermons\/?sermon_speaker=pr-eugenio-pinero\">\n\n\t\t\t\t\t\t\t\t\t\t\t<span class=\"elementor-icon-list-text\">Pr. Eugenio Pi\u00f1ero<\/span>\n\t\t\t\t\t\t\t\t\t\t\t<\/a>\n\t\t\t\t\t\t\t\t\t<\/li>\n\t\t\t\t\t\t\t\t<li class=\"elementor-icon-list-item elementor-inline-item\">\n\t\t\t\t\t\t\t\t\t\t\t<a href=\"https:\/\/conferenciapastoral.com\/sermons\/?sermon_speaker=pr-noble-vater\">\n\n\t\t\t\t\t\t\t\t\t\t\t<span class=\"elementor-icon-list-text\">Pr. Noble Vater<\/span>\n\t\t\t\t\t\t\t\t\t\t\t<\/a>\n\t\t\t\t\t\t\t\t\t<\/li>\n\t\t\t\t\t\t<\/ul>\n\t\t\t\t\t\t<\/div>\n\t\t\t\t<\/div>\n\t\t\t\t\t<\/div>\n\t\t\t\t<\/div>\n\t\t<div class=\"elementor-element elementor-element-5f7091b6 e-flex e-con-boxed wpr-particle-no wpr-jarallax-no wpr-parallax-no wpr-sticky-section-no wpr-equal-height-no e-con e-child\" data-id=\"5f7091b6\" data-element_type=\"container\" data-e-type=\"container\">\n\t\t\t\t\t<div class=\"e-con-inner\">\n\t\t\t\t<div class=\"elementor-element elementor-element-f4fd757 elementor-widget elementor-widget-image\" data-id=\"f4fd757\" data-element_type=\"widget\" data-e-type=\"widget\" data-widget_type=\"image.default\">\n\t\t\t\t<div class=\"elementor-widget-container\">\n\t\t\t\t\t\t\t\t\t\t\t\t\t\t\t\t<a href=\"#\">\n\t\t\t\t\t\t\t<img loading=\"lazy\" decoding=\"async\" width=\"1170\" height=\"694\" src=\"https:\/\/ibrnb.org\/wp-content\/uploads\/2025\/09\/Consejeria-pastoral-y-otros-temas-1-1170x694.jpg\" class=\"attachment-large size-large wp-image-32293\" alt=\"\" srcset=\"https:\/\/ibrnb.org\/wp-content\/uploads\/2025\/09\/Consejeria-pastoral-y-otros-temas-1-1170x694.jpg 1170w, https:\/\/ibrnb.org\/wp-content\/uploads\/2025\/09\/Consejeria-pastoral-y-otros-temas-1-768x456.jpg 768w, https:\/\/ibrnb.org\/wp-content\/uploads\/2025\/09\/Consejeria-pastoral-y-otros-temas-1-18x10.jpg 18w\" sizes=\"(max-width: 1170px) 100vw, 1170px\" \/>\t\t\t\t\t\t\t\t<\/a>\n\t\t\t\t\t\t\t\t\t\t\t\t\t\t\t<\/div>\n\t\t\t\t<\/div>\n\t\t\t\t<div class=\"elementor-element elementor-element-74197957 wpr-button-icon-style-inline wpr-button-icon-position-right elementor-widget elementor-widget-wpr-button\" data-id=\"74197957\" data-element_type=\"widget\" data-e-type=\"widget\" data-widget_type=\"wpr-button.default\">\n\t\t\t\t<div class=\"elementor-widget-container\">\n\t\t\t\t\t\t\n\t\t\t\n\t\t\n\t\t<div class=\"wpr-button-wrap elementor-clearfix\">\n\t\t<a class=\"wpr-button wpr-button-effect wpr-button-none\" data-text=\"\" href=\"#\">\n\t\t\t\n\t\t\t<span class=\"wpr-button-content\">\n\t\t\t\t\t\t\t\t\t<span class=\"wpr-button-text\">2013<\/span>\n\t\t\t\t\t\t\t\t\n\t\t\t\t\t\t\t<\/span>\n\t\t<\/a>\n\n\t\t\t\t<\/div>\n\t\n\t\n\t\t\t\t\t<\/div>\n\t\t\t\t<\/div>\n\t\t\t\t<div class=\"elementor-element elementor-element-38575fa3 elementor-widget elementor-widget-heading\" data-id=\"38575fa3\" data-element_type=\"widget\" data-e-type=\"widget\" data-widget_type=\"heading.default\">\n\t\t\t\t<div class=\"elementor-widget-container\">\n\t\t\t\t\t<h2 class=\"elementor-heading-title elementor-size-default\"><a href=\"#\">Consejer\u00eda pastoral y otros temas (1)<\/a><\/h2>\t\t\t\t<\/div>\n\t\t\t\t<\/div>\n\t\t\t\t<div class=\"elementor-element elementor-element-75e08201 elementor-widget elementor-widget-heading\" data-id=\"75e08201\" data-element_type=\"widget\" data-e-type=\"widget\" data-widget_type=\"heading.default\">\n\t\t\t\t<div class=\"elementor-widget-container\">\n\t\t\t\t\t<h2 class=\"elementor-heading-title elementor-size-default\">Conferencistas:<\/h2>\t\t\t\t<\/div>\n\t\t\t\t<\/div>\n\t\t\t\t<div class=\"elementor-element elementor-element-15ab7c6e elementor-icon-list--layout-inline elementor-align-start elementor-list-item-link-full_width elementor-widget elementor-widget-icon-list\" data-id=\"15ab7c6e\" data-element_type=\"widget\" data-e-type=\"widget\" data-widget_type=\"icon-list.default\">\n\t\t\t\t<div class=\"elementor-widget-container\">\n\t\t\t\t\t\t\t<ul class=\"elementor-icon-list-items elementor-inline-items\">\n\t\t\t\t\t\t\t<li class=\"elementor-icon-list-item elementor-inline-item\">\n\t\t\t\t\t\t\t\t\t\t\t<a href=\"https:\/\/conferenciapastoral.com\/sermons\/?sermon_speaker=pr-gordon-cook\">\n\n\t\t\t\t\t\t\t\t\t\t\t<span class=\"elementor-icon-list-text\">Pr. Gordon Cook<\/span>\n\t\t\t\t\t\t\t\t\t\t\t<\/a>\n\t\t\t\t\t\t\t\t\t<\/li>\n\t\t\t\t\t\t\t\t<li class=\"elementor-icon-list-item elementor-inline-item\">\n\t\t\t\t\t\t\t\t\t\t\t<a href=\"https:\/\/conferenciapastoral.com\/sermons\/?sermon_speaker=pr-alan-dunn\">\n\n\t\t\t\t\t\t\t\t\t\t\t<span class=\"elementor-icon-list-text\">Pr. Alan J. Dunn<\/span>\n\t\t\t\t\t\t\t\t\t\t\t<\/a>\n\t\t\t\t\t\t\t\t\t<\/li>\n\t\t\t\t\t\t\t\t<li class=\"elementor-icon-list-item elementor-inline-item\">\n\t\t\t\t\t\t\t\t\t\t\t<a href=\"https:\/\/conferenciapastoral.com\/sermons\/?sermon_speaker=pr-victor-garcia\">\n\n\t\t\t\t\t\t\t\t\t\t\t<span class=\"elementor-icon-list-text\">Pr. V\u00edctor Garc\u00eda<\/span>\n\t\t\t\t\t\t\t\t\t\t\t<\/a>\n\t\t\t\t\t\t\t\t\t<\/li>\n\t\t\t\t\t\t\t\t<li class=\"elementor-icon-list-item elementor-inline-item\">\n\t\t\t\t\t\t\t\t\t\t\t<a href=\"https:\/\/conferenciapastoral.com\/sermons\/?sermon_speaker=pr-robert-martin\">\n\n\t\t\t\t\t\t\t\t\t\t\t<span class=\"elementor-icon-list-text\">Pr. Robert Martin<\/span>\n\t\t\t\t\t\t\t\t\t\t\t<\/a>\n\t\t\t\t\t\t\t\t\t<\/li>\n\t\t\t\t\t\t\t\t<li class=\"elementor-icon-list-item elementor-inline-item\">\n\t\t\t\t\t\t\t\t\t\t\t<a href=\"https:\/\/conferenciapastoral.com\/sermons\/?sermon_speaker=pr-d-scott-meadows\">\n\n\t\t\t\t\t\t\t\t\t\t\t<span class=\"elementor-icon-list-text\">Pr. D. Scott Meadows<\/span>\n\t\t\t\t\t\t\t\t\t\t\t<\/a>\n\t\t\t\t\t\t\t\t\t<\/li>\n\t\t\t\t\t\t\t\t<li class=\"elementor-icon-list-item elementor-inline-item\">\n\t\t\t\t\t\t\t\t\t\t\t<a href=\"https:\/\/conferenciapastoral.com\/sermons\/?sermon_speaker=pr-eugenio-pinero\">\n\n\t\t\t\t\t\t\t\t\t\t\t<span class=\"elementor-icon-list-text\">Pr. Eugenio Pi\u00f1ero<\/span>\n\t\t\t\t\t\t\t\t\t\t\t<\/a>\n\t\t\t\t\t\t\t\t\t<\/li>\n\t\t\t\t\t\t\t\t<li class=\"elementor-icon-list-item elementor-inline-item\">\n\t\t\t\t\t\t\t\t\t\t\t<a href=\"https:\/\/conferenciapastoral.com\/sermons\/?sermon_speaker=pr-noble-vater\">\n\n\t\t\t\t\t\t\t\t\t\t\t<span class=\"elementor-icon-list-text\">Pr. Noble Vater<\/span>\n\t\t\t\t\t\t\t\t\t\t\t<\/a>\n\t\t\t\t\t\t\t\t\t<\/li>\n\t\t\t\t\t\t<\/ul>\n\t\t\t\t\t\t<\/div>\n\t\t\t\t<\/div>\n\t\t\t\t\t<\/div>\n\t\t\t\t<\/div>\n\t\t<div class=\"elementor-element elementor-element-668e2353 e-flex e-con-boxed wpr-particle-no wpr-jarallax-no wpr-parallax-no wpr-sticky-section-no wpr-equal-height-no e-con e-child\" data-id=\"668e2353\" data-element_type=\"container\" data-e-type=\"container\">\n\t\t\t\t\t<div class=\"e-con-inner\">\n\t\t\t\t<div class=\"elementor-element elementor-element-31440ede elementor-widget elementor-widget-image\" data-id=\"31440ede\" data-element_type=\"widget\" data-e-type=\"widget\" data-widget_type=\"image.default\">\n\t\t\t\t<div class=\"elementor-widget-container\">\n\t\t\t\t\t\t\t\t\t\t\t\t\t\t\t\t<a href=\"#\">\n\t\t\t\t\t\t\t<img loading=\"lazy\" decoding=\"async\" width=\"1170\" height=\"694\" src=\"https:\/\/ibrnb.org\/wp-content\/uploads\/2025\/09\/Un-ministerio-fiel-1170x694.jpg\" class=\"attachment-large size-large wp-image-32297\" alt=\"\" srcset=\"https:\/\/ibrnb.org\/wp-content\/uploads\/2025\/09\/Un-ministerio-fiel-1170x694.jpg 1170w, https:\/\/ibrnb.org\/wp-content\/uploads\/2025\/09\/Un-ministerio-fiel-768x456.jpg 768w, https:\/\/ibrnb.org\/wp-content\/uploads\/2025\/09\/Un-ministerio-fiel-18x10.jpg 18w\" sizes=\"(max-width: 1170px) 100vw, 1170px\" \/>\t\t\t\t\t\t\t\t<\/a>\n\t\t\t\t\t\t\t\t\t\t\t\t\t\t\t<\/div>\n\t\t\t\t<\/div>\n\t\t\t\t<div class=\"elementor-element elementor-element-3527f4a2 wpr-button-icon-style-inline wpr-button-icon-position-right elementor-widget elementor-widget-wpr-button\" data-id=\"3527f4a2\" data-element_type=\"widget\" data-e-type=\"widget\" data-widget_type=\"wpr-button.default\">\n\t\t\t\t<div class=\"elementor-widget-container\">\n\t\t\t\t\t\t\n\t\t\t\n\t\t\n\t\t<div class=\"wpr-button-wrap elementor-clearfix\">\n\t\t<a class=\"wpr-button wpr-button-effect wpr-button-none\" data-text=\"\" href=\"#\">\n\t\t\t\n\t\t\t<span class=\"wpr-button-content\">\n\t\t\t\t\t\t\t\t\t<span class=\"wpr-button-text\">2012<\/span>\n\t\t\t\t\t\t\t\t\n\t\t\t\t\t\t\t<\/span>\n\t\t<\/a>\n\n\t\t\t\t<\/div>\n\t\n\t\n\t\t\t\t\t<\/div>\n\t\t\t\t<\/div>\n\t\t\t\t<div class=\"elementor-element elementor-element-a44167 elementor-widget elementor-widget-heading\" data-id=\"a44167\" data-element_type=\"widget\" data-e-type=\"widget\" data-widget_type=\"heading.default\">\n\t\t\t\t<div class=\"elementor-widget-container\">\n\t\t\t\t\t<h2 class=\"elementor-heading-title elementor-size-default\"><a href=\"#\">Un ministerio fiel<\/a><\/h2>\t\t\t\t<\/div>\n\t\t\t\t<\/div>\n\t\t\t\t<div class=\"elementor-element elementor-element-7a277424 elementor-widget elementor-widget-heading\" data-id=\"7a277424\" data-element_type=\"widget\" data-e-type=\"widget\" data-widget_type=\"heading.default\">\n\t\t\t\t<div class=\"elementor-widget-container\">\n\t\t\t\t\t<h2 class=\"elementor-heading-title elementor-size-default\">Conferencistas:<\/h2>\t\t\t\t<\/div>\n\t\t\t\t<\/div>\n\t\t\t\t<div class=\"elementor-element elementor-element-1e4f597d elementor-icon-list--layout-inline elementor-align-start elementor-list-item-link-full_width elementor-widget elementor-widget-icon-list\" data-id=\"1e4f597d\" data-element_type=\"widget\" data-e-type=\"widget\" data-widget_type=\"icon-list.default\">\n\t\t\t\t<div class=\"elementor-widget-container\">\n\t\t\t\t\t\t\t<ul class=\"elementor-icon-list-items elementor-inline-items\">\n\t\t\t\t\t\t\t<li class=\"elementor-icon-list-item elementor-inline-item\">\n\t\t\t\t\t\t\t\t\t\t\t<a href=\"https:\/\/conferenciapastoral.com\/sermons\/?sermon_speaker=pr-alan-dunn\">\n\n\t\t\t\t\t\t\t\t\t\t\t<span class=\"elementor-icon-list-text\">Pr. Alan J. Dunn<\/span>\n\t\t\t\t\t\t\t\t\t\t\t<\/a>\n\t\t\t\t\t\t\t\t\t<\/li>\n\t\t\t\t\t\t\t\t<li class=\"elementor-icon-list-item elementor-inline-item\">\n\t\t\t\t\t\t\t\t\t\t\t<a href=\"https:\/\/conferenciapastoral.com\/sermons\/?sermon_speaker=pr-robert-martin\">\n\n\t\t\t\t\t\t\t\t\t\t\t<span class=\"elementor-icon-list-text\">Pr. Robert Martin<\/span>\n\t\t\t\t\t\t\t\t\t\t\t<\/a>\n\t\t\t\t\t\t\t\t\t<\/li>\n\t\t\t\t\t\t\t\t<li class=\"elementor-icon-list-item elementor-inline-item\">\n\t\t\t\t\t\t\t\t\t\t\t<a href=\"https:\/\/conferenciapastoral.com\/sermons\/?sermon_speaker=pr-d-scott-meadows\">\n\n\t\t\t\t\t\t\t\t\t\t\t<span class=\"elementor-icon-list-text\">Pr. D. Scott Meadows<\/span>\n\t\t\t\t\t\t\t\t\t\t\t<\/a>\n\t\t\t\t\t\t\t\t\t<\/li>\n\t\t\t\t\t\t\t\t<li class=\"elementor-icon-list-item elementor-inline-item\">\n\t\t\t\t\t\t\t\t\t\t\t<a href=\"https:\/\/conferenciapastoral.com\/sermons\/?sermon_speaker=pr-eugenio-pinero\">\n\n\t\t\t\t\t\t\t\t\t\t\t<span class=\"elementor-icon-list-text\">Pr. Eugenio Pi\u00f1ero<\/span>\n\t\t\t\t\t\t\t\t\t\t\t<\/a>\n\t\t\t\t\t\t\t\t\t<\/li>\n\t\t\t\t\t\t\t\t<li class=\"elementor-icon-list-item elementor-inline-item\">\n\t\t\t\t\t\t\t\t\t\t\t<a href=\"https:\/\/conferenciapastoral.com\/sermons\/?sermon_speaker=pr-noble-vater\">\n\n\t\t\t\t\t\t\t\t\t\t\t<span class=\"elementor-icon-list-text\">Pr. Noble Vater<\/span>\n\t\t\t\t\t\t\t\t\t\t\t<\/a>\n\t\t\t\t\t\t\t\t\t<\/li>\n\t\t\t\t\t\t<\/ul>\n\t\t\t\t\t\t<\/div>\n\t\t\t\t<\/div>\n\t\t\t\t\t<\/div>\n\t\t\t\t<\/div>\n\t\t\t\t\t<\/div>\n\t\t\t\t<\/div>\n\t\t\t\t\t<\/div>\n\t\t\t\t<\/div>\n\t\t<div class=\"elementor-element elementor-element-ca433b3 e-flex e-con-boxed wpr-particle-no wpr-jarallax-no wpr-parallax-no wpr-sticky-section-no wpr-equal-height-no e-con e-child\" data-id=\"ca433b3\" data-element_type=\"container\" data-e-type=\"container\">\n\t\t\t\t\t<div class=\"e-con-inner\">\n\t\t<div class=\"elementor-element elementor-element-1666663b e-flex e-con-boxed wpr-particle-no wpr-jarallax-no wpr-parallax-no wpr-sticky-section-no wpr-equal-height-no e-con e-child\" data-id=\"1666663b\" data-element_type=\"container\" data-e-type=\"container\">\n\t\t\t\t\t<div class=\"e-con-inner\">\n\t\t<div class=\"elementor-element elementor-element-2e8e0321 e-flex e-con-boxed wpr-particle-no wpr-jarallax-no wpr-parallax-no wpr-sticky-section-no wpr-equal-height-no e-con e-child\" data-id=\"2e8e0321\" data-element_type=\"container\" data-e-type=\"container\">\n\t\t\t\t\t<div class=\"e-con-inner\">\n\t\t\t\t<div class=\"elementor-element elementor-element-1f93accc elementor-widget elementor-widget-image\" data-id=\"1f93accc\" data-element_type=\"widget\" data-e-type=\"widget\" data-widget_type=\"image.default\">\n\t\t\t\t<div class=\"elementor-widget-container\">\n\t\t\t\t\t\t\t\t\t\t\t\t\t\t\t\t<a href=\"#\">\n\t\t\t\t\t\t\t<img loading=\"lazy\" decoding=\"async\" width=\"1170\" height=\"694\" src=\"https:\/\/ibrnb.org\/wp-content\/uploads\/2025\/09\/La-adoracion-biblica-3-1170x694.jpg\" class=\"attachment-large size-large wp-image-32307\" alt=\"\" srcset=\"https:\/\/ibrnb.org\/wp-content\/uploads\/2025\/09\/La-adoracion-biblica-3-1170x694.jpg 1170w, https:\/\/ibrnb.org\/wp-content\/uploads\/2025\/09\/La-adoracion-biblica-3-768x456.jpg 768w, https:\/\/ibrnb.org\/wp-content\/uploads\/2025\/09\/La-adoracion-biblica-3-18x10.jpg 18w\" sizes=\"(max-width: 1170px) 100vw, 1170px\" \/>\t\t\t\t\t\t\t\t<\/a>\n\t\t\t\t\t\t\t\t\t\t\t\t\t\t\t<\/div>\n\t\t\t\t<\/div>\n\t\t\t\t<div class=\"elementor-element elementor-element-ab9a9a4 wpr-button-icon-style-inline wpr-button-icon-position-right elementor-widget elementor-widget-wpr-button\" data-id=\"ab9a9a4\" data-element_type=\"widget\" data-e-type=\"widget\" data-widget_type=\"wpr-button.default\">\n\t\t\t\t<div class=\"elementor-widget-container\">\n\t\t\t\t\t\t\n\t\t\t\n\t\t\n\t\t<div class=\"wpr-button-wrap elementor-clearfix\">\n\t\t<a class=\"wpr-button wpr-button-effect wpr-button-none\" data-text=\"\" href=\"#\">\n\t\t\t\n\t\t\t<span class=\"wpr-button-content\">\n\t\t\t\t\t\t\t\t\t<span class=\"wpr-button-text\">2011<\/span>\n\t\t\t\t\t\t\t\t\n\t\t\t\t\t\t\t<\/span>\n\t\t<\/a>\n\n\t\t\t\t<\/div>\n\t\n\t\n\t\t\t\t\t<\/div>\n\t\t\t\t<\/div>\n\t\t\t\t<div class=\"elementor-element elementor-element-1ca0368f elementor-widget elementor-widget-heading\" data-id=\"1ca0368f\" data-element_type=\"widget\" data-e-type=\"widget\" data-widget_type=\"heading.default\">\n\t\t\t\t<div class=\"elementor-widget-container\">\n\t\t\t\t\t<h2 class=\"elementor-heading-title elementor-size-default\"><a href=\"#\">La adoraci\u00f3n b\u00edblica\n<\/a><\/h2>\t\t\t\t<\/div>\n\t\t\t\t<\/div>\n\t\t\t\t<div class=\"elementor-element elementor-element-3118f596 elementor-widget elementor-widget-heading\" data-id=\"3118f596\" data-element_type=\"widget\" data-e-type=\"widget\" data-widget_type=\"heading.default\">\n\t\t\t\t<div class=\"elementor-widget-container\">\n\t\t\t\t\t<h2 class=\"elementor-heading-title elementor-size-default\">Conferencistas:<\/h2>\t\t\t\t<\/div>\n\t\t\t\t<\/div>\n\t\t\t\t<div class=\"elementor-element elementor-element-c5d5ab1 elementor-icon-list--layout-inline elementor-align-start elementor-list-item-link-full_width elementor-widget elementor-widget-icon-list\" data-id=\"c5d5ab1\" data-element_type=\"widget\" data-e-type=\"widget\" data-widget_type=\"icon-list.default\">\n\t\t\t\t<div class=\"elementor-widget-container\">\n\t\t\t\t\t\t\t<ul class=\"elementor-icon-list-items elementor-inline-items\">\n\t\t\t\t\t\t\t<li class=\"elementor-icon-list-item elementor-inline-item\">\n\t\t\t\t\t\t\t\t\t\t\t<a href=\"https:\/\/conferenciapastoral.com\/sermons\/?sermon_speaker=pr-dave-chanski\">\n\n\t\t\t\t\t\t\t\t\t\t\t<span class=\"elementor-icon-list-text\">Pr. David Chanski<\/span>\n\t\t\t\t\t\t\t\t\t\t\t<\/a>\n\t\t\t\t\t\t\t\t\t<\/li>\n\t\t\t\t\t\t\t\t<li class=\"elementor-icon-list-item elementor-inline-item\">\n\t\t\t\t\t\t\t\t\t\t\t<a href=\"https:\/\/conferenciapastoral.com\/sermons\/?sermon_speaker=pr-gordon-cook\">\n\n\t\t\t\t\t\t\t\t\t\t\t<span class=\"elementor-icon-list-text\">Pr. Gordon Cook<\/span>\n\t\t\t\t\t\t\t\t\t\t\t<\/a>\n\t\t\t\t\t\t\t\t\t<\/li>\n\t\t\t\t\t\t\t\t<li class=\"elementor-icon-list-item elementor-inline-item\">\n\t\t\t\t\t\t\t\t\t\t\t<a href=\"https:\/\/conferenciapastoral.com\/sermons\/?sermon_speaker=pr-victor-garcia\">\n\n\t\t\t\t\t\t\t\t\t\t\t<span class=\"elementor-icon-list-text\">Pr. V\u00edctor Garc\u00eda<\/span>\n\t\t\t\t\t\t\t\t\t\t\t<\/a>\n\t\t\t\t\t\t\t\t\t<\/li>\n\t\t\t\t\t\t\t\t<li class=\"elementor-icon-list-item elementor-inline-item\">\n\t\t\t\t\t\t\t\t\t\t\t<a href=\"https:\/\/conferenciapastoral.com\/sermons\/?sermon_speaker=pr-d-scott-meadows\">\n\n\t\t\t\t\t\t\t\t\t\t\t<span class=\"elementor-icon-list-text\">Pr. D. Scott Meadows<\/span>\n\t\t\t\t\t\t\t\t\t\t\t<\/a>\n\t\t\t\t\t\t\t\t\t<\/li>\n\t\t\t\t\t\t\t\t<li class=\"elementor-icon-list-item elementor-inline-item\">\n\t\t\t\t\t\t\t\t\t\t\t<a href=\"https:\/\/conferenciapastoral.com\/sermons\/?sermon_speaker=pr-eugenio-pinero\">\n\n\t\t\t\t\t\t\t\t\t\t\t<span class=\"elementor-icon-list-text\">Pr. Eugenio Pi\u00f1ero<\/span>\n\t\t\t\t\t\t\t\t\t\t\t<\/a>\n\t\t\t\t\t\t\t\t\t<\/li>\n\t\t\t\t\t\t\t\t<li class=\"elementor-icon-list-item elementor-inline-item\">\n\t\t\t\t\t\t\t\t\t\t\t<a href=\"https:\/\/conferenciapastoral.com\/sermons\/?sermon_speaker=pr-noble-vater\">\n\n\t\t\t\t\t\t\t\t\t\t\t<span class=\"elementor-icon-list-text\">Pr. Noble Vater<\/span>\n\t\t\t\t\t\t\t\t\t\t\t<\/a>\n\t\t\t\t\t\t\t\t\t<\/li>\n\t\t\t\t\t\t<\/ul>\n\t\t\t\t\t\t<\/div>\n\t\t\t\t<\/div>\n\t\t\t\t\t<\/div>\n\t\t\t\t<\/div>\n\t\t<div class=\"elementor-element elementor-element-3a82fc52 e-flex e-con-boxed wpr-particle-no wpr-jarallax-no wpr-parallax-no wpr-sticky-section-no wpr-equal-height-no e-con e-child\" data-id=\"3a82fc52\" data-element_type=\"container\" data-e-type=\"container\">\n\t\t\t\t\t<div class=\"e-con-inner\">\n\t\t\t\t<div class=\"elementor-element elementor-element-3c73a710 elementor-widget elementor-widget-image\" data-id=\"3c73a710\" data-element_type=\"widget\" data-e-type=\"widget\" data-widget_type=\"image.default\">\n\t\t\t\t<div class=\"elementor-widget-container\">\n\t\t\t\t\t\t\t\t\t\t\t\t\t\t\t\t<a href=\"#\">\n\t\t\t\t\t\t\t<img loading=\"lazy\" decoding=\"async\" width=\"1170\" height=\"694\" src=\"https:\/\/ibrnb.org\/wp-content\/uploads\/2025\/09\/Como-pastorear-el-rebano-1-1170x694.jpg\" class=\"attachment-large size-large wp-image-32311\" alt=\"\" srcset=\"https:\/\/ibrnb.org\/wp-content\/uploads\/2025\/09\/Como-pastorear-el-rebano-1-1170x694.jpg 1170w, https:\/\/ibrnb.org\/wp-content\/uploads\/2025\/09\/Como-pastorear-el-rebano-1-768x456.jpg 768w, https:\/\/ibrnb.org\/wp-content\/uploads\/2025\/09\/Como-pastorear-el-rebano-1-18x10.jpg 18w\" sizes=\"(max-width: 1170px) 100vw, 1170px\" \/>\t\t\t\t\t\t\t\t<\/a>\n\t\t\t\t\t\t\t\t\t\t\t\t\t\t\t<\/div>\n\t\t\t\t<\/div>\n\t\t\t\t<div class=\"elementor-element elementor-element-29b64e5 wpr-button-icon-style-inline wpr-button-icon-position-right elementor-widget elementor-widget-wpr-button\" data-id=\"29b64e5\" data-element_type=\"widget\" data-e-type=\"widget\" data-widget_type=\"wpr-button.default\">\n\t\t\t\t<div class=\"elementor-widget-container\">\n\t\t\t\t\t\t\n\t\t\t\n\t\t\n\t\t<div class=\"wpr-button-wrap elementor-clearfix\">\n\t\t<a class=\"wpr-button wpr-button-effect wpr-button-none\" data-text=\"\" href=\"#\">\n\t\t\t\n\t\t\t<span class=\"wpr-button-content\">\n\t\t\t\t\t\t\t\t\t<span class=\"wpr-button-text\">2010<\/span>\n\t\t\t\t\t\t\t\t\n\t\t\t\t\t\t\t<\/span>\n\t\t<\/a>\n\n\t\t\t\t<\/div>\n\t\n\t\n\t\t\t\t\t<\/div>\n\t\t\t\t<\/div>\n\t\t\t\t<div class=\"elementor-element elementor-element-4149bcd3 elementor-widget elementor-widget-heading\" data-id=\"4149bcd3\" data-element_type=\"widget\" data-e-type=\"widget\" data-widget_type=\"heading.default\">\n\t\t\t\t<div class=\"elementor-widget-container\">\n\t\t\t\t\t<h2 class=\"elementor-heading-title elementor-size-default\"><a href=\"#\">C\u00f3mo pastorear el reba\u00f1o<\/a><\/h2>\t\t\t\t<\/div>\n\t\t\t\t<\/div>\n\t\t\t\t<div class=\"elementor-element elementor-element-6ea0b734 elementor-widget elementor-widget-heading\" data-id=\"6ea0b734\" data-element_type=\"widget\" data-e-type=\"widget\" data-widget_type=\"heading.default\">\n\t\t\t\t<div class=\"elementor-widget-container\">\n\t\t\t\t\t<h2 class=\"elementor-heading-title elementor-size-default\">Conferencistas:<\/h2>\t\t\t\t<\/div>\n\t\t\t\t<\/div>\n\t\t\t\t<div class=\"elementor-element elementor-element-4773d462 elementor-icon-list--layout-inline elementor-align-start elementor-list-item-link-full_width elementor-widget elementor-widget-icon-list\" data-id=\"4773d462\" data-element_type=\"widget\" data-e-type=\"widget\" data-widget_type=\"icon-list.default\">\n\t\t\t\t<div class=\"elementor-widget-container\">\n\t\t\t\t\t\t\t<ul class=\"elementor-icon-list-items elementor-inline-items\">\n\t\t\t\t\t\t\t<li class=\"elementor-icon-list-item elementor-inline-item\">\n\t\t\t\t\t\t\t\t\t\t\t<a href=\"https:\/\/conferenciapastoral.com\/sermons\/?sermon_speaker=pr-victor-garcia\">\n\n\t\t\t\t\t\t\t\t\t\t\t<span class=\"elementor-icon-list-text\">Pr. V\u00edctor Garc\u00eda<\/span>\n\t\t\t\t\t\t\t\t\t\t\t<\/a>\n\t\t\t\t\t\t\t\t\t<\/li>\n\t\t\t\t\t\t\t\t<li class=\"elementor-icon-list-item elementor-inline-item\">\n\t\t\t\t\t\t\t\t\t\t\t<a href=\"https:\/\/conferenciapastoral.com\/sermons\/?sermon_speaker=pr-eugenio-pinero\">\n\n\t\t\t\t\t\t\t\t\t\t\t<span class=\"elementor-icon-list-text\">Pr. Eugenio Pi\u00f1ero<\/span>\n\t\t\t\t\t\t\t\t\t\t\t<\/a>\n\t\t\t\t\t\t\t\t\t<\/li>\n\t\t\t\t\t\t\t\t<li class=\"elementor-icon-list-item elementor-inline-item\">\n\t\t\t\t\t\t\t\t\t\t\t<a href=\"https:\/\/conferenciapastoral.com\/sermons\/?sermon_speaker=pr-d-scott-meadows\">\n\n\t\t\t\t\t\t\t\t\t\t\t<span class=\"elementor-icon-list-text\">Pr. D. Scott Meadows<\/span>\n\t\t\t\t\t\t\t\t\t\t\t<\/a>\n\t\t\t\t\t\t\t\t\t<\/li>\n\t\t\t\t\t\t\t\t<li class=\"elementor-icon-list-item elementor-inline-item\">\n\t\t\t\t\t\t\t\t\t\t\t<a href=\"https:\/\/conferenciapastoral.com\/sermons\/?sermon_speaker=pr-alan-dunn\">\n\n\t\t\t\t\t\t\t\t\t\t\t<span class=\"elementor-icon-list-text\">Pr. Alan Dunn<\/span>\n\t\t\t\t\t\t\t\t\t\t\t<\/a>\n\t\t\t\t\t\t\t\t\t<\/li>\n\t\t\t\t\t\t\t\t<li class=\"elementor-icon-list-item elementor-inline-item\">\n\t\t\t\t\t\t\t\t\t\t\t<a href=\"https:\/\/conferenciapastoral.com\/sermons\/?sermon_speaker=pr-noble-vater\">\n\n\t\t\t\t\t\t\t\t\t\t\t<span class=\"elementor-icon-list-text\">Pr. Noble Vater<\/span>\n\t\t\t\t\t\t\t\t\t\t\t<\/a>\n\t\t\t\t\t\t\t\t\t<\/li>\n\t\t\t\t\t\t<\/ul>\n\t\t\t\t\t\t<\/div>\n\t\t\t\t<\/div>\n\t\t\t\t\t<\/div>\n\t\t\t\t<\/div>\n\t\t<div class=\"elementor-element elementor-element-6cab2c82 e-flex e-con-boxed wpr-particle-no wpr-jarallax-no wpr-parallax-no wpr-sticky-section-no wpr-equal-height-no e-con e-child\" data-id=\"6cab2c82\" data-element_type=\"container\" data-e-type=\"container\">\n\t\t\t\t\t<div class=\"e-con-inner\">\n\t\t\t\t<div class=\"elementor-element elementor-element-39fda9af elementor-widget elementor-widget-image\" data-id=\"39fda9af\" data-element_type=\"widget\" data-e-type=\"widget\" data-widget_type=\"image.default\">\n\t\t\t\t<div class=\"elementor-widget-container\">\n\t\t\t\t\t\t\t\t\t\t\t\t\t\t\t\t<a href=\"#\">\n\t\t\t\t\t\t\t<img loading=\"lazy\" decoding=\"async\" width=\"1170\" height=\"694\" src=\"https:\/\/ibrnb.org\/wp-content\/uploads\/2025\/09\/Pastoread-el-rebano-1-1170x694.jpg\" class=\"attachment-large size-large wp-image-32315\" alt=\"\" srcset=\"https:\/\/ibrnb.org\/wp-content\/uploads\/2025\/09\/Pastoread-el-rebano-1-1170x694.jpg 1170w, https:\/\/ibrnb.org\/wp-content\/uploads\/2025\/09\/Pastoread-el-rebano-1-768x456.jpg 768w, https:\/\/ibrnb.org\/wp-content\/uploads\/2025\/09\/Pastoread-el-rebano-1-18x10.jpg 18w\" sizes=\"(max-width: 1170px) 100vw, 1170px\" \/>\t\t\t\t\t\t\t\t<\/a>\n\t\t\t\t\t\t\t\t\t\t\t\t\t\t\t<\/div>\n\t\t\t\t<\/div>\n\t\t\t\t<div class=\"elementor-element elementor-element-3a27d189 wpr-button-icon-style-inline wpr-button-icon-position-right elementor-widget elementor-widget-wpr-button\" data-id=\"3a27d189\" data-element_type=\"widget\" data-e-type=\"widget\" data-widget_type=\"wpr-button.default\">\n\t\t\t\t<div class=\"elementor-widget-container\">\n\t\t\t\t\t\t\n\t\t\t\n\t\t\n\t\t<div class=\"wpr-button-wrap elementor-clearfix\">\n\t\t<a class=\"wpr-button wpr-button-effect wpr-button-none\" data-text=\"\" href=\"#\">\n\t\t\t\n\t\t\t<span class=\"wpr-button-content\">\n\t\t\t\t\t\t\t\t\t<span class=\"wpr-button-text\">2009<\/span>\n\t\t\t\t\t\t\t\t\n\t\t\t\t\t\t\t<\/span>\n\t\t<\/a>\n\n\t\t\t\t<\/div>\n\t\n\t\n\t\t\t\t\t<\/div>\n\t\t\t\t<\/div>\n\t\t\t\t<div class=\"elementor-element elementor-element-99931bb elementor-widget elementor-widget-heading\" data-id=\"99931bb\" data-element_type=\"widget\" data-e-type=\"widget\" data-widget_type=\"heading.default\">\n\t\t\t\t<div class=\"elementor-widget-container\">\n\t\t\t\t\t<h2 class=\"elementor-heading-title elementor-size-default\"><a href=\"#\">Pastoread el reba\u00f1o\n<\/a><\/h2>\t\t\t\t<\/div>\n\t\t\t\t<\/div>\n\t\t\t\t<div class=\"elementor-element elementor-element-22cf514a elementor-widget elementor-widget-heading\" data-id=\"22cf514a\" data-element_type=\"widget\" data-e-type=\"widget\" data-widget_type=\"heading.default\">\n\t\t\t\t<div class=\"elementor-widget-container\">\n\t\t\t\t\t<h2 class=\"elementor-heading-title elementor-size-default\">Conferencistas:<\/h2>\t\t\t\t<\/div>\n\t\t\t\t<\/div>\n\t\t\t\t<div class=\"elementor-element elementor-element-32d2c59c elementor-icon-list--layout-inline elementor-align-start elementor-list-item-link-full_width elementor-widget elementor-widget-icon-list\" data-id=\"32d2c59c\" data-element_type=\"widget\" data-e-type=\"widget\" data-widget_type=\"icon-list.default\">\n\t\t\t\t<div class=\"elementor-widget-container\">\n\t\t\t\t\t\t\t<ul class=\"elementor-icon-list-items elementor-inline-items\">\n\t\t\t\t\t\t\t<li class=\"elementor-icon-list-item elementor-inline-item\">\n\t\t\t\t\t\t\t\t\t\t\t<a href=\"https:\/\/conferenciapastoral.com\/sermons\/?sermon_speaker=pr-alan-dunn\">\n\n\t\t\t\t\t\t\t\t\t\t\t<span class=\"elementor-icon-list-text\">Pr. Alan Dunn<\/span>\n\t\t\t\t\t\t\t\t\t\t\t<\/a>\n\t\t\t\t\t\t\t\t\t<\/li>\n\t\t\t\t\t\t\t\t<li class=\"elementor-icon-list-item elementor-inline-item\">\n\t\t\t\t\t\t\t\t\t\t\t<a href=\"https:\/\/conferenciapastoral.com\/sermons\/?sermon_speaker=pr-d-scott-meadows\">\n\n\t\t\t\t\t\t\t\t\t\t\t<span class=\"elementor-icon-list-text\">Pr. D. Scott Meadows<\/span>\n\t\t\t\t\t\t\t\t\t\t\t<\/a>\n\t\t\t\t\t\t\t\t\t<\/li>\n\t\t\t\t\t\t\t\t<li class=\"elementor-icon-list-item elementor-inline-item\">\n\t\t\t\t\t\t\t\t\t\t\t<a href=\"https:\/\/conferenciapastoral.com\/sermons\/?sermon_speaker=pr-noble-vater\">\n\n\t\t\t\t\t\t\t\t\t\t\t<span class=\"elementor-icon-list-text\">Pr. Noble Vater<\/span>\n\t\t\t\t\t\t\t\t\t\t\t<\/a>\n\t\t\t\t\t\t\t\t\t<\/li>\n\t\t\t\t\t\t<\/ul>\n\t\t\t\t\t\t<\/div>\n\t\t\t\t<\/div>\n\t\t\t\t\t<\/div>\n\t\t\t\t<\/div>\n\t\t\t\t\t<\/div>\n\t\t\t\t<\/div>\n\t\t\t\t\t<\/div>\n\t\t\t\t<\/div>\n\t\t<div class=\"elementor-element elementor-element-4db6bdf6 e-flex e-con-boxed wpr-particle-no wpr-jarallax-no wpr-parallax-no wpr-sticky-section-no wpr-equal-height-no e-con e-child\" data-id=\"4db6bdf6\" data-element_type=\"container\" data-e-type=\"container\">\n\t\t\t\t\t<div class=\"e-con-inner\">\n\t\t<div class=\"elementor-element elementor-element-958ddef e-flex e-con-boxed wpr-particle-no wpr-jarallax-no wpr-parallax-no wpr-sticky-section-no wpr-equal-height-no e-con e-child\" data-id=\"958ddef\" data-element_type=\"container\" data-e-type=\"container\">\n\t\t\t\t\t<div class=\"e-con-inner\">\n\t\t<div class=\"elementor-element elementor-element-4def46c2 e-flex e-con-boxed wpr-particle-no wpr-jarallax-no wpr-parallax-no wpr-sticky-section-no wpr-equal-height-no e-con e-child\" data-id=\"4def46c2\" data-element_type=\"container\" data-e-type=\"container\">\n\t\t\t\t\t<div class=\"e-con-inner\">\n\t\t\t\t<div class=\"elementor-element elementor-element-36fb920b elementor-widget elementor-widget-image\" data-id=\"36fb920b\" data-element_type=\"widget\" data-e-type=\"widget\" data-widget_type=\"image.default\">\n\t\t\t\t<div class=\"elementor-widget-container\">\n\t\t\t\t\t\t\t\t\t\t\t\t\t\t\t\t<a href=\"#\">\n\t\t\t\t\t\t\t<img loading=\"lazy\" decoding=\"async\" width=\"1170\" height=\"694\" src=\"https:\/\/ibrnb.org\/wp-content\/uploads\/2025\/09\/elpastorenlaiglesia-1170x694.jpg\" class=\"attachment-large size-large wp-image-32325\" alt=\"\" srcset=\"https:\/\/ibrnb.org\/wp-content\/uploads\/2025\/09\/elpastorenlaiglesia-1170x694.jpg 1170w, https:\/\/ibrnb.org\/wp-content\/uploads\/2025\/09\/elpastorenlaiglesia-768x456.jpg 768w, https:\/\/ibrnb.org\/wp-content\/uploads\/2025\/09\/elpastorenlaiglesia-18x10.jpg 18w\" sizes=\"(max-width: 1170px) 100vw, 1170px\" \/>\t\t\t\t\t\t\t\t<\/a>\n\t\t\t\t\t\t\t\t\t\t\t\t\t\t\t<\/div>\n\t\t\t\t<\/div>\n\t\t\t\t<div class=\"elementor-element elementor-element-39648ec7 wpr-button-icon-style-inline wpr-button-icon-position-right elementor-widget elementor-widget-wpr-button\" data-id=\"39648ec7\" data-element_type=\"widget\" data-e-type=\"widget\" data-widget_type=\"wpr-button.default\">\n\t\t\t\t<div class=\"elementor-widget-container\">\n\t\t\t\t\t\t\n\t\t\t\n\t\t\n\t\t<div class=\"wpr-button-wrap elementor-clearfix\">\n\t\t<a class=\"wpr-button wpr-button-effect wpr-button-none\" data-text=\"\" href=\"#\">\n\t\t\t\n\t\t\t<span class=\"wpr-button-content\">\n\t\t\t\t\t\t\t\t\t<span class=\"wpr-button-text\">2008<\/span>\n\t\t\t\t\t\t\t\t\n\t\t\t\t\t\t\t<\/span>\n\t\t<\/a>\n\n\t\t\t\t<\/div>\n\t\n\t\n\t\t\t\t\t<\/div>\n\t\t\t\t<\/div>\n\t\t\t\t<div class=\"elementor-element elementor-element-574727a2 elementor-widget elementor-widget-heading\" data-id=\"574727a2\" data-element_type=\"widget\" data-e-type=\"widget\" data-widget_type=\"heading.default\">\n\t\t\t\t<div class=\"elementor-widget-container\">\n\t\t\t\t\t<h2 class=\"elementor-heading-title elementor-size-default\"><a href=\"#\">El pastor en la iglesia<\/a><\/h2>\t\t\t\t<\/div>\n\t\t\t\t<\/div>\n\t\t\t\t<div class=\"elementor-element elementor-element-67959731 elementor-widget elementor-widget-heading\" data-id=\"67959731\" data-element_type=\"widget\" data-e-type=\"widget\" data-widget_type=\"heading.default\">\n\t\t\t\t<div class=\"elementor-widget-container\">\n\t\t\t\t\t<h2 class=\"elementor-heading-title elementor-size-default\">Conferencistas:<\/h2>\t\t\t\t<\/div>\n\t\t\t\t<\/div>\n\t\t\t\t<div class=\"elementor-element elementor-element-3a409f6e elementor-icon-list--layout-inline elementor-align-start elementor-list-item-link-full_width elementor-widget elementor-widget-icon-list\" data-id=\"3a409f6e\" data-element_type=\"widget\" data-e-type=\"widget\" data-widget_type=\"icon-list.default\">\n\t\t\t\t<div class=\"elementor-widget-container\">\n\t\t\t\t\t\t\t<ul class=\"elementor-icon-list-items elementor-inline-items\">\n\t\t\t\t\t\t\t<li class=\"elementor-icon-list-item elementor-inline-item\">\n\t\t\t\t\t\t\t\t\t\t\t<a href=\"https:\/\/conferenciapastoral.com\/sermons\/?sermon_speaker=pr-bart-carlson\">\n\n\t\t\t\t\t\t\t\t\t\t\t<span class=\"elementor-icon-list-text\">Pr. Bart Carlson<\/span>\n\t\t\t\t\t\t\t\t\t\t\t<\/a>\n\t\t\t\t\t\t\t\t\t<\/li>\n\t\t\t\t\t\t\t\t<li class=\"elementor-icon-list-item elementor-inline-item\">\n\t\t\t\t\t\t\t\t\t\t\t<a href=\"https:\/\/conferenciapastoral.com\/sermons\/?sermon_speaker=pr-eugenio-pinero\">\n\n\t\t\t\t\t\t\t\t\t\t\t<span class=\"elementor-icon-list-text\">Pr. Eugenio Pi\u00f1ero<\/span>\n\t\t\t\t\t\t\t\t\t\t\t<\/a>\n\t\t\t\t\t\t\t\t\t<\/li>\n\t\t\t\t\t\t\t\t<li class=\"elementor-icon-list-item elementor-inline-item\">\n\t\t\t\t\t\t\t\t\t\t\t<a href=\"https:\/\/conferenciapastoral.com\/sermons\/?sermon_speaker=pr-d-scott-meadows\">\n\n\t\t\t\t\t\t\t\t\t\t\t<span class=\"elementor-icon-list-text\">Pr. D. Scott Meadows<\/span>\n\t\t\t\t\t\t\t\t\t\t\t<\/a>\n\t\t\t\t\t\t\t\t\t<\/li>\n\t\t\t\t\t\t\t\t<li class=\"elementor-icon-list-item elementor-inline-item\">\n\t\t\t\t\t\t\t\t\t\t\t<a href=\"https:\/\/conferenciapastoral.com\/sermons\/?sermon_speaker=pr-alan-dunn\">\n\n\t\t\t\t\t\t\t\t\t\t\t<span class=\"elementor-icon-list-text\">Pr. Alan Dunn<\/span>\n\t\t\t\t\t\t\t\t\t\t\t<\/a>\n\t\t\t\t\t\t\t\t\t<\/li>\n\t\t\t\t\t\t\t\t<li class=\"elementor-icon-list-item elementor-inline-item\">\n\t\t\t\t\t\t\t\t\t\t\t<a href=\"https:\/\/conferenciapastoral.com\/sermons\/?sermon_speaker=pr-noble-vater\">\n\n\t\t\t\t\t\t\t\t\t\t\t<span class=\"elementor-icon-list-text\">Pr. Noble Vater<\/span>\n\t\t\t\t\t\t\t\t\t\t\t<\/a>\n\t\t\t\t\t\t\t\t\t<\/li>\n\t\t\t\t\t\t<\/ul>\n\t\t\t\t\t\t<\/div>\n\t\t\t\t<\/div>\n\t\t\t\t\t<\/div>\n\t\t\t\t<\/div>\n\t\t<div class=\"elementor-element elementor-element-472c6bd4 e-flex e-con-boxed wpr-particle-no wpr-jarallax-no wpr-parallax-no wpr-sticky-section-no wpr-equal-height-no e-con e-child\" data-id=\"472c6bd4\" data-element_type=\"container\" data-e-type=\"container\">\n\t\t\t\t\t<div class=\"e-con-inner\">\n\t\t\t\t<div class=\"elementor-element elementor-element-53e199f0 elementor-widget elementor-widget-image\" data-id=\"53e199f0\" data-element_type=\"widget\" data-e-type=\"widget\" data-widget_type=\"image.default\">\n\t\t\t\t<div class=\"elementor-widget-container\">\n\t\t\t\t\t\t\t\t\t\t\t\t\t\t\t\t<a href=\"#\">\n\t\t\t\t\t\t\t<img loading=\"lazy\" decoding=\"async\" width=\"1170\" height=\"694\" src=\"https:\/\/ibrnb.org\/wp-content\/uploads\/2025\/09\/Instrucciones-Pastorales-1170x694.jpg\" class=\"attachment-large size-large wp-image-32329\" alt=\"\" srcset=\"https:\/\/ibrnb.org\/wp-content\/uploads\/2025\/09\/Instrucciones-Pastorales-1170x694.jpg 1170w, https:\/\/ibrnb.org\/wp-content\/uploads\/2025\/09\/Instrucciones-Pastorales-768x456.jpg 768w, https:\/\/ibrnb.org\/wp-content\/uploads\/2025\/09\/Instrucciones-Pastorales-18x10.jpg 18w\" sizes=\"(max-width: 1170px) 100vw, 1170px\" \/>\t\t\t\t\t\t\t\t<\/a>\n\t\t\t\t\t\t\t\t\t\t\t\t\t\t\t<\/div>\n\t\t\t\t<\/div>\n\t\t\t\t<div class=\"elementor-element elementor-element-798bac4 wpr-button-icon-style-inline wpr-button-icon-position-right elementor-widget elementor-widget-wpr-button\" data-id=\"798bac4\" data-element_type=\"widget\" data-e-type=\"widget\" data-widget_type=\"wpr-button.default\">\n\t\t\t\t<div class=\"elementor-widget-container\">\n\t\t\t\t\t\t\n\t\t\t\n\t\t\n\t\t<div class=\"wpr-button-wrap elementor-clearfix\">\n\t\t<a class=\"wpr-button wpr-button-effect wpr-button-none\" data-text=\"\" href=\"#\">\n\t\t\t\n\t\t\t<span class=\"wpr-button-content\">\n\t\t\t\t\t\t\t\t\t<span class=\"wpr-button-text\">2007<\/span>\n\t\t\t\t\t\t\t\t\n\t\t\t\t\t\t\t<\/span>\n\t\t<\/a>\n\n\t\t\t\t<\/div>\n\t\n\t\n\t\t\t\t\t<\/div>\n\t\t\t\t<\/div>\n\t\t\t\t<div class=\"elementor-element elementor-element-489b3412 elementor-widget elementor-widget-heading\" data-id=\"489b3412\" data-element_type=\"widget\" data-e-type=\"widget\" data-widget_type=\"heading.default\">\n\t\t\t\t<div class=\"elementor-widget-container\">\n\t\t\t\t\t<h2 class=\"elementor-heading-title elementor-size-default\"><a href=\"#\">Instrucciones Pastorales\n<\/a><\/h2>\t\t\t\t<\/div>\n\t\t\t\t<\/div>\n\t\t\t\t<div class=\"elementor-element elementor-element-356396a3 elementor-widget elementor-widget-heading\" data-id=\"356396a3\" data-element_type=\"widget\" data-e-type=\"widget\" data-widget_type=\"heading.default\">\n\t\t\t\t<div class=\"elementor-widget-container\">\n\t\t\t\t\t<h2 class=\"elementor-heading-title elementor-size-default\">Conferencistas:<\/h2>\t\t\t\t<\/div>\n\t\t\t\t<\/div>\n\t\t\t\t<div class=\"elementor-element elementor-element-775148df elementor-icon-list--layout-inline elementor-align-start elementor-list-item-link-full_width elementor-widget elementor-widget-icon-list\" data-id=\"775148df\" data-element_type=\"widget\" data-e-type=\"widget\" data-widget_type=\"icon-list.default\">\n\t\t\t\t<div class=\"elementor-widget-container\">\n\t\t\t\t\t\t\t<ul class=\"elementor-icon-list-items elementor-inline-items\">\n\t\t\t\t\t\t\t<li class=\"elementor-icon-list-item elementor-inline-item\">\n\t\t\t\t\t\t\t\t\t\t\t<a href=\"https:\/\/conferenciapastoral.com\/sermons\/?sermon_speaker=pr-d-scott-meadows\">\n\n\t\t\t\t\t\t\t\t\t\t\t<span class=\"elementor-icon-list-text\">Pr. D. Scott Meadows<\/span>\n\t\t\t\t\t\t\t\t\t\t\t<\/a>\n\t\t\t\t\t\t\t\t\t<\/li>\n\t\t\t\t\t\t\t\t<li class=\"elementor-icon-list-item elementor-inline-item\">\n\t\t\t\t\t\t\t\t\t\t\t<a href=\"https:\/\/conferenciapastoral.com\/sermons\/?sermon_speaker=pr-noble-vater\">\n\n\t\t\t\t\t\t\t\t\t\t\t<span class=\"elementor-icon-list-text\">Pr. Noble Vater<\/span>\n\t\t\t\t\t\t\t\t\t\t\t<\/a>\n\t\t\t\t\t\t\t\t\t<\/li>\n\t\t\t\t\t\t<\/ul>\n\t\t\t\t\t\t<\/div>\n\t\t\t\t<\/div>\n\t\t\t\t\t<\/div>\n\t\t\t\t<\/div>\n\t\t<div class=\"elementor-element elementor-element-5fa8d707 e-flex e-con-boxed wpr-particle-no wpr-jarallax-no wpr-parallax-no wpr-sticky-section-no wpr-equal-height-no e-con e-child\" data-id=\"5fa8d707\" data-element_type=\"container\" data-e-type=\"container\">\n\t\t\t\t\t<div class=\"e-con-inner\">\n\t\t\t\t<div class=\"elementor-element elementor-element-6b034dc2 elementor-widget elementor-widget-image\" data-id=\"6b034dc2\" data-element_type=\"widget\" data-e-type=\"widget\" data-widget_type=\"image.default\">\n\t\t\t\t<div class=\"elementor-widget-container\">\n\t\t\t\t\t\t\t\t\t\t\t\t\t\t\t\t<a href=\"#\">\n\t\t\t\t\t\t\t<img loading=\"lazy\" decoding=\"async\" width=\"1170\" height=\"694\" src=\"https:\/\/ibrnb.org\/wp-content\/uploads\/2025\/09\/Las-dificultades-y-los-estimulos-del-ministerio-1170x694.jpg\" class=\"attachment-large size-large wp-image-32333\" alt=\"\" srcset=\"https:\/\/ibrnb.org\/wp-content\/uploads\/2025\/09\/Las-dificultades-y-los-estimulos-del-ministerio-1170x694.jpg 1170w, https:\/\/ibrnb.org\/wp-content\/uploads\/2025\/09\/Las-dificultades-y-los-estimulos-del-ministerio-768x456.jpg 768w, https:\/\/ibrnb.org\/wp-content\/uploads\/2025\/09\/Las-dificultades-y-los-estimulos-del-ministerio-18x10.jpg 18w\" sizes=\"(max-width: 1170px) 100vw, 1170px\" \/>\t\t\t\t\t\t\t\t<\/a>\n\t\t\t\t\t\t\t\t\t\t\t\t\t\t\t<\/div>\n\t\t\t\t<\/div>\n\t\t\t\t<div class=\"elementor-element elementor-element-669b5376 wpr-button-icon-style-inline wpr-button-icon-position-right elementor-widget elementor-widget-wpr-button\" data-id=\"669b5376\" data-element_type=\"widget\" data-e-type=\"widget\" data-widget_type=\"wpr-button.default\">\n\t\t\t\t<div class=\"elementor-widget-container\">\n\t\t\t\t\t\t\n\t\t\t\n\t\t\n\t\t<div class=\"wpr-button-wrap elementor-clearfix\">\n\t\t<a class=\"wpr-button wpr-button-effect wpr-button-none\" data-text=\"\" href=\"#\">\n\t\t\t\n\t\t\t<span class=\"wpr-button-content\">\n\t\t\t\t\t\t\t\t\t<span class=\"wpr-button-text\">2006<\/span>\n\t\t\t\t\t\t\t\t\n\t\t\t\t\t\t\t<\/span>\n\t\t<\/a>\n\n\t\t\t\t<\/div>\n\t\n\t\n\t\t\t\t\t<\/div>\n\t\t\t\t<\/div>\n\t\t\t\t<div class=\"elementor-element elementor-element-1a08a1f3 elementor-widget elementor-widget-heading\" data-id=\"1a08a1f3\" data-element_type=\"widget\" data-e-type=\"widget\" data-widget_type=\"heading.default\">\n\t\t\t\t<div class=\"elementor-widget-container\">\n\t\t\t\t\t<h2 class=\"elementor-heading-title elementor-size-default\"><a href=\"#\">Las dificultades y los est\u00edmulos del ministerio<\/a><\/h2>\t\t\t\t<\/div>\n\t\t\t\t<\/div>\n\t\t\t\t<div class=\"elementor-element elementor-element-389fbf1c elementor-widget elementor-widget-heading\" data-id=\"389fbf1c\" data-element_type=\"widget\" data-e-type=\"widget\" data-widget_type=\"heading.default\">\n\t\t\t\t<div class=\"elementor-widget-container\">\n\t\t\t\t\t<h2 class=\"elementor-heading-title elementor-size-default\">Conferencistas:<\/h2>\t\t\t\t<\/div>\n\t\t\t\t<\/div>\n\t\t\t\t<div class=\"elementor-element elementor-element-18a51e6c elementor-icon-list--layout-inline elementor-align-start elementor-list-item-link-full_width elementor-widget elementor-widget-icon-list\" data-id=\"18a51e6c\" data-element_type=\"widget\" data-e-type=\"widget\" data-widget_type=\"icon-list.default\">\n\t\t\t\t<div class=\"elementor-widget-container\">\n\t\t\t\t\t\t\t<ul class=\"elementor-icon-list-items elementor-inline-items\">\n\t\t\t\t\t\t\t<li class=\"elementor-icon-list-item elementor-inline-item\">\n\t\t\t\t\t\t\t\t\t\t\t<a href=\"https:\/\/conferenciapastoral.com\/sermons\/?sermon_speaker=pr-alan-dunn\">\n\n\t\t\t\t\t\t\t\t\t\t\t<span class=\"elementor-icon-list-text\">Pr. Alan Dunn<\/span>\n\t\t\t\t\t\t\t\t\t\t\t<\/a>\n\t\t\t\t\t\t\t\t\t<\/li>\n\t\t\t\t\t\t\t\t<li class=\"elementor-icon-list-item elementor-inline-item\">\n\t\t\t\t\t\t\t\t\t\t\t<a href=\"https:\/\/conferenciapastoral.com\/sermons\/?sermon_speaker=pr-d-scott-meadows\">\n\n\t\t\t\t\t\t\t\t\t\t\t<span class=\"elementor-icon-list-text\">Pr. D. Scott Meadows<\/span>\n\t\t\t\t\t\t\t\t\t\t\t<\/a>\n\t\t\t\t\t\t\t\t\t<\/li>\n\t\t\t\t\t\t<\/ul>\n\t\t\t\t\t\t<\/div>\n\t\t\t\t<\/div>\n\t\t\t\t\t<\/div>\n\t\t\t\t<\/div>\n\t\t\t\t\t<\/div>\n\t\t\t\t<\/div>\n\t\t\t\t\t<\/div>\n\t\t\t\t<\/div>\n\t\t<div class=\"elementor-element elementor-element-15ec201a e-flex e-con-boxed wpr-particle-no wpr-jarallax-no wpr-parallax-no wpr-sticky-section-no wpr-equal-height-no e-con e-child\" data-id=\"15ec201a\" data-element_type=\"container\" data-e-type=\"container\">\n\t\t\t\t\t<div class=\"e-con-inner\">\n\t\t<div class=\"elementor-element elementor-element-101f8ecd e-flex e-con-boxed wpr-particle-no wpr-jarallax-no wpr-parallax-no wpr-sticky-section-no wpr-equal-height-no e-con e-child\" data-id=\"101f8ecd\" data-element_type=\"container\" data-e-type=\"container\">\n\t\t\t\t\t<div class=\"e-con-inner\">\n\t\t<div class=\"elementor-element elementor-element-27965fd3 e-flex e-con-boxed wpr-particle-no wpr-jarallax-no wpr-parallax-no wpr-sticky-section-no wpr-equal-height-no e-con e-child\" data-id=\"27965fd3\" data-element_type=\"container\" data-e-type=\"container\">\n\t\t\t\t\t<div class=\"e-con-inner\">\n\t\t\t\t<div class=\"elementor-element elementor-element-52beb467 elementor-widget elementor-widget-image\" data-id=\"52beb467\" data-element_type=\"widget\" data-e-type=\"widget\" data-widget_type=\"image.default\">\n\t\t\t\t<div class=\"elementor-widget-container\">\n\t\t\t\t\t\t\t\t\t\t\t\t\t\t\t\t<a href=\"#\">\n\t\t\t\t\t\t\t<img loading=\"lazy\" decoding=\"async\" width=\"1170\" height=\"694\" src=\"https:\/\/ibrnb.org\/wp-content\/uploads\/2025\/09\/las5solas-1170x694.jpg\" class=\"attachment-large size-large wp-image-32343\" alt=\"\" srcset=\"https:\/\/ibrnb.org\/wp-content\/uploads\/2025\/09\/las5solas-1170x694.jpg 1170w, https:\/\/ibrnb.org\/wp-content\/uploads\/2025\/09\/las5solas-768x456.jpg 768w, https:\/\/ibrnb.org\/wp-content\/uploads\/2025\/09\/las5solas-18x10.jpg 18w\" sizes=\"(max-width: 1170px) 100vw, 1170px\" \/>\t\t\t\t\t\t\t\t<\/a>\n\t\t\t\t\t\t\t\t\t\t\t\t\t\t\t<\/div>\n\t\t\t\t<\/div>\n\t\t\t\t<div class=\"elementor-element elementor-element-11afceea wpr-button-icon-style-inline wpr-button-icon-position-right elementor-widget elementor-widget-wpr-button\" data-id=\"11afceea\" data-element_type=\"widget\" data-e-type=\"widget\" data-widget_type=\"wpr-button.default\">\n\t\t\t\t<div class=\"elementor-widget-container\">\n\t\t\t\t\t\t\n\t\t\t\n\t\t\n\t\t<div class=\"wpr-button-wrap elementor-clearfix\">\n\t\t<a class=\"wpr-button wpr-button-effect wpr-button-none\" data-text=\"\" href=\"#\">\n\t\t\t\n\t\t\t<span class=\"wpr-button-content\">\n\t\t\t\t\t\t\t\t\t<span class=\"wpr-button-text\">2005<\/span>\n\t\t\t\t\t\t\t\t\n\t\t\t\t\t\t\t<\/span>\n\t\t<\/a>\n\n\t\t\t\t<\/div>\n\t\n\t\n\t\t\t\t\t<\/div>\n\t\t\t\t<\/div>\n\t\t\t\t<div class=\"elementor-element elementor-element-2e60d508 elementor-widget elementor-widget-heading\" data-id=\"2e60d508\" data-element_type=\"widget\" data-e-type=\"widget\" data-widget_type=\"heading.default\">\n\t\t\t\t<div class=\"elementor-widget-container\">\n\t\t\t\t\t<h2 class=\"elementor-heading-title elementor-size-default\"><a href=\"#\">Las Cinco Solas<\/a><\/h2>\t\t\t\t<\/div>\n\t\t\t\t<\/div>\n\t\t\t\t<div class=\"elementor-element elementor-element-224c0311 elementor-widget elementor-widget-heading\" data-id=\"224c0311\" data-element_type=\"widget\" data-e-type=\"widget\" data-widget_type=\"heading.default\">\n\t\t\t\t<div class=\"elementor-widget-container\">\n\t\t\t\t\t<h2 class=\"elementor-heading-title elementor-size-default\">Conferencistas:<\/h2>\t\t\t\t<\/div>\n\t\t\t\t<\/div>\n\t\t\t\t<div class=\"elementor-element elementor-element-77d1983b elementor-icon-list--layout-inline elementor-align-start elementor-list-item-link-full_width elementor-widget elementor-widget-icon-list\" data-id=\"77d1983b\" data-element_type=\"widget\" data-e-type=\"widget\" data-widget_type=\"icon-list.default\">\n\t\t\t\t<div class=\"elementor-widget-container\">\n\t\t\t\t\t\t\t<ul class=\"elementor-icon-list-items elementor-inline-items\">\n\t\t\t\t\t\t\t<li class=\"elementor-icon-list-item elementor-inline-item\">\n\t\t\t\t\t\t\t\t\t\t\t<a href=\"https:\/\/conferenciapastoral.com\/sermons\/?sermon_speaker=pr-alan-dunn\">\n\n\t\t\t\t\t\t\t\t\t\t\t<span class=\"elementor-icon-list-text\">Pr. Alan Dunn<\/span>\n\t\t\t\t\t\t\t\t\t\t\t<\/a>\n\t\t\t\t\t\t\t\t\t<\/li>\n\t\t\t\t\t\t\t\t<li class=\"elementor-icon-list-item elementor-inline-item\">\n\t\t\t\t\t\t\t\t\t\t\t<a href=\"https:\/\/conferenciapastoral.com\/sermons\/?sermon_speaker=pr-d-scott-meadows\">\n\n\t\t\t\t\t\t\t\t\t\t\t<span class=\"elementor-icon-list-text\">Pr. D. Scott Meadows<\/span>\n\t\t\t\t\t\t\t\t\t\t\t<\/a>\n\t\t\t\t\t\t\t\t\t<\/li>\n\t\t\t\t\t\t<\/ul>\n\t\t\t\t\t\t<\/div>\n\t\t\t\t<\/div>\n\t\t\t\t\t<\/div>\n\t\t\t\t<\/div>\n\t\t<div class=\"elementor-element elementor-element-50b4df61 e-flex e-con-boxed wpr-particle-no wpr-jarallax-no wpr-parallax-no wpr-sticky-section-no wpr-equal-height-no e-con e-child\" data-id=\"50b4df61\" data-element_type=\"container\" data-e-type=\"container\">\n\t\t\t\t\t<div class=\"e-con-inner\">\n\t\t\t\t<div class=\"elementor-element elementor-element-6cd205a3 elementor-widget elementor-widget-image\" data-id=\"6cd205a3\" data-element_type=\"widget\" data-e-type=\"widget\" data-widget_type=\"image.default\">\n\t\t\t\t<div class=\"elementor-widget-container\">\n\t\t\t\t\t\t\t\t\t\t\t\t\t\t\t\t<a href=\"#\">\n\t\t\t\t\t\t\t<img loading=\"lazy\" decoding=\"async\" width=\"1170\" height=\"694\" src=\"https:\/\/ibrnb.org\/wp-content\/uploads\/2025\/09\/Como-ganar-el-respeto-y-la-confianza-de-la-iglesia-1-1170x694.jpg\" class=\"attachment-large size-large wp-image-32347\" alt=\"\" srcset=\"https:\/\/ibrnb.org\/wp-content\/uploads\/2025\/09\/Como-ganar-el-respeto-y-la-confianza-de-la-iglesia-1-1170x694.jpg 1170w, https:\/\/ibrnb.org\/wp-content\/uploads\/2025\/09\/Como-ganar-el-respeto-y-la-confianza-de-la-iglesia-1-768x456.jpg 768w, https:\/\/ibrnb.org\/wp-content\/uploads\/2025\/09\/Como-ganar-el-respeto-y-la-confianza-de-la-iglesia-1-18x10.jpg 18w\" sizes=\"(max-width: 1170px) 100vw, 1170px\" \/>\t\t\t\t\t\t\t\t<\/a>\n\t\t\t\t\t\t\t\t\t\t\t\t\t\t\t<\/div>\n\t\t\t\t<\/div>\n\t\t\t\t<div class=\"elementor-element elementor-element-55161359 wpr-button-icon-style-inline wpr-button-icon-position-right elementor-widget elementor-widget-wpr-button\" data-id=\"55161359\" data-element_type=\"widget\" data-e-type=\"widget\" data-widget_type=\"wpr-button.default\">\n\t\t\t\t<div class=\"elementor-widget-container\">\n\t\t\t\t\t\t\n\t\t\t\n\t\t\n\t\t<div class=\"wpr-button-wrap elementor-clearfix\">\n\t\t<a class=\"wpr-button wpr-button-effect wpr-button-none\" data-text=\"\" href=\"#\">\n\t\t\t\n\t\t\t<span class=\"wpr-button-content\">\n\t\t\t\t\t\t\t\t\t<span class=\"wpr-button-text\">2004<\/span>\n\t\t\t\t\t\t\t\t\n\t\t\t\t\t\t\t<\/span>\n\t\t<\/a>\n\n\t\t\t\t<\/div>\n\t\n\t\n\t\t\t\t\t<\/div>\n\t\t\t\t<\/div>\n\t\t\t\t<div class=\"elementor-element elementor-element-45c36e3e elementor-widget elementor-widget-heading\" data-id=\"45c36e3e\" data-element_type=\"widget\" data-e-type=\"widget\" data-widget_type=\"heading.default\">\n\t\t\t\t<div class=\"elementor-widget-container\">\n\t\t\t\t\t<h2 class=\"elementor-heading-title elementor-size-default\"><a href=\"#\">C\u00f3mo ganar el respeto y la confianza de la iglesia\n<\/a><\/h2>\t\t\t\t<\/div>\n\t\t\t\t<\/div>\n\t\t\t\t<div class=\"elementor-element elementor-element-1e86b8bc elementor-widget elementor-widget-heading\" data-id=\"1e86b8bc\" data-element_type=\"widget\" data-e-type=\"widget\" data-widget_type=\"heading.default\">\n\t\t\t\t<div class=\"elementor-widget-container\">\n\t\t\t\t\t<h2 class=\"elementor-heading-title elementor-size-default\">Conferencistas:<\/h2>\t\t\t\t<\/div>\n\t\t\t\t<\/div>\n\t\t\t\t<div class=\"elementor-element elementor-element-42fde911 elementor-icon-list--layout-inline elementor-align-start elementor-list-item-link-full_width elementor-widget elementor-widget-icon-list\" data-id=\"42fde911\" data-element_type=\"widget\" data-e-type=\"widget\" data-widget_type=\"icon-list.default\">\n\t\t\t\t<div class=\"elementor-widget-container\">\n\t\t\t\t\t\t\t<ul class=\"elementor-icon-list-items elementor-inline-items\">\n\t\t\t\t\t\t\t<li class=\"elementor-icon-list-item elementor-inline-item\">\n\t\t\t\t\t\t\t\t\t\t\t<a href=\"https:\/\/conferenciapastoral.com\/sermons\/?sermon_speaker=pr-eugenio-pinero\">\n\n\t\t\t\t\t\t\t\t\t\t\t<span class=\"elementor-icon-list-text\">Pr. Eugenio Pi\u00f1ero<\/span>\n\t\t\t\t\t\t\t\t\t\t\t<\/a>\n\t\t\t\t\t\t\t\t\t<\/li>\n\t\t\t\t\t\t\t\t<li class=\"elementor-icon-list-item elementor-inline-item\">\n\t\t\t\t\t\t\t\t\t\t\t<a href=\"https:\/\/conferenciapastoral.com\/sermons\/?sermon_speaker=pr-albert-n-martin\">\n\n\t\t\t\t\t\t\t\t\t\t\t<span class=\"elementor-icon-list-text\">Pr. Albert N Martin<\/span>\n\t\t\t\t\t\t\t\t\t\t\t<\/a>\n\t\t\t\t\t\t\t\t\t<\/li>\n\t\t\t\t\t\t<\/ul>\n\t\t\t\t\t\t<\/div>\n\t\t\t\t<\/div>\n\t\t\t\t\t<\/div>\n\t\t\t\t<\/div>\n\t\t<div class=\"elementor-element elementor-element-26a026eb e-con-full e-flex wpr-particle-no wpr-jarallax-no wpr-parallax-no wpr-sticky-section-no wpr-equal-height-no e-con e-child\" data-id=\"26a026eb\" data-element_type=\"container\" data-e-type=\"container\">\n\t\t\t\t<\/div>\n\t\t\t\t\t<\/div>\n\t\t\t\t<\/div>\n\t\t\t\t\t<\/div>\n\t\t\t\t<\/div>\n\t\t\t\t<section class=\"elementor-section elementor-top-section elementor-element elementor-element-59d95aaf0 elementor-section-boxed elementor-section-height-default elementor-section-height-default wpr-particle-no wpr-jarallax-no wpr-parallax-no wpr-sticky-section-no wpr-equal-height-no\" data-id=\"59d95aaf0\" data-element_type=\"section\" data-e-type=\"section\">\n\t\t\t\t\t\t<div class=\"elementor-container elementor-column-gap-default\">\n\t\t\t\t\t<div class=\"elementor-column elementor-col-100 elementor-top-column elementor-element elementor-element-418517d1\" data-id=\"418517d1\" data-element_type=\"column\" data-e-type=\"column\">\n\t\t\t<div class=\"elementor-widget-wrap elementor-element-populated\">\n\t\t\t\t\t\t<div class=\"elementor-element elementor-element-71dcd800 elementor-widget elementor-widget-spacer\" data-id=\"71dcd800\" data-element_type=\"widget\" data-e-type=\"widget\" data-widget_type=\"spacer.default\">\n\t\t\t\t<div class=\"elementor-widget-container\">\n\t\t\t\t\t\t\t<div class=\"elementor-spacer\">\n\t\t\t<div class=\"elementor-spacer-inner\"><\/div>\n\t\t<\/div>\n\t\t\t\t\t\t<\/div>\n\t\t\t\t<\/div>\n\t\t\t\t\t<\/div>\n\t\t<\/div>\n\t\t\t\t\t<\/div>\n\t\t<\/section>\n\t\t\t\t<\/div>","protected":false},"excerpt":{"rendered":"<p>Conferencia Pastoral 17&nbsp;Enviando, pues, desde Mileto a \u00c9feso, hizo llamar a los ancianos de la iglesia. Hechos 20:17 La conferencia pastoral es un ministerio que procura corresponder a las necesidades de nuestros l\u00edderes y de aquellos pastores con los que tenemos comuni\u00f3n o una relaci\u00f3n especial de asesor\u00eda pastoral. Esperamos que los pastores en esta conferencia puedan ser fortalecidos en su esp\u00edritu y su entendimiento sea enriquecido por medio de las ense\u00f1anzas de temas apropiados para su obra pastoral. En esta conferencia tambi\u00e9n es importante la comuni\u00f3n de los invitados con otros hermanos pastores con los que tienen perspectivas pastorales en com\u00fan y la participaci\u00f3n en los cultos de esta iglesia, con la que comparten un amor mutuo y especial. Cada uno de los conferenciantes es un pastor que trabaja en el ministerio de la Palabra en su iglesia local. Estos hombres se distinguen por sus dones de ense\u00f1anza, conocimiento, sabidur\u00eda, fidelidad, experiencia y por su coraz\u00f3n pastoral. Es nuestra oraci\u00f3n que Dios nos d\u00e9 sabidur\u00eda para llevar a cabo este ministerio, y que \u00c9l d\u00e9 ayuda especial a aquellos pastores que nos han de predicar su Palabra. Es tambi\u00e9n nuestra oraci\u00f3n que Dios derrame su esp\u00edritu sobre nosotros y que obre en todos nuestros corazones de tal forma que seamos mejores hombres, siervos fieles y mejor equipados para el bien de la iglesia del Se\u00f1or Jesucristo en la cual Dios ha de recibir la gloria por todas las generaciones, por los siglos de los siglos. Comuni\u00f3n y unidad pastoral Un aspecto esencial de la conferencia es la comuni\u00f3n entre los pastores asistentes. Es una oportunidad privilegiada para establecer relaciones fraternales con otros hermanos en el ministerio que comparten una visi\u00f3n com\u00fan del llamado pastoral. Esta interacci\u00f3n permite el intercambio de experiencias, desaf\u00edos y victorias, fomentando un ambiente de apoyo mutuo, compa\u00f1erismo y crecimiento colectivo. Asimismo, se espera que los participantes puedan integrarse moment\u00e1neamente a la vida de nuestra iglesia local, participando activamente en nuestros cultos y actividades. Este tiempo compartido refuerza los lazos de amor, unidad y respeto mutuo que nos unen como cuerpo de Cristo, y permite a los invitados experimentar de primera mano el testimonio y la vida congregacional de nuestra comunidad de fe. L\u00edderes formados por el Se\u00f1or Todos los conferenciantes han sido cuidadosamente seleccionados entre pastores que actualmente est\u00e1n sirviendo activamente en el ministerio de la Palabra en sus respectivas iglesias locales. Son hombres reconocidos por sus dones espirituales, habilidades de ense\u00f1anza, profundo conocimiento b\u00edblico, madurez espiritual, fidelidad en el ministerio, a\u00f1os de experiencia pastoral y, sobre todo, por su coraz\u00f3n entregado al cuidado de las ovejas de Dios. En conjunto, esta conferencia se presenta como un tiempo sagrado de aprendizaje, reflexi\u00f3n, oraci\u00f3n y comuni\u00f3n, orientado a bendecir y empoderar a quienes han sido llamados a guiar y alimentar el reba\u00f1o del Se\u00f1or. Conferencias Pastorales El prop\u00f3sito fundamental de estas conferencias es que cada pastor participante pueda renovar su esp\u00edritu, crecer en sabidur\u00eda y conocimiento, y recibir ense\u00f1anzas pr\u00e1cticas y b\u00edblicas que le sean \u00fatiles y relevantes para el desarrollo efectivo de su ministerio pastoral. 2025 La Obra Pastoral Conferencistas: Pr. V\u00edctor Garc\u00eda Pr. Jaime Caballero Pr. David Chanski Pr. Jorge Casta\u00f1eda Pr. Alan Dunn Pr. Eugenio Pi\u00f1ero Pr. Noble Vater 2024 La Obra Pastoral en la iglesia Conferencistas: Pr. David Chanski Pr. Gordon Cook Pr. Alan Dunn Pr. V\u00edctor Garc\u00eda Pr. Eugenio Pi\u00f1ero Pr. Noble Vater 2023 \u00a1A la Ley y al Testimonio! Conferencistas: Pr. Michael Beasley Pr. Alan Dunn Pr. V\u00edctor Garc\u00eda Pr. Eugenio Pi\u00f1ero Pr. Jeff Smith Pr. Noble Vater 2022 \u00a1Cu\u00e1nto amo Tu Ley! Conferencistas: Pr. David Chanski Pr. Gordon Cook Pr. Jorge Casta\u00f1eda Pr. Alan Dunn Pr. V\u00edctor Garc\u00eda Pr. Jeff Smith Pr. Eugenio Pi\u00f1ero Pr. Noble Vater 2019 La predicaci\u00f3n b\u00edblica Conferencistas: Pr. Jos\u00e9 Antonio Arias Pr. Jorge Casta\u00f1eda Pr. David Chanski Pr. Alan Dunn Pr. V\u00edctor Garc\u00eda Pr. Eugenio Pi\u00f1ero Pr. Noble Vater 2018 La reforma b\u00edblica en la vida de la iglesia Conferencistas: Pr. Jos\u00e9 Antonio Arias Pr. Jorge Casta\u00f1eda Pr. Gordon Cook Pr. Alan Dunn Pr. V\u00edctor Garc\u00eda Pr. Warren Peel Pr. Eugenio Pi\u00f1ero Pr. Noble Vater 2017 La reforma protestante Conferencistas: Pr. David Chanski Pr. Gordon Cook Pr. V\u00edctor Garc\u00eda Pr. Albert N. Martin Pr. Eugenio Pi\u00f1ero Pr. Jeff Smith Pr. Noble Vater Pr. Jeremy Walker 2016 El hombre y su ministerio Conferencistas: Pr. Jeff Smith Pr. Alan J. Dunn Pr. V\u00edctor Garc\u00eda Pr. Albert N Martin Pr. Eugenio Pi\u00f1ero Pr. Gordon Cook Pr. Noble Vater 2015 La piedad y fidelidad del pastor Conferencistas: Pr. Dave Chanski Pr. Alan J. Dunn Pr. V\u00edctor Garc\u00eda Pr. Albert N Martin Pr. Robert Martin Pr. D. Scott Meadows Pr. Eugenio Pi\u00f1ero Pr. Noble Vater 2014 Consejer\u00eda pastoral y otros temas (2) Conferencistas: Pr. Alan J. Dunn Pr. V\u00edctor Garc\u00eda Pr. Robert Martin Pr. D. Scott Meadows Pr. Eugenio Pi\u00f1ero Pr. Noble Vater 2013 Consejer\u00eda pastoral y otros temas (1) Conferencistas: Pr. Gordon Cook Pr. Alan J. Dunn Pr. V\u00edctor Garc\u00eda Pr. Robert Martin Pr. D. Scott Meadows Pr. Eugenio Pi\u00f1ero Pr. Noble Vater 2012 Un ministerio fiel Conferencistas: Pr. Alan J. Dunn Pr. Robert Martin Pr. D. Scott Meadows Pr. Eugenio Pi\u00f1ero Pr. Noble Vater 2011 La adoraci\u00f3n b\u00edblica Conferencistas: Pr. David Chanski Pr. Gordon Cook Pr. V\u00edctor Garc\u00eda Pr. D. Scott Meadows Pr. Eugenio Pi\u00f1ero Pr. Noble Vater 2010 C\u00f3mo pastorear el reba\u00f1o Conferencistas: Pr. V\u00edctor Garc\u00eda Pr. Eugenio Pi\u00f1ero Pr. D. Scott Meadows Pr. Alan Dunn Pr. Noble Vater 2009 Pastoread el reba\u00f1o Conferencistas: Pr. Alan Dunn Pr. D. Scott Meadows Pr. Noble Vater 2008 El pastor en la iglesia Conferencistas: Pr. Bart Carlson Pr. Eugenio Pi\u00f1ero Pr. D. Scott Meadows Pr. Alan Dunn Pr. Noble Vater 2007 Instrucciones Pastorales Conferencistas: Pr. D. Scott Meadows Pr. Noble Vater 2006 Las dificultades y los est\u00edmulos del ministerio Conferencistas: Pr. Alan Dunn Pr. D. Scott Meadows 2005 Las Cinco Solas Conferencistas: Pr. Alan Dunn Pr. D. Scott Meadows 2004 C\u00f3mo ganar el respeto y la confianza de la iglesia Conferencistas: Pr. Eugenio Pi\u00f1ero Pr. Albert N Martin<\/p>","protected":false},"author":1,"featured_media":0,"parent":0,"menu_order":0,"comment_status":"closed","ping_status":"closed","template":"","meta":{"footnotes":""},"class_list":["post-22718","page","type-page","status-publish","hentry"],"yoast_head":"<!-- This site is optimized with the Yoast SEO plugin v27.5 - https:\/\/yoast.com\/product\/yoast-seo-wordpress\/ -->\n<title>Conferencia Pastoral - Iglesia Bautista Reformada de North Bergen<\/title>\n<meta name=\"robots\" content=\"index, follow, max-snippet:-1, max-image-preview:large, max-video-preview:-1\" \/>\n<link rel=\"canonical\" href=\"https:\/\/ibrnb.org\/en\/conferencia-pastoral\/\" \/>\n<meta property=\"og:locale\" content=\"en_US\" \/>\n<meta property=\"og:type\" content=\"article\" \/>\n<meta property=\"og:title\" content=\"Conferencia Pastoral - Iglesia Bautista Reformada de North Bergen\" \/>\n<meta property=\"og:description\" content=\"Conferencia Pastoral 17&nbsp;Enviando, pues, desde Mileto a \u00c9feso, hizo llamar a los ancianos de la iglesia. Hechos 20:17 La conferencia pastoral es un ministerio que procura corresponder a las necesidades de nuestros l\u00edderes y de aquellos pastores con los que tenemos comuni\u00f3n o una relaci\u00f3n especial de asesor\u00eda pastoral. Esperamos que los pastores en esta conferencia puedan ser fortalecidos en su esp\u00edritu y su entendimiento sea enriquecido por medio de las ense\u00f1anzas de temas apropiados para su obra pastoral. En esta conferencia tambi\u00e9n es importante la comuni\u00f3n de los invitados con otros hermanos pastores con los que tienen perspectivas pastorales en com\u00fan y la participaci\u00f3n en los cultos de esta iglesia, con la que comparten un amor mutuo y especial. Cada uno de los conferenciantes es un pastor que trabaja en el ministerio de la Palabra en su iglesia local. Estos hombres se distinguen por sus dones de ense\u00f1anza, conocimiento, sabidur\u00eda, fidelidad, experiencia y por su coraz\u00f3n pastoral. Es nuestra oraci\u00f3n que Dios nos d\u00e9 sabidur\u00eda para llevar a cabo este ministerio, y que \u00c9l d\u00e9 ayuda especial a aquellos pastores que nos han de predicar su Palabra. Es tambi\u00e9n nuestra oraci\u00f3n que Dios derrame su esp\u00edritu sobre nosotros y que obre en todos nuestros corazones de tal forma que seamos mejores hombres, siervos fieles y mejor equipados para el bien de la iglesia del Se\u00f1or Jesucristo en la cual Dios ha de recibir la gloria por todas las generaciones, por los siglos de los siglos. Comuni\u00f3n y unidad pastoral Un aspecto esencial de la conferencia es la comuni\u00f3n entre los pastores asistentes. Es una oportunidad privilegiada para establecer relaciones fraternales con otros hermanos en el ministerio que comparten una visi\u00f3n com\u00fan del llamado pastoral. Esta interacci\u00f3n permite el intercambio de experiencias, desaf\u00edos y victorias, fomentando un ambiente de apoyo mutuo, compa\u00f1erismo y crecimiento colectivo. Asimismo, se espera que los participantes puedan integrarse moment\u00e1neamente a la vida de nuestra iglesia local, participando activamente en nuestros cultos y actividades. Este tiempo compartido refuerza los lazos de amor, unidad y respeto mutuo que nos unen como cuerpo de Cristo, y permite a los invitados experimentar de primera mano el testimonio y la vida congregacional de nuestra comunidad de fe. L\u00edderes formados por el Se\u00f1or Todos los conferenciantes han sido cuidadosamente seleccionados entre pastores que actualmente est\u00e1n sirviendo activamente en el ministerio de la Palabra en sus respectivas iglesias locales. Son hombres reconocidos por sus dones espirituales, habilidades de ense\u00f1anza, profundo conocimiento b\u00edblico, madurez espiritual, fidelidad en el ministerio, a\u00f1os de experiencia pastoral y, sobre todo, por su coraz\u00f3n entregado al cuidado de las ovejas de Dios. En conjunto, esta conferencia se presenta como un tiempo sagrado de aprendizaje, reflexi\u00f3n, oraci\u00f3n y comuni\u00f3n, orientado a bendecir y empoderar a quienes han sido llamados a guiar y alimentar el reba\u00f1o del Se\u00f1or. Conferencias Pastorales El prop\u00f3sito fundamental de estas conferencias es que cada pastor participante pueda renovar su esp\u00edritu, crecer en sabidur\u00eda y conocimiento, y recibir ense\u00f1anzas pr\u00e1cticas y b\u00edblicas que le sean \u00fatiles y relevantes para el desarrollo efectivo de su ministerio pastoral. 2025 La Obra Pastoral Conferencistas: Pr. V\u00edctor Garc\u00eda Pr. Jaime Caballero Pr. David Chanski Pr. Jorge Casta\u00f1eda Pr. Alan Dunn Pr. Eugenio Pi\u00f1ero Pr. Noble Vater 2024 La Obra Pastoral en la iglesia Conferencistas: Pr. David Chanski Pr. Gordon Cook Pr. Alan Dunn Pr. V\u00edctor Garc\u00eda Pr. Eugenio Pi\u00f1ero Pr. Noble Vater 2023 \u00a1A la Ley y al Testimonio! Conferencistas: Pr. Michael Beasley Pr. Alan Dunn Pr. V\u00edctor Garc\u00eda Pr. Eugenio Pi\u00f1ero Pr. Jeff Smith Pr. Noble Vater 2022 \u00a1Cu\u00e1nto amo Tu Ley! Conferencistas: Pr. David Chanski Pr. Gordon Cook Pr. Jorge Casta\u00f1eda Pr. Alan Dunn Pr. V\u00edctor Garc\u00eda Pr. Jeff Smith Pr. Eugenio Pi\u00f1ero Pr. Noble Vater 2019 La predicaci\u00f3n b\u00edblica Conferencistas: Pr. Jos\u00e9 Antonio Arias Pr. Jorge Casta\u00f1eda Pr. David Chanski Pr. Alan Dunn Pr. V\u00edctor Garc\u00eda Pr. Eugenio Pi\u00f1ero Pr. Noble Vater 2018 La reforma b\u00edblica en la vida de la iglesia Conferencistas: Pr. Jos\u00e9 Antonio Arias Pr. Jorge Casta\u00f1eda Pr. Gordon Cook Pr. Alan Dunn Pr. V\u00edctor Garc\u00eda Pr. Warren Peel Pr. Eugenio Pi\u00f1ero Pr. Noble Vater 2017 La reforma protestante Conferencistas: Pr. David Chanski Pr. Gordon Cook Pr. V\u00edctor Garc\u00eda Pr. Albert N. Martin Pr. Eugenio Pi\u00f1ero Pr. Jeff Smith Pr. Noble Vater Pr. Jeremy Walker 2016 El hombre y su ministerio Conferencistas: Pr. Jeff Smith Pr. Alan J. Dunn Pr. V\u00edctor Garc\u00eda Pr. Albert N Martin Pr. Eugenio Pi\u00f1ero Pr. Gordon Cook Pr. Noble Vater 2015 La piedad y fidelidad del pastor Conferencistas: Pr. Dave Chanski Pr. Alan J. Dunn Pr. V\u00edctor Garc\u00eda Pr. Albert N Martin Pr. Robert Martin Pr. D. Scott Meadows Pr. Eugenio Pi\u00f1ero Pr. Noble Vater 2014 Consejer\u00eda pastoral y otros temas (2) Conferencistas: Pr. Alan J. Dunn Pr. V\u00edctor Garc\u00eda Pr. Robert Martin Pr. D. Scott Meadows Pr. Eugenio Pi\u00f1ero Pr. Noble Vater 2013 Consejer\u00eda pastoral y otros temas (1) Conferencistas: Pr. Gordon Cook Pr. Alan J. Dunn Pr. V\u00edctor Garc\u00eda Pr. Robert Martin Pr. D. Scott Meadows Pr. Eugenio Pi\u00f1ero Pr. Noble Vater 2012 Un ministerio fiel Conferencistas: Pr. Alan J. Dunn Pr. Robert Martin Pr. D. Scott Meadows Pr. Eugenio Pi\u00f1ero Pr. Noble Vater 2011 La adoraci\u00f3n b\u00edblica Conferencistas: Pr. David Chanski Pr. Gordon Cook Pr. V\u00edctor Garc\u00eda Pr. D. Scott Meadows Pr. Eugenio Pi\u00f1ero Pr. Noble Vater 2010 C\u00f3mo pastorear el reba\u00f1o Conferencistas: Pr. V\u00edctor Garc\u00eda Pr. Eugenio Pi\u00f1ero Pr. D. Scott Meadows Pr. Alan Dunn Pr. Noble Vater 2009 Pastoread el reba\u00f1o Conferencistas: Pr. Alan Dunn Pr. D. Scott Meadows Pr. Noble Vater 2008 El pastor en la iglesia Conferencistas: Pr. Bart Carlson Pr. Eugenio Pi\u00f1ero Pr. D. Scott Meadows Pr. Alan Dunn Pr. Noble Vater 2007 Instrucciones Pastorales Conferencistas: Pr. D. Scott Meadows Pr. Noble Vater 2006 Las dificultades y los est\u00edmulos del ministerio Conferencistas: Pr. Alan Dunn Pr. D. Scott Meadows 2005 Las Cinco Solas Conferencistas: Pr. Alan Dunn Pr. D. Scott Meadows 2004 C\u00f3mo ganar el respeto y la confianza de la iglesia Conferencistas: Pr. Eugenio Pi\u00f1ero Pr. Albert N Martin\" \/>\n<meta property=\"og:url\" content=\"https:\/\/ibrnb.org\/en\/conferencia-pastoral\/\" \/>\n<meta property=\"og:site_name\" content=\"Iglesia Bautista Reformada de North Bergen\" \/>\n<meta property=\"article:publisher\" content=\"https:\/\/www.facebook.com\/profile.php?id=100064443055881\" \/>\n<meta property=\"article:modified_time\" content=\"2025-11-05T19:17:59+00:00\" \/>\n<meta property=\"og:image\" content=\"https:\/\/ibrnb.org\/wp-content\/uploads\/2025\/09\/fotogrupal001-1024x576-1.jpg\" \/>\n\t<meta property=\"og:image:width\" content=\"1024\" \/>\n\t<meta property=\"og:image:height\" content=\"576\" \/>\n\t<meta property=\"og:image:type\" content=\"image\/jpeg\" \/>\n<meta name=\"twitter:card\" content=\"summary_large_image\" \/>\n<meta name=\"twitter:label1\" content=\"Est. reading time\" \/>\n\t<meta name=\"twitter:data1\" content=\"9 minutes\" \/>\n<script type=\"application\/ld+json\" class=\"yoast-schema-graph\">{\"@context\":\"https:\\\/\\\/schema.org\",\"@graph\":[{\"@type\":\"WebPage\",\"@id\":\"https:\\\/\\\/ibrnb.org\\\/conferencia-pastoral\\\/\",\"url\":\"https:\\\/\\\/ibrnb.org\\\/conferencia-pastoral\\\/\",\"name\":\"Conferencia Pastoral - Iglesia Bautista Reformada de North Bergen\",\"isPartOf\":{\"@id\":\"https:\\\/\\\/ibrnb.org\\\/es\\\/#website\"},\"primaryImageOfPage\":{\"@id\":\"https:\\\/\\\/ibrnb.org\\\/conferencia-pastoral\\\/#primaryimage\"},\"image\":{\"@id\":\"https:\\\/\\\/ibrnb.org\\\/conferencia-pastoral\\\/#primaryimage\"},\"thumbnailUrl\":\"https:\\\/\\\/ibrnb.org\\\/wp-content\\\/uploads\\\/2025\\\/09\\\/fotogrupal001-1024x576-1.jpg\",\"datePublished\":\"2025-03-04T20:30:37+00:00\",\"dateModified\":\"2025-11-05T19:17:59+00:00\",\"breadcrumb\":{\"@id\":\"https:\\\/\\\/ibrnb.org\\\/conferencia-pastoral\\\/#breadcrumb\"},\"inLanguage\":\"en-US\",\"potentialAction\":[{\"@type\":\"ReadAction\",\"target\":[\"https:\\\/\\\/ibrnb.org\\\/conferencia-pastoral\\\/\"]}]},{\"@type\":\"ImageObject\",\"inLanguage\":\"en-US\",\"@id\":\"https:\\\/\\\/ibrnb.org\\\/conferencia-pastoral\\\/#primaryimage\",\"url\":\"https:\\\/\\\/ibrnb.org\\\/wp-content\\\/uploads\\\/2025\\\/09\\\/fotogrupal001-1024x576-1.jpg\",\"contentUrl\":\"https:\\\/\\\/ibrnb.org\\\/wp-content\\\/uploads\\\/2025\\\/09\\\/fotogrupal001-1024x576-1.jpg\"},{\"@type\":\"BreadcrumbList\",\"@id\":\"https:\\\/\\\/ibrnb.org\\\/conferencia-pastoral\\\/#breadcrumb\",\"itemListElement\":[{\"@type\":\"ListItem\",\"position\":1,\"name\":\"Portada\",\"item\":\"https:\\\/\\\/ibrnb.org\\\/\"},{\"@type\":\"ListItem\",\"position\":2,\"name\":\"Conferencia Pastoral\"}]},{\"@type\":\"WebSite\",\"@id\":\"https:\\\/\\\/ibrnb.org\\\/es\\\/#website\",\"url\":\"https:\\\/\\\/ibrnb.org\\\/es\\\/\",\"name\":\"Iglesia Bautista Reformada de North Bergen\",\"description\":\"Iglesia del Se\u00f1or Jesucristo.\",\"publisher\":{\"@id\":\"https:\\\/\\\/ibrnb.org\\\/es\\\/#organization\"},\"potentialAction\":[{\"@type\":\"SearchAction\",\"target\":{\"@type\":\"EntryPoint\",\"urlTemplate\":\"https:\\\/\\\/ibrnb.org\\\/es\\\/?s={search_term_string}\"},\"query-input\":{\"@type\":\"PropertyValueSpecification\",\"valueRequired\":true,\"valueName\":\"search_term_string\"}}],\"inLanguage\":\"en-US\"},{\"@type\":\"Organization\",\"@id\":\"https:\\\/\\\/ibrnb.org\\\/es\\\/#organization\",\"name\":\"Iglesia Bautista Reformada de North Bergen\",\"url\":\"https:\\\/\\\/ibrnb.org\\\/es\\\/\",\"logo\":{\"@type\":\"ImageObject\",\"inLanguage\":\"en-US\",\"@id\":\"https:\\\/\\\/ibrnb.org\\\/es\\\/#\\\/schema\\\/logo\\\/image\\\/\",\"url\":\"https:\\\/\\\/i0.wp.com\\\/ibrnb.org\\\/wp-content\\\/uploads\\\/2025\\\/03\\\/Iglesia_Logo_Calado-e1744687663107.png?fit=925%2C510&ssl=1\",\"contentUrl\":\"https:\\\/\\\/i0.wp.com\\\/ibrnb.org\\\/wp-content\\\/uploads\\\/2025\\\/03\\\/Iglesia_Logo_Calado-e1744687663107.png?fit=925%2C510&ssl=1\",\"width\":925,\"height\":510,\"caption\":\"Iglesia Bautista Reformada de North Bergen\"},\"image\":{\"@id\":\"https:\\\/\\\/ibrnb.org\\\/es\\\/#\\\/schema\\\/logo\\\/image\\\/\"},\"sameAs\":[\"https:\\\/\\\/www.facebook.com\\\/profile.php?id=100064443055881\"]}]}<\/script>\n<!-- \/ Yoast SEO plugin. -->","yoast_head_json":{"title":"Conferencia Pastoral - Iglesia Bautista Reformada de North Bergen","robots":{"index":"index","follow":"follow","max-snippet":"max-snippet:-1","max-image-preview":"max-image-preview:large","max-video-preview":"max-video-preview:-1"},"canonical":"https:\/\/ibrnb.org\/en\/conferencia-pastoral\/","og_locale":"en_US","og_type":"article","og_title":"Conferencia Pastoral - Iglesia Bautista Reformada de North Bergen","og_description":"Conferencia Pastoral 17&nbsp;Enviando, pues, desde Mileto a \u00c9feso, hizo llamar a los ancianos de la iglesia. Hechos 20:17 La conferencia pastoral es un ministerio que procura corresponder a las necesidades de nuestros l\u00edderes y de aquellos pastores con los que tenemos comuni\u00f3n o una relaci\u00f3n especial de asesor\u00eda pastoral. Esperamos que los pastores en esta conferencia puedan ser fortalecidos en su esp\u00edritu y su entendimiento sea enriquecido por medio de las ense\u00f1anzas de temas apropiados para su obra pastoral. En esta conferencia tambi\u00e9n es importante la comuni\u00f3n de los invitados con otros hermanos pastores con los que tienen perspectivas pastorales en com\u00fan y la participaci\u00f3n en los cultos de esta iglesia, con la que comparten un amor mutuo y especial. Cada uno de los conferenciantes es un pastor que trabaja en el ministerio de la Palabra en su iglesia local. Estos hombres se distinguen por sus dones de ense\u00f1anza, conocimiento, sabidur\u00eda, fidelidad, experiencia y por su coraz\u00f3n pastoral. Es nuestra oraci\u00f3n que Dios nos d\u00e9 sabidur\u00eda para llevar a cabo este ministerio, y que \u00c9l d\u00e9 ayuda especial a aquellos pastores que nos han de predicar su Palabra. Es tambi\u00e9n nuestra oraci\u00f3n que Dios derrame su esp\u00edritu sobre nosotros y que obre en todos nuestros corazones de tal forma que seamos mejores hombres, siervos fieles y mejor equipados para el bien de la iglesia del Se\u00f1or Jesucristo en la cual Dios ha de recibir la gloria por todas las generaciones, por los siglos de los siglos. Comuni\u00f3n y unidad pastoral Un aspecto esencial de la conferencia es la comuni\u00f3n entre los pastores asistentes. Es una oportunidad privilegiada para establecer relaciones fraternales con otros hermanos en el ministerio que comparten una visi\u00f3n com\u00fan del llamado pastoral. Esta interacci\u00f3n permite el intercambio de experiencias, desaf\u00edos y victorias, fomentando un ambiente de apoyo mutuo, compa\u00f1erismo y crecimiento colectivo. Asimismo, se espera que los participantes puedan integrarse moment\u00e1neamente a la vida de nuestra iglesia local, participando activamente en nuestros cultos y actividades. Este tiempo compartido refuerza los lazos de amor, unidad y respeto mutuo que nos unen como cuerpo de Cristo, y permite a los invitados experimentar de primera mano el testimonio y la vida congregacional de nuestra comunidad de fe. L\u00edderes formados por el Se\u00f1or Todos los conferenciantes han sido cuidadosamente seleccionados entre pastores que actualmente est\u00e1n sirviendo activamente en el ministerio de la Palabra en sus respectivas iglesias locales. Son hombres reconocidos por sus dones espirituales, habilidades de ense\u00f1anza, profundo conocimiento b\u00edblico, madurez espiritual, fidelidad en el ministerio, a\u00f1os de experiencia pastoral y, sobre todo, por su coraz\u00f3n entregado al cuidado de las ovejas de Dios. En conjunto, esta conferencia se presenta como un tiempo sagrado de aprendizaje, reflexi\u00f3n, oraci\u00f3n y comuni\u00f3n, orientado a bendecir y empoderar a quienes han sido llamados a guiar y alimentar el reba\u00f1o del Se\u00f1or. Conferencias Pastorales El prop\u00f3sito fundamental de estas conferencias es que cada pastor participante pueda renovar su esp\u00edritu, crecer en sabidur\u00eda y conocimiento, y recibir ense\u00f1anzas pr\u00e1cticas y b\u00edblicas que le sean \u00fatiles y relevantes para el desarrollo efectivo de su ministerio pastoral. 2025 La Obra Pastoral Conferencistas: Pr. V\u00edctor Garc\u00eda Pr. Jaime Caballero Pr. David Chanski Pr. Jorge Casta\u00f1eda Pr. Alan Dunn Pr. Eugenio Pi\u00f1ero Pr. Noble Vater 2024 La Obra Pastoral en la iglesia Conferencistas: Pr. David Chanski Pr. Gordon Cook Pr. Alan Dunn Pr. V\u00edctor Garc\u00eda Pr. Eugenio Pi\u00f1ero Pr. Noble Vater 2023 \u00a1A la Ley y al Testimonio! Conferencistas: Pr. Michael Beasley Pr. Alan Dunn Pr. V\u00edctor Garc\u00eda Pr. Eugenio Pi\u00f1ero Pr. Jeff Smith Pr. Noble Vater 2022 \u00a1Cu\u00e1nto amo Tu Ley! Conferencistas: Pr. David Chanski Pr. Gordon Cook Pr. Jorge Casta\u00f1eda Pr. Alan Dunn Pr. V\u00edctor Garc\u00eda Pr. Jeff Smith Pr. Eugenio Pi\u00f1ero Pr. Noble Vater 2019 La predicaci\u00f3n b\u00edblica Conferencistas: Pr. Jos\u00e9 Antonio Arias Pr. Jorge Casta\u00f1eda Pr. David Chanski Pr. Alan Dunn Pr. V\u00edctor Garc\u00eda Pr. Eugenio Pi\u00f1ero Pr. Noble Vater 2018 La reforma b\u00edblica en la vida de la iglesia Conferencistas: Pr. Jos\u00e9 Antonio Arias Pr. Jorge Casta\u00f1eda Pr. Gordon Cook Pr. Alan Dunn Pr. V\u00edctor Garc\u00eda Pr. Warren Peel Pr. Eugenio Pi\u00f1ero Pr. Noble Vater 2017 La reforma protestante Conferencistas: Pr. David Chanski Pr. Gordon Cook Pr. V\u00edctor Garc\u00eda Pr. Albert N. Martin Pr. Eugenio Pi\u00f1ero Pr. Jeff Smith Pr. Noble Vater Pr. Jeremy Walker 2016 El hombre y su ministerio Conferencistas: Pr. Jeff Smith Pr. Alan J. Dunn Pr. V\u00edctor Garc\u00eda Pr. Albert N Martin Pr. Eugenio Pi\u00f1ero Pr. Gordon Cook Pr. Noble Vater 2015 La piedad y fidelidad del pastor Conferencistas: Pr. Dave Chanski Pr. Alan J. Dunn Pr. V\u00edctor Garc\u00eda Pr. Albert N Martin Pr. Robert Martin Pr. D. Scott Meadows Pr. Eugenio Pi\u00f1ero Pr. Noble Vater 2014 Consejer\u00eda pastoral y otros temas (2) Conferencistas: Pr. Alan J. Dunn Pr. V\u00edctor Garc\u00eda Pr. Robert Martin Pr. D. Scott Meadows Pr. Eugenio Pi\u00f1ero Pr. Noble Vater 2013 Consejer\u00eda pastoral y otros temas (1) Conferencistas: Pr. Gordon Cook Pr. Alan J. Dunn Pr. V\u00edctor Garc\u00eda Pr. Robert Martin Pr. D. Scott Meadows Pr. Eugenio Pi\u00f1ero Pr. Noble Vater 2012 Un ministerio fiel Conferencistas: Pr. Alan J. Dunn Pr. Robert Martin Pr. D. Scott Meadows Pr. Eugenio Pi\u00f1ero Pr. Noble Vater 2011 La adoraci\u00f3n b\u00edblica Conferencistas: Pr. David Chanski Pr. Gordon Cook Pr. V\u00edctor Garc\u00eda Pr. D. Scott Meadows Pr. Eugenio Pi\u00f1ero Pr. Noble Vater 2010 C\u00f3mo pastorear el reba\u00f1o Conferencistas: Pr. V\u00edctor Garc\u00eda Pr. Eugenio Pi\u00f1ero Pr. D. Scott Meadows Pr. Alan Dunn Pr. Noble Vater 2009 Pastoread el reba\u00f1o Conferencistas: Pr. Alan Dunn Pr. D. Scott Meadows Pr. Noble Vater 2008 El pastor en la iglesia Conferencistas: Pr. Bart Carlson Pr. Eugenio Pi\u00f1ero Pr. D. Scott Meadows Pr. Alan Dunn Pr. Noble Vater 2007 Instrucciones Pastorales Conferencistas: Pr. D. Scott Meadows Pr. Noble Vater 2006 Las dificultades y los est\u00edmulos del ministerio Conferencistas: Pr. Alan Dunn Pr. D. Scott Meadows 2005 Las Cinco Solas Conferencistas: Pr. Alan Dunn Pr. D. Scott Meadows 2004 C\u00f3mo ganar el respeto y la confianza de la iglesia Conferencistas: Pr. Eugenio Pi\u00f1ero Pr. Albert N Martin","og_url":"https:\/\/ibrnb.org\/en\/conferencia-pastoral\/","og_site_name":"Iglesia Bautista Reformada de North Bergen","article_publisher":"https:\/\/www.facebook.com\/profile.php?id=100064443055881","article_modified_time":"2025-11-05T19:17:59+00:00","og_image":[{"width":1024,"height":576,"url":"https:\/\/ibrnb.org\/wp-content\/uploads\/2025\/09\/fotogrupal001-1024x576-1.jpg","type":"image\/jpeg"}],"twitter_card":"summary_large_image","twitter_misc":{"Est. reading time":"9 minutes"},"schema":{"@context":"https:\/\/schema.org","@graph":[{"@type":"WebPage","@id":"https:\/\/ibrnb.org\/conferencia-pastoral\/","url":"https:\/\/ibrnb.org\/conferencia-pastoral\/","name":"Conferencia Pastoral - Iglesia Bautista Reformada de North Bergen","isPartOf":{"@id":"https:\/\/ibrnb.org\/es\/#website"},"primaryImageOfPage":{"@id":"https:\/\/ibrnb.org\/conferencia-pastoral\/#primaryimage"},"image":{"@id":"https:\/\/ibrnb.org\/conferencia-pastoral\/#primaryimage"},"thumbnailUrl":"https:\/\/ibrnb.org\/wp-content\/uploads\/2025\/09\/fotogrupal001-1024x576-1.jpg","datePublished":"2025-03-04T20:30:37+00:00","dateModified":"2025-11-05T19:17:59+00:00","breadcrumb":{"@id":"https:\/\/ibrnb.org\/conferencia-pastoral\/#breadcrumb"},"inLanguage":"en-US","potentialAction":[{"@type":"ReadAction","target":["https:\/\/ibrnb.org\/conferencia-pastoral\/"]}]},{"@type":"ImageObject","inLanguage":"en-US","@id":"https:\/\/ibrnb.org\/conferencia-pastoral\/#primaryimage","url":"https:\/\/ibrnb.org\/wp-content\/uploads\/2025\/09\/fotogrupal001-1024x576-1.jpg","contentUrl":"https:\/\/ibrnb.org\/wp-content\/uploads\/2025\/09\/fotogrupal001-1024x576-1.jpg"},{"@type":"BreadcrumbList","@id":"https:\/\/ibrnb.org\/conferencia-pastoral\/#breadcrumb","itemListElement":[{"@type":"ListItem","position":1,"name":"Portada","item":"https:\/\/ibrnb.org\/"},{"@type":"ListItem","position":2,"name":"Conferencia Pastoral"}]},{"@type":"WebSite","@id":"https:\/\/ibrnb.org\/es\/#website","url":"https:\/\/ibrnb.org\/es\/","name":"North Bergen Reformed Baptist Church","description":"Iglesia del Se\u00f1or Jesucristo.","publisher":{"@id":"https:\/\/ibrnb.org\/es\/#organization"},"potentialAction":[{"@type":"SearchAction","target":{"@type":"EntryPoint","urlTemplate":"https:\/\/ibrnb.org\/es\/?s={search_term_string}"},"query-input":{"@type":"PropertyValueSpecification","valueRequired":true,"valueName":"search_term_string"}}],"inLanguage":"en-US"},{"@type":"Organization","@id":"https:\/\/ibrnb.org\/es\/#organization","name":"North Bergen Reformed Baptist Church","url":"https:\/\/ibrnb.org\/es\/","logo":{"@type":"ImageObject","inLanguage":"en-US","@id":"https:\/\/ibrnb.org\/es\/#\/schema\/logo\/image\/","url":"https:\/\/i0.wp.com\/ibrnb.org\/wp-content\/uploads\/2025\/03\/Iglesia_Logo_Calado-e1744687663107.png?fit=925%2C510&ssl=1","contentUrl":"https:\/\/i0.wp.com\/ibrnb.org\/wp-content\/uploads\/2025\/03\/Iglesia_Logo_Calado-e1744687663107.png?fit=925%2C510&ssl=1","width":925,"height":510,"caption":"Iglesia Bautista Reformada de North Bergen"},"image":{"@id":"https:\/\/ibrnb.org\/es\/#\/schema\/logo\/image\/"},"sameAs":["https:\/\/www.facebook.com\/profile.php?id=100064443055881"]}]}},"_links":{"self":[{"href":"https:\/\/ibrnb.org\/en\/wp-json\/wp\/v2\/pages\/22718","targetHints":{"allow":["GET"]}}],"collection":[{"href":"https:\/\/ibrnb.org\/en\/wp-json\/wp\/v2\/pages"}],"about":[{"href":"https:\/\/ibrnb.org\/en\/wp-json\/wp\/v2\/types\/page"}],"author":[{"embeddable":true,"href":"https:\/\/ibrnb.org\/en\/wp-json\/wp\/v2\/users\/1"}],"replies":[{"embeddable":true,"href":"https:\/\/ibrnb.org\/en\/wp-json\/wp\/v2\/comments?post=22718"}],"version-history":[{"count":98,"href":"https:\/\/ibrnb.org\/en\/wp-json\/wp\/v2\/pages\/22718\/revisions"}],"predecessor-version":[{"id":32863,"href":"https:\/\/ibrnb.org\/en\/wp-json\/wp\/v2\/pages\/22718\/revisions\/32863"}],"wp:attachment":[{"href":"https:\/\/ibrnb.org\/en\/wp-json\/wp\/v2\/media?parent=22718"}],"curies":[{"name":"wp","href":"https:\/\/api.w.org\/{rel}","templated":true}]}}